{"id":17497,"date":"2026-03-27T16:32:10","date_gmt":"2026-03-27T15:32:10","guid":{"rendered":"https:\/\/adekoite-preprod.fr\/cneel\/?page_id=17497"},"modified":"2026-04-13T14:46:48","modified_gmt":"2026-04-13T12:46:48","slug":"college","status":"publish","type":"page","link":"https:\/\/adekoite-preprod.fr\/cneel\/college\/","title":{"rendered":"Coll\u00e8ge"},"content":{"rendered":"\t\t<div data-elementor-type=\"wp-page\" data-elementor-id=\"17497\" class=\"elementor elementor-17497\">\n\t\t\t\t<div class=\"elementor-element elementor-element-d17e93c e-flex e-con-boxed e-con e-parent\" data-id=\"d17e93c\" data-element_type=\"container\" data-e-type=\"container\" data-settings=\"{&quot;background_background&quot;:&quot;classic&quot;}\">\n\t\t\t\t\t<div class=\"e-con-inner\">\n\t\t\t\t<div class=\"elementor-element elementor-element-227132e elementor-widget__width-initial elementor-widget elementor-widget-heading\" data-id=\"227132e\" data-element_type=\"widget\" data-e-type=\"widget\" data-widget_type=\"heading.default\">\n\t\t\t\t\t<h1 class=\"elementor-heading-title elementor-size-default\">Un cadre scolaire solide pour les ann\u00e9es coll\u00e8ge<\/h1>\t\t\t\t<\/div>\n\t\t\t\t<div class=\"elementor-element elementor-element-ea6b0d5 elementor-widget__width-initial elementor-widget elementor-widget-text-editor\" data-id=\"ea6b0d5\" data-element_type=\"widget\" data-e-type=\"widget\" data-widget_type=\"text-editor.default\">\n\t\t\t\t\t\t\t\t\t<p>De la sixi\u00e8me \u00e0 la troisi\u00e8me, les \u00e9l\u00e8ves suivent le programme officiel dans un environnement num\u00e9rique structur\u00e9.<br \/><br \/>Encadr\u00e9s par leurs enseignants, ils d\u00e9veloppent progressivement leurs m\u00e9thodes de travail, leur autonomie et leur engagement.<br \/><br \/>Selon le parcours choisi, ils avancent de mani\u00e8re plus ou moins encadr\u00e9e, tout en b\u00e9n\u00e9ficiant d\u2019un suivi p\u00e9dagogique r\u00e9gulier.<\/p>\t\t\t\t\t\t\t\t<\/div>\n\t\t\t\t<div class=\"elementor-element elementor-element-93b19aa elementor-widget elementor-widget-upstudy-button\" data-id=\"93b19aa\" data-element_type=\"widget\" data-e-type=\"widget\" data-widget_type=\"upstudy-button.default\">\n\t\t\t\t<div class=\"elementor-widget-container\">\n\t\t\t\t\t<div class=\"upstudy-button-widget-wrapper\"><a class=\"upstudy-btn upstudy-btn-custom upstudy-btn-size-custom\" href=\"#contactez-nous\">Contactez-nous<\/a><\/div>\t\t\t\t<\/div>\n\t\t\t\t<\/div>\n\t\t\t\t\t<\/div>\n\t\t\t\t<\/div>\n\t\t<div class=\"elementor-element elementor-element-ae7aac6 e-flex e-con-boxed e-con e-parent\" data-id=\"ae7aac6\" data-element_type=\"container\" data-e-type=\"container\">\n\t\t\t\t\t<div class=\"e-con-inner\">\n\t\t<div class=\"elementor-element elementor-element-db82e5e e-con-full e-flex e-con e-child\" data-id=\"db82e5e\" data-element_type=\"container\" data-e-type=\"container\">\n\t\t\t\t<div class=\"elementor-element elementor-element-91744ad elementor-widget elementor-widget-text-editor\" data-id=\"91744ad\" data-element_type=\"widget\" data-e-type=\"widget\" data-widget_type=\"text-editor.default\">\n\t\t\t\t\t\t\t\t\t<p>L\u2019organisation des apprentissages<\/p>\t\t\t\t\t\t\t\t<\/div>\n\t\t\t\t<div class=\"elementor-element elementor-element-fa26600 elementor-widget__width-initial elementor-widget elementor-widget-heading\" data-id=\"fa26600\" data-element_type=\"widget\" data-e-type=\"widget\" data-widget_type=\"heading.default\">\n\t\t\t\t\t<h2 class=\"elementor-heading-title elementor-size-default\">Une matin\u00e9e structur\u00e9e pour apprendre avec m\u00e9thode<\/h2>\t\t\t\t<\/div>\n\t\t\t\t<\/div>\n\t\t<div class=\"elementor-element elementor-element-4be63bc e-con-full e-flex e-con e-child\" data-id=\"4be63bc\" data-element_type=\"container\" data-e-type=\"container\">\n\t\t\t\t<div class=\"elementor-element elementor-element-e800611 elementor-widget elementor-widget-text-editor\" data-id=\"e800611\" data-element_type=\"widget\" data-e-type=\"widget\" data-widget_type=\"text-editor.default\">\n\t\t\t\t\t\t\t\t\t<p>Pour les \u00e9l\u00e8ves qui suivent leur scolarit\u00e9 selon un emploi du temps encadr\u00e9, chaque matin commence par un temps de travail structur\u00e9 qui permet d\u2019installer des habitudes d\u2019apprentissage solides.<br \/><br \/>Ces rituels favorisent la concentration, renforcent la m\u00e9morisation et permettent d\u2019entrer progressivement dans les apprentissages de la journ\u00e9e.<\/p>\t\t\t\t\t\t\t\t<\/div>\n\t\t\t\t<\/div>\n\t\t\t\t\t<\/div>\n\t\t\t\t<\/div>\n\t\t<div class=\"elementor-element elementor-element-713f331 e-flex e-con-boxed e-con e-parent\" data-id=\"713f331\" data-element_type=\"container\" data-e-type=\"container\">\n\t\t\t\t\t<div class=\"e-con-inner\">\n\t\t<div class=\"elementor-element elementor-element-224f9ab e-con-full e-flex e-con e-child\" data-id=\"224f9ab\" data-element_type=\"container\" data-e-type=\"container\" data-settings=\"{&quot;background_background&quot;:&quot;classic&quot;}\">\n\t\t\t\t<div class=\"elementor-element elementor-element-ed0b6c1 elementor-absolute elementor-invisible elementor-widget elementor-widget-upstudy-animation\" data-id=\"ed0b6c1\" data-element_type=\"widget\" data-e-type=\"widget\" data-settings=\"{&quot;_position&quot;:&quot;absolute&quot;,&quot;_animation&quot;:&quot;upstudy--slide-left&quot;}\" data-widget_type=\"upstudy-animation.default\">\n\t\t\t\t<div class=\"elementor-widget-container\">\n\t\t\t\t\t<div class=\"upstudy-animation-widget upstudy-animation-display-type-mouse-track upstudy-animation-content-type-color upstudy-mouse-track-item\" id=\"ed0b6c1\"><span data-depth=\"-1\"><span class=\"upstudy-animation-widget-color\"><\/span><\/span><\/div>\t\t\t\t<\/div>\n\t\t\t\t<\/div>\n\t\t\t\t<div class=\"elementor-element elementor-element-07a8788 elementor-absolute elementor-invisible elementor-widget elementor-widget-upstudy-animation\" data-id=\"07a8788\" data-element_type=\"widget\" data-e-type=\"widget\" data-settings=\"{&quot;_position&quot;:&quot;absolute&quot;,&quot;_animation&quot;:&quot;upstudy--slide-left&quot;}\" data-widget_type=\"upstudy-animation.default\">\n\t\t\t\t<div class=\"elementor-widget-container\">\n\t\t\t\t\t<div class=\"upstudy-animation-widget upstudy-animation-display-type-mouse-track upstudy-animation-content-type-image upstudy-mouse-track-item\" id=\"07a8788\"><span data-depth=\"1\"><img decoding=\"async\" src=\"https:\/\/adekoite-preprod.fr\/cneel\/wp-content\/uploads\/2025\/06\/UPST004524.png\" alt=\"UPST004524\"><\/span><\/div>\t\t\t\t<\/div>\n\t\t\t\t<\/div>\n\t\t<div class=\"elementor-element elementor-element-cdd5109 e-con-full e-flex e-con e-child\" data-id=\"cdd5109\" data-element_type=\"container\" data-e-type=\"container\">\n\t\t\t\t<div class=\"elementor-element elementor-element-7b5ebf5 elementor-widget elementor-widget-custom-title-addons\" data-id=\"7b5ebf5\" data-element_type=\"widget\" data-e-type=\"widget\" data-widget_type=\"custom-title-addons.default\">\n\t\t\t\t<div class=\"elementor-widget-container\">\n\t\t\t\t\t<div class=\"tpc-double_heading  \"><h3 class=\"dbl__title-wrapper\"><span class=\"dbl__title dbl-title_1\">8h15 - Rituel d\u2019apprentissage<\/span><\/h3><\/div>\t\t\t\t<\/div>\n\t\t\t\t<\/div>\n\t\t\t\t<div class=\"elementor-element elementor-element-af5a394 elementor-widget elementor-widget-text-editor\" data-id=\"af5a394\" data-element_type=\"widget\" data-e-type=\"widget\" data-widget_type=\"text-editor.default\">\n\t\t\t\t\t\t\t\t\t<p>Dans le parcours avec connexion en direct, les \u00e9l\u00e8ves commencent la journ\u00e9e avec un enseignant par un rituel p\u00e9dagogique compos\u00e9 de plusieurs \u00e9tapes :<\/p>\t\t\t\t\t\t\t\t<\/div>\n\t\t\t\t<div class=\"elementor-element elementor-element-1770c71 elementor-icon-list--layout-traditional elementor-list-item-link-full_width elementor-widget elementor-widget-icon-list\" data-id=\"1770c71\" data-element_type=\"widget\" data-e-type=\"widget\" data-widget_type=\"icon-list.default\">\n\t\t\t\t\t\t\t<ul class=\"elementor-icon-list-items\">\n\t\t\t\t\t\t\t<li class=\"elementor-icon-list-item\">\n\t\t\t\t\t\t\t\t\t\t\t<span class=\"elementor-icon-list-icon\">\n\t\t\t\t\t\t\t<i aria-hidden=\"true\" class=\"upstudy dt-icon-computer\"><\/i>\t\t\t\t\t\t<\/span>\n\t\t\t\t\t\t\t\t\t\t<span class=\"elementor-icon-list-text\">Entra\u00eenement sur la plateforme Projet Voltaire pour consolider l\u2019orthographe et la ma\u00eetrise du fran\u00e7ais<\/span>\n\t\t\t\t\t\t\t\t\t<\/li>\n\t\t\t\t\t\t\t\t<li class=\"elementor-icon-list-item\">\n\t\t\t\t\t\t\t\t\t\t\t<span class=\"elementor-icon-list-icon\">\n\t\t\t\t\t\t\t<svg aria-hidden=\"true\" class=\"e-font-icon-svg e-fas-pen-fancy\" viewBox=\"0 0 512 512\" xmlns=\"http:\/\/www.w3.org\/2000\/svg\"><path d=\"M79.18 282.94a32.005 32.005 0 0 0-20.24 20.24L0 480l4.69 4.69 92.89-92.89c-.66-2.56-1.57-5.03-1.57-7.8 0-17.67 14.33-32 32-32s32 14.33 32 32-14.33 32-32 32c-2.77 0-5.24-.91-7.8-1.57l-92.89 92.89L32 512l176.82-58.94a31.983 31.983 0 0 0 20.24-20.24l33.07-84.07-98.88-98.88-84.07 33.07zM369.25 28.32L186.14 227.81l97.85 97.85 199.49-183.11C568.4 67.48 443.73-55.94 369.25 28.32z\"><\/path><\/svg>\t\t\t\t\t\t<\/span>\n\t\t\t\t\t\t\t\t\t\t<span class=\"elementor-icon-list-text\">Dict\u00e9e quotidienne adapt\u00e9e au niveau des \u00e9l\u00e8ves, suivie d\u2019une correction avec l\u2019enseignant<\/span>\n\t\t\t\t\t\t\t\t\t<\/li>\n\t\t\t\t\t\t\t\t<li class=\"elementor-icon-list-item\">\n\t\t\t\t\t\t\t\t\t\t\t<span class=\"elementor-icon-list-icon\">\n\t\t\t\t\t\t\t<svg aria-hidden=\"true\" class=\"e-font-icon-svg e-fas-brain\" viewBox=\"0 0 576 512\" xmlns=\"http:\/\/www.w3.org\/2000\/svg\"><path d=\"M208 0c-29.9 0-54.7 20.5-61.8 48.2-.8 0-1.4-.2-2.2-.2-35.3 0-64 28.7-64 64 0 4.8.6 9.5 1.7 14C52.5 138 32 166.6 32 200c0 12.6 3.2 24.3 8.3 34.9C16.3 248.7 0 274.3 0 304c0 33.3 20.4 61.9 49.4 73.9-.9 4.6-1.4 9.3-1.4 14.1 0 39.8 32.2 72 72 72 4.1 0 8.1-.5 12-1.2 9.6 28.5 36.2 49.2 68 49.2 39.8 0 72-32.2 72-72V64c0-35.3-28.7-64-64-64zm368 304c0-29.7-16.3-55.3-40.3-69.1 5.2-10.6 8.3-22.3 8.3-34.9 0-33.4-20.5-62-49.7-74 1-4.5 1.7-9.2 1.7-14 0-35.3-28.7-64-64-64-.8 0-1.5.2-2.2.2C422.7 20.5 397.9 0 368 0c-35.3 0-64 28.6-64 64v376c0 39.8 32.2 72 72 72 31.8 0 58.4-20.7 68-49.2 3.9.7 7.9 1.2 12 1.2 39.8 0 72-32.2 72-72 0-4.8-.5-9.5-1.4-14.1 29-12 49.4-40.6 49.4-73.9z\"><\/path><\/svg>\t\t\t\t\t\t<\/span>\n\t\t\t\t\t\t\t\t\t\t<span class=\"elementor-icon-list-text\">Rituel de m\u00e9morisation active, permettant de r\u00e9activer les notions d\u00e9j\u00e0 \u00e9tudi\u00e9es afin de renforcer la m\u00e9moire \u00e0 long terme<\/span>\n\t\t\t\t\t\t\t\t\t<\/li>\n\t\t\t\t\t\t<\/ul>\n\t\t\t\t\t\t<\/div>\n\t\t\t\t<div class=\"elementor-element elementor-element-ee8f84e elementor-widget elementor-widget-text-editor\" data-id=\"ee8f84e\" data-element_type=\"widget\" data-e-type=\"widget\" data-widget_type=\"text-editor.default\">\n\t\t\t\t\t\t\t\t\t<p>Ce temps court et r\u00e9gulier s\u2019appuie sur les apports des sciences cognitives et permet d\u2019installer des automatismes durables dans les apprentissages.<\/p>\t\t\t\t\t\t\t\t<\/div>\n\t\t\t\t<div class=\"elementor-element elementor-element-ca86a8d elementor-widget elementor-widget-custom-title-addons\" data-id=\"ca86a8d\" data-element_type=\"widget\" data-e-type=\"widget\" data-widget_type=\"custom-title-addons.default\">\n\t\t\t\t<div class=\"elementor-widget-container\">\n\t\t\t\t\t<div class=\"tpc-double_heading  \"><h3 class=\"dbl__title-wrapper\"><span class=\"dbl__title dbl-title_1\">9h00 - D\u00e9but des cours<\/span><\/h3><\/div>\t\t\t\t<\/div>\n\t\t\t\t<\/div>\n\t\t\t\t<div class=\"elementor-element elementor-element-abd6b9a elementor-widget elementor-widget-text-editor\" data-id=\"abd6b9a\" data-element_type=\"widget\" data-e-type=\"widget\" data-widget_type=\"text-editor.default\">\n\t\t\t\t\t\t\t\t\t<p>\u00c0 partir de 9h00, les \u00e9l\u00e8ves poursuivent leur matin\u00e9e avec les activit\u00e9s pr\u00e9vues dans leur programme scolaire.<\/p>\t\t\t\t\t\t\t\t<\/div>\n\t\t\t\t<\/div>\n\t\t<div class=\"elementor-element elementor-element-1563b46 e-con-full e-flex e-con e-child\" data-id=\"1563b46\" data-element_type=\"container\" data-e-type=\"container\">\n\t\t<div class=\"elementor-element elementor-element-514ab57 e-con-full e-flex elementor-invisible e-con e-child\" data-id=\"514ab57\" data-element_type=\"container\" data-e-type=\"container\" data-settings=\"{&quot;animation&quot;:&quot;upstudy--slide-left&quot;}\">\n\t\t\t\t<div class=\"elementor-element elementor-element-eec7a42 e-transform elementor-widget elementor-widget-image\" data-id=\"eec7a42\" data-element_type=\"widget\" data-e-type=\"widget\" data-settings=\"{&quot;_transform_rotateZ_effect&quot;:{&quot;unit&quot;:&quot;px&quot;,&quot;size&quot;:18,&quot;sizes&quot;:[]},&quot;_transform_rotateZ_effect_tablet&quot;:{&quot;unit&quot;:&quot;deg&quot;,&quot;size&quot;:&quot;&quot;,&quot;sizes&quot;:[]},&quot;_transform_rotateZ_effect_mobile&quot;:{&quot;unit&quot;:&quot;deg&quot;,&quot;size&quot;:&quot;&quot;,&quot;sizes&quot;:[]}}\" data-widget_type=\"image.default\">\n\t\t\t\t\t\t\t\t\t\t\t\t\t\t\t<img fetchpriority=\"high\" decoding=\"async\" width=\"306\" height=\"204\" src=\"https:\/\/adekoite-preprod.fr\/cneel\/wp-content\/uploads\/2026\/04\/organisation-des-apprentissages.webp\" class=\"attachment-full size-full wp-image-18115\" alt=\"organisation des apprentissages\" srcset=\"https:\/\/adekoite-preprod.fr\/cneel\/wp-content\/uploads\/2026\/04\/organisation-des-apprentissages.webp 306w, https:\/\/adekoite-preprod.fr\/cneel\/wp-content\/uploads\/2026\/04\/organisation-des-apprentissages-300x200.webp 300w\" sizes=\"(max-width: 306px) 100vw, 306px\" \/>\t\t\t\t\t\t\t\t\t\t\t\t\t\t\t<\/div>\n\t\t\t\t<\/div>\n\t\t\t\t<\/div>\n\t\t\t\t<\/div>\n\t\t\t\t\t<\/div>\n\t\t\t\t<\/div>\n\t\t<div class=\"elementor-element elementor-element-e8c5648 e-flex e-con-boxed e-con e-parent\" data-id=\"e8c5648\" data-element_type=\"container\" data-e-type=\"container\">\n\t\t\t\t\t<div class=\"e-con-inner\">\n\t\t<div class=\"elementor-element elementor-element-bb92535 e-con-full e-flex e-con e-child\" data-id=\"bb92535\" data-element_type=\"container\" data-e-type=\"container\">\n\t\t\t\t<div class=\"elementor-element elementor-element-4af9695 elementor-widget elementor-widget-text-editor\" data-id=\"4af9695\" data-element_type=\"widget\" data-e-type=\"widget\" data-widget_type=\"text-editor.default\">\n\t\t\t\t\t\t\t\t\t<p>Organisation de la journ\u00e9e<\/p>\t\t\t\t\t\t\t\t<\/div>\n\t\t\t\t<div class=\"elementor-element elementor-element-0adb749 elementor-widget__width-initial elementor-widget elementor-widget-heading\" data-id=\"0adb749\" data-element_type=\"widget\" data-e-type=\"widget\" data-widget_type=\"heading.default\">\n\t\t\t\t\t<h2 class=\"elementor-heading-title elementor-size-default\">Un suivi r\u00e9gulier des apprentissages<\/h2>\t\t\t\t<\/div>\n\t\t\t\t<\/div>\n\t\t<div class=\"elementor-element elementor-element-df66232 e-con-full e-flex e-con e-child\" data-id=\"df66232\" data-element_type=\"container\" data-e-type=\"container\">\n\t\t\t\t<div class=\"elementor-element elementor-element-4a5e5ee elementor-widget elementor-widget-text-editor\" data-id=\"4a5e5ee\" data-element_type=\"widget\" data-e-type=\"widget\" data-widget_type=\"text-editor.default\">\n\t\t\t\t\t\t\t\t\t<p>Tout au long de l\u2019ann\u00e9e, les enseignants accompagnent les \u00e9l\u00e8ves dans leur progression et suivent r\u00e9guli\u00e8rement leur travail.<br \/>Les activit\u00e9s r\u00e9alis\u00e9es et les productions des \u00e9l\u00e8ves permettent de mesurer les acquis et d\u2019identifier les points \u00e0 renforcer<\/p>\t\t\t\t\t\t\t\t<\/div>\n\t\t\t\t<\/div>\n\t\t\t\t\t<\/div>\n\t\t\t\t<\/div>\n\t\t<div class=\"elementor-element elementor-element-429dc07 e-flex e-con-boxed e-con e-parent\" data-id=\"429dc07\" data-element_type=\"container\" data-e-type=\"container\">\n\t\t\t\t\t<div class=\"e-con-inner\">\n\t\t<div class=\"elementor-element elementor-element-0e91732 e-con-full e-flex e-con e-child\" data-id=\"0e91732\" data-element_type=\"container\" data-e-type=\"container\">\n\t\t\t\t<div class=\"elementor-element elementor-element-5c17141 elementor-widget elementor-widget-image\" data-id=\"5c17141\" data-element_type=\"widget\" data-e-type=\"widget\" data-widget_type=\"image.default\">\n\t\t\t\t\t\t\t\t\t\t\t\t\t\t\t<img decoding=\"async\" width=\"250\" height=\"250\" src=\"https:\/\/adekoite-preprod.fr\/cneel\/wp-content\/uploads\/2026\/03\/icone-evaluations.png\" class=\"attachment-large size-large wp-image-17515\" alt=\"\" srcset=\"https:\/\/adekoite-preprod.fr\/cneel\/wp-content\/uploads\/2026\/03\/icone-evaluations.png 250w, https:\/\/adekoite-preprod.fr\/cneel\/wp-content\/uploads\/2026\/03\/icone-evaluations-150x150.png 150w\" sizes=\"(max-width: 250px) 100vw, 250px\" \/>\t\t\t\t\t\t\t\t\t\t\t\t\t\t\t<\/div>\n\t\t\t\t<div class=\"elementor-element elementor-element-af7bb5c elementor-widget__width-initial elementor-widget elementor-widget-heading\" data-id=\"af7bb5c\" data-element_type=\"widget\" data-e-type=\"widget\" data-widget_type=\"heading.default\">\n\t\t\t\t\t<h3 class=\"elementor-heading-title elementor-size-default\">Les disciplines \u00e9tudi\u00e9es<\/h3>\t\t\t\t<\/div>\n\t\t\t\t<div class=\"elementor-element elementor-element-f6c2d20 elementor-widget elementor-widget-text-editor\" data-id=\"f6c2d20\" data-element_type=\"widget\" data-e-type=\"widget\" data-widget_type=\"text-editor.default\">\n\t\t\t\t\t\t\t\t\t<p>Au coll\u00e8ge, les \u00e9l\u00e8ves travaillent notamment dans les mati\u00e8res suivantes :<\/p><ul><li>fran\u00e7ais, math\u00e9matiques<\/li><li>histoire-g\u00e9ographie et enseignement moral et civique<\/li><li>anglais (LV1)<\/li><li>seconde langue vivante \u00e0 partir de la classe de cinqui\u00e8me<\/li><li>sciences (SVT, physique-chimie et technologie selon les niveaux)<\/li><li>arts plastiques et \u00e9ducation musicale<\/li><li>\u00e9ducation physique et sportive.<\/li><\/ul><p>Ces enseignements permettent aux \u00e9l\u00e8ves de d\u00e9velopper leurs connaissances, leur curiosit\u00e9 et leurs comp\u00e9tences dans diff\u00e9rents domaines.<\/p>\t\t\t\t\t\t\t\t<\/div>\n\t\t\t\t<\/div>\n\t\t<div class=\"elementor-element elementor-element-f282140 e-con-full e-flex e-con e-child\" data-id=\"f282140\" data-element_type=\"container\" data-e-type=\"container\">\n\t\t\t\t<div class=\"elementor-element elementor-element-cc53101 elementor-widget elementor-widget-image\" data-id=\"cc53101\" data-element_type=\"widget\" data-e-type=\"widget\" data-widget_type=\"image.default\">\n\t\t\t\t\t\t\t\t\t\t\t\t\t\t\t<img decoding=\"async\" width=\"250\" height=\"250\" src=\"https:\/\/adekoite-preprod.fr\/cneel\/wp-content\/uploads\/2026\/03\/icone-suivi.png\" class=\"attachment-large size-large wp-image-17519\" alt=\"\" srcset=\"https:\/\/adekoite-preprod.fr\/cneel\/wp-content\/uploads\/2026\/03\/icone-suivi.png 250w, https:\/\/adekoite-preprod.fr\/cneel\/wp-content\/uploads\/2026\/03\/icone-suivi-150x150.png 150w\" sizes=\"(max-width: 250px) 100vw, 250px\" \/>\t\t\t\t\t\t\t\t\t\t\t\t\t\t\t<\/div>\n\t\t\t\t<div class=\"elementor-element elementor-element-7b17008 elementor-widget__width-initial elementor-widget elementor-widget-heading\" data-id=\"7b17008\" data-element_type=\"widget\" data-e-type=\"widget\" data-widget_type=\"heading.default\">\n\t\t\t\t\t<h3 class=\"elementor-heading-title elementor-size-default\">Un travail suivi par les enseignants<\/h3>\t\t\t\t<\/div>\n\t\t\t\t<div class=\"elementor-element elementor-element-73e6839 elementor-widget elementor-widget-text-editor\" data-id=\"73e6839\" data-element_type=\"widget\" data-e-type=\"widget\" data-widget_type=\"text-editor.default\">\n\t\t\t\t\t\t\t\t\t<p>Les activit\u00e9s, exercices et productions des \u00e9l\u00e8ves sont r\u00e9alis\u00e9s et remis via l\u2019environnement num\u00e9rique de l\u2019\u00e9tablissement.<\/p><p>Les enseignants peuvent ainsi :<\/p><ul><li>consulter les travaux r\u00e9alis\u00e9s<\/li><li>\u00a0accompagner les \u00e9l\u00e8ves dans leurs apprentissages<\/li><li>suivre leur progression au fil de l\u2019ann\u00e9e.<\/li><\/ul>\t\t\t\t\t\t\t\t<\/div>\n\t\t\t\t<\/div>\n\t\t\t\t\t<\/div>\n\t\t\t\t<\/div>\n\t\t<div class=\"elementor-element elementor-element-313fa42 e-flex e-con-boxed e-con e-parent\" data-id=\"313fa42\" data-element_type=\"container\" data-e-type=\"container\">\n\t\t\t\t\t<div class=\"e-con-inner\">\n\t\t\t\t<div class=\"elementor-element elementor-element-a27d8cf elementor-widget elementor-widget-text-editor\" data-id=\"a27d8cf\" data-element_type=\"widget\" data-e-type=\"widget\" data-widget_type=\"text-editor.default\">\n\t\t\t\t\t\t\t\t\t<p>Organisation de la journ\u00e9e<\/p>\t\t\t\t\t\t\t\t<\/div>\n\t\t\t\t<div class=\"elementor-element elementor-element-b2be21b elementor-widget__width-initial elementor-widget elementor-widget-heading\" data-id=\"b2be21b\" data-element_type=\"widget\" data-e-type=\"widget\" data-widget_type=\"heading.default\">\n\t\t\t\t\t<h2 class=\"elementor-heading-title elementor-size-default\">Un temps consacr\u00e9 au travail personnel et aux activit\u00e9s<\/h2>\t\t\t\t<\/div>\n\t\t\t\t<div class=\"elementor-element elementor-element-dd28963 elementor-widget__width-initial elementor-widget elementor-widget-text-editor\" data-id=\"dd28963\" data-element_type=\"widget\" data-e-type=\"widget\" data-widget_type=\"text-editor.default\">\n\t\t\t\t\t\t\t\t\t<p>En compl\u00e9ment du temps consacr\u00e9 aux apprentissages, les \u00e9l\u00e8ves consacrent une partie de leur temps au travail personnel.<br \/>Les devoirs permettent de consolider les notions \u00e9tudi\u00e9es et de d\u00e9velopper progressivement l\u2019autonomie dans le travail.<\/p><p>En moyenne, les \u00e9l\u00e8ves r\u00e9alisent\u00a0environ une heure de travail personnel par jour.<\/p>\t\t\t\t\t\t\t\t<\/div>\n\t\t\t\t\t<\/div>\n\t\t\t\t<\/div>\n\t\t<div class=\"elementor-element elementor-element-a5fb290 e-flex e-con-boxed e-con e-parent\" data-id=\"a5fb290\" data-element_type=\"container\" data-e-type=\"container\">\n\t\t\t\t\t<div class=\"e-con-inner\">\n\t\t\t\t<div class=\"elementor-element elementor-element-a797693 elementor-widget elementor-widget-image\" data-id=\"a797693\" data-element_type=\"widget\" data-e-type=\"widget\" data-widget_type=\"image.default\">\n\t\t\t\t\t\t\t\t\t\t\t\t\t\t\t<img loading=\"lazy\" decoding=\"async\" width=\"640\" height=\"426\" src=\"https:\/\/adekoite-preprod.fr\/cneel\/wp-content\/uploads\/2026\/04\/temps-consacre.webp\" class=\"attachment-large size-large wp-image-18116\" alt=\"Temps consacr\u00e9 en classe\" srcset=\"https:\/\/adekoite-preprod.fr\/cneel\/wp-content\/uploads\/2026\/04\/temps-consacre.webp 800w, https:\/\/adekoite-preprod.fr\/cneel\/wp-content\/uploads\/2026\/04\/temps-consacre-300x200.webp 300w, https:\/\/adekoite-preprod.fr\/cneel\/wp-content\/uploads\/2026\/04\/temps-consacre-768x512.webp 768w\" sizes=\"(max-width: 640px) 100vw, 640px\" \/>\t\t\t\t\t\t\t\t\t\t\t\t\t\t\t<\/div>\n\t\t\t\t\t<\/div>\n\t\t\t\t<\/div>\n\t\t<div class=\"elementor-element elementor-element-893ee1e e-flex e-con-boxed e-con e-parent\" data-id=\"893ee1e\" data-element_type=\"container\" data-e-type=\"container\">\n\t\t\t\t\t<div class=\"e-con-inner\">\n\t\t<div class=\"elementor-element elementor-element-b1c357c e-con-full e-flex e-con e-child\" data-id=\"b1c357c\" data-element_type=\"container\" data-e-type=\"container\">\n\t\t\t\t<div class=\"elementor-element elementor-element-0379e98 elementor-widget__width-initial elementor-widget elementor-widget-heading\" data-id=\"0379e98\" data-element_type=\"widget\" data-e-type=\"widget\" data-widget_type=\"heading.default\">\n\t\t\t\t\t<h3 class=\"elementor-heading-title elementor-size-default\">\u00c9tudes et tutorat<\/h3>\t\t\t\t<\/div>\n\t\t\t\t<div class=\"elementor-element elementor-element-601c5ad elementor-widget elementor-widget-text-editor\" data-id=\"601c5ad\" data-element_type=\"widget\" data-e-type=\"widget\" data-widget_type=\"text-editor.default\">\n\t\t\t\t\t\t\t\t\t<p>En fin de journ\u00e9e, des\u00a0temps d\u2019\u00e9tude encadr\u00e9s\u00a0peuvent \u00eatre propos\u00e9s.<\/p><p>Ces \u00e9tudes prennent la forme d\u2019un\u00a0tutorat anim\u00e9 par des \u00e9l\u00e8ves de terminale, qui accompagnent les coll\u00e9giens dans l\u2019organisation de leur travail, la compr\u00e9hension des consignes ou la r\u00e9alisation de certains exercices.<\/p><p>Ce dispositif favorise l\u2019entraide entre \u00e9l\u00e8ves et permet de cr\u00e9er une dynamique de travail collective.<\/p>\t\t\t\t\t\t\t\t<\/div>\n\t\t\t\t<\/div>\n\t\t<div class=\"elementor-element elementor-element-d1020f0 e-con-full e-flex e-con e-child\" data-id=\"d1020f0\" data-element_type=\"container\" data-e-type=\"container\">\n\t\t\t\t<div class=\"elementor-element elementor-element-c20d202 elementor-widget__width-initial elementor-widget elementor-widget-heading\" data-id=\"c20d202\" data-element_type=\"widget\" data-e-type=\"widget\" data-widget_type=\"heading.default\">\n\t\t\t\t\t<h3 class=\"elementor-heading-title elementor-size-default\">Activit\u00e9s propos\u00e9es<\/h3>\t\t\t\t<\/div>\n\t\t\t\t<div class=\"elementor-element elementor-element-fe60add elementor-widget elementor-widget-text-editor\" data-id=\"fe60add\" data-element_type=\"widget\" data-e-type=\"widget\" data-widget_type=\"text-editor.default\">\n\t\t\t\t\t\t\t\t\t<p>L\u2019\u00e9tablissement peut \u00e9galement proposer diff\u00e9rentes\u00a0activit\u00e9s facultatives en compl\u00e9ment du temps scolaire, selon les p\u00e9riodes de l\u2019ann\u00e9e :<\/p><p>\u2022 ateliers ou clubs th\u00e9matiques<br \/>\u2022 accompagnement \u00e0 l\u2019orientation<br \/>\u2022 activit\u00e9s artistiques ou culturelles, comme un atelier de th\u00e9\u00e2tre en anglais.<\/p><p>Certaines de ces activit\u00e9s peuvent faire l\u2019objet d\u2019une participation sp\u00e9cifique.<\/p>\t\t\t\t\t\t\t\t<\/div>\n\t\t\t\t<\/div>\n\t\t<div class=\"elementor-element elementor-element-777c958 e-con-full e-flex e-con e-child\" data-id=\"777c958\" data-element_type=\"container\" data-e-type=\"container\">\n\t\t\t\t<div class=\"elementor-element elementor-element-0efbb4f elementor-widget__width-initial elementor-widget elementor-widget-heading\" data-id=\"0efbb4f\" data-element_type=\"widget\" data-e-type=\"widget\" data-widget_type=\"heading.default\">\n\t\t\t\t\t<h3 class=\"elementor-heading-title elementor-size-default\">Un \u00e9quilibre dans la journ\u00e9e<\/h3>\t\t\t\t<\/div>\n\t\t\t\t<div class=\"elementor-element elementor-element-93ce000 elementor-widget elementor-widget-text-editor\" data-id=\"93ce000\" data-element_type=\"widget\" data-e-type=\"widget\" data-widget_type=\"text-editor.default\">\n\t\t\t\t\t\t\t\t\t<p>Nous encourageons \u00e9galement les \u00e9l\u00e8ves \u00e0 pr\u00e9server un \u00e9quilibre entre travail scolaire et activit\u00e9s personnelles.<\/p><p>La pratique d\u2019une\u00a0activit\u00e9 sportive, artistique ou culturelle\u00a0est fortement recommand\u00e9e afin de favoriser le bien-\u00eatre et l\u2019\u00e9panouissement des \u00e9l\u00e8ves.<\/p>\t\t\t\t\t\t\t\t<\/div>\n\t\t\t\t<\/div>\n\t\t\t\t\t<\/div>\n\t\t\t\t<\/div>\n\t\t<div class=\"elementor-element elementor-element-23208a1 e-flex e-con-boxed e-con e-parent\" data-id=\"23208a1\" data-element_type=\"container\" data-e-type=\"container\">\n\t\t\t\t\t<div class=\"e-con-inner\">\n\t\t<div class=\"elementor-element elementor-element-2aeb606 e-con-full e-flex e-con e-child\" data-id=\"2aeb606\" data-element_type=\"container\" data-e-type=\"container\">\n\t\t\t\t<div class=\"elementor-element elementor-element-83075e0 elementor-widget elementor-widget-text-editor\" data-id=\"83075e0\" data-element_type=\"widget\" data-e-type=\"widget\" data-widget_type=\"text-editor.default\">\n\t\t\t\t\t\t\t\t\t<p>Les enseignements<\/p>\t\t\t\t\t\t\t\t<\/div>\n\t\t\t\t<div class=\"elementor-element elementor-element-571d829 elementor-widget__width-initial elementor-widget elementor-widget-heading\" data-id=\"571d829\" data-element_type=\"widget\" data-e-type=\"widget\" data-widget_type=\"heading.default\">\n\t\t\t\t\t<h2 class=\"elementor-heading-title elementor-size-default\">Un programme complet conforme \u00e0 l\u2019\u00c9ducation nationale<\/h2>\t\t\t\t<\/div>\n\t\t\t\t<\/div>\n\t\t<div class=\"elementor-element elementor-element-3f2623d e-con-full e-flex e-con e-child\" data-id=\"3f2623d\" data-element_type=\"container\" data-e-type=\"container\">\n\t\t\t\t<div class=\"elementor-element elementor-element-3fab7d5 elementor-widget elementor-widget-text-editor\" data-id=\"3fab7d5\" data-element_type=\"widget\" data-e-type=\"widget\" data-widget_type=\"text-editor.default\">\n\t\t\t\t\t\t\t\t\t<p>Les \u00e9l\u00e8ves du coll\u00e8ge suivent le programme officiel de l\u2019\u00c9ducation nationale dans l\u2019ensemble des disciplines fondamentales.<br \/><br \/>Les enseignements permettent d\u2019acqu\u00e9rir des connaissances solides tout en d\u00e9veloppant les m\u00e9thodes de travail n\u00e9cessaires pour la suite du parcours scolaire.<\/p>\t\t\t\t\t\t\t\t<\/div>\n\t\t\t\t<\/div>\n\t\t\t\t\t<\/div>\n\t\t\t\t<\/div>\n\t\t<div class=\"elementor-element elementor-element-5359a4d e-flex e-con-boxed e-con e-parent\" data-id=\"5359a4d\" data-element_type=\"container\" data-e-type=\"container\">\n\t\t\t\t\t<div class=\"e-con-inner\">\n\t\t<div class=\"elementor-element elementor-element-506986b e-con-full e-flex e-con e-child\" data-id=\"506986b\" data-element_type=\"container\" data-e-type=\"container\">\n\t\t\t\t<div class=\"elementor-element elementor-element-1225c05 elementor-widget__width-initial elementor-widget elementor-widget-heading\" data-id=\"1225c05\" data-element_type=\"widget\" data-e-type=\"widget\" data-widget_type=\"heading.default\">\n\t\t\t\t\t<h3 class=\"elementor-heading-title elementor-size-default\">Les disciplines \u00e9tudi\u00e9es<\/h3>\t\t\t\t<\/div>\n\t\t\t\t<div class=\"elementor-element elementor-element-2f18bcd elementor-widget elementor-widget-text-editor\" data-id=\"2f18bcd\" data-element_type=\"widget\" data-e-type=\"widget\" data-widget_type=\"text-editor.default\">\n\t\t\t\t\t\t\t\t\t<p>Au coll\u00e8ge, les \u00e9l\u00e8ves travaillent notamment dans les mati\u00e8res suivantes :<\/p><ul><li>fran\u00e7ais<\/li><li>\u00a0math\u00e9matiques<\/li><li>histoire-g\u00e9ographie et enseignement moral et civique<\/li><li>anglais (LV1)<\/li><li>seconde langue vivante \u00e0 partir de la classe de cinqui\u00e8me<\/li><li>sciences (SVT, physique-chimie et technologie selon les niveaux)<\/li><li>arts plastiques et \u00e9ducation musicale<\/li><li>\u00e9ducation physique et sportive.<\/li><\/ul><p>Ces enseignements permettent aux \u00e9l\u00e8ves de d\u00e9velopper leurs connaissances, leur curiosit\u00e9 et leurs comp\u00e9tences dans diff\u00e9rents domaines.<\/p>\t\t\t\t\t\t\t\t<\/div>\n\t\t\t\t<\/div>\n\t\t<div class=\"elementor-element elementor-element-db8cb94 e-con-full e-flex e-con e-child\" data-id=\"db8cb94\" data-element_type=\"container\" data-e-type=\"container\">\n\t\t\t\t<div class=\"elementor-element elementor-element-9ff2a9e elementor-widget__width-initial elementor-widget elementor-widget-heading\" data-id=\"9ff2a9e\" data-element_type=\"widget\" data-e-type=\"widget\" data-widget_type=\"heading.default\">\n\t\t\t\t\t<h3 class=\"elementor-heading-title elementor-size-default\">Un projet linguistique d\u00e8s la classe de sixi\u00e8me<\/h3>\t\t\t\t<\/div>\n\t\t\t\t<div class=\"elementor-element elementor-element-7319d5a elementor-widget elementor-widget-text-editor\" data-id=\"7319d5a\" data-element_type=\"widget\" data-e-type=\"widget\" data-widget_type=\"text-editor.default\">\n\t\t\t\t\t\t\t\t\t<p>En classe de sixi\u00e8me, les \u00e9l\u00e8ves peuvent participer \u00e0 un\u00a0cours d\u2019apprentissage compar\u00e9 des langues, associant l\u2019anglais et l\u2019espagnol.<\/p><p>Ce cours, propos\u00e9 aux \u00e9l\u00e8ves qui suivent les enseignements avec connexion en direct, est anim\u00e9 conjointement par deux enseignants. Les \u00e9l\u00e8ves d\u00e9couvrent les similitudes et les diff\u00e9rences entre les deux langues et d\u00e9veloppent progressivement leur sens de l\u2019observation linguistique.<\/p><p>Cette approche favorise la compr\u00e9hension des structures des langues et stimule la curiosit\u00e9 des \u00e9l\u00e8ves pour l\u2019apprentissage linguistique.<\/p>\t\t\t\t\t\t\t\t<\/div>\n\t\t\t\t<div class=\"elementor-element elementor-element-ed0dbbe elementor-widget__width-initial elementor-widget elementor-widget-heading\" data-id=\"ed0dbbe\" data-element_type=\"widget\" data-e-type=\"widget\" data-widget_type=\"heading.default\">\n\t\t\t\t\t<h3 class=\"elementor-heading-title elementor-size-default\">Pr\u00e9parer la suite du parcours<\/h3>\t\t\t\t<\/div>\n\t\t\t\t<div class=\"elementor-element elementor-element-471d789 elementor-widget elementor-widget-text-editor\" data-id=\"471d789\" data-element_type=\"widget\" data-e-type=\"widget\" data-widget_type=\"text-editor.default\">\n\t\t\t\t\t\t\t\t\t<p>Le coll\u00e8ge constitue une \u00e9tape essentielle pour acqu\u00e9rir des bases solides, d\u00e9velopper son autonomie et pr\u00e9parer progressivement les exigences du lyc\u00e9e<\/p>\t\t\t\t\t\t\t\t<\/div>\n\t\t\t\t<\/div>\n\t\t\t\t\t<\/div>\n\t\t\t\t<\/div>\n\t\t<div class=\"elementor-element elementor-element-62130b1 e-flex e-con-boxed e-con e-parent\" data-id=\"62130b1\" data-element_type=\"container\" data-e-type=\"container\" data-settings=\"{&quot;background_background&quot;:&quot;classic&quot;}\">\n\t\t\t\t\t<div class=\"e-con-inner\">\n\t\t\t\t<div class=\"elementor-element elementor-element-8869b49 elementor-widget elementor-widget-text-editor\" data-id=\"8869b49\" data-element_type=\"widget\" data-e-type=\"widget\" data-widget_type=\"text-editor.default\">\n\t\t\t\t\t\t\t\t\t<p>Le coll\u00e8ge au CNEEL<\/p>\t\t\t\t\t\t\t\t<\/div>\n\t\t\t\t<div class=\"elementor-element elementor-element-2a499c8 elementor-widget__width-initial elementor-widget elementor-widget-heading\" data-id=\"2a499c8\" data-element_type=\"widget\" data-e-type=\"widget\" data-widget_type=\"heading.default\">\n\t\t\t\t\t<h2 class=\"elementor-heading-title elementor-size-default\">Un cadre scolaire structur\u00e9 pour apprendre et progresser<\/h2>\t\t\t\t<\/div>\n\t\t\t\t<div class=\"elementor-element elementor-element-434d709 elementor-widget__width-initial elementor-widget elementor-widget-text-editor\" data-id=\"434d709\" data-element_type=\"widget\" data-e-type=\"widget\" data-widget_type=\"text-editor.default\">\n\t\t\t\t\t\t\t\t\t<p>Le coll\u00e8ge constitue une \u00e9tape essentielle dans le parcours scolaire.<br \/>Au CNEEL, les \u00e9l\u00e8ves suivent le programme officiel de l\u2019\u00c9ducation nationale dans un environnement num\u00e9rique structur\u00e9, accompagn\u00e9 par leurs enseignants et par l\u2019\u00e9quipe p\u00e9dagogique.<\/p><p>Selon le parcours choisi, les \u00e9l\u00e8ves peuvent b\u00e9n\u00e9ficier d\u2019une organisation plus encadr\u00e9e avec des temps de travail en direct ou d\u2019un fonctionnement plus autonome, tout en conservant un suivi p\u00e9dagogique r\u00e9gulier.<\/p>\t\t\t\t\t\t\t\t<\/div>\n\t\t\t\t\t<\/div>\n\t\t\t\t<\/div>\n\t\t<div class=\"elementor-element elementor-element-f66022a e-flex e-con-boxed e-con e-parent\" data-id=\"f66022a\" data-element_type=\"container\" data-e-type=\"container\" data-settings=\"{&quot;background_background&quot;:&quot;classic&quot;}\">\n\t\t\t\t\t<div class=\"e-con-inner\">\n\t\t<div class=\"elementor-element elementor-element-dd0068d e-con-full e-flex e-con e-child\" data-id=\"dd0068d\" data-element_type=\"container\" data-e-type=\"container\">\n\t\t\t\t<div class=\"elementor-element elementor-element-dd006ff elementor-view-default elementor-position-top elementor-vertical-align-top elementor-widget elementor-widget-upstudy-custom-icon\" data-id=\"dd006ff\" data-element_type=\"widget\" data-e-type=\"widget\" data-widget_type=\"upstudy-custom-icon.default\">\n\t\t\t\t<div class=\"elementor-widget-container\">\n\t\t\t\t\t        <div class=\"upstudy-custom-icon elementor-icon-box-wrapper shape-image type-icon\">\n                        <div class=\"elementor-icon-box-icon\">\n                <span class=\"elementor-icon elementor-animation-\" >\n\n                \n                        \n                               <svg aria-hidden=\"true\" class=\"e-font-icon-svg e-far-clipboard\" viewBox=\"0 0 384 512\" xmlns=\"http:\/\/www.w3.org\/2000\/svg\"><path d=\"M336 64h-80c0-35.3-28.7-64-64-64s-64 28.7-64 64H48C21.5 64 0 85.5 0 112v352c0 26.5 21.5 48 48 48h288c26.5 0 48-21.5 48-48V112c0-26.5-21.5-48-48-48zM192 40c13.3 0 24 10.7 24 24s-10.7 24-24 24-24-10.7-24-24 10.7-24 24-24zm144 418c0 3.3-2.7 6-6 6H54c-3.3 0-6-2.7-6-6V118c0-3.3 2.7-6 6-6h42v36c0 6.6 5.4 12 12 12h168c6.6 0 12-5.4 12-12v-36h42c3.3 0 6 2.7 6 6z\"><\/path><\/svg>\n                <\/span>\n            <\/div>\n                        <div class=\"elementor-icon-box-content\">\n                <h3 class=\"elementor-icon-box-title\">\n                    <span  >\n                        Un cadre de travail clair                    <\/span>\n                <\/h3>\n                                    <p class=\"elementor-icon-box-description\">\n                        Les \u00e9l\u00e8ves disposent d\u2019activit\u00e9s r\u00e9guli\u00e8res, d\u2019exercices et d\u2019\u00e9valuations qui permettent de structurer leur progression.                    <\/p>\n                            <\/div>\n        <\/div>\n        \t\t\t\t<\/div>\n\t\t\t\t<\/div>\n\t\t\t\t<\/div>\n\t\t<div class=\"elementor-element elementor-element-50631c4 e-con-full e-flex e-con e-child\" data-id=\"50631c4\" data-element_type=\"container\" data-e-type=\"container\">\n\t\t\t\t<div class=\"elementor-element elementor-element-e4acf45 elementor-view-default elementor-position-top elementor-vertical-align-top elementor-widget elementor-widget-upstudy-custom-icon\" data-id=\"e4acf45\" data-element_type=\"widget\" data-e-type=\"widget\" data-widget_type=\"upstudy-custom-icon.default\">\n\t\t\t\t<div class=\"elementor-widget-container\">\n\t\t\t\t\t        <div class=\"upstudy-custom-icon elementor-icon-box-wrapper shape-image type-icon\">\n                        <div class=\"elementor-icon-box-icon\">\n                <span class=\"elementor-icon elementor-animation-\" >\n\n                \n                        \n                               <i aria-hidden=\"true\" class=\"upstudy dt-icon-numbered\"><\/i>\n                <\/span>\n            <\/div>\n                        <div class=\"elementor-icon-box-content\">\n                <h3 class=\"elementor-icon-box-title\">\n                    <span  >\n                        Un suivi p\u00e9dagogique attentif                    <\/span>\n                <\/h3>\n                                    <p class=\"elementor-icon-box-description\">\n                        Les enseignants accompagnent les \u00e9l\u00e8ves dans leurs apprentissages et suivent leur travail tout au long de l\u2019ann\u00e9e.                    <\/p>\n                            <\/div>\n        <\/div>\n        \t\t\t\t<\/div>\n\t\t\t\t<\/div>\n\t\t\t\t<\/div>\n\t\t<div class=\"elementor-element elementor-element-6379996 e-con-full e-flex e-con e-child\" data-id=\"6379996\" data-element_type=\"container\" data-e-type=\"container\">\n\t\t\t\t<div class=\"elementor-element elementor-element-e3e4282 elementor-view-default elementor-position-top elementor-vertical-align-top elementor-widget elementor-widget-upstudy-custom-icon\" data-id=\"e3e4282\" data-element_type=\"widget\" data-e-type=\"widget\" data-widget_type=\"upstudy-custom-icon.default\">\n\t\t\t\t<div class=\"elementor-widget-container\">\n\t\t\t\t\t        <div class=\"upstudy-custom-icon elementor-icon-box-wrapper shape-image type-icon\">\n                        <div class=\"elementor-icon-box-icon\">\n                <span class=\"elementor-icon elementor-animation-\" >\n\n                \n                        \n                               <i aria-hidden=\"true\" class=\"upstudy dt-icon-learn\"><\/i>\n                <\/span>\n            <\/div>\n                        <div class=\"elementor-icon-box-content\">\n                <h3 class=\"elementor-icon-box-title\">\n                    <span  >\n                        Le d\u00e9veloppement de l\u2019autonomie                    <\/span>\n                <\/h3>\n                                    <p class=\"elementor-icon-box-description\">\n                        L\u2019organisation du travail permet aux \u00e9l\u00e8ves d\u2019apprendre progressivement \u00e0 s\u2019organiser et \u00e0 travailler de mani\u00e8re r\u00e9guli\u00e8re.                    <\/p>\n                            <\/div>\n        <\/div>\n        \t\t\t\t<\/div>\n\t\t\t\t<\/div>\n\t\t\t\t<\/div>\n\t\t<div class=\"elementor-element elementor-element-a0f2572 e-con-full e-flex e-con e-child\" data-id=\"a0f2572\" data-element_type=\"container\" data-e-type=\"container\">\n\t\t\t\t<div class=\"elementor-element elementor-element-a40bac8 elementor-view-default elementor-position-top elementor-vertical-align-top elementor-widget elementor-widget-upstudy-custom-icon\" data-id=\"a40bac8\" data-element_type=\"widget\" data-e-type=\"widget\" data-widget_type=\"upstudy-custom-icon.default\">\n\t\t\t\t<div class=\"elementor-widget-container\">\n\t\t\t\t\t        <div class=\"upstudy-custom-icon elementor-icon-box-wrapper shape-image type-icon\">\n                        <div class=\"elementor-icon-box-icon\">\n                <span class=\"elementor-icon elementor-animation-\" >\n\n                \n                        \n                               <svg aria-hidden=\"true\" class=\"e-font-icon-svg e-fas-walking\" viewBox=\"0 0 320 512\" xmlns=\"http:\/\/www.w3.org\/2000\/svg\"><path d=\"M208 96c26.5 0 48-21.5 48-48S234.5 0 208 0s-48 21.5-48 48 21.5 48 48 48zm94.5 149.1l-23.3-11.8-9.7-29.4c-14.7-44.6-55.7-75.8-102.2-75.9-36-.1-55.9 10.1-93.3 25.2-21.6 8.7-39.3 25.2-49.7 46.2L17.6 213c-7.8 15.8-1.5 35 14.2 42.9 15.6 7.9 34.6 1.5 42.5-14.3L81 228c3.5-7 9.3-12.5 16.5-15.4l26.8-10.8-15.2 60.7c-5.2 20.8.4 42.9 14.9 58.8l59.9 65.4c7.2 7.9 12.3 17.4 14.9 27.7l18.3 73.3c4.3 17.1 21.7 27.6 38.8 23.3 17.1-4.3 27.6-21.7 23.3-38.8l-22.2-89c-2.6-10.3-7.7-19.9-14.9-27.7l-45.5-49.7 17.2-68.7 5.5 16.5c5.3 16.1 16.7 29.4 31.7 37l23.3 11.8c15.6 7.9 34.6 1.5 42.5-14.3 7.7-15.7 1.4-35.1-14.3-43zM73.6 385.8c-3.2 8.1-8 15.4-14.2 21.5l-50 50.1c-12.5 12.5-12.5 32.8 0 45.3s32.7 12.5 45.2 0l59.4-59.4c6.1-6.1 10.9-13.4 14.2-21.5l13.5-33.8c-55.3-60.3-38.7-41.8-47.4-53.7l-20.7 51.5z\"><\/path><\/svg>\n                <\/span>\n            <\/div>\n                        <div class=\"elementor-icon-box-content\">\n                <h3 class=\"elementor-icon-box-title\">\n                    <span  >\n                        Un \u00e9quilibre dans la vie scolaire                    <\/span>\n                <\/h3>\n                                    <p class=\"elementor-icon-box-description\">\n                        Les \u00e9l\u00e8ves peuvent \u00e9galement participer \u00e0 diff\u00e9rentes activit\u00e9s compl\u00e9mentaires et sont encourag\u00e9s \u00e0 pr\u00e9server un \u00e9quilibre entre travail scolaire et activit\u00e9s personnelles.                    <\/p>\n                            <\/div>\n        <\/div>\n        \t\t\t\t<\/div>\n\t\t\t\t<\/div>\n\t\t\t\t<\/div>\n\t\t\t\t\t<\/div>\n\t\t\t\t<\/div>\n\t\t<div class=\"elementor-element elementor-element-4caef9c e-flex e-con-boxed e-con e-parent\" data-id=\"4caef9c\" data-element_type=\"container\" data-e-type=\"container\">\n\t\t\t\t\t<div class=\"e-con-inner\">\n\t\t\t\t<div class=\"elementor-element elementor-element-126e467 elementor-widget elementor-widget-menu-anchor\" data-id=\"126e467\" data-element_type=\"widget\" data-e-type=\"widget\" data-widget_type=\"menu-anchor.default\">\n\t\t\t\t\t\t\t<div class=\"elementor-menu-anchor\" id=\"contactez-nous\"><\/div>\n\t\t\t\t\t\t<\/div>\n\t\t\t\t\t<\/div>\n\t\t\t\t<\/div>\n\t\t<div class=\"elementor-element elementor-element-20d38d1 e-flex e-con-boxed e-con e-parent\" data-id=\"20d38d1\" data-element_type=\"container\" data-e-type=\"container\">\n\t\t\t\t\t<div class=\"e-con-inner\">\n\t\t\t\t<div class=\"elementor-element elementor-element-50b6980 elementor-widget__width-initial elementor-widget elementor-widget-heading\" data-id=\"50b6980\" data-element_type=\"widget\" data-e-type=\"widget\" data-widget_type=\"heading.default\">\n\t\t\t\t\t<h2 class=\"elementor-heading-title elementor-size-default\">Vous souhaitez en savoir plus sur la <span class=\"mot-couleur\">scolarit\u00e9 \u00e0 distance au coll\u00e8ge<\/span> ?<\/h2>\t\t\t\t<\/div>\n\t\t\t\t<div class=\"elementor-element elementor-element-7acab3a elementor-widget__width-initial elementor-widget elementor-widget-text-editor\" data-id=\"7acab3a\" data-element_type=\"widget\" data-e-type=\"widget\" data-widget_type=\"text-editor.default\">\n\t\t\t\t\t\t\t\t\t<p>Notre \u00e9quipe peut vous pr\u00e9senter le fonctionnement de l\u2019\u00e9tablissement, les modalit\u00e9s de scolarit\u00e9 et r\u00e9pondre \u00e0 vos questions.<\/p><p>Vous pouvez nous contacter pour recevoir des informations d\u00e9taill\u00e9es ou \u00e9changer avec nous sur le parcours scolaire de votre enfant.<\/p>\t\t\t\t\t\t\t\t<\/div>\n\t\t\t\t<div class=\"elementor-element elementor-element-8caf397 elementor-widget elementor-widget-html\" data-id=\"8caf397\" data-element_type=\"widget\" data-e-type=\"widget\" data-widget_type=\"html.default\">\n\t\t\t\t\t<script src=\"https:\/\/js-eu1.hsforms.net\/forms\/embed\/148130516.js\" defer><\/script>\r\n<div class=\"hs-form-frame\" data-region=\"eu1\" data-form-id=\"9d3f0bf8-b2d5-4b4a-9c5f-1282454a1136\" data-portal-id=\"148130516\"><\/div>\r\n\t\t\t\t<\/div>\n\t\t\t\t\t<\/div>\n\t\t\t\t<\/div>\n\t\t\t\t<\/div>\n\t\t","protected":false},"excerpt":{"rendered":"<p>Un cadre scolaire solide pour les ann\u00e9es coll\u00e8ge De la sixi\u00e8me \u00e0 la troisi\u00e8me, les \u00e9l\u00e8ves suivent le programme officiel dans un environnement num\u00e9rique structur\u00e9. Encadr\u00e9s par leurs enseignants, ils d\u00e9veloppent progressivement leurs m\u00e9thodes de travail, leur autonomie et leur engagement. Selon le parcours choisi, ils avancent de mani\u00e8re plus ou moins encadr\u00e9e, tout en&#8230;<\/p>\n","protected":false},"author":1,"featured_media":0,"parent":0,"menu_order":0,"comment_status":"closed","ping_status":"closed","template":"","meta":{"footnotes":""},"class_list":["post-17497","page","type-page","status-publish","hentry"],"yoast_head":"<!-- This site is optimized with the Yoast SEO plugin v27.3 - https:\/\/yoast.com\/product\/yoast-seo-wordpress\/ -->\n<title>Le Coll\u00e8ge au CNEEL : Un cadre scolaire solide | Centre National d&#039;Enseignement E-Learning<\/title>\n<meta name=\"description\" content=\"De la sixi\u00e8me \u00e0 la troisi\u00e8me, les \u00e9l\u00e8ves suivent le programme officiel de l\u2019\u00c9ducation nationale dans un environnement num\u00e9rique structur\u00e9.\" \/>\n<meta name=\"robots\" content=\"noindex, follow, max-snippet:-1, max-image-preview:large, max-video-preview:-1\" \/>\n<meta property=\"og:locale\" content=\"fr_FR\" \/>\n<meta property=\"og:type\" content=\"article\" \/>\n<meta property=\"og:title\" content=\"Le Coll\u00e8ge au CNEEL : Un cadre scolaire solide | Centre National d&#039;Enseignement E-Learning\" \/>\n<meta property=\"og:description\" content=\"De la sixi\u00e8me \u00e0 la troisi\u00e8me, les \u00e9l\u00e8ves suivent le programme officiel de l\u2019\u00c9ducation nationale dans un environnement num\u00e9rique structur\u00e9.\" \/>\n<meta property=\"og:url\" content=\"https:\/\/adekoite-preprod.fr\/cneel\/college\/\" \/>\n<meta property=\"og:site_name\" content=\"CNEEL\" \/>\n<meta property=\"article:modified_time\" content=\"2026-04-13T12:46:48+00:00\" \/>\n<meta property=\"og:image\" content=\"https:\/\/adekoite-preprod.fr\/cneel\/wp-content\/uploads\/2025\/06\/UPST004524.png\" \/>\n<meta name=\"twitter:card\" content=\"summary_large_image\" \/>\n<meta name=\"twitter:label1\" content=\"Dur\u00e9e de lecture estim\u00e9e\" \/>\n\t<meta name=\"twitter:data1\" content=\"1 minute\" \/>\n<script type=\"application\/ld+json\" class=\"yoast-schema-graph\">{\"@context\":\"https:\\\/\\\/schema.org\",\"@graph\":[{\"@type\":\"WebPage\",\"@id\":\"https:\\\/\\\/adekoite-preprod.fr\\\/cneel\\\/college\\\/\",\"url\":\"https:\\\/\\\/adekoite-preprod.fr\\\/cneel\\\/college\\\/\",\"name\":\"Le Coll\u00e8ge au CNEEL : Un cadre scolaire solide | Centre National d'Enseignement E-Learning\",\"isPartOf\":{\"@id\":\"https:\\\/\\\/adekoite-preprod.fr\\\/cneel\\\/#website\"},\"primaryImageOfPage\":{\"@id\":\"https:\\\/\\\/adekoite-preprod.fr\\\/cneel\\\/college\\\/#primaryimage\"},\"image\":{\"@id\":\"https:\\\/\\\/adekoite-preprod.fr\\\/cneel\\\/college\\\/#primaryimage\"},\"thumbnailUrl\":\"https:\\\/\\\/adekoite-preprod.fr\\\/cneel\\\/wp-content\\\/uploads\\\/2025\\\/06\\\/UPST004524.png\",\"datePublished\":\"2026-03-27T15:32:10+00:00\",\"dateModified\":\"2026-04-13T12:46:48+00:00\",\"description\":\"De la sixi\u00e8me \u00e0 la troisi\u00e8me, les \u00e9l\u00e8ves suivent le programme officiel de l\u2019\u00c9ducation nationale dans un environnement num\u00e9rique structur\u00e9.\",\"breadcrumb\":{\"@id\":\"https:\\\/\\\/adekoite-preprod.fr\\\/cneel\\\/college\\\/#breadcrumb\"},\"inLanguage\":\"fr-FR\",\"potentialAction\":[{\"@type\":\"ReadAction\",\"target\":[\"https:\\\/\\\/adekoite-preprod.fr\\\/cneel\\\/college\\\/\"]}]},{\"@type\":\"ImageObject\",\"inLanguage\":\"fr-FR\",\"@id\":\"https:\\\/\\\/adekoite-preprod.fr\\\/cneel\\\/college\\\/#primaryimage\",\"url\":\"https:\\\/\\\/adekoite-preprod.fr\\\/cneel\\\/wp-content\\\/uploads\\\/2025\\\/06\\\/UPST004524.png\",\"contentUrl\":\"https:\\\/\\\/adekoite-preprod.fr\\\/cneel\\\/wp-content\\\/uploads\\\/2025\\\/06\\\/UPST004524.png\",\"width\":179,\"height\":155},{\"@type\":\"BreadcrumbList\",\"@id\":\"https:\\\/\\\/adekoite-preprod.fr\\\/cneel\\\/college\\\/#breadcrumb\",\"itemListElement\":[{\"@type\":\"ListItem\",\"position\":1,\"name\":\"Accueil\",\"item\":\"https:\\\/\\\/adekoite-preprod.fr\\\/cneel\\\/\"},{\"@type\":\"ListItem\",\"position\":2,\"name\":\"Coll\u00e8ge\"}]},{\"@type\":\"WebSite\",\"@id\":\"https:\\\/\\\/adekoite-preprod.fr\\\/cneel\\\/#website\",\"url\":\"https:\\\/\\\/adekoite-preprod.fr\\\/cneel\\\/\",\"name\":\"CNEEL\",\"description\":\"\",\"publisher\":{\"@id\":\"https:\\\/\\\/adekoite-preprod.fr\\\/cneel\\\/#organization\"},\"potentialAction\":[{\"@type\":\"SearchAction\",\"target\":{\"@type\":\"EntryPoint\",\"urlTemplate\":\"https:\\\/\\\/adekoite-preprod.fr\\\/cneel\\\/?s={search_term_string}\"},\"query-input\":{\"@type\":\"PropertyValueSpecification\",\"valueRequired\":true,\"valueName\":\"search_term_string\"}}],\"inLanguage\":\"fr-FR\"},{\"@type\":\"Organization\",\"@id\":\"https:\\\/\\\/adekoite-preprod.fr\\\/cneel\\\/#organization\",\"name\":\"CNEEL\",\"url\":\"https:\\\/\\\/adekoite-preprod.fr\\\/cneel\\\/\",\"logo\":{\"@type\":\"ImageObject\",\"inLanguage\":\"fr-FR\",\"@id\":\"https:\\\/\\\/adekoite-preprod.fr\\\/cneel\\\/#\\\/schema\\\/logo\\\/image\\\/\",\"url\":\"https:\\\/\\\/adekoite-preprod.fr\\\/cneel\\\/wp-content\\\/uploads\\\/2026\\\/03\\\/favicon-cneel.png\",\"contentUrl\":\"https:\\\/\\\/adekoite-preprod.fr\\\/cneel\\\/wp-content\\\/uploads\\\/2026\\\/03\\\/favicon-cneel.png\",\"width\":512,\"height\":548,\"caption\":\"CNEEL\"},\"image\":{\"@id\":\"https:\\\/\\\/adekoite-preprod.fr\\\/cneel\\\/#\\\/schema\\\/logo\\\/image\\\/\"}}]}<\/script>\n<!-- \/ Yoast SEO plugin. -->","yoast_head_json":{"title":"Le Coll\u00e8ge au CNEEL : Un cadre scolaire solide | Centre National d'Enseignement E-Learning","description":"De la sixi\u00e8me \u00e0 la troisi\u00e8me, les \u00e9l\u00e8ves suivent le programme officiel de l\u2019\u00c9ducation nationale dans un environnement num\u00e9rique structur\u00e9.","robots":{"index":"noindex","follow":"follow","max-snippet":"max-snippet:-1","max-image-preview":"max-image-preview:large","max-video-preview":"max-video-preview:-1"},"og_locale":"fr_FR","og_type":"article","og_title":"Le Coll\u00e8ge au CNEEL : Un cadre scolaire solide | Centre National d'Enseignement E-Learning","og_description":"De la sixi\u00e8me \u00e0 la troisi\u00e8me, les \u00e9l\u00e8ves suivent le programme officiel de l\u2019\u00c9ducation nationale dans un environnement num\u00e9rique structur\u00e9.","og_url":"https:\/\/adekoite-preprod.fr\/cneel\/college\/","og_site_name":"CNEEL","article_modified_time":"2026-04-13T12:46:48+00:00","og_image":[{"url":"https:\/\/adekoite-preprod.fr\/cneel\/wp-content\/uploads\/2025\/06\/UPST004524.png","type":"","width":"","height":""}],"twitter_card":"summary_large_image","twitter_misc":{"Dur\u00e9e de lecture estim\u00e9e":"1 minute"},"schema":{"@context":"https:\/\/schema.org","@graph":[{"@type":"WebPage","@id":"https:\/\/adekoite-preprod.fr\/cneel\/college\/","url":"https:\/\/adekoite-preprod.fr\/cneel\/college\/","name":"Le Coll\u00e8ge au CNEEL : Un cadre scolaire solide | Centre National d'Enseignement E-Learning","isPartOf":{"@id":"https:\/\/adekoite-preprod.fr\/cneel\/#website"},"primaryImageOfPage":{"@id":"https:\/\/adekoite-preprod.fr\/cneel\/college\/#primaryimage"},"image":{"@id":"https:\/\/adekoite-preprod.fr\/cneel\/college\/#primaryimage"},"thumbnailUrl":"https:\/\/adekoite-preprod.fr\/cneel\/wp-content\/uploads\/2025\/06\/UPST004524.png","datePublished":"2026-03-27T15:32:10+00:00","dateModified":"2026-04-13T12:46:48+00:00","description":"De la sixi\u00e8me \u00e0 la troisi\u00e8me, les \u00e9l\u00e8ves suivent le programme officiel de l\u2019\u00c9ducation nationale dans un environnement num\u00e9rique structur\u00e9.","breadcrumb":{"@id":"https:\/\/adekoite-preprod.fr\/cneel\/college\/#breadcrumb"},"inLanguage":"fr-FR","potentialAction":[{"@type":"ReadAction","target":["https:\/\/adekoite-preprod.fr\/cneel\/college\/"]}]},{"@type":"ImageObject","inLanguage":"fr-FR","@id":"https:\/\/adekoite-preprod.fr\/cneel\/college\/#primaryimage","url":"https:\/\/adekoite-preprod.fr\/cneel\/wp-content\/uploads\/2025\/06\/UPST004524.png","contentUrl":"https:\/\/adekoite-preprod.fr\/cneel\/wp-content\/uploads\/2025\/06\/UPST004524.png","width":179,"height":155},{"@type":"BreadcrumbList","@id":"https:\/\/adekoite-preprod.fr\/cneel\/college\/#breadcrumb","itemListElement":[{"@type":"ListItem","position":1,"name":"Accueil","item":"https:\/\/adekoite-preprod.fr\/cneel\/"},{"@type":"ListItem","position":2,"name":"Coll\u00e8ge"}]},{"@type":"WebSite","@id":"https:\/\/adekoite-preprod.fr\/cneel\/#website","url":"https:\/\/adekoite-preprod.fr\/cneel\/","name":"CNEEL","description":"","publisher":{"@id":"https:\/\/adekoite-preprod.fr\/cneel\/#organization"},"potentialAction":[{"@type":"SearchAction","target":{"@type":"EntryPoint","urlTemplate":"https:\/\/adekoite-preprod.fr\/cneel\/?s={search_term_string}"},"query-input":{"@type":"PropertyValueSpecification","valueRequired":true,"valueName":"search_term_string"}}],"inLanguage":"fr-FR"},{"@type":"Organization","@id":"https:\/\/adekoite-preprod.fr\/cneel\/#organization","name":"CNEEL","url":"https:\/\/adekoite-preprod.fr\/cneel\/","logo":{"@type":"ImageObject","inLanguage":"fr-FR","@id":"https:\/\/adekoite-preprod.fr\/cneel\/#\/schema\/logo\/image\/","url":"https:\/\/adekoite-preprod.fr\/cneel\/wp-content\/uploads\/2026\/03\/favicon-cneel.png","contentUrl":"https:\/\/adekoite-preprod.fr\/cneel\/wp-content\/uploads\/2026\/03\/favicon-cneel.png","width":512,"height":548,"caption":"CNEEL"},"image":{"@id":"https:\/\/adekoite-preprod.fr\/cneel\/#\/schema\/logo\/image\/"}}]}},"_links":{"self":[{"href":"https:\/\/adekoite-preprod.fr\/cneel\/wp-json\/wp\/v2\/pages\/17497","targetHints":{"allow":["GET"]}}],"collection":[{"href":"https:\/\/adekoite-preprod.fr\/cneel\/wp-json\/wp\/v2\/pages"}],"about":[{"href":"https:\/\/adekoite-preprod.fr\/cneel\/wp-json\/wp\/v2\/types\/page"}],"author":[{"embeddable":true,"href":"https:\/\/adekoite-preprod.fr\/cneel\/wp-json\/wp\/v2\/users\/1"}],"replies":[{"embeddable":true,"href":"https:\/\/adekoite-preprod.fr\/cneel\/wp-json\/wp\/v2\/comments?post=17497"}],"version-history":[{"count":106,"href":"https:\/\/adekoite-preprod.fr\/cneel\/wp-json\/wp\/v2\/pages\/17497\/revisions"}],"predecessor-version":[{"id":18241,"href":"https:\/\/adekoite-preprod.fr\/cneel\/wp-json\/wp\/v2\/pages\/17497\/revisions\/18241"}],"wp:attachment":[{"href":"https:\/\/adekoite-preprod.fr\/cneel\/wp-json\/wp\/v2\/media?parent=17497"}],"curies":[{"name":"wp","href":"https:\/\/api.w.org\/{rel}","templated":true}]}}