{"id":17610,"date":"2026-03-31T09:37:17","date_gmt":"2026-03-31T07:37:17","guid":{"rendered":"https:\/\/adekoite-preprod.fr\/cneel\/?page_id=17610"},"modified":"2026-04-13T14:48:14","modified_gmt":"2026-04-13T12:48:14","slug":"lycee","status":"publish","type":"page","link":"https:\/\/adekoite-preprod.fr\/cneel\/lycee\/","title":{"rendered":"Lyc\u00e9e"},"content":{"rendered":"\t\t<div data-elementor-type=\"wp-page\" data-elementor-id=\"17610\" class=\"elementor elementor-17610\">\n\t\t\t\t<div class=\"elementor-element elementor-element-f9c8e2e e-flex e-con-boxed e-con e-parent\" data-id=\"f9c8e2e\" data-element_type=\"container\" data-e-type=\"container\" data-settings=\"{&quot;background_background&quot;:&quot;classic&quot;}\">\n\t\t\t\t\t<div class=\"e-con-inner\">\n\t\t\t\t<div class=\"elementor-element elementor-element-7948814 elementor-widget__width-initial elementor-widget elementor-widget-heading\" data-id=\"7948814\" data-element_type=\"widget\" data-e-type=\"widget\" data-widget_type=\"heading.default\">\n\t\t\t\t\t<h1 class=\"elementor-heading-title elementor-size-default\">Pr\u00e9parer le baccalaur\u00e9at avec exigence et m\u00e9thode<\/h1>\t\t\t\t<\/div>\n\t\t\t\t<div class=\"elementor-element elementor-element-883309c elementor-widget__width-initial elementor-widget elementor-widget-text-editor\" data-id=\"883309c\" data-element_type=\"widget\" data-e-type=\"widget\" data-widget_type=\"text-editor.default\">\n\t\t\t\t\t\t\t\t\t<p>De la seconde \u00e0 la terminale, les \u00e9l\u00e8ves suivent le programme officiel de l\u2019\u00c9ducation nationale dans un cadre structur\u00e9, con\u00e7u pour d\u00e9velopper rigueur et autonomie.<\/p><p>Encadr\u00e9s par leurs enseignants, ils construisent des m\u00e9thodes de travail efficaces et progressent r\u00e9guli\u00e8rement dans leurs apprentissages.<\/p><p>Selon le parcours choisi, ils peuvent travailler de mani\u00e8re plus encadr\u00e9e ou plus autonome, tout en b\u00e9n\u00e9ficiant d\u2019un suivi p\u00e9dagogique attentif.\u00a0<\/p>\t\t\t\t\t\t\t\t<\/div>\n\t\t\t\t<div class=\"elementor-element elementor-element-0b6cd00 elementor-widget elementor-widget-upstudy-button\" data-id=\"0b6cd00\" data-element_type=\"widget\" data-e-type=\"widget\" data-widget_type=\"upstudy-button.default\">\n\t\t\t\t<div class=\"elementor-widget-container\">\n\t\t\t\t\t<div class=\"upstudy-button-widget-wrapper\"><a class=\"upstudy-btn upstudy-btn-custom upstudy-btn-size-custom\" href=\"#contactez-nous\">Contactez-nous<\/a><\/div>\t\t\t\t<\/div>\n\t\t\t\t<\/div>\n\t\t\t\t\t<\/div>\n\t\t\t\t<\/div>\n\t\t<div class=\"elementor-element elementor-element-135f196 e-flex e-con-boxed e-con e-parent\" data-id=\"135f196\" data-element_type=\"container\" data-e-type=\"container\">\n\t\t\t\t\t<div class=\"e-con-inner\">\n\t\t<div class=\"elementor-element elementor-element-d125761 e-con-full e-flex e-con e-child\" data-id=\"d125761\" data-element_type=\"container\" data-e-type=\"container\">\n\t\t\t\t<div class=\"elementor-element elementor-element-0ad4669 elementor-widget elementor-widget-text-editor\" data-id=\"0ad4669\" data-element_type=\"widget\" data-e-type=\"widget\" data-widget_type=\"text-editor.default\">\n\t\t\t\t\t\t\t\t\t<p>Le parcours au lyc\u00e9e<\/p>\t\t\t\t\t\t\t\t<\/div>\n\t\t\t\t<div class=\"elementor-element elementor-element-5c0ca43 elementor-widget__width-initial elementor-widget elementor-widget-heading\" data-id=\"5c0ca43\" data-element_type=\"widget\" data-e-type=\"widget\" data-widget_type=\"heading.default\">\n\t\t\t\t\t<h2 class=\"elementor-heading-title elementor-size-default\">Trois ann\u00e9es pour construire son projet et pr\u00e9parer le baccalaur\u00e9at<\/h2>\t\t\t\t<\/div>\n\t\t\t\t<\/div>\n\t\t<div class=\"elementor-element elementor-element-b00d14c e-con-full e-flex e-con e-child\" data-id=\"b00d14c\" data-element_type=\"container\" data-e-type=\"container\">\n\t\t\t\t<div class=\"elementor-element elementor-element-2f4437c elementor-widget elementor-widget-text-editor\" data-id=\"2f4437c\" data-element_type=\"widget\" data-e-type=\"widget\" data-widget_type=\"text-editor.default\">\n\t\t\t\t\t\t\t\t\t<p>Le lyc\u00e9e s\u2019organise en trois ann\u00e9es qui permettent aux \u00e9l\u00e8ves de consolider leurs connaissances, d\u2019approfondir certaines disciplines et de construire progressivement leur projet d\u2019\u00e9tudes.<\/p><p>De la seconde \u00e0 la terminale, les \u00e9l\u00e8ves d\u00e9veloppent leurs m\u00e9thodes de travail, gagnent en autonomie et se pr\u00e9parent progressivement aux exigences du baccalaur\u00e9at et de l\u2019enseignement sup\u00e9rieur.<\/p>\t\t\t\t\t\t\t\t<\/div>\n\t\t\t\t<\/div>\n\t\t\t\t\t<\/div>\n\t\t\t\t<\/div>\n\t\t<div class=\"elementor-element elementor-element-713f331 e-flex e-con-boxed e-con e-parent\" data-id=\"713f331\" data-element_type=\"container\" data-e-type=\"container\">\n\t\t\t\t\t<div class=\"e-con-inner\">\n\t\t<div class=\"elementor-element elementor-element-224f9ab e-con-full e-flex e-con e-child\" data-id=\"224f9ab\" data-element_type=\"container\" data-e-type=\"container\" data-settings=\"{&quot;background_background&quot;:&quot;classic&quot;}\">\n\t\t\t\t<div class=\"elementor-element elementor-element-ed0b6c1 elementor-absolute elementor-invisible elementor-widget elementor-widget-upstudy-animation\" data-id=\"ed0b6c1\" data-element_type=\"widget\" data-e-type=\"widget\" data-settings=\"{&quot;_position&quot;:&quot;absolute&quot;,&quot;_animation&quot;:&quot;upstudy--slide-left&quot;}\" data-widget_type=\"upstudy-animation.default\">\n\t\t\t\t<div class=\"elementor-widget-container\">\n\t\t\t\t\t<div class=\"upstudy-animation-widget upstudy-animation-display-type-mouse-track upstudy-animation-content-type-color upstudy-mouse-track-item\" id=\"ed0b6c1\"><span data-depth=\"-1\"><span class=\"upstudy-animation-widget-color\"><\/span><\/span><\/div>\t\t\t\t<\/div>\n\t\t\t\t<\/div>\n\t\t\t\t<div class=\"elementor-element elementor-element-07a8788 elementor-absolute elementor-invisible elementor-widget elementor-widget-upstudy-animation\" data-id=\"07a8788\" data-element_type=\"widget\" data-e-type=\"widget\" data-settings=\"{&quot;_position&quot;:&quot;absolute&quot;,&quot;_animation&quot;:&quot;upstudy--slide-left&quot;}\" data-widget_type=\"upstudy-animation.default\">\n\t\t\t\t<div class=\"elementor-widget-container\">\n\t\t\t\t\t<div class=\"upstudy-animation-widget upstudy-animation-display-type-mouse-track upstudy-animation-content-type-image upstudy-mouse-track-item\" id=\"07a8788\"><span data-depth=\"1\"><img decoding=\"async\" src=\"https:\/\/adekoite-preprod.fr\/cneel\/wp-content\/uploads\/2025\/06\/UPST004524.png\" alt=\"UPST004524\"><\/span><\/div>\t\t\t\t<\/div>\n\t\t\t\t<\/div>\n\t\t<div class=\"elementor-element elementor-element-cdd5109 e-con-full e-flex e-con e-child\" data-id=\"cdd5109\" data-element_type=\"container\" data-e-type=\"container\">\n\t\t\t\t<div class=\"elementor-element elementor-element-7b5ebf5 elementor-widget elementor-widget-custom-title-addons\" data-id=\"7b5ebf5\" data-element_type=\"widget\" data-e-type=\"widget\" data-widget_type=\"custom-title-addons.default\">\n\t\t\t\t<div class=\"elementor-widget-container\">\n\t\t\t\t\t<div class=\"tpc-double_heading  \"><h3 class=\"dbl__title-wrapper\"><span class=\"dbl__title dbl-title_1\">La classe de seconde<\/span><\/h3><\/div>\t\t\t\t<\/div>\n\t\t\t\t<\/div>\n\t\t\t\t<div class=\"elementor-element elementor-element-af5a394 elementor-widget elementor-widget-text-editor\" data-id=\"af5a394\" data-element_type=\"widget\" data-e-type=\"widget\" data-widget_type=\"text-editor.default\">\n\t\t\t\t\t\t\t\t\t<p>La seconde constitue une ann\u00e9e de transition entre le coll\u00e8ge et le lyc\u00e9e.<br \/>Les \u00e9l\u00e8ves y renforcent leurs bases dans les disciplines g\u00e9n\u00e9rales et acqui\u00e8rent les m\u00e9thodes de travail n\u00e9cessaires pour la suite de leur parcours.<\/p><p>Selon l\u2019organisation choisie, les \u00e9l\u00e8ves peuvent suivre leurs enseignements avec un emploi du temps encadr\u00e9 ou organiser leur travail de mani\u00e8re plus autonome tout en restant accompagn\u00e9s par l\u2019\u00e9quipe p\u00e9dagogique.<\/p>\t\t\t\t\t\t\t\t<\/div>\n\t\t\t\t<div class=\"elementor-element elementor-element-ca86a8d elementor-widget elementor-widget-custom-title-addons\" data-id=\"ca86a8d\" data-element_type=\"widget\" data-e-type=\"widget\" data-widget_type=\"custom-title-addons.default\">\n\t\t\t\t<div class=\"elementor-widget-container\">\n\t\t\t\t\t<div class=\"tpc-double_heading  \"><h3 class=\"dbl__title-wrapper\"><span class=\"dbl__title dbl-title_1\">Les classes de premi\u00e8re et de terminale<\/span><\/h3><\/div>\t\t\t\t<\/div>\n\t\t\t\t<\/div>\n\t\t\t\t<div class=\"elementor-element elementor-element-abd6b9a elementor-widget elementor-widget-text-editor\" data-id=\"abd6b9a\" data-element_type=\"widget\" data-e-type=\"widget\" data-widget_type=\"text-editor.default\">\n\t\t\t\t\t\t\t\t\t<p>En premi\u00e8re et en terminale, les \u00e9l\u00e8ves construisent leur parcours en choisissant les sp\u00e9cialit\u00e9s qui correspondent \u00e0 leurs centres d\u2019int\u00e9r\u00eat et \u00e0 leur projet d\u2019\u00e9tudes.<\/p><p>Ces deux ann\u00e9es permettent d\u2019approfondir certaines disciplines et de pr\u00e9parer progressivement les \u00e9preuves du baccalaur\u00e9at.<\/p>\t\t\t\t\t\t\t\t<\/div>\n\t\t\t\t<\/div>\n\t\t<div class=\"elementor-element elementor-element-1563b46 e-con-full e-flex e-con e-child\" data-id=\"1563b46\" data-element_type=\"container\" data-e-type=\"container\">\n\t\t<div class=\"elementor-element elementor-element-514ab57 e-con-full e-flex elementor-invisible e-con e-child\" data-id=\"514ab57\" data-element_type=\"container\" data-e-type=\"container\" data-settings=\"{&quot;animation&quot;:&quot;upstudy--slide-left&quot;}\">\n\t\t\t\t<div class=\"elementor-element elementor-element-eec7a42 e-transform elementor-widget elementor-widget-image\" data-id=\"eec7a42\" data-element_type=\"widget\" data-e-type=\"widget\" data-settings=\"{&quot;_transform_rotateZ_effect&quot;:{&quot;unit&quot;:&quot;px&quot;,&quot;size&quot;:18,&quot;sizes&quot;:[]},&quot;_transform_rotateZ_effect_tablet&quot;:{&quot;unit&quot;:&quot;deg&quot;,&quot;size&quot;:&quot;&quot;,&quot;sizes&quot;:[]},&quot;_transform_rotateZ_effect_mobile&quot;:{&quot;unit&quot;:&quot;deg&quot;,&quot;size&quot;:&quot;&quot;,&quot;sizes&quot;:[]}}\" data-widget_type=\"image.default\">\n\t\t\t\t\t\t\t\t\t\t\t\t\t\t\t<img fetchpriority=\"high\" decoding=\"async\" width=\"400\" height=\"267\" src=\"https:\/\/adekoite-preprod.fr\/cneel\/wp-content\/uploads\/2026\/04\/parcours-lycee.webp\" class=\"attachment-full size-full wp-image-18131\" alt=\"\" srcset=\"https:\/\/adekoite-preprod.fr\/cneel\/wp-content\/uploads\/2026\/04\/parcours-lycee.webp 400w, https:\/\/adekoite-preprod.fr\/cneel\/wp-content\/uploads\/2026\/04\/parcours-lycee-300x200.webp 300w\" sizes=\"(max-width: 400px) 100vw, 400px\" \/>\t\t\t\t\t\t\t\t\t\t\t\t\t\t\t<\/div>\n\t\t\t\t<\/div>\n\t\t\t\t<\/div>\n\t\t\t\t<\/div>\n\t\t\t\t\t<\/div>\n\t\t\t\t<\/div>\n\t\t<div class=\"elementor-element elementor-element-e8c5648 e-flex e-con-boxed e-con e-parent\" data-id=\"e8c5648\" data-element_type=\"container\" data-e-type=\"container\">\n\t\t\t\t\t<div class=\"e-con-inner\">\n\t\t<div class=\"elementor-element elementor-element-bb92535 e-con-full e-flex e-con e-child\" data-id=\"bb92535\" data-element_type=\"container\" data-e-type=\"container\">\n\t\t\t\t<div class=\"elementor-element elementor-element-9ba16ea elementor-widget elementor-widget-text-editor\" data-id=\"9ba16ea\" data-element_type=\"widget\" data-e-type=\"widget\" data-widget_type=\"text-editor.default\">\n\t\t\t\t\t\t\t\t\t<p>Choisir ses enseignements<\/p>\t\t\t\t\t\t\t\t<\/div>\n\t\t\t\t<div class=\"elementor-element elementor-element-0adb749 elementor-widget__width-initial elementor-widget elementor-widget-heading\" data-id=\"0adb749\" data-element_type=\"widget\" data-e-type=\"widget\" data-widget_type=\"heading.default\">\n\t\t\t\t\t<h2 class=\"elementor-heading-title elementor-size-default\">Choisir ses enseignements<\/h2>\t\t\t\t<\/div>\n\t\t\t\t<\/div>\n\t\t<div class=\"elementor-element elementor-element-df66232 e-con-full e-flex e-con e-child\" data-id=\"df66232\" data-element_type=\"container\" data-e-type=\"container\">\n\t\t\t\t<div class=\"elementor-element elementor-element-4a5e5ee elementor-widget elementor-widget-text-editor\" data-id=\"4a5e5ee\" data-element_type=\"widget\" data-e-type=\"widget\" data-widget_type=\"text-editor.default\">\n\t\t\t\t\t\t\t\t\t<p>En classe de premi\u00e8re puis de terminale, les \u00e9l\u00e8ves choisissent des enseignements de sp\u00e9cialit\u00e9 qui leur permettent d\u2019approfondir certaines disciplines et de pr\u00e9parer leur orientation vers l\u2019enseignement sup\u00e9rieur.<\/p><p>Ces sp\u00e9cialit\u00e9s sont choisies en fonction des centres d\u2019int\u00e9r\u00eat de l\u2019\u00e9l\u00e8ve et de son projet d\u2019\u00e9tudes.<\/p>\t\t\t\t\t\t\t\t<\/div>\n\t\t\t\t<\/div>\n\t\t\t\t\t<\/div>\n\t\t\t\t<\/div>\n\t\t<div class=\"elementor-element elementor-element-428fa07 e-flex e-con-boxed e-con e-parent\" data-id=\"428fa07\" data-element_type=\"container\" data-e-type=\"container\">\n\t\t\t\t\t<div class=\"e-con-inner\">\n\t\t\t\t<div class=\"elementor-element elementor-element-fe6ec66 elementor-widget__width-initial elementor-widget elementor-widget-heading\" data-id=\"fe6ec66\" data-element_type=\"widget\" data-e-type=\"widget\" data-widget_type=\"heading.default\">\n\t\t\t\t\t<h3 class=\"elementor-heading-title elementor-size-default\">Exemples de sp\u00e9cialit\u00e9s propos\u00e9es<\/h3>\t\t\t\t<\/div>\n\t\t\t\t<div class=\"elementor-element elementor-element-b50ba75 elementor-widget elementor-widget-text-editor\" data-id=\"b50ba75\" data-element_type=\"widget\" data-e-type=\"widget\" data-widget_type=\"text-editor.default\">\n\t\t\t\t\t\t\t\t\t<p>L\u2019ouverture des sp\u00e9cialit\u00e9s peut s\u2019adapter en fonction des projets des \u00e9l\u00e8ves et de l\u2019organisation p\u00e9dagogique de l\u2019\u00e9tablissement.<\/p>\t\t\t\t\t\t\t\t<\/div>\n\t\t\t\t\t<\/div>\n\t\t\t\t<\/div>\n\t\t<div class=\"elementor-element elementor-element-429dc07 e-flex e-con-boxed e-con e-parent\" data-id=\"429dc07\" data-element_type=\"container\" data-e-type=\"container\">\n\t\t\t\t\t<div class=\"e-con-inner\">\n\t\t<div class=\"elementor-element elementor-element-0e91732 e-con-full e-flex e-con e-child\" data-id=\"0e91732\" data-element_type=\"container\" data-e-type=\"container\">\n\t\t\t\t<div class=\"elementor-element elementor-element-5c17141 elementor-widget elementor-widget-image\" data-id=\"5c17141\" data-element_type=\"widget\" data-e-type=\"widget\" data-widget_type=\"image.default\">\n\t\t\t\t\t\t\t\t\t\t\t\t\t\t\t<img decoding=\"async\" width=\"250\" height=\"250\" src=\"https:\/\/adekoite-preprod.fr\/cneel\/wp-content\/uploads\/2026\/03\/maths.png\" class=\"attachment-large size-large wp-image-17631\" alt=\"\" srcset=\"https:\/\/adekoite-preprod.fr\/cneel\/wp-content\/uploads\/2026\/03\/maths.png 250w, https:\/\/adekoite-preprod.fr\/cneel\/wp-content\/uploads\/2026\/03\/maths-150x150.png 150w\" sizes=\"(max-width: 250px) 100vw, 250px\" \/>\t\t\t\t\t\t\t\t\t\t\t\t\t\t\t<\/div>\n\t\t\t\t<div class=\"elementor-element elementor-element-af7bb5c elementor-widget__width-initial elementor-widget elementor-widget-heading\" data-id=\"af7bb5c\" data-element_type=\"widget\" data-e-type=\"widget\" data-widget_type=\"heading.default\">\n\t\t\t\t\t<h3 class=\"elementor-heading-title elementor-size-default\">Math\u00e9matiques<\/h3>\t\t\t\t<\/div>\n\t\t\t\t<div class=\"elementor-element elementor-element-f6c2d20 elementor-widget elementor-widget-text-editor\" data-id=\"f6c2d20\" data-element_type=\"widget\" data-e-type=\"widget\" data-widget_type=\"text-editor.default\">\n\t\t\t\t\t\t\t\t\t<p>Approfondissement du raisonnement scientifique, de l\u2019analyse et de la r\u00e9solution de probl\u00e8mes.<\/p>\t\t\t\t\t\t\t\t<\/div>\n\t\t\t\t<\/div>\n\t\t<div class=\"elementor-element elementor-element-ccaa0cf e-con-full e-flex e-con e-child\" data-id=\"ccaa0cf\" data-element_type=\"container\" data-e-type=\"container\">\n\t\t\t\t<div class=\"elementor-element elementor-element-fe8beda elementor-widget elementor-widget-image\" data-id=\"fe8beda\" data-element_type=\"widget\" data-e-type=\"widget\" data-widget_type=\"image.default\">\n\t\t\t\t\t\t\t\t\t\t\t\t\t\t\t<img decoding=\"async\" width=\"250\" height=\"250\" src=\"https:\/\/adekoite-preprod.fr\/cneel\/wp-content\/uploads\/2026\/03\/SES.png\" class=\"attachment-large size-large wp-image-17635\" alt=\"\" srcset=\"https:\/\/adekoite-preprod.fr\/cneel\/wp-content\/uploads\/2026\/03\/SES.png 250w, https:\/\/adekoite-preprod.fr\/cneel\/wp-content\/uploads\/2026\/03\/SES-150x150.png 150w\" sizes=\"(max-width: 250px) 100vw, 250px\" \/>\t\t\t\t\t\t\t\t\t\t\t\t\t\t\t<\/div>\n\t\t\t\t<div class=\"elementor-element elementor-element-c60eacd elementor-widget__width-initial elementor-widget elementor-widget-heading\" data-id=\"c60eacd\" data-element_type=\"widget\" data-e-type=\"widget\" data-widget_type=\"heading.default\">\n\t\t\t\t\t<h3 class=\"elementor-heading-title elementor-size-default\">Sciences \u00e9conomiques et sociales (SES)<\/h3>\t\t\t\t<\/div>\n\t\t\t\t<div class=\"elementor-element elementor-element-6b7157b elementor-widget elementor-widget-text-editor\" data-id=\"6b7157b\" data-element_type=\"widget\" data-e-type=\"widget\" data-widget_type=\"text-editor.default\">\n\t\t\t\t\t\t\t\t\t<p>Comprendre les m\u00e9canismes \u00e9conomiques, sociaux et politiques du monde contemporain.<\/p>\t\t\t\t\t\t\t\t<\/div>\n\t\t\t\t<\/div>\n\t\t<div class=\"elementor-element elementor-element-d88312c e-con-full e-flex e-con e-child\" data-id=\"d88312c\" data-element_type=\"container\" data-e-type=\"container\">\n\t\t\t\t<div class=\"elementor-element elementor-element-dc0871c elementor-widget elementor-widget-image\" data-id=\"dc0871c\" data-element_type=\"widget\" data-e-type=\"widget\" data-widget_type=\"image.default\">\n\t\t\t\t\t\t\t\t\t\t\t\t\t\t\t<img loading=\"lazy\" decoding=\"async\" width=\"250\" height=\"250\" src=\"https:\/\/adekoite-preprod.fr\/cneel\/wp-content\/uploads\/2026\/03\/Histoire.png\" class=\"attachment-large size-large wp-image-17639\" alt=\"\" srcset=\"https:\/\/adekoite-preprod.fr\/cneel\/wp-content\/uploads\/2026\/03\/Histoire.png 250w, https:\/\/adekoite-preprod.fr\/cneel\/wp-content\/uploads\/2026\/03\/Histoire-150x150.png 150w\" sizes=\"(max-width: 250px) 100vw, 250px\" \/>\t\t\t\t\t\t\t\t\t\t\t\t\t\t\t<\/div>\n\t\t\t\t<div class=\"elementor-element elementor-element-b9c4329 elementor-widget__width-initial elementor-widget elementor-widget-heading\" data-id=\"b9c4329\" data-element_type=\"widget\" data-e-type=\"widget\" data-widget_type=\"heading.default\">\n\t\t\t\t\t<h3 class=\"elementor-heading-title elementor-size-default\">Histoire-g\u00e9ographie, g\u00e9opolitique et sciences politiques (HGGSP)<\/h3>\t\t\t\t<\/div>\n\t\t\t\t<div class=\"elementor-element elementor-element-24f1b06 elementor-widget elementor-widget-text-editor\" data-id=\"24f1b06\" data-element_type=\"widget\" data-e-type=\"widget\" data-widget_type=\"text-editor.default\">\n\t\t\t\t\t\t\t\t\t<p>Analyser les grands enjeux internationaux et les relations entre les \u00c9tats.<\/p>\t\t\t\t\t\t\t\t<\/div>\n\t\t\t\t<\/div>\n\t\t<div class=\"elementor-element elementor-element-1543b5e e-con-full e-flex e-con e-child\" data-id=\"1543b5e\" data-element_type=\"container\" data-e-type=\"container\">\n\t\t\t\t<div class=\"elementor-element elementor-element-3a352b8 elementor-widget elementor-widget-image\" data-id=\"3a352b8\" data-element_type=\"widget\" data-e-type=\"widget\" data-widget_type=\"image.default\">\n\t\t\t\t\t\t\t\t\t\t\t\t\t\t\t<img loading=\"lazy\" decoding=\"async\" width=\"250\" height=\"250\" src=\"https:\/\/adekoite-preprod.fr\/cneel\/wp-content\/uploads\/2026\/03\/SVT.png\" class=\"attachment-large size-large wp-image-17640\" alt=\"\" srcset=\"https:\/\/adekoite-preprod.fr\/cneel\/wp-content\/uploads\/2026\/03\/SVT.png 250w, https:\/\/adekoite-preprod.fr\/cneel\/wp-content\/uploads\/2026\/03\/SVT-150x150.png 150w\" sizes=\"(max-width: 250px) 100vw, 250px\" \/>\t\t\t\t\t\t\t\t\t\t\t\t\t\t\t<\/div>\n\t\t\t\t<div class=\"elementor-element elementor-element-a315e4e elementor-widget__width-initial elementor-widget elementor-widget-heading\" data-id=\"a315e4e\" data-element_type=\"widget\" data-e-type=\"widget\" data-widget_type=\"heading.default\">\n\t\t\t\t\t<h3 class=\"elementor-heading-title elementor-size-default\">Sciences de la vie et de la Terre (SVT)<\/h3>\t\t\t\t<\/div>\n\t\t\t\t<div class=\"elementor-element elementor-element-d672b8a elementor-widget elementor-widget-text-editor\" data-id=\"d672b8a\" data-element_type=\"widget\" data-e-type=\"widget\" data-widget_type=\"text-editor.default\">\n\t\t\t\t\t\t\t\t\t<p>\u00c9tudier les ph\u00e9nom\u00e8nes biologiques et les grands \u00e9quilibres du vivant et de la plan\u00e8te.<\/p>\t\t\t\t\t\t\t\t<\/div>\n\t\t\t\t<\/div>\n\t\t<div class=\"elementor-element elementor-element-f282140 e-con-full e-flex e-con e-child\" data-id=\"f282140\" data-element_type=\"container\" data-e-type=\"container\">\n\t\t\t\t<div class=\"elementor-element elementor-element-cc53101 elementor-widget elementor-widget-image\" data-id=\"cc53101\" data-element_type=\"widget\" data-e-type=\"widget\" data-widget_type=\"image.default\">\n\t\t\t\t\t\t\t\t\t\t\t\t\t\t\t<img loading=\"lazy\" decoding=\"async\" width=\"250\" height=\"250\" src=\"https:\/\/adekoite-preprod.fr\/cneel\/wp-content\/uploads\/2026\/03\/Langues.png\" class=\"attachment-large size-large wp-image-17644\" alt=\"\" srcset=\"https:\/\/adekoite-preprod.fr\/cneel\/wp-content\/uploads\/2026\/03\/Langues.png 250w, https:\/\/adekoite-preprod.fr\/cneel\/wp-content\/uploads\/2026\/03\/Langues-150x150.png 150w\" sizes=\"(max-width: 250px) 100vw, 250px\" \/>\t\t\t\t\t\t\t\t\t\t\t\t\t\t\t<\/div>\n\t\t\t\t<div class=\"elementor-element elementor-element-7b17008 elementor-widget__width-initial elementor-widget elementor-widget-heading\" data-id=\"7b17008\" data-element_type=\"widget\" data-e-type=\"widget\" data-widget_type=\"heading.default\">\n\t\t\t\t\t<h3 class=\"elementor-heading-title elementor-size-default\">Langues, litt\u00e9ratures et cultures \u00e9trang\u00e8res (LLCE)<\/h3>\t\t\t\t<\/div>\n\t\t\t\t<div class=\"elementor-element elementor-element-73e6839 elementor-widget elementor-widget-text-editor\" data-id=\"73e6839\" data-element_type=\"widget\" data-e-type=\"widget\" data-widget_type=\"text-editor.default\">\n\t\t\t\t\t\t\t\t\t<p>Approfondir la langue et la culture d\u2019un espace linguistique \u00e0 travers des \u0153uvres et des documents vari\u00e9s.<\/p>\t\t\t\t\t\t\t\t<\/div>\n\t\t\t\t<\/div>\n\t\t\t\t\t<\/div>\n\t\t\t\t<\/div>\n\t\t<div class=\"elementor-element elementor-element-eb448d4 e-flex e-con-boxed e-con e-parent\" data-id=\"eb448d4\" data-element_type=\"container\" data-e-type=\"container\">\n\t\t\t\t\t<div class=\"e-con-inner\">\n\t\t<div class=\"elementor-element elementor-element-2cb50ec e-con-full e-flex e-con e-child\" data-id=\"2cb50ec\" data-element_type=\"container\" data-e-type=\"container\">\n\t\t\t\t<div class=\"elementor-element elementor-element-b6cb516 elementor-widget elementor-widget-text-editor\" data-id=\"b6cb516\" data-element_type=\"widget\" data-e-type=\"widget\" data-widget_type=\"text-editor.default\">\n\t\t\t\t\t\t\t\t\t<p>Une organisation p\u00e9dagogique innovante<\/p>\t\t\t\t\t\t\t\t<\/div>\n\t\t\t\t<div class=\"elementor-element elementor-element-3dfdbac elementor-widget__width-initial elementor-widget elementor-widget-heading\" data-id=\"3dfdbac\" data-element_type=\"widget\" data-e-type=\"widget\" data-widget_type=\"heading.default\">\n\t\t\t\t\t<h2 class=\"elementor-heading-title elementor-size-default\">Des enseignements en classe hybride pour certaines sp\u00e9cialit\u00e9s<\/h2>\t\t\t\t<\/div>\n\t\t\t\t<div class=\"elementor-element elementor-element-951a671 elementor-widget elementor-widget-text-editor\" data-id=\"951a671\" data-element_type=\"widget\" data-e-type=\"widget\" data-widget_type=\"text-editor.default\">\n\t\t\t\t\t\t\t\t\t<p>Pour certaines sp\u00e9cialit\u00e9s du lyc\u00e9e, les enseignements peuvent \u00eatre organis\u00e9s en\u00a0classe hybride, en collaboration avec un \u00e9tablissement partenaire.<\/p><p>Dans ce dispositif, l\u2019enseignant dispense son cours depuis une salle de classe o\u00f9 sont pr\u00e9sents des \u00e9l\u00e8ves. Les \u00e9l\u00e8ves du CNEEL suivent le cours en direct \u00e0 distance et participent \u00e0 la s\u00e9ance dans les m\u00eames conditions que les \u00e9l\u00e8ves pr\u00e9sents sur place.<\/p><p>Ils peuvent intervenir, poser des questions et participer aux \u00e9changes pendant le cours, comme dans une classe traditionnelle.<\/p><p>Cette organisation permet de garantir des conditions d\u2019enseignement riches et dynamiques tout en permettant aux \u00e9l\u00e8ves de suivre leur scolarit\u00e9 \u00e0 distance.<\/p><p>Les cours peuvent \u00e9galement \u00eatre\u00a0enregistr\u00e9s, afin de permettre aux \u00e9l\u00e8ves inscrits dans un parcours plus autonome de les consulter et de travailler \u00e0 leur rythme.<\/p>\t\t\t\t\t\t\t\t<\/div>\n\t\t\t\t<\/div>\n\t\t<div class=\"elementor-element elementor-element-18bdd9b e-con-full e-flex e-con e-child\" data-id=\"18bdd9b\" data-element_type=\"container\" data-e-type=\"container\">\n\t\t\t\t<div class=\"elementor-element elementor-element-8ddf3d7 elementor-widget elementor-widget-image\" data-id=\"8ddf3d7\" data-element_type=\"widget\" data-e-type=\"widget\" data-widget_type=\"image.default\">\n\t\t\t\t\t\t\t\t\t\t\t\t\t\t\t<img loading=\"lazy\" decoding=\"async\" width=\"640\" height=\"360\" src=\"https:\/\/adekoite-preprod.fr\/cneel\/wp-content\/uploads\/2026\/04\/classe-hybride.webp\" class=\"attachment-large size-large wp-image-18135\" alt=\"Classe hybride au Cneel\" srcset=\"https:\/\/adekoite-preprod.fr\/cneel\/wp-content\/uploads\/2026\/04\/classe-hybride.webp 800w, https:\/\/adekoite-preprod.fr\/cneel\/wp-content\/uploads\/2026\/04\/classe-hybride-300x169.webp 300w, https:\/\/adekoite-preprod.fr\/cneel\/wp-content\/uploads\/2026\/04\/classe-hybride-768x432.webp 768w\" sizes=\"(max-width: 640px) 100vw, 640px\" \/>\t\t\t\t\t\t\t\t\t\t\t\t\t\t\t<\/div>\n\t\t\t\t<div class=\"elementor-element elementor-element-240e7dc elementor-widget__width-initial elementor-absolute elementor-widget elementor-widget-image\" data-id=\"240e7dc\" data-element_type=\"widget\" data-e-type=\"widget\" data-settings=\"{&quot;_position&quot;:&quot;absolute&quot;}\" data-widget_type=\"image.default\">\n\t\t\t\t\t\t\t\t\t\t\t\t\t\t\t<img loading=\"lazy\" decoding=\"async\" width=\"200\" height=\"214\" src=\"https:\/\/adekoite-preprod.fr\/cneel\/wp-content\/uploads\/2026\/03\/logo_cneel.png\" class=\"attachment-large size-large wp-image-17391\" alt=\"Logo Cneel\" \/>\t\t\t\t\t\t\t\t\t\t\t\t\t\t\t<\/div>\n\t\t\t\t<\/div>\n\t\t\t\t\t<\/div>\n\t\t\t\t<\/div>\n\t\t<div class=\"elementor-element elementor-element-9b8e83f e-flex e-con-boxed e-con e-parent\" data-id=\"9b8e83f\" data-element_type=\"container\" data-e-type=\"container\">\n\t\t\t\t\t<div class=\"e-con-inner\">\n\t\t<div class=\"elementor-element elementor-element-9e3d323 e-con-full e-flex e-con e-child\" data-id=\"9e3d323\" data-element_type=\"container\" data-e-type=\"container\">\n\t\t\t\t<div class=\"elementor-element elementor-element-93cb86e elementor-widget elementor-widget-image\" data-id=\"93cb86e\" data-element_type=\"widget\" data-e-type=\"widget\" data-widget_type=\"image.default\">\n\t\t\t\t\t\t\t\t\t\t\t\t\t\t\t<img loading=\"lazy\" decoding=\"async\" width=\"640\" height=\"426\" src=\"https:\/\/adekoite-preprod.fr\/cneel\/wp-content\/uploads\/2026\/03\/eleve-college.webp\" class=\"attachment-large size-large wp-image-17307\" alt=\"Lyc\u00e9enne au CNEEL\" srcset=\"https:\/\/adekoite-preprod.fr\/cneel\/wp-content\/uploads\/2026\/03\/eleve-college.webp 800w, https:\/\/adekoite-preprod.fr\/cneel\/wp-content\/uploads\/2026\/03\/eleve-college-300x200.webp 300w, https:\/\/adekoite-preprod.fr\/cneel\/wp-content\/uploads\/2026\/03\/eleve-college-768x512.webp 768w\" sizes=\"(max-width: 640px) 100vw, 640px\" \/>\t\t\t\t\t\t\t\t\t\t\t\t\t\t\t<\/div>\n\t\t\t\t<\/div>\n\t\t<div class=\"elementor-element elementor-element-d7082fc e-con-full e-flex e-con e-child\" data-id=\"d7082fc\" data-element_type=\"container\" data-e-type=\"container\">\n\t\t\t\t<div class=\"elementor-element elementor-element-b67e3fe elementor-widget elementor-widget-text-editor\" data-id=\"b67e3fe\" data-element_type=\"widget\" data-e-type=\"widget\" data-widget_type=\"text-editor.default\">\n\t\t\t\t\t\t\t\t\t<p>Suivi des apprentissages<\/p>\t\t\t\t\t\t\t\t<\/div>\n\t\t\t\t<div class=\"elementor-element elementor-element-dc259e3 elementor-widget__width-initial elementor-widget elementor-widget-heading\" data-id=\"dc259e3\" data-element_type=\"widget\" data-e-type=\"widget\" data-widget_type=\"heading.default\">\n\t\t\t\t\t<h3 class=\"elementor-heading-title elementor-size-default\">Des \u00e9valuations r\u00e9guli\u00e8res pour pr\u00e9parer le baccalaur\u00e9at<\/h3>\t\t\t\t<\/div>\n\t\t\t\t<div class=\"elementor-element elementor-element-7c269cf elementor-widget elementor-widget-text-editor\" data-id=\"7c269cf\" data-element_type=\"widget\" data-e-type=\"widget\" data-widget_type=\"text-editor.default\">\n\t\t\t\t\t\t\t\t\t<p>Tout au long de l\u2019ann\u00e9e, les \u00e9l\u00e8ves r\u00e9alisent des \u00e9valuations r\u00e9guli\u00e8res qui permettent de v\u00e9rifier leur compr\u00e9hension des notions \u00e9tudi\u00e9es et de suivre leur progression.<\/p><p>Les \u00e9valuations sont organis\u00e9es sur une\u00a0plateforme s\u00e9curis\u00e9e\u00a0et portent sur les chapitres travaill\u00e9s en cours. Les \u00e9l\u00e8ves disposent d\u2019un d\u00e9lai d\u00e9fini pour se connecter et r\u00e9aliser leur devoir.<\/p><p>En moyenne, les \u00e9l\u00e8ves r\u00e9alisent\u00a0deux \u00e9valuations par semaine, dans diff\u00e9rentes disciplines. Les mati\u00e8res et les chapitres \u00e9valu\u00e9s sont annonc\u00e9s \u00e0 l\u2019avance afin de permettre aux \u00e9l\u00e8ves de s\u2019y pr\u00e9parer.<\/p><p>Au cours de l\u2019ann\u00e9e de premi\u00e8re et de terminale, des\u00a0examens blancs du baccalaur\u00e9at\u00a0sont \u00e9galement organis\u00e9s afin de pr\u00e9parer les \u00e9l\u00e8ves aux \u00e9preuves finales.<\/p><p>Les \u00e9preuves officielles du baccalaur\u00e9at se d\u00e9roulent\u00a0en pr\u00e9sentiel dans un centre d\u2019examen, conform\u00e9ment aux modalit\u00e9s pr\u00e9vues pour les candidats scolaires.<\/p>\t\t\t\t\t\t\t\t<\/div>\n\t\t\t\t<\/div>\n\t\t\t\t\t<\/div>\n\t\t\t\t<\/div>\n\t\t<div class=\"elementor-element elementor-element-b2eab68 e-flex e-con-boxed e-con e-parent\" data-id=\"b2eab68\" data-element_type=\"container\" data-e-type=\"container\">\n\t\t\t\t\t<div class=\"e-con-inner\">\n\t\t<div class=\"elementor-element elementor-element-75311fd e-con-full e-flex e-con e-child\" data-id=\"75311fd\" data-element_type=\"container\" data-e-type=\"container\">\n\t\t\t\t<div class=\"elementor-element elementor-element-fa9fcc8 elementor-widget elementor-widget-text-editor\" data-id=\"fa9fcc8\" data-element_type=\"widget\" data-e-type=\"widget\" data-widget_type=\"text-editor.default\">\n\t\t\t\t\t\t\t\t\t<p>Pr\u00e9parer l\u2019apr\u00e8s-bac<\/p>\t\t\t\t\t\t\t\t<\/div>\n\t\t\t\t<div class=\"elementor-element elementor-element-245ebec elementor-widget__width-initial elementor-widget elementor-widget-heading\" data-id=\"245ebec\" data-element_type=\"widget\" data-e-type=\"widget\" data-widget_type=\"heading.default\">\n\t\t\t\t\t<h3 class=\"elementor-heading-title elementor-size-default\">Un accompagnement dans l\u2019orientation et la pr\u00e9paration de Parcoursup<\/h3>\t\t\t\t<\/div>\n\t\t\t\t<div class=\"elementor-element elementor-element-4c1ed33 elementor-widget elementor-widget-text-editor\" data-id=\"4c1ed33\" data-element_type=\"widget\" data-e-type=\"widget\" data-widget_type=\"text-editor.default\">\n\t\t\t\t\t\t\t\t\t<p>Au lyc\u00e9e, les \u00e9l\u00e8ves sont progressivement accompagn\u00e9s dans la construction de leur projet d\u2019orientation.<\/p><p>Les \u00e9quipes p\u00e9dagogiques aident les \u00e9l\u00e8ves \u00e0 r\u00e9fl\u00e9chir \u00e0 leurs choix d\u2019\u00e9tudes sup\u00e9rieures, \u00e0 comprendre les diff\u00e9rentes fili\u00e8res et \u00e0 pr\u00e9parer leur dossier pour la plateforme Parcoursup.<\/p><p>Cet accompagnement permet aux \u00e9l\u00e8ves de mieux identifier leurs centres d\u2019int\u00e9r\u00eat, de construire un projet coh\u00e9rent et de se pr\u00e9parer aux d\u00e9marches n\u00e9cessaires pour poursuivre leurs \u00e9tudes apr\u00e8s le baccalaur\u00e9at.<\/p><p>En compl\u00e9ment, les familles qui le souhaitent peuvent \u00e9galement acc\u00e9der \u00e0\u00a0un accompagnement d\u2019orientation approfondi, propos\u00e9 sous forme d\u2019option.<\/p>\t\t\t\t\t\t\t\t<\/div>\n\t\t\t\t<\/div>\n\t\t<div class=\"elementor-element elementor-element-cb7b542 e-con-full e-flex e-con e-child\" data-id=\"cb7b542\" data-element_type=\"container\" data-e-type=\"container\">\n\t\t\t\t<div class=\"elementor-element elementor-element-fa9612f elementor-widget elementor-widget-image\" data-id=\"fa9612f\" data-element_type=\"widget\" data-e-type=\"widget\" data-widget_type=\"image.default\">\n\t\t\t\t\t\t\t\t\t\t\t\t\t\t\t<img loading=\"lazy\" decoding=\"async\" width=\"640\" height=\"426\" src=\"https:\/\/adekoite-preprod.fr\/cneel\/wp-content\/uploads\/2026\/04\/parcoursup.webp\" class=\"attachment-large size-large wp-image-18136\" alt=\"Eleve au lyc\u00e9e au cneel\" srcset=\"https:\/\/adekoite-preprod.fr\/cneel\/wp-content\/uploads\/2026\/04\/parcoursup.webp 800w, https:\/\/adekoite-preprod.fr\/cneel\/wp-content\/uploads\/2026\/04\/parcoursup-300x200.webp 300w, https:\/\/adekoite-preprod.fr\/cneel\/wp-content\/uploads\/2026\/04\/parcoursup-768x512.webp 768w\" sizes=\"(max-width: 640px) 100vw, 640px\" \/>\t\t\t\t\t\t\t\t\t\t\t\t\t\t\t<\/div>\n\t\t\t\t<div class=\"elementor-element elementor-element-595e2db elementor-widget__width-initial elementor-absolute elementor-widget elementor-widget-image\" data-id=\"595e2db\" data-element_type=\"widget\" data-e-type=\"widget\" data-settings=\"{&quot;_position&quot;:&quot;absolute&quot;}\" data-widget_type=\"image.default\">\n\t\t\t\t\t\t\t\t\t\t\t\t\t\t\t<img loading=\"lazy\" decoding=\"async\" width=\"200\" height=\"214\" src=\"https:\/\/adekoite-preprod.fr\/cneel\/wp-content\/uploads\/2026\/03\/logo_cneel.png\" class=\"attachment-large size-large wp-image-17391\" alt=\"Logo Cneel\" \/>\t\t\t\t\t\t\t\t\t\t\t\t\t\t\t<\/div>\n\t\t\t\t<\/div>\n\t\t\t\t\t<\/div>\n\t\t\t\t<\/div>\n\t\t<div class=\"elementor-element elementor-element-23208a1 e-flex e-con-boxed e-con e-parent\" data-id=\"23208a1\" data-element_type=\"container\" data-e-type=\"container\">\n\t\t\t\t\t<div class=\"e-con-inner\">\n\t\t<div class=\"elementor-element elementor-element-2aeb606 e-con-full e-flex e-con e-child\" data-id=\"2aeb606\" data-element_type=\"container\" data-e-type=\"container\">\n\t\t\t\t<div class=\"elementor-element elementor-element-8ee3f95 elementor-widget elementor-widget-text-editor\" data-id=\"8ee3f95\" data-element_type=\"widget\" data-e-type=\"widget\" data-widget_type=\"text-editor.default\">\n\t\t\t\t\t\t\t\t\t<p>Pr\u00e9parer le baccalaur\u00e9at dans un cadre exigeant et flexible<\/p>\t\t\t\t\t\t\t\t<\/div>\n\t\t\t\t<div class=\"elementor-element elementor-element-571d829 elementor-widget__width-initial elementor-widget elementor-widget-heading\" data-id=\"571d829\" data-element_type=\"widget\" data-e-type=\"widget\" data-widget_type=\"heading.default\">\n\t\t\t\t\t<h2 class=\"elementor-heading-title elementor-size-default\">Pr\u00e9parer le baccalaur\u00e9at dans un cadre exigeant et flexible<\/h2>\t\t\t\t<\/div>\n\t\t\t\t<\/div>\n\t\t<div class=\"elementor-element elementor-element-3f2623d e-con-full e-flex e-con e-child\" data-id=\"3f2623d\" data-element_type=\"container\" data-e-type=\"container\">\n\t\t\t\t<div class=\"elementor-element elementor-element-3fab7d5 elementor-widget elementor-widget-text-editor\" data-id=\"3fab7d5\" data-element_type=\"widget\" data-e-type=\"widget\" data-widget_type=\"text-editor.default\">\n\t\t\t\t\t\t\t\t\t<p>Le lyc\u00e9e du CNEEL permet aux \u00e9l\u00e8ves de pr\u00e9parer le baccalaur\u00e9at dans un cadre structur\u00e9, avec un suivi p\u00e9dagogique r\u00e9gulier et des \u00e9valuations tout au long de l\u2019ann\u00e9e.<\/p><p>L\u2019organisation des enseignements, la diversit\u00e9 des sp\u00e9cialit\u00e9s et l\u2019accompagnement dans l\u2019orientation permettent aux \u00e9l\u00e8ves de construire progressivement leur projet d\u2019\u00e9tudes et de se pr\u00e9parer aux exigences de l\u2019enseignement sup\u00e9rieur.<\/p><p>Selon le parcours choisi, les \u00e9l\u00e8ves peuvent suivre leurs cours avec un emploi du temps encadr\u00e9 ou organiser leur travail de mani\u00e8re plus autonome, tout en restant accompagn\u00e9s par l\u2019\u00e9quipe p\u00e9dagogique.<\/p>\t\t\t\t\t\t\t\t<\/div>\n\t\t\t\t<\/div>\n\t\t\t\t\t<\/div>\n\t\t\t\t<\/div>\n\t\t<div class=\"elementor-element elementor-element-4caef9c e-flex e-con-boxed e-con e-parent\" data-id=\"4caef9c\" data-element_type=\"container\" data-e-type=\"container\">\n\t\t\t\t\t<div class=\"e-con-inner\">\n\t\t\t\t<div class=\"elementor-element elementor-element-126e467 elementor-widget elementor-widget-menu-anchor\" data-id=\"126e467\" data-element_type=\"widget\" data-e-type=\"widget\" data-widget_type=\"menu-anchor.default\">\n\t\t\t\t\t\t\t<div class=\"elementor-menu-anchor\" id=\"contactez-nous\"><\/div>\n\t\t\t\t\t\t<\/div>\n\t\t\t\t\t<\/div>\n\t\t\t\t<\/div>\n\t\t<div class=\"elementor-element elementor-element-20d38d1 e-flex e-con-boxed e-con e-parent\" data-id=\"20d38d1\" data-element_type=\"container\" data-e-type=\"container\">\n\t\t\t\t\t<div class=\"e-con-inner\">\n\t\t\t\t<div class=\"elementor-element elementor-element-50b6980 elementor-widget__width-initial elementor-widget elementor-widget-heading\" data-id=\"50b6980\" data-element_type=\"widget\" data-e-type=\"widget\" data-widget_type=\"heading.default\">\n\t\t\t\t\t<h2 class=\"elementor-heading-title elementor-size-default\">Vous souhaitez en savoir plus sur la <span class=\"mot-couleur\">scolarit\u00e9 \u00e0 distance au lyc\u00e9e<\/span> ?<\/h2>\t\t\t\t<\/div>\n\t\t\t\t<div class=\"elementor-element elementor-element-7acab3a elementor-widget__width-initial elementor-widget elementor-widget-text-editor\" data-id=\"7acab3a\" data-element_type=\"widget\" data-e-type=\"widget\" data-widget_type=\"text-editor.default\">\n\t\t\t\t\t\t\t\t\t<p>Notre \u00e9quipe peut vous pr\u00e9senter le fonctionnement de l\u2019\u00e9tablissement, les modalit\u00e9s de scolarit\u00e9 et r\u00e9pondre \u00e0 vos questions.<\/p><p>Vous pouvez nous contacter pour recevoir des informations d\u00e9taill\u00e9es ou \u00e9changer avec nous sur le parcours scolaire de votre enfant.<\/p>\t\t\t\t\t\t\t\t<\/div>\n\t\t\t\t<div class=\"elementor-element elementor-element-8caf397 elementor-widget elementor-widget-html\" data-id=\"8caf397\" data-element_type=\"widget\" data-e-type=\"widget\" data-widget_type=\"html.default\">\n\t\t\t\t\t<script src=\"https:\/\/js-eu1.hsforms.net\/forms\/embed\/148130516.js\" defer><\/script>\r\n<div class=\"hs-form-frame\" data-region=\"eu1\" data-form-id=\"9d3f0bf8-b2d5-4b4a-9c5f-1282454a1136\" data-portal-id=\"148130516\"><\/div>\r\n\t\t\t\t<\/div>\n\t\t\t\t\t<\/div>\n\t\t\t\t<\/div>\n\t\t\t\t<\/div>\n\t\t","protected":false},"excerpt":{"rendered":"<p>Pr\u00e9parer le baccalaur\u00e9at avec exigence et m\u00e9thode De la seconde \u00e0 la terminale, les \u00e9l\u00e8ves suivent le programme officiel de l\u2019\u00c9ducation nationale dans un cadre structur\u00e9, con\u00e7u pour d\u00e9velopper rigueur et autonomie. Encadr\u00e9s par leurs enseignants, ils construisent des m\u00e9thodes de travail efficaces et progressent r\u00e9guli\u00e8rement dans leurs apprentissages. Selon le parcours choisi, ils peuvent&#8230;<\/p>\n","protected":false},"author":1,"featured_media":0,"parent":0,"menu_order":0,"comment_status":"closed","ping_status":"closed","template":"","meta":{"footnotes":""},"class_list":["post-17610","page","type-page","status-publish","hentry"],"yoast_head":"<!-- This site is optimized with the Yoast SEO plugin v27.3 - https:\/\/yoast.com\/product\/yoast-seo-wordpress\/ -->\n<title>Le Lyc\u00e9e au CNEEL : Pr\u00e9parer le Baccalaur\u00e9at avec Exigence et M\u00e9thode<\/title>\n<meta name=\"description\" content=\"De la seconde \u00e0 la terminale, les \u00e9l\u00e8ves suivent le programme officiel de l\u2019\u00c9ducation nationale et se pr\u00e9parent progressivement aux \u00e9preuves du baccalaur\u00e9at.\" \/>\n<meta name=\"robots\" content=\"noindex, follow, max-snippet:-1, max-image-preview:large, max-video-preview:-1\" \/>\n<meta property=\"og:locale\" content=\"fr_FR\" \/>\n<meta property=\"og:type\" content=\"article\" \/>\n<meta property=\"og:title\" content=\"Le Lyc\u00e9e au CNEEL : Pr\u00e9parer le Baccalaur\u00e9at avec Exigence et M\u00e9thode\" \/>\n<meta property=\"og:description\" content=\"De la seconde \u00e0 la terminale, les \u00e9l\u00e8ves suivent le programme officiel de l\u2019\u00c9ducation nationale et se pr\u00e9parent progressivement aux \u00e9preuves du baccalaur\u00e9at.\" \/>\n<meta property=\"og:url\" content=\"https:\/\/adekoite-preprod.fr\/cneel\/lycee\/\" \/>\n<meta property=\"og:site_name\" content=\"CNEEL\" \/>\n<meta property=\"article:modified_time\" content=\"2026-04-13T12:48:14+00:00\" \/>\n<meta property=\"og:image\" content=\"https:\/\/adekoite-preprod.fr\/cneel\/wp-content\/uploads\/2025\/06\/UPST004524.png\" \/>\n<meta name=\"twitter:card\" content=\"summary_large_image\" \/>\n<meta name=\"twitter:label1\" content=\"Dur\u00e9e de lecture estim\u00e9e\" \/>\n\t<meta name=\"twitter:data1\" content=\"1 minute\" \/>\n<script type=\"application\/ld+json\" class=\"yoast-schema-graph\">{\"@context\":\"https:\\\/\\\/schema.org\",\"@graph\":[{\"@type\":\"WebPage\",\"@id\":\"https:\\\/\\\/adekoite-preprod.fr\\\/cneel\\\/lycee\\\/\",\"url\":\"https:\\\/\\\/adekoite-preprod.fr\\\/cneel\\\/lycee\\\/\",\"name\":\"Le Lyc\u00e9e au CNEEL : Pr\u00e9parer le Baccalaur\u00e9at avec Exigence et M\u00e9thode\",\"isPartOf\":{\"@id\":\"https:\\\/\\\/adekoite-preprod.fr\\\/cneel\\\/#website\"},\"primaryImageOfPage\":{\"@id\":\"https:\\\/\\\/adekoite-preprod.fr\\\/cneel\\\/lycee\\\/#primaryimage\"},\"image\":{\"@id\":\"https:\\\/\\\/adekoite-preprod.fr\\\/cneel\\\/lycee\\\/#primaryimage\"},\"thumbnailUrl\":\"https:\\\/\\\/adekoite-preprod.fr\\\/cneel\\\/wp-content\\\/uploads\\\/2025\\\/06\\\/UPST004524.png\",\"datePublished\":\"2026-03-31T07:37:17+00:00\",\"dateModified\":\"2026-04-13T12:48:14+00:00\",\"description\":\"De la seconde \u00e0 la terminale, les \u00e9l\u00e8ves suivent le programme officiel de l\u2019\u00c9ducation nationale et se pr\u00e9parent progressivement aux \u00e9preuves du baccalaur\u00e9at.\",\"breadcrumb\":{\"@id\":\"https:\\\/\\\/adekoite-preprod.fr\\\/cneel\\\/lycee\\\/#breadcrumb\"},\"inLanguage\":\"fr-FR\",\"potentialAction\":[{\"@type\":\"ReadAction\",\"target\":[\"https:\\\/\\\/adekoite-preprod.fr\\\/cneel\\\/lycee\\\/\"]}]},{\"@type\":\"ImageObject\",\"inLanguage\":\"fr-FR\",\"@id\":\"https:\\\/\\\/adekoite-preprod.fr\\\/cneel\\\/lycee\\\/#primaryimage\",\"url\":\"https:\\\/\\\/adekoite-preprod.fr\\\/cneel\\\/wp-content\\\/uploads\\\/2025\\\/06\\\/UPST004524.png\",\"contentUrl\":\"https:\\\/\\\/adekoite-preprod.fr\\\/cneel\\\/wp-content\\\/uploads\\\/2025\\\/06\\\/UPST004524.png\",\"width\":179,\"height\":155},{\"@type\":\"BreadcrumbList\",\"@id\":\"https:\\\/\\\/adekoite-preprod.fr\\\/cneel\\\/lycee\\\/#breadcrumb\",\"itemListElement\":[{\"@type\":\"ListItem\",\"position\":1,\"name\":\"Accueil\",\"item\":\"https:\\\/\\\/adekoite-preprod.fr\\\/cneel\\\/\"},{\"@type\":\"ListItem\",\"position\":2,\"name\":\"Lyc\u00e9e\"}]},{\"@type\":\"WebSite\",\"@id\":\"https:\\\/\\\/adekoite-preprod.fr\\\/cneel\\\/#website\",\"url\":\"https:\\\/\\\/adekoite-preprod.fr\\\/cneel\\\/\",\"name\":\"CNEEL\",\"description\":\"\",\"publisher\":{\"@id\":\"https:\\\/\\\/adekoite-preprod.fr\\\/cneel\\\/#organization\"},\"potentialAction\":[{\"@type\":\"SearchAction\",\"target\":{\"@type\":\"EntryPoint\",\"urlTemplate\":\"https:\\\/\\\/adekoite-preprod.fr\\\/cneel\\\/?s={search_term_string}\"},\"query-input\":{\"@type\":\"PropertyValueSpecification\",\"valueRequired\":true,\"valueName\":\"search_term_string\"}}],\"inLanguage\":\"fr-FR\"},{\"@type\":\"Organization\",\"@id\":\"https:\\\/\\\/adekoite-preprod.fr\\\/cneel\\\/#organization\",\"name\":\"CNEEL\",\"url\":\"https:\\\/\\\/adekoite-preprod.fr\\\/cneel\\\/\",\"logo\":{\"@type\":\"ImageObject\",\"inLanguage\":\"fr-FR\",\"@id\":\"https:\\\/\\\/adekoite-preprod.fr\\\/cneel\\\/#\\\/schema\\\/logo\\\/image\\\/\",\"url\":\"https:\\\/\\\/adekoite-preprod.fr\\\/cneel\\\/wp-content\\\/uploads\\\/2026\\\/03\\\/favicon-cneel.png\",\"contentUrl\":\"https:\\\/\\\/adekoite-preprod.fr\\\/cneel\\\/wp-content\\\/uploads\\\/2026\\\/03\\\/favicon-cneel.png\",\"width\":512,\"height\":548,\"caption\":\"CNEEL\"},\"image\":{\"@id\":\"https:\\\/\\\/adekoite-preprod.fr\\\/cneel\\\/#\\\/schema\\\/logo\\\/image\\\/\"}}]}<\/script>\n<!-- \/ Yoast SEO plugin. -->","yoast_head_json":{"title":"Le Lyc\u00e9e au CNEEL : Pr\u00e9parer le Baccalaur\u00e9at avec Exigence et M\u00e9thode","description":"De la seconde \u00e0 la terminale, les \u00e9l\u00e8ves suivent le programme officiel de l\u2019\u00c9ducation nationale et se pr\u00e9parent progressivement aux \u00e9preuves du baccalaur\u00e9at.","robots":{"index":"noindex","follow":"follow","max-snippet":"max-snippet:-1","max-image-preview":"max-image-preview:large","max-video-preview":"max-video-preview:-1"},"og_locale":"fr_FR","og_type":"article","og_title":"Le Lyc\u00e9e au CNEEL : Pr\u00e9parer le Baccalaur\u00e9at avec Exigence et M\u00e9thode","og_description":"De la seconde \u00e0 la terminale, les \u00e9l\u00e8ves suivent le programme officiel de l\u2019\u00c9ducation nationale et se pr\u00e9parent progressivement aux \u00e9preuves du baccalaur\u00e9at.","og_url":"https:\/\/adekoite-preprod.fr\/cneel\/lycee\/","og_site_name":"CNEEL","article_modified_time":"2026-04-13T12:48:14+00:00","og_image":[{"url":"https:\/\/adekoite-preprod.fr\/cneel\/wp-content\/uploads\/2025\/06\/UPST004524.png","type":"","width":"","height":""}],"twitter_card":"summary_large_image","twitter_misc":{"Dur\u00e9e de lecture estim\u00e9e":"1 minute"},"schema":{"@context":"https:\/\/schema.org","@graph":[{"@type":"WebPage","@id":"https:\/\/adekoite-preprod.fr\/cneel\/lycee\/","url":"https:\/\/adekoite-preprod.fr\/cneel\/lycee\/","name":"Le Lyc\u00e9e au CNEEL : Pr\u00e9parer le Baccalaur\u00e9at avec Exigence et M\u00e9thode","isPartOf":{"@id":"https:\/\/adekoite-preprod.fr\/cneel\/#website"},"primaryImageOfPage":{"@id":"https:\/\/adekoite-preprod.fr\/cneel\/lycee\/#primaryimage"},"image":{"@id":"https:\/\/adekoite-preprod.fr\/cneel\/lycee\/#primaryimage"},"thumbnailUrl":"https:\/\/adekoite-preprod.fr\/cneel\/wp-content\/uploads\/2025\/06\/UPST004524.png","datePublished":"2026-03-31T07:37:17+00:00","dateModified":"2026-04-13T12:48:14+00:00","description":"De la seconde \u00e0 la terminale, les \u00e9l\u00e8ves suivent le programme officiel de l\u2019\u00c9ducation nationale et se pr\u00e9parent progressivement aux \u00e9preuves du baccalaur\u00e9at.","breadcrumb":{"@id":"https:\/\/adekoite-preprod.fr\/cneel\/lycee\/#breadcrumb"},"inLanguage":"fr-FR","potentialAction":[{"@type":"ReadAction","target":["https:\/\/adekoite-preprod.fr\/cneel\/lycee\/"]}]},{"@type":"ImageObject","inLanguage":"fr-FR","@id":"https:\/\/adekoite-preprod.fr\/cneel\/lycee\/#primaryimage","url":"https:\/\/adekoite-preprod.fr\/cneel\/wp-content\/uploads\/2025\/06\/UPST004524.png","contentUrl":"https:\/\/adekoite-preprod.fr\/cneel\/wp-content\/uploads\/2025\/06\/UPST004524.png","width":179,"height":155},{"@type":"BreadcrumbList","@id":"https:\/\/adekoite-preprod.fr\/cneel\/lycee\/#breadcrumb","itemListElement":[{"@type":"ListItem","position":1,"name":"Accueil","item":"https:\/\/adekoite-preprod.fr\/cneel\/"},{"@type":"ListItem","position":2,"name":"Lyc\u00e9e"}]},{"@type":"WebSite","@id":"https:\/\/adekoite-preprod.fr\/cneel\/#website","url":"https:\/\/adekoite-preprod.fr\/cneel\/","name":"CNEEL","description":"","publisher":{"@id":"https:\/\/adekoite-preprod.fr\/cneel\/#organization"},"potentialAction":[{"@type":"SearchAction","target":{"@type":"EntryPoint","urlTemplate":"https:\/\/adekoite-preprod.fr\/cneel\/?s={search_term_string}"},"query-input":{"@type":"PropertyValueSpecification","valueRequired":true,"valueName":"search_term_string"}}],"inLanguage":"fr-FR"},{"@type":"Organization","@id":"https:\/\/adekoite-preprod.fr\/cneel\/#organization","name":"CNEEL","url":"https:\/\/adekoite-preprod.fr\/cneel\/","logo":{"@type":"ImageObject","inLanguage":"fr-FR","@id":"https:\/\/adekoite-preprod.fr\/cneel\/#\/schema\/logo\/image\/","url":"https:\/\/adekoite-preprod.fr\/cneel\/wp-content\/uploads\/2026\/03\/favicon-cneel.png","contentUrl":"https:\/\/adekoite-preprod.fr\/cneel\/wp-content\/uploads\/2026\/03\/favicon-cneel.png","width":512,"height":548,"caption":"CNEEL"},"image":{"@id":"https:\/\/adekoite-preprod.fr\/cneel\/#\/schema\/logo\/image\/"}}]}},"_links":{"self":[{"href":"https:\/\/adekoite-preprod.fr\/cneel\/wp-json\/wp\/v2\/pages\/17610","targetHints":{"allow":["GET"]}}],"collection":[{"href":"https:\/\/adekoite-preprod.fr\/cneel\/wp-json\/wp\/v2\/pages"}],"about":[{"href":"https:\/\/adekoite-preprod.fr\/cneel\/wp-json\/wp\/v2\/types\/page"}],"author":[{"embeddable":true,"href":"https:\/\/adekoite-preprod.fr\/cneel\/wp-json\/wp\/v2\/users\/1"}],"replies":[{"embeddable":true,"href":"https:\/\/adekoite-preprod.fr\/cneel\/wp-json\/wp\/v2\/comments?post=17610"}],"version-history":[{"count":61,"href":"https:\/\/adekoite-preprod.fr\/cneel\/wp-json\/wp\/v2\/pages\/17610\/revisions"}],"predecessor-version":[{"id":18247,"href":"https:\/\/adekoite-preprod.fr\/cneel\/wp-json\/wp\/v2\/pages\/17610\/revisions\/18247"}],"wp:attachment":[{"href":"https:\/\/adekoite-preprod.fr\/cneel\/wp-json\/wp\/v2\/media?parent=17610"}],"curies":[{"name":"wp","href":"https:\/\/api.w.org\/{rel}","templated":true}]}}