{"id":17714,"date":"2026-03-31T11:23:12","date_gmt":"2026-03-31T09:23:12","guid":{"rendered":"https:\/\/adekoite-preprod.fr\/cneel\/?page_id=17714"},"modified":"2026-04-13T14:49:19","modified_gmt":"2026-04-13T12:49:19","slug":"classe-flexible","status":"publish","type":"page","link":"https:\/\/adekoite-preprod.fr\/cneel\/classe-flexible\/","title":{"rendered":"Classe Flexible"},"content":{"rendered":"\t\t<div data-elementor-type=\"wp-page\" data-elementor-id=\"17714\" class=\"elementor elementor-17714\">\n\t\t\t\t<div class=\"elementor-element elementor-element-06a27a2 e-flex e-con-boxed e-con e-parent\" data-id=\"06a27a2\" data-element_type=\"container\" data-e-type=\"container\" data-settings=\"{&quot;background_background&quot;:&quot;classic&quot;}\">\n\t\t\t\t\t<div class=\"e-con-inner\">\n\t\t\t\t<div class=\"elementor-element elementor-element-f66ef05 elementor-widget__width-initial elementor-widget elementor-widget-heading\" data-id=\"f66ef05\" data-element_type=\"widget\" data-e-type=\"widget\" data-widget_type=\"heading.default\">\n\t\t\t\t\t<h1 class=\"elementor-heading-title elementor-size-default\">Une organisation du travail adaptable aux contraintes des \u00e9l\u00e8ves<\/h1>\t\t\t\t<\/div>\n\t\t\t\t<div class=\"elementor-element elementor-element-e823abe elementor-widget__width-initial elementor-widget elementor-widget-text-editor\" data-id=\"e823abe\" data-element_type=\"widget\" data-e-type=\"widget\" data-widget_type=\"text-editor.default\">\n\t\t\t\t\t\t\t\t\t<p>La classe flexible s\u2019adresse aux \u00e9l\u00e8ves qui ont besoin d\u2019une organisation de travail plus souple afin de concilier leur scolarit\u00e9 avec d\u2019autres engagements personnels, sportifs, artistiques ou familiaux.<\/p><p>Les \u00e9l\u00e8ves avancent dans leur parcours p\u00e9dagogique de mani\u00e8re autonome, tout en restant accompagn\u00e9s par l\u2019\u00e9quipe enseignante.<\/p><p>Cette organisation permet d\u2019adapter le rythme de travail aux contraintes de l\u2019\u00e9l\u00e8ve tout en garantissant la progression dans le programme scolaire.<\/p>\t\t\t\t\t\t\t\t<\/div>\n\t\t\t\t<div class=\"elementor-element elementor-element-7a46550 elementor-widget elementor-widget-upstudy-button\" data-id=\"7a46550\" data-element_type=\"widget\" data-e-type=\"widget\" data-widget_type=\"upstudy-button.default\">\n\t\t\t\t<div class=\"elementor-widget-container\">\n\t\t\t\t\t<div class=\"upstudy-button-widget-wrapper\"><a class=\"upstudy-btn upstudy-btn-custom upstudy-btn-size-custom\" href=\"#contactez-nous\">Contactez-nous<\/a><\/div>\t\t\t\t<\/div>\n\t\t\t\t<\/div>\n\t\t\t\t\t<\/div>\n\t\t\t\t<\/div>\n\t\t<div class=\"elementor-element elementor-element-ae7aac6 e-flex e-con-boxed e-con e-parent\" data-id=\"ae7aac6\" data-element_type=\"container\" data-e-type=\"container\">\n\t\t\t\t\t<div class=\"e-con-inner\">\n\t\t<div class=\"elementor-element elementor-element-db82e5e e-con-full e-flex e-con e-child\" data-id=\"db82e5e\" data-element_type=\"container\" data-e-type=\"container\">\n\t\t\t\t<div class=\"elementor-element elementor-element-fa26600 elementor-widget__width-initial elementor-widget elementor-widget-heading\" data-id=\"fa26600\" data-element_type=\"widget\" data-e-type=\"widget\" data-widget_type=\"heading.default\">\n\t\t\t\t\t<h2 class=\"elementor-heading-title elementor-size-default\">Pour quels profils ?<\/h2>\t\t\t\t<\/div>\n\t\t\t\t<\/div>\n\t\t<div class=\"elementor-element elementor-element-4be63bc e-con-full e-flex e-con e-child\" data-id=\"4be63bc\" data-element_type=\"container\" data-e-type=\"container\">\n\t\t\t\t<div class=\"elementor-element elementor-element-e800611 elementor-widget elementor-widget-text-editor\" data-id=\"e800611\" data-element_type=\"widget\" data-e-type=\"widget\" data-widget_type=\"text-editor.default\">\n\t\t\t\t\t\t\t\t\t<p>La classe flexible peut convenir aux \u00e9l\u00e8ves dont l\u2019organisation quotidienne ne permet pas toujours de suivre une journ\u00e9e scolaire structur\u00e9e.<\/p>\t\t\t\t\t\t\t\t<\/div>\n\t\t\t\t<\/div>\n\t\t\t\t\t<\/div>\n\t\t\t\t<\/div>\n\t\t<div class=\"elementor-element elementor-element-713f331 e-flex e-con-boxed e-con e-parent\" data-id=\"713f331\" data-element_type=\"container\" data-e-type=\"container\">\n\t\t\t\t\t<div class=\"e-con-inner\">\n\t\t<div class=\"elementor-element elementor-element-224f9ab e-con-full e-flex e-con e-child\" data-id=\"224f9ab\" data-element_type=\"container\" data-e-type=\"container\" data-settings=\"{&quot;background_background&quot;:&quot;classic&quot;}\">\n\t\t\t\t<div class=\"elementor-element elementor-element-ed0b6c1 elementor-absolute elementor-invisible elementor-widget elementor-widget-upstudy-animation\" data-id=\"ed0b6c1\" data-element_type=\"widget\" data-e-type=\"widget\" data-settings=\"{&quot;_position&quot;:&quot;absolute&quot;,&quot;_animation&quot;:&quot;upstudy--slide-left&quot;}\" data-widget_type=\"upstudy-animation.default\">\n\t\t\t\t<div class=\"elementor-widget-container\">\n\t\t\t\t\t<div class=\"upstudy-animation-widget upstudy-animation-display-type-mouse-track upstudy-animation-content-type-color upstudy-mouse-track-item\" id=\"ed0b6c1\"><span data-depth=\"-1\"><span class=\"upstudy-animation-widget-color\"><\/span><\/span><\/div>\t\t\t\t<\/div>\n\t\t\t\t<\/div>\n\t\t\t\t<div class=\"elementor-element elementor-element-07a8788 elementor-absolute elementor-invisible elementor-widget elementor-widget-upstudy-animation\" data-id=\"07a8788\" data-element_type=\"widget\" data-e-type=\"widget\" data-settings=\"{&quot;_position&quot;:&quot;absolute&quot;,&quot;_animation&quot;:&quot;upstudy--slide-left&quot;}\" data-widget_type=\"upstudy-animation.default\">\n\t\t\t\t<div class=\"elementor-widget-container\">\n\t\t\t\t\t<div class=\"upstudy-animation-widget upstudy-animation-display-type-mouse-track upstudy-animation-content-type-image upstudy-mouse-track-item\" id=\"07a8788\"><span data-depth=\"1\"><img decoding=\"async\" src=\"https:\/\/adekoite-preprod.fr\/cneel\/wp-content\/uploads\/2025\/06\/UPST004524.png\" alt=\"UPST004524\"><\/span><\/div>\t\t\t\t<\/div>\n\t\t\t\t<\/div>\n\t\t<div class=\"elementor-element elementor-element-cdd5109 e-con-full e-flex e-con e-child\" data-id=\"cdd5109\" data-element_type=\"container\" data-e-type=\"container\">\n\t\t\t\t<div class=\"elementor-element elementor-element-a2721e0 elementor-widget__width-initial elementor-widget elementor-widget-heading\" data-id=\"a2721e0\" data-element_type=\"widget\" data-e-type=\"widget\" data-widget_type=\"heading.default\">\n\t\t\t\t\t<h2 class=\"elementor-heading-title elementor-size-default\">Une formule adapt\u00e9e aux \u00e9l\u00e8ves ayant des contraintes particuli\u00e8res<\/h2>\t\t\t\t<\/div>\n\t\t\t\t<div class=\"elementor-element elementor-element-af5a394 elementor-widget elementor-widget-text-editor\" data-id=\"af5a394\" data-element_type=\"widget\" data-e-type=\"widget\" data-widget_type=\"text-editor.default\">\n\t\t\t\t\t\t\t\t\t<p>Elle est particuli\u00e8rement adapt\u00e9e aux \u00e9l\u00e8ves qui :<\/p><ul><li>pratiquent un sport ou une activit\u00e9 artistique de haut niveau<\/li><li>se d\u00e9placent r\u00e9guli\u00e8rement pour des comp\u00e9titions ou des projets<\/li><li>vivent \u00e0 l\u2019\u00e9tranger ou dans des situations de mobilit\u00e9<\/li><li>ont besoin d\u2019organiser leur travail selon un rythme personnel.<\/li><\/ul><p>Cette formule permet ainsi de poursuivre une scolarit\u00e9 structur\u00e9e tout en s\u2019adaptant aux contraintes ext\u00e9rieures.<\/p>\t\t\t\t\t\t\t\t<\/div>\n\t\t\t\t<\/div>\n\t\t<div class=\"elementor-element elementor-element-1563b46 e-con-full e-flex e-con e-child\" data-id=\"1563b46\" data-element_type=\"container\" data-e-type=\"container\">\n\t\t<div class=\"elementor-element elementor-element-514ab57 e-con-full e-flex elementor-invisible e-con e-child\" data-id=\"514ab57\" data-element_type=\"container\" data-e-type=\"container\" data-settings=\"{&quot;animation&quot;:&quot;upstudy--slide-left&quot;}\">\n\t\t\t\t<div class=\"elementor-element elementor-element-eec7a42 e-transform elementor-widget elementor-widget-image\" data-id=\"eec7a42\" data-element_type=\"widget\" data-e-type=\"widget\" data-settings=\"{&quot;_transform_rotateZ_effect&quot;:{&quot;unit&quot;:&quot;px&quot;,&quot;size&quot;:18,&quot;sizes&quot;:[]},&quot;_transform_rotateZ_effect_tablet&quot;:{&quot;unit&quot;:&quot;deg&quot;,&quot;size&quot;:&quot;&quot;,&quot;sizes&quot;:[]},&quot;_transform_rotateZ_effect_mobile&quot;:{&quot;unit&quot;:&quot;deg&quot;,&quot;size&quot;:&quot;&quot;,&quot;sizes&quot;:[]}}\" data-widget_type=\"image.default\">\n\t\t\t\t\t\t\t\t\t\t\t\t\t\t\t<img fetchpriority=\"high\" decoding=\"async\" width=\"400\" height=\"266\" src=\"https:\/\/adekoite-preprod.fr\/cneel\/wp-content\/uploads\/2026\/04\/profils.webp\" class=\"attachment-full size-full wp-image-18162\" alt=\"eleve en classe flexible\" srcset=\"https:\/\/adekoite-preprod.fr\/cneel\/wp-content\/uploads\/2026\/04\/profils.webp 400w, https:\/\/adekoite-preprod.fr\/cneel\/wp-content\/uploads\/2026\/04\/profils-300x200.webp 300w\" sizes=\"(max-width: 400px) 100vw, 400px\" \/>\t\t\t\t\t\t\t\t\t\t\t\t\t\t\t<\/div>\n\t\t\t\t<\/div>\n\t\t\t\t<\/div>\n\t\t\t\t<\/div>\n\t\t\t\t\t<\/div>\n\t\t\t\t<\/div>\n\t\t<div class=\"elementor-element elementor-element-eb448d4 e-flex e-con-boxed e-con e-parent\" data-id=\"eb448d4\" data-element_type=\"container\" data-e-type=\"container\">\n\t\t\t\t\t<div class=\"e-con-inner\">\n\t\t<div class=\"elementor-element elementor-element-2cb50ec e-con-full e-flex e-con e-child\" data-id=\"2cb50ec\" data-element_type=\"container\" data-e-type=\"container\">\n\t\t\t\t<div class=\"elementor-element elementor-element-1113a89 elementor-widget elementor-widget-text-editor\" data-id=\"1113a89\" data-element_type=\"widget\" data-e-type=\"widget\" data-widget_type=\"text-editor.default\">\n\t\t\t\t\t\t\t\t\t<p>Organisation p\u00e9dagogique<\/p>\t\t\t\t\t\t\t\t<\/div>\n\t\t\t\t<div class=\"elementor-element elementor-element-3dfdbac elementor-widget__width-initial elementor-widget elementor-widget-heading\" data-id=\"3dfdbac\" data-element_type=\"widget\" data-e-type=\"widget\" data-widget_type=\"heading.default\">\n\t\t\t\t\t<h2 class=\"elementor-heading-title elementor-size-default\">Un parcours autonome guid\u00e9<\/h2>\t\t\t\t<\/div>\n\t\t\t\t<div class=\"elementor-element elementor-element-951a671 elementor-widget elementor-widget-text-editor\" data-id=\"951a671\" data-element_type=\"widget\" data-e-type=\"widget\" data-widget_type=\"text-editor.default\">\n\t\t\t\t\t\t\t\t\t<p>Dans la classe flexible, les \u00e9l\u00e8ves avancent dans les diff\u00e9rents cours \u00e0 travers un parcours p\u00e9dagogique structur\u00e9.<\/p><p>Les s\u00e9quences d\u2019apprentissage sont compos\u00e9es de plusieurs activit\u00e9s :<br \/>explications, exercices, productions \u00e9crites, activit\u00e9s interactives et temps de r\u00e9flexion personnelle.<\/p><p>Les \u00e9l\u00e8ves peuvent organiser leur travail dans la journ\u00e9e selon leurs contraintes, tout en respectant les objectifs p\u00e9dagogiques fix\u00e9s pour chaque p\u00e9riode.<\/p>\t\t\t\t\t\t\t\t<\/div>\n\t\t\t\t<\/div>\n\t\t<div class=\"elementor-element elementor-element-18bdd9b e-con-full e-flex e-con e-child\" data-id=\"18bdd9b\" data-element_type=\"container\" data-e-type=\"container\">\n\t\t\t\t<div class=\"elementor-element elementor-element-8ddf3d7 elementor-widget elementor-widget-image\" data-id=\"8ddf3d7\" data-element_type=\"widget\" data-e-type=\"widget\" data-widget_type=\"image.default\">\n\t\t\t\t\t\t\t\t\t\t\t\t\t\t\t<img decoding=\"async\" width=\"640\" height=\"480\" src=\"https:\/\/adekoite-preprod.fr\/cneel\/wp-content\/uploads\/2026\/04\/parcours-autonome.webp\" class=\"attachment-large size-large wp-image-18163\" alt=\"\" srcset=\"https:\/\/adekoite-preprod.fr\/cneel\/wp-content\/uploads\/2026\/04\/parcours-autonome.webp 800w, https:\/\/adekoite-preprod.fr\/cneel\/wp-content\/uploads\/2026\/04\/parcours-autonome-300x225.webp 300w, https:\/\/adekoite-preprod.fr\/cneel\/wp-content\/uploads\/2026\/04\/parcours-autonome-768x576.webp 768w\" sizes=\"(max-width: 640px) 100vw, 640px\" \/>\t\t\t\t\t\t\t\t\t\t\t\t\t\t\t<\/div>\n\t\t\t\t<div class=\"elementor-element elementor-element-240e7dc elementor-widget__width-initial elementor-absolute elementor-widget elementor-widget-image\" data-id=\"240e7dc\" data-element_type=\"widget\" data-e-type=\"widget\" data-settings=\"{&quot;_position&quot;:&quot;absolute&quot;}\" data-widget_type=\"image.default\">\n\t\t\t\t\t\t\t\t\t\t\t\t\t\t\t<img decoding=\"async\" width=\"200\" height=\"214\" src=\"https:\/\/adekoite-preprod.fr\/cneel\/wp-content\/uploads\/2026\/03\/logo_cneel.png\" class=\"attachment-large size-large wp-image-17391\" alt=\"Logo Cneel\" \/>\t\t\t\t\t\t\t\t\t\t\t\t\t\t\t<\/div>\n\t\t\t\t<\/div>\n\t\t\t\t\t<\/div>\n\t\t\t\t<\/div>\n\t\t<div class=\"elementor-element elementor-element-9b8e83f e-flex e-con-boxed e-con e-parent\" data-id=\"9b8e83f\" data-element_type=\"container\" data-e-type=\"container\">\n\t\t\t\t\t<div class=\"e-con-inner\">\n\t\t<div class=\"elementor-element elementor-element-9e3d323 e-con-full e-flex e-con e-child\" data-id=\"9e3d323\" data-element_type=\"container\" data-e-type=\"container\">\n\t\t\t\t<div class=\"elementor-element elementor-element-93cb86e elementor-widget elementor-widget-image\" data-id=\"93cb86e\" data-element_type=\"widget\" data-e-type=\"widget\" data-widget_type=\"image.default\">\n\t\t\t\t\t\t\t\t\t\t\t\t\t\t\t<img loading=\"lazy\" decoding=\"async\" width=\"640\" height=\"409\" src=\"https:\/\/adekoite-preprod.fr\/cneel\/wp-content\/uploads\/2026\/04\/enseignants.webp\" class=\"attachment-large size-large wp-image-18164\" alt=\"Enseignants au cneel\" srcset=\"https:\/\/adekoite-preprod.fr\/cneel\/wp-content\/uploads\/2026\/04\/enseignants.webp 800w, https:\/\/adekoite-preprod.fr\/cneel\/wp-content\/uploads\/2026\/04\/enseignants-300x192.webp 300w, https:\/\/adekoite-preprod.fr\/cneel\/wp-content\/uploads\/2026\/04\/enseignants-768x491.webp 768w\" sizes=\"(max-width: 640px) 100vw, 640px\" \/>\t\t\t\t\t\t\t\t\t\t\t\t\t\t\t<\/div>\n\t\t\t\t<\/div>\n\t\t<div class=\"elementor-element elementor-element-d7082fc e-con-full e-flex e-con e-child\" data-id=\"d7082fc\" data-element_type=\"container\" data-e-type=\"container\">\n\t\t\t\t<div class=\"elementor-element elementor-element-97cc71e elementor-widget elementor-widget-text-editor\" data-id=\"97cc71e\" data-element_type=\"widget\" data-e-type=\"widget\" data-widget_type=\"text-editor.default\">\n\t\t\t\t\t\t\t\t\t<p>Accompagnement p\u00e9dagogique<\/p>\t\t\t\t\t\t\t\t<\/div>\n\t\t\t\t<div class=\"elementor-element elementor-element-dc259e3 elementor-widget__width-initial elementor-widget elementor-widget-heading\" data-id=\"dc259e3\" data-element_type=\"widget\" data-e-type=\"widget\" data-widget_type=\"heading.default\">\n\t\t\t\t\t<h3 class=\"elementor-heading-title elementor-size-default\">Un suivi renforc\u00e9 des enseignants<\/h3>\t\t\t\t<\/div>\n\t\t\t\t<div class=\"elementor-element elementor-element-7c269cf elementor-widget elementor-widget-text-editor\" data-id=\"7c269cf\" data-element_type=\"widget\" data-e-type=\"widget\" data-widget_type=\"text-editor.default\">\n\t\t\t\t\t\t\t\t\t<p>M\u00eame si les \u00e9l\u00e8ves avancent dans leur parcours de mani\u00e8re autonome, les enseignants restent pleinement impliqu\u00e9s dans leur accompagnement.<\/p><p>Ils suivent r\u00e9guli\u00e8rement l\u2019avancement du travail, r\u00e9pondent aux questions des \u00e9l\u00e8ves et r\u00e9alisent des points r\u00e9guliers afin de s\u2019assurer de la progression dans les apprentissages.<\/p><p>Ce suivi permet de maintenir un lien p\u00e9dagogique constant et d\u2019accompagner les \u00e9l\u00e8ves dans leur organisation et leur compr\u00e9hension des notions \u00e9tudi\u00e9es.<\/p>\t\t\t\t\t\t\t\t<\/div>\n\t\t\t\t<\/div>\n\t\t\t\t\t<\/div>\n\t\t\t\t<\/div>\n\t\t<div class=\"elementor-element elementor-element-b2eab68 e-flex e-con-boxed e-con e-parent\" data-id=\"b2eab68\" data-element_type=\"container\" data-e-type=\"container\">\n\t\t\t\t\t<div class=\"e-con-inner\">\n\t\t<div class=\"elementor-element elementor-element-75311fd e-con-full e-flex e-con e-child\" data-id=\"75311fd\" data-element_type=\"container\" data-e-type=\"container\">\n\t\t\t\t<div class=\"elementor-element elementor-element-e53be90 elementor-widget elementor-widget-text-editor\" data-id=\"e53be90\" data-element_type=\"widget\" data-e-type=\"widget\" data-widget_type=\"text-editor.default\">\n\t\t\t\t\t\t\t\t\t<p>Outils de travail<\/p>\t\t\t\t\t\t\t\t<\/div>\n\t\t\t\t<div class=\"elementor-element elementor-element-245ebec elementor-widget__width-initial elementor-widget elementor-widget-heading\" data-id=\"245ebec\" data-element_type=\"widget\" data-e-type=\"widget\" data-widget_type=\"heading.default\">\n\t\t\t\t\t<h3 class=\"elementor-heading-title elementor-size-default\">Des outils pour soutenir les apprentissages<\/h3>\t\t\t\t<\/div>\n\t\t\t\t<div class=\"elementor-element elementor-element-4c1ed33 elementor-widget elementor-widget-text-editor\" data-id=\"4c1ed33\" data-element_type=\"widget\" data-e-type=\"widget\" data-widget_type=\"text-editor.default\">\n\t\t\t\t\t\t\t\t\t<p>Les \u00e9l\u00e8ves inscrits en classe flexible disposent des m\u00eames outils p\u00e9dagogiques que les autres \u00e9l\u00e8ves de l\u2019\u00e9tablissement.<\/p><p>Ils ont notamment acc\u00e8s :<\/p><ul><li>\u00e0 la plateforme\u00a0<strong>Projet Voltaire<\/strong>, qui permet de travailler r\u00e9guli\u00e8rement l\u2019orthographe et la ma\u00eetrise du fran\u00e7ais<\/li><li>aux\u00a0<strong>fiches de m\u00e9morisation<\/strong>, qui aident \u00e0 consolider les connaissances et \u00e0 r\u00e9activer les notions d\u00e9j\u00e0 \u00e9tudi\u00e9es<\/li><li>aux diff\u00e9rents supports p\u00e9dagogiques propos\u00e9s dans les cours.<\/li><\/ul><p>Les enseignants suivent l\u2019avancement des \u00e9l\u00e8ves sur ces outils afin de s\u2019assurer de leur progression.<\/p>\t\t\t\t\t\t\t\t<\/div>\n\t\t\t\t<\/div>\n\t\t<div class=\"elementor-element elementor-element-cb7b542 e-con-full e-flex e-con e-child\" data-id=\"cb7b542\" data-element_type=\"container\" data-e-type=\"container\">\n\t\t\t\t<div class=\"elementor-element elementor-element-fa9612f elementor-widget elementor-widget-image\" data-id=\"fa9612f\" data-element_type=\"widget\" data-e-type=\"widget\" data-widget_type=\"image.default\">\n\t\t\t\t\t\t\t\t\t\t\t\t\t\t\t<img loading=\"lazy\" decoding=\"async\" width=\"640\" height=\"426\" src=\"https:\/\/adekoite-preprod.fr\/cneel\/wp-content\/uploads\/2026\/04\/outils.webp\" class=\"attachment-large size-large wp-image-18165\" alt=\"\" srcset=\"https:\/\/adekoite-preprod.fr\/cneel\/wp-content\/uploads\/2026\/04\/outils.webp 800w, https:\/\/adekoite-preprod.fr\/cneel\/wp-content\/uploads\/2026\/04\/outils-300x200.webp 300w, https:\/\/adekoite-preprod.fr\/cneel\/wp-content\/uploads\/2026\/04\/outils-768x512.webp 768w\" sizes=\"(max-width: 640px) 100vw, 640px\" \/>\t\t\t\t\t\t\t\t\t\t\t\t\t\t\t<\/div>\n\t\t\t\t<div class=\"elementor-element elementor-element-595e2db elementor-widget__width-initial elementor-absolute elementor-widget elementor-widget-image\" data-id=\"595e2db\" data-element_type=\"widget\" data-e-type=\"widget\" data-settings=\"{&quot;_position&quot;:&quot;absolute&quot;}\" data-widget_type=\"image.default\">\n\t\t\t\t\t\t\t\t\t\t\t\t\t\t\t<img decoding=\"async\" width=\"200\" height=\"214\" src=\"https:\/\/adekoite-preprod.fr\/cneel\/wp-content\/uploads\/2026\/03\/logo_cneel.png\" class=\"attachment-large size-large wp-image-17391\" alt=\"Logo Cneel\" \/>\t\t\t\t\t\t\t\t\t\t\t\t\t\t\t<\/div>\n\t\t\t\t<\/div>\n\t\t\t\t\t<\/div>\n\t\t\t\t<\/div>\n\t\t<div class=\"elementor-element elementor-element-23208a1 e-flex e-con-boxed e-con e-parent\" data-id=\"23208a1\" data-element_type=\"container\" data-e-type=\"container\" data-settings=\"{&quot;background_background&quot;:&quot;classic&quot;}\">\n\t\t\t\t\t<div class=\"e-con-inner\">\n\t\t<div class=\"elementor-element elementor-element-2aeb606 e-con-full e-flex e-con e-child\" data-id=\"2aeb606\" data-element_type=\"container\" data-e-type=\"container\">\n\t\t\t\t<div class=\"elementor-element elementor-element-7ccd741 elementor-widget elementor-widget-text-editor\" data-id=\"7ccd741\" data-element_type=\"widget\" data-e-type=\"widget\" data-widget_type=\"text-editor.default\">\n\t\t\t\t\t\t\t\t\t<p>Progression scolaire<\/p>\t\t\t\t\t\t\t\t<\/div>\n\t\t\t\t<div class=\"elementor-element elementor-element-571d829 elementor-widget__width-initial elementor-widget elementor-widget-heading\" data-id=\"571d829\" data-element_type=\"widget\" data-e-type=\"widget\" data-widget_type=\"heading.default\">\n\t\t\t\t\t<h2 class=\"elementor-heading-title elementor-size-default\">Avancer dans le programme \u00e0 son rythme<\/h2>\t\t\t\t<\/div>\n\t\t\t\t<\/div>\n\t\t<div class=\"elementor-element elementor-element-3f2623d e-con-full e-flex e-con e-child\" data-id=\"3f2623d\" data-element_type=\"container\" data-e-type=\"container\">\n\t\t\t\t<div class=\"elementor-element elementor-element-3fab7d5 elementor-widget elementor-widget-text-editor\" data-id=\"3fab7d5\" data-element_type=\"widget\" data-e-type=\"widget\" data-widget_type=\"text-editor.default\">\n\t\t\t\t\t\t\t\t\t<p>M\u00eame dans une organisation plus flexible, la progression des \u00e9l\u00e8ves reste align\u00e9e sur les programmes officiels de l\u2019\u00c9ducation nationale.<\/p><p>Les enseignants veillent \u00e0 ce que les \u00e9l\u00e8ves avancent r\u00e9guli\u00e8rement dans les diff\u00e9rentes s\u00e9quences et s\u2019assurent que l\u2019ensemble du programme est \u00e9tudi\u00e9 au cours de l\u2019ann\u00e9e.<\/p><p>Lorsque certaines p\u00e9riodes sont plus charg\u00e9es pour l\u2019\u00e9l\u00e8ve\u00a0; comp\u00e9titions, d\u00e9placements ou projets particuliers\u00a0; l\u2019organisation du travail peut \u00eatre adapt\u00e9e afin de maintenir une progression coh\u00e9rente.<\/p><p>L\u2019objectif reste que chaque \u00e9l\u00e8ve puisse aborder l\u2019ensemble des notions pr\u00e9vues dans le programme tout en conciliant ses engagements personnels.<\/p>\t\t\t\t\t\t\t\t<\/div>\n\t\t\t\t<\/div>\n\t\t\t\t\t<\/div>\n\t\t\t\t<\/div>\n\t\t<div class=\"elementor-element elementor-element-11f05c5 e-flex e-con-boxed e-con e-parent\" data-id=\"11f05c5\" data-element_type=\"container\" data-e-type=\"container\">\n\t\t\t\t\t<div class=\"e-con-inner\">\n\t\t<div class=\"elementor-element elementor-element-f38ab0c e-con-full e-flex e-con e-child\" data-id=\"f38ab0c\" data-element_type=\"container\" data-e-type=\"container\">\n\t\t\t\t<div class=\"elementor-element elementor-element-b960ab9 elementor-widget elementor-widget-image\" data-id=\"b960ab9\" data-element_type=\"widget\" data-e-type=\"widget\" data-widget_type=\"image.default\">\n\t\t\t\t\t\t\t\t\t\t\t\t\t\t\t<img loading=\"lazy\" decoding=\"async\" width=\"640\" height=\"426\" src=\"https:\/\/adekoite-preprod.fr\/cneel\/wp-content\/uploads\/2026\/03\/eleve-college.webp\" class=\"attachment-large size-large wp-image-17307\" alt=\"Lyc\u00e9enne au CNEEL\" srcset=\"https:\/\/adekoite-preprod.fr\/cneel\/wp-content\/uploads\/2026\/03\/eleve-college.webp 800w, https:\/\/adekoite-preprod.fr\/cneel\/wp-content\/uploads\/2026\/03\/eleve-college-300x200.webp 300w, https:\/\/adekoite-preprod.fr\/cneel\/wp-content\/uploads\/2026\/03\/eleve-college-768x512.webp 768w\" sizes=\"(max-width: 640px) 100vw, 640px\" \/>\t\t\t\t\t\t\t\t\t\t\t\t\t\t\t<\/div>\n\t\t\t\t<\/div>\n\t\t<div class=\"elementor-element elementor-element-a5b9feb e-con-full e-flex e-con e-child\" data-id=\"a5b9feb\" data-element_type=\"container\" data-e-type=\"container\">\n\t\t\t\t<div class=\"elementor-element elementor-element-26a22ce elementor-widget elementor-widget-text-editor\" data-id=\"26a22ce\" data-element_type=\"widget\" data-e-type=\"widget\" data-widget_type=\"text-editor.default\">\n\t\t\t\t\t\t\t\t\t<p>Suivi du travail<\/p>\t\t\t\t\t\t\t\t<\/div>\n\t\t\t\t<div class=\"elementor-element elementor-element-f6720cd elementor-widget__width-initial elementor-widget elementor-widget-heading\" data-id=\"f6720cd\" data-element_type=\"widget\" data-e-type=\"widget\" data-widget_type=\"heading.default\">\n\t\t\t\t\t<h3 class=\"elementor-heading-title elementor-size-default\">Des \u00e9valuations r\u00e9guli\u00e8res pour suivre la progression<\/h3>\t\t\t\t<\/div>\n\t\t\t\t<div class=\"elementor-element elementor-element-fdc16c0 elementor-widget elementor-widget-text-editor\" data-id=\"fdc16c0\" data-element_type=\"widget\" data-e-type=\"widget\" data-widget_type=\"text-editor.default\">\n\t\t\t\t\t\t\t\t\t<p>Les \u00e9l\u00e8ves r\u00e9alisent\u00a0deux \u00e9valuations par semaine, dans diff\u00e9rentes disciplines.<\/p><p>Les devoirs sont annonc\u00e9s \u00e0 l\u2019avance et pr\u00e9cisent la mati\u00e8re ainsi que le chapitre \u00e9tudi\u00e9. Les \u00e9l\u00e8ves disposent d\u2019un d\u00e9lai d\u00e9fini pour se connecter \u00e0 la\u00a0plateforme s\u00e9curis\u00e9e\u00a0et r\u00e9aliser leur travail.<\/p><p>Ces \u00e9valuations permettent aux enseignants de suivre la progression des \u00e9l\u00e8ves, d\u2019identifier les \u00e9ventuelles difficult\u00e9s et d\u2019ajuster l\u2019accompagnement p\u00e9dagogique lorsque cela est n\u00e9cessaire.<\/p><p>Ce fonctionnement garantit que les apprentissages avancent de mani\u00e8re r\u00e9guli\u00e8re, m\u00eame dans une organisation de travail plus flexible.<\/p>\t\t\t\t\t\t\t\t<\/div>\n\t\t\t\t<\/div>\n\t\t\t\t\t<\/div>\n\t\t\t\t<\/div>\n\t\t<div class=\"elementor-element elementor-element-bf9f833 e-flex e-con-boxed e-con e-parent\" data-id=\"bf9f833\" data-element_type=\"container\" data-e-type=\"container\">\n\t\t\t\t\t<div class=\"e-con-inner\">\n\t\t<div class=\"elementor-element elementor-element-ade66dd e-con-full e-flex e-con e-child\" data-id=\"ade66dd\" data-element_type=\"container\" data-e-type=\"container\">\n\t\t\t\t<div class=\"elementor-element elementor-element-f29e9e7 elementor-widget elementor-widget-text-editor\" data-id=\"f29e9e7\" data-element_type=\"widget\" data-e-type=\"widget\" data-widget_type=\"text-editor.default\">\n\t\t\t\t\t\t\t\t\t<p>Une organisation adapt\u00e9e<\/p>\t\t\t\t\t\t\t\t<\/div>\n\t\t\t\t<div class=\"elementor-element elementor-element-197071e elementor-widget__width-initial elementor-widget elementor-widget-heading\" data-id=\"197071e\" data-element_type=\"widget\" data-e-type=\"widget\" data-widget_type=\"heading.default\">\n\t\t\t\t\t<h3 class=\"elementor-heading-title elementor-size-default\">Concilier scolarit\u00e9 et projets personnels<\/h3>\t\t\t\t<\/div>\n\t\t\t\t<div class=\"elementor-element elementor-element-0f9eb97 elementor-widget elementor-widget-text-editor\" data-id=\"0f9eb97\" data-element_type=\"widget\" data-e-type=\"widget\" data-widget_type=\"text-editor.default\">\n\t\t\t\t\t\t\t\t\t<p>La classe flexible permet aux \u00e9l\u00e8ves de poursuivre leur scolarit\u00e9 tout en tenant compte de leurs engagements personnels et de leurs contraintes d\u2019organisation.<\/p><p>Gr\u00e2ce \u00e0 un parcours p\u00e9dagogique structur\u00e9 et \u00e0 un suivi attentif des enseignants, les \u00e9l\u00e8ves peuvent avancer dans leurs apprentissages tout en adaptant leur rythme de travail.<\/p><p>Cette formule permet ainsi de concilier exigence scolaire et organisation de vie plus souple.<\/p>\t\t\t\t\t\t\t\t<\/div>\n\t\t\t\t<\/div>\n\t\t<div class=\"elementor-element elementor-element-8d9c530 e-con-full e-flex e-con e-child\" data-id=\"8d9c530\" data-element_type=\"container\" data-e-type=\"container\">\n\t\t\t\t<div class=\"elementor-element elementor-element-b5f17d7 elementor-widget elementor-widget-image\" data-id=\"b5f17d7\" data-element_type=\"widget\" data-e-type=\"widget\" data-widget_type=\"image.default\">\n\t\t\t\t\t\t\t\t\t\t\t\t\t\t\t<img loading=\"lazy\" decoding=\"async\" width=\"640\" height=\"360\" src=\"https:\/\/adekoite-preprod.fr\/cneel\/wp-content\/uploads\/2026\/03\/rigueur.webp\" class=\"attachment-large size-large wp-image-17390\" alt=\"\" srcset=\"https:\/\/adekoite-preprod.fr\/cneel\/wp-content\/uploads\/2026\/03\/rigueur.webp 1000w, https:\/\/adekoite-preprod.fr\/cneel\/wp-content\/uploads\/2026\/03\/rigueur-300x169.webp 300w, https:\/\/adekoite-preprod.fr\/cneel\/wp-content\/uploads\/2026\/03\/rigueur-768x432.webp 768w\" sizes=\"(max-width: 640px) 100vw, 640px\" \/>\t\t\t\t\t\t\t\t\t\t\t\t\t\t\t<\/div>\n\t\t\t\t<div class=\"elementor-element elementor-element-d5651c3 elementor-widget__width-initial elementor-absolute elementor-widget elementor-widget-image\" data-id=\"d5651c3\" data-element_type=\"widget\" data-e-type=\"widget\" data-settings=\"{&quot;_position&quot;:&quot;absolute&quot;}\" data-widget_type=\"image.default\">\n\t\t\t\t\t\t\t\t\t\t\t\t\t\t\t<img decoding=\"async\" width=\"200\" height=\"214\" src=\"https:\/\/adekoite-preprod.fr\/cneel\/wp-content\/uploads\/2026\/03\/logo_cneel.png\" class=\"attachment-large size-large wp-image-17391\" alt=\"Logo Cneel\" \/>\t\t\t\t\t\t\t\t\t\t\t\t\t\t\t<\/div>\n\t\t\t\t<\/div>\n\t\t\t\t\t<\/div>\n\t\t\t\t<\/div>\n\t\t<div class=\"elementor-element elementor-element-06057dd e-flex e-con-boxed e-con e-parent\" data-id=\"06057dd\" data-element_type=\"container\" data-e-type=\"container\">\n\t\t\t\t\t<div class=\"e-con-inner\">\n\t\t\t\t<div class=\"elementor-element elementor-element-33b5f6f elementor-widget elementor-widget-menu-anchor\" data-id=\"33b5f6f\" data-element_type=\"widget\" data-e-type=\"widget\" data-widget_type=\"menu-anchor.default\">\n\t\t\t\t\t\t\t<div class=\"elementor-menu-anchor\" id=\"contactez-nous\"><\/div>\n\t\t\t\t\t\t<\/div>\n\t\t\t\t\t<\/div>\n\t\t\t\t<\/div>\n\t\t<div class=\"elementor-element elementor-element-20d38d1 e-flex e-con-boxed e-con e-parent\" data-id=\"20d38d1\" data-element_type=\"container\" data-e-type=\"container\">\n\t\t\t\t\t<div class=\"e-con-inner\">\n\t\t\t\t<div class=\"elementor-element elementor-element-50b6980 elementor-widget__width-initial elementor-widget elementor-widget-heading\" data-id=\"50b6980\" data-element_type=\"widget\" data-e-type=\"widget\" data-widget_type=\"heading.default\">\n\t\t\t\t\t<h2 class=\"elementor-heading-title elementor-size-default\">Vous souhaitez en savoir plus sur le fonctionnement des <span class=\"mot-couleur\">classes flexibles <\/span> ?<\/h2>\t\t\t\t<\/div>\n\t\t\t\t<div class=\"elementor-element elementor-element-7acab3a elementor-widget__width-initial elementor-widget elementor-widget-text-editor\" data-id=\"7acab3a\" data-element_type=\"widget\" data-e-type=\"widget\" data-widget_type=\"text-editor.default\">\n\t\t\t\t\t\t\t\t\t<p>Notre \u00e9quipe peut vous pr\u00e9senter le fonctionnement de l\u2019\u00e9tablissement, les modalit\u00e9s de scolarit\u00e9 et r\u00e9pondre \u00e0 vos questions.<\/p><p>Vous pouvez nous contacter pour recevoir des informations d\u00e9taill\u00e9es ou \u00e9changer avec nous sur le parcours scolaire de votre enfant.<\/p>\t\t\t\t\t\t\t\t<\/div>\n\t\t\t\t<div class=\"elementor-element elementor-element-8caf397 elementor-widget elementor-widget-html\" data-id=\"8caf397\" data-element_type=\"widget\" data-e-type=\"widget\" data-widget_type=\"html.default\">\n\t\t\t\t\t<script src=\"https:\/\/js-eu1.hsforms.net\/forms\/embed\/148130516.js\" defer><\/script>\r\n<div class=\"hs-form-frame\" data-region=\"eu1\" data-form-id=\"9d3f0bf8-b2d5-4b4a-9c5f-1282454a1136\" data-portal-id=\"148130516\"><\/div>\r\n\t\t\t\t<\/div>\n\t\t\t\t\t<\/div>\n\t\t\t\t<\/div>\n\t\t\t\t<\/div>\n\t\t","protected":false},"excerpt":{"rendered":"<p>Une organisation du travail adaptable aux contraintes des \u00e9l\u00e8ves La classe flexible s\u2019adresse aux \u00e9l\u00e8ves qui ont besoin d\u2019une organisation de travail plus souple afin de concilier leur scolarit\u00e9 avec d\u2019autres engagements personnels, sportifs, artistiques ou familiaux. Les \u00e9l\u00e8ves avancent dans leur parcours p\u00e9dagogique de mani\u00e8re autonome, tout en restant accompagn\u00e9s par l\u2019\u00e9quipe enseignante. Cette&#8230;<\/p>\n","protected":false},"author":1,"featured_media":0,"parent":0,"menu_order":0,"comment_status":"closed","ping_status":"closed","template":"","meta":{"footnotes":""},"class_list":["post-17714","page","type-page","status-publish","hentry"],"yoast_head":"<!-- This site is optimized with the Yoast SEO plugin v27.3 - https:\/\/yoast.com\/product\/yoast-seo-wordpress\/ -->\n<title>Classe Flexible : Organisation du travail adaptable aux contraintes des \u00e9l\u00e8ves | CNEEL<\/title>\n<meta name=\"description\" content=\"La classe flexible s\u2019adresse aux \u00e9l\u00e8ves qui ont besoin d\u2019une organisation de travail plus souple afin de concilier leur scolarit\u00e9 avec d\u2019autres engagements personnels, sportifs, artistiques ou familiaux.\" \/>\n<meta name=\"robots\" content=\"noindex, follow, max-snippet:-1, max-image-preview:large, max-video-preview:-1\" \/>\n<meta property=\"og:locale\" content=\"fr_FR\" \/>\n<meta property=\"og:type\" content=\"article\" \/>\n<meta property=\"og:title\" content=\"Classe Flexible : Organisation du travail adaptable aux contraintes des \u00e9l\u00e8ves | CNEEL\" \/>\n<meta property=\"og:description\" content=\"La classe flexible s\u2019adresse aux \u00e9l\u00e8ves qui ont besoin d\u2019une organisation de travail plus souple afin de concilier leur scolarit\u00e9 avec d\u2019autres engagements personnels, sportifs, artistiques ou familiaux.\" \/>\n<meta property=\"og:url\" content=\"https:\/\/adekoite-preprod.fr\/cneel\/classe-flexible\/\" \/>\n<meta property=\"og:site_name\" content=\"CNEEL\" \/>\n<meta property=\"article:modified_time\" content=\"2026-04-13T12:49:19+00:00\" \/>\n<meta property=\"og:image\" content=\"https:\/\/adekoite-preprod.fr\/cneel\/wp-content\/uploads\/2025\/06\/UPST004524.png\" \/>\n<meta name=\"twitter:card\" content=\"summary_large_image\" \/>\n<meta name=\"twitter:label1\" content=\"Dur\u00e9e de lecture estim\u00e9e\" \/>\n\t<meta name=\"twitter:data1\" content=\"1 minute\" \/>\n<script type=\"application\/ld+json\" class=\"yoast-schema-graph\">{\"@context\":\"https:\\\/\\\/schema.org\",\"@graph\":[{\"@type\":\"WebPage\",\"@id\":\"https:\\\/\\\/adekoite-preprod.fr\\\/cneel\\\/classe-flexible\\\/\",\"url\":\"https:\\\/\\\/adekoite-preprod.fr\\\/cneel\\\/classe-flexible\\\/\",\"name\":\"Classe Flexible : Organisation du travail adaptable aux contraintes des \u00e9l\u00e8ves | CNEEL\",\"isPartOf\":{\"@id\":\"https:\\\/\\\/adekoite-preprod.fr\\\/cneel\\\/#website\"},\"primaryImageOfPage\":{\"@id\":\"https:\\\/\\\/adekoite-preprod.fr\\\/cneel\\\/classe-flexible\\\/#primaryimage\"},\"image\":{\"@id\":\"https:\\\/\\\/adekoite-preprod.fr\\\/cneel\\\/classe-flexible\\\/#primaryimage\"},\"thumbnailUrl\":\"https:\\\/\\\/adekoite-preprod.fr\\\/cneel\\\/wp-content\\\/uploads\\\/2025\\\/06\\\/UPST004524.png\",\"datePublished\":\"2026-03-31T09:23:12+00:00\",\"dateModified\":\"2026-04-13T12:49:19+00:00\",\"description\":\"La classe flexible s\u2019adresse aux \u00e9l\u00e8ves qui ont besoin d\u2019une organisation de travail plus souple afin de concilier leur scolarit\u00e9 avec d\u2019autres engagements personnels, sportifs, artistiques ou familiaux.\",\"breadcrumb\":{\"@id\":\"https:\\\/\\\/adekoite-preprod.fr\\\/cneel\\\/classe-flexible\\\/#breadcrumb\"},\"inLanguage\":\"fr-FR\",\"potentialAction\":[{\"@type\":\"ReadAction\",\"target\":[\"https:\\\/\\\/adekoite-preprod.fr\\\/cneel\\\/classe-flexible\\\/\"]}]},{\"@type\":\"ImageObject\",\"inLanguage\":\"fr-FR\",\"@id\":\"https:\\\/\\\/adekoite-preprod.fr\\\/cneel\\\/classe-flexible\\\/#primaryimage\",\"url\":\"https:\\\/\\\/adekoite-preprod.fr\\\/cneel\\\/wp-content\\\/uploads\\\/2025\\\/06\\\/UPST004524.png\",\"contentUrl\":\"https:\\\/\\\/adekoite-preprod.fr\\\/cneel\\\/wp-content\\\/uploads\\\/2025\\\/06\\\/UPST004524.png\",\"width\":179,\"height\":155},{\"@type\":\"BreadcrumbList\",\"@id\":\"https:\\\/\\\/adekoite-preprod.fr\\\/cneel\\\/classe-flexible\\\/#breadcrumb\",\"itemListElement\":[{\"@type\":\"ListItem\",\"position\":1,\"name\":\"Accueil\",\"item\":\"https:\\\/\\\/adekoite-preprod.fr\\\/cneel\\\/\"},{\"@type\":\"ListItem\",\"position\":2,\"name\":\"Classe Flexible\"}]},{\"@type\":\"WebSite\",\"@id\":\"https:\\\/\\\/adekoite-preprod.fr\\\/cneel\\\/#website\",\"url\":\"https:\\\/\\\/adekoite-preprod.fr\\\/cneel\\\/\",\"name\":\"CNEEL\",\"description\":\"\",\"publisher\":{\"@id\":\"https:\\\/\\\/adekoite-preprod.fr\\\/cneel\\\/#organization\"},\"potentialAction\":[{\"@type\":\"SearchAction\",\"target\":{\"@type\":\"EntryPoint\",\"urlTemplate\":\"https:\\\/\\\/adekoite-preprod.fr\\\/cneel\\\/?s={search_term_string}\"},\"query-input\":{\"@type\":\"PropertyValueSpecification\",\"valueRequired\":true,\"valueName\":\"search_term_string\"}}],\"inLanguage\":\"fr-FR\"},{\"@type\":\"Organization\",\"@id\":\"https:\\\/\\\/adekoite-preprod.fr\\\/cneel\\\/#organization\",\"name\":\"CNEEL\",\"url\":\"https:\\\/\\\/adekoite-preprod.fr\\\/cneel\\\/\",\"logo\":{\"@type\":\"ImageObject\",\"inLanguage\":\"fr-FR\",\"@id\":\"https:\\\/\\\/adekoite-preprod.fr\\\/cneel\\\/#\\\/schema\\\/logo\\\/image\\\/\",\"url\":\"https:\\\/\\\/adekoite-preprod.fr\\\/cneel\\\/wp-content\\\/uploads\\\/2026\\\/03\\\/favicon-cneel.png\",\"contentUrl\":\"https:\\\/\\\/adekoite-preprod.fr\\\/cneel\\\/wp-content\\\/uploads\\\/2026\\\/03\\\/favicon-cneel.png\",\"width\":512,\"height\":548,\"caption\":\"CNEEL\"},\"image\":{\"@id\":\"https:\\\/\\\/adekoite-preprod.fr\\\/cneel\\\/#\\\/schema\\\/logo\\\/image\\\/\"}}]}<\/script>\n<!-- \/ Yoast SEO plugin. -->","yoast_head_json":{"title":"Classe Flexible : Organisation du travail adaptable aux contraintes des \u00e9l\u00e8ves | CNEEL","description":"La classe flexible s\u2019adresse aux \u00e9l\u00e8ves qui ont besoin d\u2019une organisation de travail plus souple afin de concilier leur scolarit\u00e9 avec d\u2019autres engagements personnels, sportifs, artistiques ou familiaux.","robots":{"index":"noindex","follow":"follow","max-snippet":"max-snippet:-1","max-image-preview":"max-image-preview:large","max-video-preview":"max-video-preview:-1"},"og_locale":"fr_FR","og_type":"article","og_title":"Classe Flexible : Organisation du travail adaptable aux contraintes des \u00e9l\u00e8ves | CNEEL","og_description":"La classe flexible s\u2019adresse aux \u00e9l\u00e8ves qui ont besoin d\u2019une organisation de travail plus souple afin de concilier leur scolarit\u00e9 avec d\u2019autres engagements personnels, sportifs, artistiques ou familiaux.","og_url":"https:\/\/adekoite-preprod.fr\/cneel\/classe-flexible\/","og_site_name":"CNEEL","article_modified_time":"2026-04-13T12:49:19+00:00","og_image":[{"url":"https:\/\/adekoite-preprod.fr\/cneel\/wp-content\/uploads\/2025\/06\/UPST004524.png","type":"","width":"","height":""}],"twitter_card":"summary_large_image","twitter_misc":{"Dur\u00e9e de lecture estim\u00e9e":"1 minute"},"schema":{"@context":"https:\/\/schema.org","@graph":[{"@type":"WebPage","@id":"https:\/\/adekoite-preprod.fr\/cneel\/classe-flexible\/","url":"https:\/\/adekoite-preprod.fr\/cneel\/classe-flexible\/","name":"Classe Flexible : Organisation du travail adaptable aux contraintes des \u00e9l\u00e8ves | CNEEL","isPartOf":{"@id":"https:\/\/adekoite-preprod.fr\/cneel\/#website"},"primaryImageOfPage":{"@id":"https:\/\/adekoite-preprod.fr\/cneel\/classe-flexible\/#primaryimage"},"image":{"@id":"https:\/\/adekoite-preprod.fr\/cneel\/classe-flexible\/#primaryimage"},"thumbnailUrl":"https:\/\/adekoite-preprod.fr\/cneel\/wp-content\/uploads\/2025\/06\/UPST004524.png","datePublished":"2026-03-31T09:23:12+00:00","dateModified":"2026-04-13T12:49:19+00:00","description":"La classe flexible s\u2019adresse aux \u00e9l\u00e8ves qui ont besoin d\u2019une organisation de travail plus souple afin de concilier leur scolarit\u00e9 avec d\u2019autres engagements personnels, sportifs, artistiques ou familiaux.","breadcrumb":{"@id":"https:\/\/adekoite-preprod.fr\/cneel\/classe-flexible\/#breadcrumb"},"inLanguage":"fr-FR","potentialAction":[{"@type":"ReadAction","target":["https:\/\/adekoite-preprod.fr\/cneel\/classe-flexible\/"]}]},{"@type":"ImageObject","inLanguage":"fr-FR","@id":"https:\/\/adekoite-preprod.fr\/cneel\/classe-flexible\/#primaryimage","url":"https:\/\/adekoite-preprod.fr\/cneel\/wp-content\/uploads\/2025\/06\/UPST004524.png","contentUrl":"https:\/\/adekoite-preprod.fr\/cneel\/wp-content\/uploads\/2025\/06\/UPST004524.png","width":179,"height":155},{"@type":"BreadcrumbList","@id":"https:\/\/adekoite-preprod.fr\/cneel\/classe-flexible\/#breadcrumb","itemListElement":[{"@type":"ListItem","position":1,"name":"Accueil","item":"https:\/\/adekoite-preprod.fr\/cneel\/"},{"@type":"ListItem","position":2,"name":"Classe Flexible"}]},{"@type":"WebSite","@id":"https:\/\/adekoite-preprod.fr\/cneel\/#website","url":"https:\/\/adekoite-preprod.fr\/cneel\/","name":"CNEEL","description":"","publisher":{"@id":"https:\/\/adekoite-preprod.fr\/cneel\/#organization"},"potentialAction":[{"@type":"SearchAction","target":{"@type":"EntryPoint","urlTemplate":"https:\/\/adekoite-preprod.fr\/cneel\/?s={search_term_string}"},"query-input":{"@type":"PropertyValueSpecification","valueRequired":true,"valueName":"search_term_string"}}],"inLanguage":"fr-FR"},{"@type":"Organization","@id":"https:\/\/adekoite-preprod.fr\/cneel\/#organization","name":"CNEEL","url":"https:\/\/adekoite-preprod.fr\/cneel\/","logo":{"@type":"ImageObject","inLanguage":"fr-FR","@id":"https:\/\/adekoite-preprod.fr\/cneel\/#\/schema\/logo\/image\/","url":"https:\/\/adekoite-preprod.fr\/cneel\/wp-content\/uploads\/2026\/03\/favicon-cneel.png","contentUrl":"https:\/\/adekoite-preprod.fr\/cneel\/wp-content\/uploads\/2026\/03\/favicon-cneel.png","width":512,"height":548,"caption":"CNEEL"},"image":{"@id":"https:\/\/adekoite-preprod.fr\/cneel\/#\/schema\/logo\/image\/"}}]}},"_links":{"self":[{"href":"https:\/\/adekoite-preprod.fr\/cneel\/wp-json\/wp\/v2\/pages\/17714","targetHints":{"allow":["GET"]}}],"collection":[{"href":"https:\/\/adekoite-preprod.fr\/cneel\/wp-json\/wp\/v2\/pages"}],"about":[{"href":"https:\/\/adekoite-preprod.fr\/cneel\/wp-json\/wp\/v2\/types\/page"}],"author":[{"embeddable":true,"href":"https:\/\/adekoite-preprod.fr\/cneel\/wp-json\/wp\/v2\/users\/1"}],"replies":[{"embeddable":true,"href":"https:\/\/adekoite-preprod.fr\/cneel\/wp-json\/wp\/v2\/comments?post=17714"}],"version-history":[{"count":52,"href":"https:\/\/adekoite-preprod.fr\/cneel\/wp-json\/wp\/v2\/pages\/17714\/revisions"}],"predecessor-version":[{"id":18250,"href":"https:\/\/adekoite-preprod.fr\/cneel\/wp-json\/wp\/v2\/pages\/17714\/revisions\/18250"}],"wp:attachment":[{"href":"https:\/\/adekoite-preprod.fr\/cneel\/wp-json\/wp\/v2\/media?parent=17714"}],"curies":[{"name":"wp","href":"https:\/\/api.w.org\/{rel}","templated":true}]}}