{"id":17782,"date":"2026-03-31T11:51:08","date_gmt":"2026-03-31T09:51:08","guid":{"rendered":"https:\/\/adekoite-preprod.fr\/cneel\/?page_id=17782"},"modified":"2026-04-13T14:50:33","modified_gmt":"2026-04-13T12:50:33","slug":"classe-horaires-fixes","status":"publish","type":"page","link":"https:\/\/adekoite-preprod.fr\/cneel\/classe-horaires-fixes\/","title":{"rendered":"Classe \u00e0 Horaires fixes"},"content":{"rendered":"\t\t<div data-elementor-type=\"wp-page\" data-elementor-id=\"17782\" class=\"elementor elementor-17782\">\n\t\t\t\t<div class=\"elementor-element elementor-element-c2610fa e-flex e-con-boxed e-con e-parent\" data-id=\"c2610fa\" data-element_type=\"container\" data-e-type=\"container\" data-settings=\"{&quot;background_background&quot;:&quot;classic&quot;}\">\n\t\t\t\t\t<div class=\"e-con-inner\">\n\t\t\t\t<div class=\"elementor-element elementor-element-e881a28 elementor-widget__width-initial elementor-widget elementor-widget-heading\" data-id=\"e881a28\" data-element_type=\"widget\" data-e-type=\"widget\" data-widget_type=\"heading.default\">\n\t\t\t\t\t<h1 class=\"elementor-heading-title elementor-size-default\">Une organisation de la journ\u00e9e structur\u00e9e pour apprendre avec m\u00e9thode<\/h1>\t\t\t\t<\/div>\n\t\t\t\t<div class=\"elementor-element elementor-element-a53dc16 elementor-widget__width-initial elementor-widget elementor-widget-text-editor\" data-id=\"a53dc16\" data-element_type=\"widget\" data-e-type=\"widget\" data-widget_type=\"text-editor.default\">\n\t\t\t\t\t\t\t\t\t<p>La classe \u00e0 horaires fixes s\u2019adresse aux \u00e9l\u00e8ves qui ont besoin d\u2019un cadre scolaire r\u00e9gulier et d\u2019une organisation de la journ\u00e9e clairement d\u00e9finie.<\/p><p>Tout au long de la semaine, les \u00e9l\u00e8ves suivent un rythme de travail structur\u00e9 avec des temps d\u2019apprentissage organis\u00e9s dans la journ\u00e9e, des interventions r\u00e9guli\u00e8res des enseignants et un suivi p\u00e9dagogique attentif.<\/p><p>Cette formule permet de construire des habitudes de travail solides, de d\u00e9velopper progressivement l\u2019autonomie et d\u2019avancer dans sa scolarit\u00e9 dans un cadre rassurant et propice aux apprentissages.<\/p>\t\t\t\t\t\t\t\t<\/div>\n\t\t\t\t<div class=\"elementor-element elementor-element-0e138ed elementor-widget elementor-widget-upstudy-button\" data-id=\"0e138ed\" data-element_type=\"widget\" data-e-type=\"widget\" data-widget_type=\"upstudy-button.default\">\n\t\t\t\t<div class=\"elementor-widget-container\">\n\t\t\t\t\t<div class=\"upstudy-button-widget-wrapper\"><a class=\"upstudy-btn upstudy-btn-custom upstudy-btn-size-custom\" href=\"#contactez-nous\">Contactez-nous<\/a><\/div>\t\t\t\t<\/div>\n\t\t\t\t<\/div>\n\t\t\t\t\t<\/div>\n\t\t\t\t<\/div>\n\t\t<div class=\"elementor-element elementor-element-ae7aac6 e-flex e-con-boxed e-con e-parent\" data-id=\"ae7aac6\" data-element_type=\"container\" data-e-type=\"container\">\n\t\t\t\t\t<div class=\"e-con-inner\">\n\t\t<div class=\"elementor-element elementor-element-db82e5e e-con-full e-flex e-con e-child\" data-id=\"db82e5e\" data-element_type=\"container\" data-e-type=\"container\">\n\t\t\t\t<div class=\"elementor-element elementor-element-6e57711 elementor-widget elementor-widget-text-editor\" data-id=\"6e57711\" data-element_type=\"widget\" data-e-type=\"widget\" data-widget_type=\"text-editor.default\">\n\t\t\t\t\t\t\t\t\t<p>Pour quels \u00e9l\u00e8ves ?<\/p>\t\t\t\t\t\t\t\t<\/div>\n\t\t\t\t<div class=\"elementor-element elementor-element-fa26600 elementor-widget__width-initial elementor-widget elementor-widget-heading\" data-id=\"fa26600\" data-element_type=\"widget\" data-e-type=\"widget\" data-widget_type=\"heading.default\">\n\t\t\t\t\t<h2 class=\"elementor-heading-title elementor-size-default\">Une formule adapt\u00e9e aux \u00e9l\u00e8ves qui ont besoin d\u2019un cadre r\u00e9gulier\n\n<\/h2>\t\t\t\t<\/div>\n\t\t\t\t<\/div>\n\t\t<div class=\"elementor-element elementor-element-4be63bc e-con-full e-flex e-con e-child\" data-id=\"4be63bc\" data-element_type=\"container\" data-e-type=\"container\">\n\t\t\t\t<div class=\"elementor-element elementor-element-e800611 elementor-widget elementor-widget-text-editor\" data-id=\"e800611\" data-element_type=\"widget\" data-e-type=\"widget\" data-widget_type=\"text-editor.default\">\n\t\t\t\t\t\t\t\t\t<p>La classe \u00e0 horaires fixes convient particuli\u00e8rement aux \u00e9l\u00e8ves qui ont besoin d\u2019une organisation stable dans leur journ\u00e9e et d\u2019un cadre scolaire clairement identifi\u00e9.<\/p><p>Elle peut convenir aux \u00e9l\u00e8ves qui souhaitent travailler selon un rythme quotidien d\u00e9fini, b\u00e9n\u00e9ficier de temps d\u2019apprentissage partag\u00e9s avec les enseignants et avancer dans leurs apprentissages dans un environnement structur\u00e9.<\/p><p>Cette formule est souvent particuli\u00e8rement adapt\u00e9e aux \u00e9l\u00e8ves qui ont besoin d\u2019\u00eatre guid\u00e9s dans leur organisation, de rep\u00e8res r\u00e9guliers dans la semaine et d\u2019un cadre de travail qui favorise la concentration et la r\u00e9gularit\u00e9.<\/p>\t\t\t\t\t\t\t\t<\/div>\n\t\t\t\t<\/div>\n\t\t\t\t\t<\/div>\n\t\t\t\t<\/div>\n\t\t<div class=\"elementor-element elementor-element-713f331 e-flex e-con-boxed e-con e-parent\" data-id=\"713f331\" data-element_type=\"container\" data-e-type=\"container\">\n\t\t\t\t\t<div class=\"e-con-inner\">\n\t\t<div class=\"elementor-element elementor-element-224f9ab e-con-full e-flex e-con e-child\" data-id=\"224f9ab\" data-element_type=\"container\" data-e-type=\"container\" data-settings=\"{&quot;background_background&quot;:&quot;classic&quot;}\">\n\t\t<div class=\"elementor-element elementor-element-2e71edf e-con-full e-flex e-con e-child\" data-id=\"2e71edf\" data-element_type=\"container\" data-e-type=\"container\">\n\t\t\t\t<div class=\"elementor-element elementor-element-e10fa14 elementor-widget elementor-widget-text-editor\" data-id=\"e10fa14\" data-element_type=\"widget\" data-e-type=\"widget\" data-widget_type=\"text-editor.default\">\n\t\t\t\t\t\t\t\t\t<p>Organisation de la journ\u00e9e<\/p>\t\t\t\t\t\t\t\t<\/div>\n\t\t\t\t<div class=\"elementor-element elementor-element-2065ef3 elementor-widget__width-initial elementor-widget elementor-widget-heading\" data-id=\"2065ef3\" data-element_type=\"widget\" data-e-type=\"widget\" data-widget_type=\"heading.default\">\n\t\t\t\t\t<h2 class=\"elementor-heading-title elementor-size-default\">Une journ\u00e9e structur\u00e9e par des temps d\u2019apprentissage r\u00e9guliers<\/h2>\t\t\t\t<\/div>\n\t\t\t\t<\/div>\n\t\t\t\t<div class=\"elementor-element elementor-element-ed0b6c1 elementor-absolute elementor-invisible elementor-widget elementor-widget-upstudy-animation\" data-id=\"ed0b6c1\" data-element_type=\"widget\" data-e-type=\"widget\" data-settings=\"{&quot;_position&quot;:&quot;absolute&quot;,&quot;_animation&quot;:&quot;upstudy--slide-left&quot;}\" data-widget_type=\"upstudy-animation.default\">\n\t\t\t\t<div class=\"elementor-widget-container\">\n\t\t\t\t\t<div class=\"upstudy-animation-widget upstudy-animation-display-type-mouse-track upstudy-animation-content-type-color upstudy-mouse-track-item\" id=\"ed0b6c1\"><span data-depth=\"-1\"><span class=\"upstudy-animation-widget-color\"><\/span><\/span><\/div>\t\t\t\t<\/div>\n\t\t\t\t<\/div>\n\t\t\t\t<div class=\"elementor-element elementor-element-0a9c89f elementor-widget__width-initial elementor-widget elementor-widget-text-editor\" data-id=\"0a9c89f\" data-element_type=\"widget\" data-e-type=\"widget\" data-widget_type=\"text-editor.default\">\n\t\t\t\t\t\t\t\t\t<p>La classe \u00e0 horaires fixes repose sur une organisation quotidienne pens\u00e9e pour installer des habitudes de travail solides et accompagner les \u00e9l\u00e8ves tout au long de la journ\u00e9e.<\/p><p>Les \u00e9l\u00e8ves avancent selon un rythme clairement d\u00e9fini, avec des temps d\u2019apprentissage organis\u00e9s, des activit\u00e9s p\u00e9dagogiques vari\u00e9es et des interventions r\u00e9guli\u00e8res des enseignants.<\/p>\t\t\t\t\t\t\t\t<\/div>\n\t\t<div class=\"elementor-element elementor-element-fcea3c3 e-con-full e-flex e-con e-child\" data-id=\"fcea3c3\" data-element_type=\"container\" data-e-type=\"container\">\n\t\t<div class=\"elementor-element elementor-element-a60c73f e-con-full e-flex e-con e-child\" data-id=\"a60c73f\" data-element_type=\"container\" data-e-type=\"container\">\n\t\t\t\t<div class=\"elementor-element elementor-element-312402f elementor-widget__width-initial elementor-widget elementor-widget-heading\" data-id=\"312402f\" data-element_type=\"widget\" data-e-type=\"widget\" data-widget_type=\"heading.default\">\n\t\t\t\t\t<h2 class=\"elementor-heading-title elementor-size-default\">Le rituel du matin<\/h2>\t\t\t\t<\/div>\n\t\t\t\t<div class=\"elementor-element elementor-element-c9a993f elementor-widget elementor-widget-text-editor\" data-id=\"c9a993f\" data-element_type=\"widget\" data-e-type=\"widget\" data-widget_type=\"text-editor.default\">\n\t\t\t\t\t\t\t\t\t<p>Pour les \u00e9l\u00e8ves inscrits dans cette formule, la journ\u00e9e commence \u00e0\u00a08h15\u00a0par un temps de travail structur\u00e9 avec un enseignant.<\/p><p>Ce temps de d\u00e9but de journ\u00e9e comprend :<\/p><ul><li>un travail sur la plateforme\u00a0Projet Voltaire<\/li><li>une\u00a0dict\u00e9e quotidienne\u00a0adapt\u00e9e au niveau des \u00e9l\u00e8ves, suivie d\u2019une correction<\/li><li>un\u00a0rituel de m\u00e9morisation active, permettant de r\u00e9activer les notions d\u00e9j\u00e0 \u00e9tudi\u00e9es.<\/li><\/ul><p>Ces rituels permettent d\u2019installer un cadre de travail r\u00e9gulier, de renforcer les automatismes et de consolider les apprentissages dans la dur\u00e9e.<\/p>\t\t\t\t\t\t\t\t<\/div>\n\t\t\t\t<\/div>\n\t\t<div class=\"elementor-element elementor-element-4226c69 e-con-full e-flex e-con e-child\" data-id=\"4226c69\" data-element_type=\"container\" data-e-type=\"container\">\n\t\t\t\t<div class=\"elementor-element elementor-element-bea44db elementor-widget__width-initial elementor-widget elementor-widget-heading\" data-id=\"bea44db\" data-element_type=\"widget\" data-e-type=\"widget\" data-widget_type=\"heading.default\">\n\t\t\t\t\t<h2 class=\"elementor-heading-title elementor-size-default\">Les cours de la matin\u00e9e<\/h2>\t\t\t\t<\/div>\n\t\t\t\t<div class=\"elementor-element elementor-element-bae5fa7 elementor-widget elementor-widget-text-editor\" data-id=\"bae5fa7\" data-element_type=\"widget\" data-e-type=\"widget\" data-widget_type=\"text-editor.default\">\n\t\t\t\t\t\t\t\t\t<p>\u00c0 partir de\u00a09h00, les \u00e9l\u00e8ves poursuivent leur matin\u00e9e avec les enseignements pr\u00e9vus dans leur emploi du temps.<\/p><p>Les temps d\u2019apprentissage ne reposent pas uniquement sur des explications en direct : ils alternent plusieurs modalit\u00e9s de travail, afin de maintenir l\u2019attention des \u00e9l\u00e8ves et de favoriser une participation active.<\/p><p>Selon les mati\u00e8res et les s\u00e9quences, les \u00e9l\u00e8ves peuvent ainsi :<\/p><ul><li>\u00e9couter les explications de l\u2019enseignant<\/li><li>r\u00e9aliser des activit\u00e9s guid\u00e9es<\/li><li>s\u2019entra\u00eener \u00e0 travers des exercices<\/li><li>produire un travail personnel<\/li><li>revenir avec l\u2019enseignant sur les corrections et les points de difficult\u00e9.<\/li><\/ul>\t\t\t\t\t\t\t\t<\/div>\n\t\t\t\t<\/div>\n\t\t\t\t<\/div>\n\t\t<div class=\"elementor-element elementor-element-e0adbd9 e-con-full e-flex e-con e-child\" data-id=\"e0adbd9\" data-element_type=\"container\" data-e-type=\"container\">\n\t\t\t\t<div class=\"elementor-element elementor-element-8fb937d elementor-widget elementor-widget-text-editor\" data-id=\"8fb937d\" data-element_type=\"widget\" data-e-type=\"widget\" data-widget_type=\"text-editor.default\">\n\t\t\t\t\t\t\t\t\t<p>Cette organisation permet de varier les rythmes et de construire les apprentissages de mani\u00e8re progressive.<\/p>\t\t\t\t\t\t\t\t<\/div>\n\t\t\t\t<\/div>\n\t\t\t\t<div class=\"elementor-element elementor-element-07a8788 elementor-absolute elementor-invisible elementor-widget elementor-widget-upstudy-animation\" data-id=\"07a8788\" data-element_type=\"widget\" data-e-type=\"widget\" data-settings=\"{&quot;_position&quot;:&quot;absolute&quot;,&quot;_animation&quot;:&quot;upstudy--slide-left&quot;}\" data-widget_type=\"upstudy-animation.default\">\n\t\t\t\t<div class=\"elementor-widget-container\">\n\t\t\t\t\t<div class=\"upstudy-animation-widget upstudy-animation-display-type-mouse-track upstudy-animation-content-type-image upstudy-mouse-track-item\" id=\"07a8788\"><span data-depth=\"1\"><img decoding=\"async\" src=\"https:\/\/adekoite-preprod.fr\/cneel\/wp-content\/uploads\/2025\/06\/UPST004529.png\" alt=\"UPST004529\"><\/span><\/div>\t\t\t\t<\/div>\n\t\t\t\t<\/div>\n\t\t\t\t<\/div>\n\t\t\t\t\t<\/div>\n\t\t\t\t<\/div>\n\t\t<div class=\"elementor-element elementor-element-eb448d4 e-flex e-con-boxed e-con e-parent\" data-id=\"eb448d4\" data-element_type=\"container\" data-e-type=\"container\">\n\t\t\t\t\t<div class=\"e-con-inner\">\n\t\t<div class=\"elementor-element elementor-element-2cb50ec e-con-full e-flex e-con e-child\" data-id=\"2cb50ec\" data-element_type=\"container\" data-e-type=\"container\">\n\t\t\t\t<div class=\"elementor-element elementor-element-0e514a9 elementor-widget elementor-widget-text-editor\" data-id=\"0e514a9\" data-element_type=\"widget\" data-e-type=\"widget\" data-widget_type=\"text-editor.default\">\n\t\t\t\t\t\t\t\t\t<p>Accompagnement p\u00e9dagogique<\/p>\t\t\t\t\t\t\t\t<\/div>\n\t\t\t\t<div class=\"elementor-element elementor-element-3dfdbac elementor-widget__width-initial elementor-widget elementor-widget-heading\" data-id=\"3dfdbac\" data-element_type=\"widget\" data-e-type=\"widget\" data-widget_type=\"heading.default\">\n\t\t\t\t\t<h2 class=\"elementor-heading-title elementor-size-default\">Des enseignants pr\u00e9sents \u00e0 diff\u00e9rents moments de la journ\u00e9e<\/h2>\t\t\t\t<\/div>\n\t\t\t\t<div class=\"elementor-element elementor-element-951a671 elementor-widget elementor-widget-text-editor\" data-id=\"951a671\" data-element_type=\"widget\" data-e-type=\"widget\" data-widget_type=\"text-editor.default\">\n\t\t\t\t\t\t\t\t\t<p>Dans la classe \u00e0 horaires fixes, les enseignants interviennent r\u00e9guli\u00e8rement au cours de la journ\u00e9e pour expliquer les notions, guider le travail des \u00e9l\u00e8ves, corriger les exercices et r\u00e9pondre aux questions.<\/p><p>Les temps d\u2019apprentissage ne sont donc pas con\u00e7us comme une succession de cours magistraux, mais comme une alternance entre interventions de l\u2019enseignant, activit\u00e9s p\u00e9dagogiques et temps de travail personnel.<\/p><p>Cette pr\u00e9sence r\u00e9guli\u00e8re permet aux \u00e9l\u00e8ves de rester accompagn\u00e9s dans leurs apprentissages, de mieux comprendre les attentes et de progresser dans un cadre p\u00e9dagogique structur\u00e9.<\/p>\t\t\t\t\t\t\t\t<\/div>\n\t\t\t\t<\/div>\n\t\t<div class=\"elementor-element elementor-element-18bdd9b e-con-full e-flex e-con e-child\" data-id=\"18bdd9b\" data-element_type=\"container\" data-e-type=\"container\">\n\t\t\t\t<div class=\"elementor-element elementor-element-8ddf3d7 elementor-widget elementor-widget-image\" data-id=\"8ddf3d7\" data-element_type=\"widget\" data-e-type=\"widget\" data-widget_type=\"image.default\">\n\t\t\t\t\t\t\t\t\t\t\t\t\t\t\t<img fetchpriority=\"high\" decoding=\"async\" width=\"640\" height=\"409\" src=\"https:\/\/adekoite-preprod.fr\/cneel\/wp-content\/uploads\/2026\/04\/enseignants.webp\" class=\"attachment-large size-large wp-image-18164\" alt=\"Enseignants au cneel\" srcset=\"https:\/\/adekoite-preprod.fr\/cneel\/wp-content\/uploads\/2026\/04\/enseignants.webp 800w, https:\/\/adekoite-preprod.fr\/cneel\/wp-content\/uploads\/2026\/04\/enseignants-300x192.webp 300w, https:\/\/adekoite-preprod.fr\/cneel\/wp-content\/uploads\/2026\/04\/enseignants-768x491.webp 768w\" sizes=\"(max-width: 640px) 100vw, 640px\" \/>\t\t\t\t\t\t\t\t\t\t\t\t\t\t\t<\/div>\n\t\t\t\t<div class=\"elementor-element elementor-element-240e7dc elementor-widget__width-initial elementor-absolute elementor-widget elementor-widget-image\" data-id=\"240e7dc\" data-element_type=\"widget\" data-e-type=\"widget\" data-settings=\"{&quot;_position&quot;:&quot;absolute&quot;}\" data-widget_type=\"image.default\">\n\t\t\t\t\t\t\t\t\t\t\t\t\t\t\t<img decoding=\"async\" width=\"200\" height=\"214\" src=\"https:\/\/adekoite-preprod.fr\/cneel\/wp-content\/uploads\/2026\/03\/logo_cneel.png\" class=\"attachment-large size-large wp-image-17391\" alt=\"Logo Cneel\" \/>\t\t\t\t\t\t\t\t\t\t\t\t\t\t\t<\/div>\n\t\t\t\t<\/div>\n\t\t\t\t\t<\/div>\n\t\t\t\t<\/div>\n\t\t<div class=\"elementor-element elementor-element-c160eea e-flex e-con-boxed e-con e-parent\" data-id=\"c160eea\" data-element_type=\"container\" data-e-type=\"container\">\n\t\t\t\t\t<div class=\"e-con-inner\">\n\t\t<div class=\"elementor-element elementor-element-1522fe4 e-con-full e-flex e-con e-child\" data-id=\"1522fe4\" data-element_type=\"container\" data-e-type=\"container\">\n\t\t\t\t<div class=\"elementor-element elementor-element-e211d2c elementor-widget elementor-widget-text-editor\" data-id=\"e211d2c\" data-element_type=\"widget\" data-e-type=\"widget\" data-widget_type=\"text-editor.default\">\n\t\t\t\t\t\t\t\t\t<p>Suivi du travail<\/p>\t\t\t\t\t\t\t\t<\/div>\n\t\t\t\t<div class=\"elementor-element elementor-element-e45b96a elementor-widget__width-initial elementor-widget elementor-widget-heading\" data-id=\"e45b96a\" data-element_type=\"widget\" data-e-type=\"widget\" data-widget_type=\"heading.default\">\n\t\t\t\t\t<h2 class=\"elementor-heading-title elementor-size-default\">Suivi du travail<\/h2>\t\t\t\t<\/div>\n\t\t\t\t<\/div>\n\t\t<div class=\"elementor-element elementor-element-d7f7a68 e-con-full e-flex e-con e-child\" data-id=\"d7f7a68\" data-element_type=\"container\" data-e-type=\"container\">\n\t\t\t\t<div class=\"elementor-element elementor-element-e87bf01 elementor-widget elementor-widget-text-editor\" data-id=\"e87bf01\" data-element_type=\"widget\" data-e-type=\"widget\" data-widget_type=\"text-editor.default\">\n\t\t\t\t\t\t\t\t\t<p>La classe \u00e0 horaires fixes s\u2019appuie sur une progression r\u00e9guli\u00e8re des apprentissages, \u00e0 travers le travail quotidien des \u00e9l\u00e8ves, les devoirs et les \u00e9valuations.<\/p>\t\t\t\t\t\t\t\t<\/div>\n\t\t\t\t<\/div>\n\t\t\t\t\t<\/div>\n\t\t\t\t<\/div>\n\t\t<div class=\"elementor-element elementor-element-7c4d97d e-flex e-con-boxed e-con e-child\" data-id=\"7c4d97d\" data-element_type=\"container\" data-e-type=\"container\">\n\t\t\t\t\t<div class=\"e-con-inner\">\n\t\t<div class=\"elementor-element elementor-element-2b7053c e-con-full e-flex e-con e-child\" data-id=\"2b7053c\" data-element_type=\"container\" data-e-type=\"container\">\n\t\t\t\t<div class=\"elementor-element elementor-element-3691227 elementor-widget__width-initial elementor-widget elementor-widget-heading\" data-id=\"3691227\" data-element_type=\"widget\" data-e-type=\"widget\" data-widget_type=\"heading.default\">\n\t\t\t\t\t<h3 class=\"elementor-heading-title elementor-size-default\">Les devoirs<\/h3>\t\t\t\t<\/div>\n\t\t\t\t<div class=\"elementor-element elementor-element-7a59dca elementor-widget-divider--view-line elementor-widget elementor-widget-divider\" data-id=\"7a59dca\" data-element_type=\"widget\" data-e-type=\"widget\" data-widget_type=\"divider.default\">\n\t\t\t\t\t\t\t<div class=\"elementor-divider\">\n\t\t\t<span class=\"elementor-divider-separator\">\n\t\t\t\t\t\t<\/span>\n\t\t<\/div>\n\t\t\t\t\t\t<\/div>\n\t\t\t\t<div class=\"elementor-element elementor-element-8fc2072 elementor-widget elementor-widget-text-editor\" data-id=\"8fc2072\" data-element_type=\"widget\" data-e-type=\"widget\" data-widget_type=\"text-editor.default\">\n\t\t\t\t\t\t\t\t\t<p>En compl\u00e9ment des temps d\u2019apprentissage organis\u00e9s dans la journ\u00e9e, les \u00e9l\u00e8ves r\u00e9alisent un travail personnel r\u00e9gulier.<\/p><p>Il faut compter en moyenne\u00a0environ une heure de devoirs par jour, selon le niveau et les p\u00e9riodes de l\u2019ann\u00e9e.<\/p><p>Ce travail permet de consolider les notions \u00e9tudi\u00e9es, de d\u00e9velopper l\u2019autonomie et d\u2019ancrer les habitudes de travail n\u00e9cessaires \u00e0 la r\u00e9ussite scolaire.<\/p>\t\t\t\t\t\t\t\t<\/div>\n\t\t\t\t<\/div>\n\t\t<div class=\"elementor-element elementor-element-67ead7a e-con-full e-flex e-con e-child\" data-id=\"67ead7a\" data-element_type=\"container\" data-e-type=\"container\">\n\t\t\t\t<div class=\"elementor-element elementor-element-2bb0a06 elementor-widget__width-initial elementor-widget elementor-widget-heading\" data-id=\"2bb0a06\" data-element_type=\"widget\" data-e-type=\"widget\" data-widget_type=\"heading.default\">\n\t\t\t\t\t<h3 class=\"elementor-heading-title elementor-size-default\">Les \u00e9valuations<\/h3>\t\t\t\t<\/div>\n\t\t\t\t<div class=\"elementor-element elementor-element-a130881 elementor-widget-divider--view-line elementor-widget elementor-widget-divider\" data-id=\"a130881\" data-element_type=\"widget\" data-e-type=\"widget\" data-widget_type=\"divider.default\">\n\t\t\t\t\t\t\t<div class=\"elementor-divider\">\n\t\t\t<span class=\"elementor-divider-separator\">\n\t\t\t\t\t\t<\/span>\n\t\t<\/div>\n\t\t\t\t\t\t<\/div>\n\t\t\t\t<div class=\"elementor-element elementor-element-7548f92 elementor-widget elementor-widget-text-editor\" data-id=\"7548f92\" data-element_type=\"widget\" data-e-type=\"widget\" data-widget_type=\"text-editor.default\">\n\t\t\t\t\t\t\t\t\t<p>Les \u00e9l\u00e8ves r\u00e9alisent en moyenne deux \u00e9valuations par semaine.<\/p><p>Les devoirs :<\/p><ul><li>sont annonc\u00e9s \u00e0 l\u2019avance<\/li><li>pr\u00e9cisent la mati\u00e8re concern\u00e9e<\/li><li>indiquent le chapitre \u00e9valu\u00e9<\/li><li>sont r\u00e9alis\u00e9s sur une\u00a0plateforme s\u00e9curis\u00e9e.<\/li><\/ul>\t\t\t\t\t\t\t\t<\/div>\n\t\t\t\t<\/div>\n\t\t\t\t\t<\/div>\n\t\t\t\t<\/div>\n\t\t<div class=\"elementor-element elementor-element-16dd9ba e-flex e-con-boxed e-con e-child\" data-id=\"16dd9ba\" data-element_type=\"container\" data-e-type=\"container\" data-settings=\"{&quot;background_background&quot;:&quot;classic&quot;}\">\n\t\t\t\t\t<div class=\"e-con-inner\">\n\t\t\t\t<div class=\"elementor-element elementor-element-27e1f76 elementor-widget elementor-widget-text-editor\" data-id=\"27e1f76\" data-element_type=\"widget\" data-e-type=\"widget\" data-widget_type=\"text-editor.default\">\n\t\t\t\t\t\t\t\t\t<p>Les \u00e9l\u00e8ves disposent d\u2019un d\u00e9lai d\u00e9fini pour se connecter \u00e0 la plateforme et effectuer leur travail.<\/p><p>Ce fonctionnement permet d\u2019installer un cadre scolaire clair et de suivre r\u00e9guli\u00e8rement la progression des \u00e9l\u00e8ves.<\/p>\t\t\t\t\t\t\t\t<\/div>\n\t\t\t\t\t<\/div>\n\t\t\t\t<\/div>\n\t\t<div class=\"elementor-element elementor-element-9b8e83f e-flex e-con-boxed e-con e-parent\" data-id=\"9b8e83f\" data-element_type=\"container\" data-e-type=\"container\">\n\t\t\t\t\t<div class=\"e-con-inner\">\n\t\t<div class=\"elementor-element elementor-element-9e3d323 e-con-full e-flex e-con e-child\" data-id=\"9e3d323\" data-element_type=\"container\" data-e-type=\"container\">\n\t\t\t\t<div class=\"elementor-element elementor-element-93cb86e elementor-widget elementor-widget-image\" data-id=\"93cb86e\" data-element_type=\"widget\" data-e-type=\"widget\" data-widget_type=\"image.default\">\n\t\t\t\t\t\t\t\t\t\t\t\t\t\t\t<img decoding=\"async\" width=\"640\" height=\"426\" src=\"https:\/\/adekoite-preprod.fr\/cneel\/wp-content\/uploads\/2026\/04\/complement-du-temps-sco.webp\" class=\"attachment-large size-large wp-image-18183\" alt=\"\" srcset=\"https:\/\/adekoite-preprod.fr\/cneel\/wp-content\/uploads\/2026\/04\/complement-du-temps-sco.webp 800w, https:\/\/adekoite-preprod.fr\/cneel\/wp-content\/uploads\/2026\/04\/complement-du-temps-sco-300x200.webp 300w, https:\/\/adekoite-preprod.fr\/cneel\/wp-content\/uploads\/2026\/04\/complement-du-temps-sco-768x512.webp 768w\" sizes=\"(max-width: 640px) 100vw, 640px\" \/>\t\t\t\t\t\t\t\t\t\t\t\t\t\t\t<\/div>\n\t\t\t\t<\/div>\n\t\t<div class=\"elementor-element elementor-element-d7082fc e-con-full e-flex e-con e-child\" data-id=\"d7082fc\" data-element_type=\"container\" data-e-type=\"container\">\n\t\t\t\t<div class=\"elementor-element elementor-element-8e7a17e elementor-widget elementor-widget-text-editor\" data-id=\"8e7a17e\" data-element_type=\"widget\" data-e-type=\"widget\" data-widget_type=\"text-editor.default\">\n\t\t\t\t\t\t\t\t\t<p>En compl\u00e9ment du temps scolaire<\/p>\t\t\t\t\t\t\t\t<\/div>\n\t\t\t\t<div class=\"elementor-element elementor-element-dc259e3 elementor-widget__width-initial elementor-widget elementor-widget-heading\" data-id=\"dc259e3\" data-element_type=\"widget\" data-e-type=\"widget\" data-widget_type=\"heading.default\">\n\t\t\t\t\t<h3 class=\"elementor-heading-title elementor-size-default\">Des temps d\u2019\u00e9tude et des activit\u00e9s compl\u00e9mentaires<\/h3>\t\t\t\t<\/div>\n\t\t\t\t<div class=\"elementor-element elementor-element-7c269cf elementor-widget elementor-widget-text-editor\" data-id=\"7c269cf\" data-element_type=\"widget\" data-e-type=\"widget\" data-widget_type=\"text-editor.default\">\n\t\t\t\t\t\t\t\t\t<p>En fin de journ\u00e9e, des\u00a0\u00e9tudes encadr\u00e9es\u00a0peuvent \u00eatre propos\u00e9es afin d\u2019aider les \u00e9l\u00e8ves \u00e0 organiser leur travail et \u00e0 approfondir certaines notions.<\/p><p>Ces \u00e9tudes prennent la forme d\u2019un\u00a0tutorat anim\u00e9 par des \u00e9l\u00e8ves de terminale, qui accompagnent les coll\u00e9giens et les lyc\u00e9ens dans leur organisation, la compr\u00e9hension des consignes ou certains exercices.<\/p><p>L\u2019\u00e9tablissement peut \u00e9galement proposer, selon les p\u00e9riodes de l\u2019ann\u00e9e, diff\u00e9rentes\u00a0activit\u00e9s facultatives en compl\u00e9ment du temps scolaire, comme :<\/p><ul><li>des clubs th\u00e9matiques<\/li><li>des ateliers<\/li><li>un accompagnement \u00e0 l\u2019orientation<\/li><li>des activit\u00e9s artistiques ou culturelles, comme un atelier de th\u00e9\u00e2tre en anglais.<\/li><\/ul><p>Certaines de ces activit\u00e9s peuvent faire l\u2019objet d\u2019une participation sp\u00e9cifique.<\/p>\t\t\t\t\t\t\t\t<\/div>\n\t\t\t\t<\/div>\n\t\t\t\t\t<\/div>\n\t\t\t\t<\/div>\n\t\t<div class=\"elementor-element elementor-element-8063b65 e-flex e-con-boxed e-con e-parent\" data-id=\"8063b65\" data-element_type=\"container\" data-e-type=\"container\" data-settings=\"{&quot;background_background&quot;:&quot;classic&quot;}\">\n\t\t\t\t\t<div class=\"e-con-inner\">\n\t\t\t\t<div class=\"elementor-element elementor-element-48fa4e8 elementor-widget elementor-widget-text-editor\" data-id=\"48fa4e8\" data-element_type=\"widget\" data-e-type=\"widget\" data-widget_type=\"text-editor.default\">\n\t\t\t\t\t\t\t\t\t<p>Pourquoi choisir cette formule ?<\/p>\t\t\t\t\t\t\t\t<\/div>\n\t\t\t\t<div class=\"elementor-element elementor-element-668b4de elementor-widget__width-initial elementor-widget elementor-widget-heading\" data-id=\"668b4de\" data-element_type=\"widget\" data-e-type=\"widget\" data-widget_type=\"heading.default\">\n\t\t\t\t\t<h2 class=\"elementor-heading-title elementor-size-default\">Un cadre clair pour apprendre, progresser et gagner en autonomie<\/h2>\t\t\t\t<\/div>\n\t\t\t\t<div class=\"elementor-element elementor-element-3b01fe7 elementor-widget__width-initial elementor-widget elementor-widget-text-editor\" data-id=\"3b01fe7\" data-element_type=\"widget\" data-e-type=\"widget\" data-widget_type=\"text-editor.default\">\n\t\t\t\t\t\t\t\t\t<p>La classe \u00e0 horaires fixes permet aux \u00e9l\u00e8ves de suivre leur scolarit\u00e9 dans un cadre r\u00e9gulier,<\/p><p>Elle repose sur une id\u00e9e simple : offrir un rythme scolaire structur\u00e9 tout en tenant compte des besoins de l\u2019enseignement \u00e0 distance.<\/p>\t\t\t\t\t\t\t\t<\/div>\n\t\t\t\t\t<\/div>\n\t\t\t\t<\/div>\n\t\t<div class=\"elementor-element elementor-element-638e3b8 e-flex e-con-boxed e-con e-parent\" data-id=\"638e3b8\" data-element_type=\"container\" data-e-type=\"container\" data-settings=\"{&quot;background_background&quot;:&quot;classic&quot;}\">\n\t\t\t\t\t<div class=\"e-con-inner\">\n\t\t<div class=\"elementor-element elementor-element-2f764f1 e-con-full e-flex e-con e-child\" data-id=\"2f764f1\" data-element_type=\"container\" data-e-type=\"container\">\n\t\t\t\t<div class=\"elementor-element elementor-element-830ecc4 elementor-view-default elementor-position-top elementor-vertical-align-top elementor-widget elementor-widget-upstudy-custom-icon\" data-id=\"830ecc4\" data-element_type=\"widget\" data-e-type=\"widget\" data-widget_type=\"upstudy-custom-icon.default\">\n\t\t\t\t<div class=\"elementor-widget-container\">\n\t\t\t\t\t        <div class=\"upstudy-custom-icon elementor-icon-box-wrapper shape-image type-icon\">\n                        <div class=\"elementor-icon-box-icon\">\n                <span class=\"elementor-icon elementor-animation-\" >\n\n                \n                        \n                               <svg aria-hidden=\"true\" class=\"e-font-icon-svg e-far-clock\" viewBox=\"0 0 512 512\" xmlns=\"http:\/\/www.w3.org\/2000\/svg\"><path d=\"M256 8C119 8 8 119 8 256s111 248 248 248 248-111 248-248S393 8 256 8zm0 448c-110.5 0-200-89.5-200-200S145.5 56 256 56s200 89.5 200 200-89.5 200-200 200zm61.8-104.4l-84.9-61.7c-3.1-2.3-4.9-5.9-4.9-9.7V116c0-6.6 5.4-12 12-12h32c6.6 0 12 5.4 12 12v141.7l66.8 48.6c5.4 3.9 6.5 11.4 2.6 16.8L334.6 349c-3.9 5.3-11.4 6.5-16.8 2.6z\"><\/path><\/svg>\n                <\/span>\n            <\/div>\n                        <div class=\"elementor-icon-box-content\">\n                <h3 class=\"elementor-icon-box-title\">\n                    <span  >\n                        Un rythme scolaire r\u00e9gulier                    <\/span>\n                <\/h3>\n                                    <p class=\"elementor-icon-box-description\">\n                        Les \u00e9l\u00e8ves avancent dans leur journ\u00e9e selon une organisation claire, avec des rep\u00e8res stables et des temps de travail d\u00e9finis.                    <\/p>\n                            <\/div>\n        <\/div>\n        \t\t\t\t<\/div>\n\t\t\t\t<\/div>\n\t\t\t\t<\/div>\n\t\t<div class=\"elementor-element elementor-element-9eb6835 e-con-full e-flex e-con e-child\" data-id=\"9eb6835\" data-element_type=\"container\" data-e-type=\"container\">\n\t\t\t\t<div class=\"elementor-element elementor-element-198c7a0 elementor-view-default elementor-position-top elementor-vertical-align-top elementor-widget elementor-widget-upstudy-custom-icon\" data-id=\"198c7a0\" data-element_type=\"widget\" data-e-type=\"widget\" data-widget_type=\"upstudy-custom-icon.default\">\n\t\t\t\t<div class=\"elementor-widget-container\">\n\t\t\t\t\t        <div class=\"upstudy-custom-icon elementor-icon-box-wrapper shape-image type-icon\">\n                        <div class=\"elementor-icon-box-icon\">\n                <span class=\"elementor-icon elementor-animation-\" >\n\n                \n                        \n                               <svg aria-hidden=\"true\" class=\"e-font-icon-svg e-fas-chalkboard-teacher\" viewBox=\"0 0 640 512\" xmlns=\"http:\/\/www.w3.org\/2000\/svg\"><path d=\"M208 352c-2.39 0-4.78.35-7.06 1.09C187.98 357.3 174.35 360 160 360c-14.35 0-27.98-2.7-40.95-6.91-2.28-.74-4.66-1.09-7.05-1.09C49.94 352-.33 402.48 0 464.62.14 490.88 21.73 512 48 512h224c26.27 0 47.86-21.12 48-47.38.33-62.14-49.94-112.62-112-112.62zm-48-32c53.02 0 96-42.98 96-96s-42.98-96-96-96-96 42.98-96 96 42.98 96 96 96zM592 0H208c-26.47 0-48 22.25-48 49.59V96c23.42 0 45.1 6.78 64 17.8V64h352v288h-64v-64H384v64h-76.24c19.1 16.69 33.12 38.73 39.69 64H592c26.47 0 48-22.25 48-49.59V49.59C640 22.25 618.47 0 592 0z\"><\/path><\/svg>\n                <\/span>\n            <\/div>\n                        <div class=\"elementor-icon-box-content\">\n                <h3 class=\"elementor-icon-box-title\">\n                    <span  >\n                        Des interventions r\u00e9guli\u00e8res des enseignants                    <\/span>\n                <\/h3>\n                                    <p class=\"elementor-icon-box-description\">\n                        Les enseignants expliquent, corrigent, accompagnent et restent pr\u00e9sents \u00e0 diff\u00e9rents moments de la journ\u00e9e.                    <\/p>\n                            <\/div>\n        <\/div>\n        \t\t\t\t<\/div>\n\t\t\t\t<\/div>\n\t\t\t\t<\/div>\n\t\t<div class=\"elementor-element elementor-element-10d7c36 e-con-full e-flex e-con e-child\" data-id=\"10d7c36\" data-element_type=\"container\" data-e-type=\"container\">\n\t\t\t\t<div class=\"elementor-element elementor-element-5dd714e elementor-view-default elementor-position-top elementor-vertical-align-top elementor-widget elementor-widget-upstudy-custom-icon\" data-id=\"5dd714e\" data-element_type=\"widget\" data-e-type=\"widget\" data-widget_type=\"upstudy-custom-icon.default\">\n\t\t\t\t<div class=\"elementor-widget-container\">\n\t\t\t\t\t        <div class=\"upstudy-custom-icon elementor-icon-box-wrapper shape-image type-icon\">\n                        <div class=\"elementor-icon-box-icon\">\n                <span class=\"elementor-icon elementor-animation-\" >\n\n                \n                        \n                               <i aria-hidden=\"true\" class=\"upstudy dt-icon-homework\"><\/i>\n                <\/span>\n            <\/div>\n                        <div class=\"elementor-icon-box-content\">\n                <h3 class=\"elementor-icon-box-title\">\n                    <span  >\n                        Des habitudes de travail solides                    <\/span>\n                <\/h3>\n                                    <p class=\"elementor-icon-box-description\">\n                        Les rituels du matin, les devoirs et les \u00e9valuations r\u00e9guli\u00e8res permettent de construire des m\u00e9thodes de travail durables.                    <\/p>\n                            <\/div>\n        <\/div>\n        \t\t\t\t<\/div>\n\t\t\t\t<\/div>\n\t\t\t\t<\/div>\n\t\t<div class=\"elementor-element elementor-element-381fda3 e-con-full e-flex e-con e-child\" data-id=\"381fda3\" data-element_type=\"container\" data-e-type=\"container\">\n\t\t\t\t<div class=\"elementor-element elementor-element-a948fe6 elementor-view-default elementor-position-top elementor-vertical-align-top elementor-widget elementor-widget-upstudy-custom-icon\" data-id=\"a948fe6\" data-element_type=\"widget\" data-e-type=\"widget\" data-widget_type=\"upstudy-custom-icon.default\">\n\t\t\t\t<div class=\"elementor-widget-container\">\n\t\t\t\t\t        <div class=\"upstudy-custom-icon elementor-icon-box-wrapper shape-image type-icon\">\n                        <div class=\"elementor-icon-box-icon\">\n                <span class=\"elementor-icon elementor-animation-\" >\n\n                \n                        \n                               <i aria-hidden=\"true\" class=\"upstudy dt-icon-learn\"><\/i>\n                <\/span>\n            <\/div>\n                        <div class=\"elementor-icon-box-content\">\n                <h3 class=\"elementor-icon-box-title\">\n                    <span  >\n                        Une autonomie qui se d\u00e9veloppe progressivement                    <\/span>\n                <\/h3>\n                                    <p class=\"elementor-icon-box-description\">\n                        Les \u00e9l\u00e8ves apprennent \u00e0 s\u2019organiser, \u00e0 travailler avec m\u00e9thode et \u00e0 gagner en assurance dans leurs apprentissages.                    <\/p>\n                            <\/div>\n        <\/div>\n        \t\t\t\t<\/div>\n\t\t\t\t<\/div>\n\t\t\t\t<\/div>\n\t\t\t\t\t<\/div>\n\t\t\t\t<\/div>\n\t\t<div class=\"elementor-element elementor-element-b2eab68 e-flex e-con-boxed e-con e-parent\" data-id=\"b2eab68\" data-element_type=\"container\" data-e-type=\"container\">\n\t\t\t\t\t<div class=\"e-con-inner\">\n\t\t<div class=\"elementor-element elementor-element-75311fd e-con-full e-flex e-con e-child\" data-id=\"75311fd\" data-element_type=\"container\" data-e-type=\"container\">\n\t\t\t\t<div class=\"elementor-element elementor-element-7ac728a elementor-widget elementor-widget-text-editor\" data-id=\"7ac728a\" data-element_type=\"widget\" data-e-type=\"widget\" data-widget_type=\"text-editor.default\">\n\t\t\t\t\t\t\t\t\t<p>Une formule structur\u00e9e<\/p>\t\t\t\t\t\t\t\t<\/div>\n\t\t\t\t<div class=\"elementor-element elementor-element-245ebec elementor-widget__width-initial elementor-widget elementor-widget-heading\" data-id=\"245ebec\" data-element_type=\"widget\" data-e-type=\"widget\" data-widget_type=\"heading.default\">\n\t\t\t\t\t<h3 class=\"elementor-heading-title elementor-size-default\">Une organisation pens\u00e9e pour les \u00e9l\u00e8ves qui ont besoin d\u2019un cadre scolaire stable<\/h3>\t\t\t\t<\/div>\n\t\t\t\t<div class=\"elementor-element elementor-element-4c1ed33 elementor-widget elementor-widget-text-editor\" data-id=\"4c1ed33\" data-element_type=\"widget\" data-e-type=\"widget\" data-widget_type=\"text-editor.default\">\n\t\t\t\t\t\t\t\t\t<p>La classe \u00e0 horaires fixes permet de suivre une scolarit\u00e9 dans un cadre clairement organis\u00e9, avec des temps d\u2019apprentissage structur\u00e9s, des interventions r\u00e9guli\u00e8res des enseignants et un suivi p\u00e9dagogique attentif.<\/p><p>Cette formule s\u2019adresse aux \u00e9l\u00e8ves qui ont besoin d\u2019un rythme scolaire stable pour apprendre avec m\u00e9thode, progresser avec confiance et d\u00e9velopper progressivement leur autonomie.<\/p>\t\t\t\t\t\t\t\t<\/div>\n\t\t\t\t<\/div>\n\t\t<div class=\"elementor-element elementor-element-cb7b542 e-con-full e-flex e-con e-child\" data-id=\"cb7b542\" data-element_type=\"container\" data-e-type=\"container\">\n\t\t\t\t<div class=\"elementor-element elementor-element-fa9612f elementor-widget elementor-widget-image\" data-id=\"fa9612f\" data-element_type=\"widget\" data-e-type=\"widget\" data-widget_type=\"image.default\">\n\t\t\t\t\t\t\t\t\t\t\t\t\t\t\t<img loading=\"lazy\" decoding=\"async\" width=\"640\" height=\"426\" src=\"https:\/\/adekoite-preprod.fr\/cneel\/wp-content\/uploads\/2026\/04\/organisation.webp\" class=\"attachment-large size-large wp-image-18184\" alt=\"Organisation des cours \u00e0 distance\" srcset=\"https:\/\/adekoite-preprod.fr\/cneel\/wp-content\/uploads\/2026\/04\/organisation.webp 800w, https:\/\/adekoite-preprod.fr\/cneel\/wp-content\/uploads\/2026\/04\/organisation-300x200.webp 300w, https:\/\/adekoite-preprod.fr\/cneel\/wp-content\/uploads\/2026\/04\/organisation-768x512.webp 768w\" sizes=\"(max-width: 640px) 100vw, 640px\" \/>\t\t\t\t\t\t\t\t\t\t\t\t\t\t\t<\/div>\n\t\t\t\t<div class=\"elementor-element elementor-element-595e2db elementor-widget__width-initial elementor-absolute elementor-widget elementor-widget-image\" data-id=\"595e2db\" data-element_type=\"widget\" data-e-type=\"widget\" data-settings=\"{&quot;_position&quot;:&quot;absolute&quot;}\" data-widget_type=\"image.default\">\n\t\t\t\t\t\t\t\t\t\t\t\t\t\t\t<img decoding=\"async\" width=\"200\" height=\"214\" src=\"https:\/\/adekoite-preprod.fr\/cneel\/wp-content\/uploads\/2026\/03\/logo_cneel.png\" class=\"attachment-large size-large wp-image-17391\" alt=\"Logo Cneel\" \/>\t\t\t\t\t\t\t\t\t\t\t\t\t\t\t<\/div>\n\t\t\t\t<\/div>\n\t\t\t\t\t<\/div>\n\t\t\t\t<\/div>\n\t\t<div class=\"elementor-element elementor-element-4caef9c e-flex e-con-boxed e-con e-parent\" data-id=\"4caef9c\" data-element_type=\"container\" data-e-type=\"container\">\n\t\t\t\t\t<div class=\"e-con-inner\">\n\t\t\t\t<div class=\"elementor-element elementor-element-126e467 elementor-widget elementor-widget-menu-anchor\" data-id=\"126e467\" data-element_type=\"widget\" data-e-type=\"widget\" data-widget_type=\"menu-anchor.default\">\n\t\t\t\t\t\t\t<div class=\"elementor-menu-anchor\" id=\"contactez-nous\"><\/div>\n\t\t\t\t\t\t<\/div>\n\t\t\t\t\t<\/div>\n\t\t\t\t<\/div>\n\t\t<div class=\"elementor-element elementor-element-20d38d1 e-flex e-con-boxed e-con e-parent\" data-id=\"20d38d1\" data-element_type=\"container\" data-e-type=\"container\">\n\t\t\t\t\t<div class=\"e-con-inner\">\n\t\t\t\t<div class=\"elementor-element elementor-element-50b6980 elementor-widget__width-initial elementor-widget elementor-widget-heading\" data-id=\"50b6980\" data-element_type=\"widget\" data-e-type=\"widget\" data-widget_type=\"heading.default\">\n\t\t\t\t\t<h2 class=\"elementor-heading-title elementor-size-default\">Vous souhaitez en savoir plus sur le fonctionnement des <span class=\"mot-couleur\">classes \u00e0 horaires fixes <\/span> ?<\/h2>\t\t\t\t<\/div>\n\t\t\t\t<div class=\"elementor-element elementor-element-7acab3a elementor-widget__width-initial elementor-widget elementor-widget-text-editor\" data-id=\"7acab3a\" data-element_type=\"widget\" data-e-type=\"widget\" data-widget_type=\"text-editor.default\">\n\t\t\t\t\t\t\t\t\t<p>Notre \u00e9quipe peut vous pr\u00e9senter le fonctionnement de l\u2019\u00e9tablissement, les modalit\u00e9s de scolarit\u00e9 et r\u00e9pondre \u00e0 vos questions.<\/p><p>Vous pouvez nous contacter pour recevoir des informations d\u00e9taill\u00e9es ou \u00e9changer avec nous sur le parcours scolaire de votre enfant.<\/p>\t\t\t\t\t\t\t\t<\/div>\n\t\t\t\t<div class=\"elementor-element elementor-element-8caf397 elementor-widget elementor-widget-html\" data-id=\"8caf397\" data-element_type=\"widget\" data-e-type=\"widget\" data-widget_type=\"html.default\">\n\t\t\t\t\t<script src=\"https:\/\/js-eu1.hsforms.net\/forms\/embed\/148130516.js\" defer><\/script>\r\n<div class=\"hs-form-frame\" data-region=\"eu1\" data-form-id=\"9d3f0bf8-b2d5-4b4a-9c5f-1282454a1136\" data-portal-id=\"148130516\"><\/div>\r\n\t\t\t\t<\/div>\n\t\t\t\t\t<\/div>\n\t\t\t\t<\/div>\n\t\t\t\t<\/div>\n\t\t","protected":false},"excerpt":{"rendered":"<p>Une organisation de la journ\u00e9e structur\u00e9e pour apprendre avec m\u00e9thode La classe \u00e0 horaires fixes s\u2019adresse aux \u00e9l\u00e8ves qui ont besoin d\u2019un cadre scolaire r\u00e9gulier et d\u2019une organisation de la journ\u00e9e clairement d\u00e9finie. Tout au long de la semaine, les \u00e9l\u00e8ves suivent un rythme de travail structur\u00e9 avec des temps d\u2019apprentissage organis\u00e9s dans la journ\u00e9e,&#8230;<\/p>\n","protected":false},"author":1,"featured_media":0,"parent":0,"menu_order":0,"comment_status":"closed","ping_status":"closed","template":"","meta":{"footnotes":""},"class_list":["post-17782","page","type-page","status-publish","hentry"],"yoast_head":"<!-- This site is optimized with the Yoast SEO plugin v27.3 - https:\/\/yoast.com\/product\/yoast-seo-wordpress\/ -->\n<title>Classe \u00e0 Horaires Fixes : Apprendre avec m\u00e9thode | CNEEL<\/title>\n<meta name=\"description\" content=\"La classe \u00e0 horaires fixes s\u2019adresse aux \u00e9l\u00e8ves qui ont besoin d\u2019un cadre scolaire r\u00e9gulier et d\u2019une organisation de la journ\u00e9e clairement d\u00e9finie. D\u00e9couvrir notre fonctionnement.\" \/>\n<meta name=\"robots\" content=\"noindex, follow, max-snippet:-1, max-image-preview:large, max-video-preview:-1\" \/>\n<meta property=\"og:locale\" content=\"fr_FR\" \/>\n<meta property=\"og:type\" content=\"article\" \/>\n<meta property=\"og:title\" content=\"Classe \u00e0 Horaires Fixes : Apprendre avec m\u00e9thode | CNEEL\" \/>\n<meta property=\"og:description\" content=\"La classe \u00e0 horaires fixes s\u2019adresse aux \u00e9l\u00e8ves qui ont besoin d\u2019un cadre scolaire r\u00e9gulier et d\u2019une organisation de la journ\u00e9e clairement d\u00e9finie. D\u00e9couvrir notre fonctionnement.\" \/>\n<meta property=\"og:url\" content=\"https:\/\/adekoite-preprod.fr\/cneel\/classe-horaires-fixes\/\" \/>\n<meta property=\"og:site_name\" content=\"CNEEL\" \/>\n<meta property=\"article:modified_time\" content=\"2026-04-13T12:50:33+00:00\" \/>\n<meta property=\"og:image\" content=\"https:\/\/adekoite-preprod.fr\/cneel\/wp-content\/uploads\/2025\/06\/UPST004529.png\" \/>\n<meta name=\"twitter:card\" content=\"summary_large_image\" \/>\n<meta name=\"twitter:label1\" content=\"Dur\u00e9e de lecture estim\u00e9e\" \/>\n\t<meta name=\"twitter:data1\" content=\"1 minute\" \/>\n<script type=\"application\/ld+json\" class=\"yoast-schema-graph\">{\"@context\":\"https:\\\/\\\/schema.org\",\"@graph\":[{\"@type\":\"WebPage\",\"@id\":\"https:\\\/\\\/adekoite-preprod.fr\\\/cneel\\\/classe-horaires-fixes\\\/\",\"url\":\"https:\\\/\\\/adekoite-preprod.fr\\\/cneel\\\/classe-horaires-fixes\\\/\",\"name\":\"Classe \u00e0 Horaires Fixes : Apprendre avec m\u00e9thode | CNEEL\",\"isPartOf\":{\"@id\":\"https:\\\/\\\/adekoite-preprod.fr\\\/cneel\\\/#website\"},\"primaryImageOfPage\":{\"@id\":\"https:\\\/\\\/adekoite-preprod.fr\\\/cneel\\\/classe-horaires-fixes\\\/#primaryimage\"},\"image\":{\"@id\":\"https:\\\/\\\/adekoite-preprod.fr\\\/cneel\\\/classe-horaires-fixes\\\/#primaryimage\"},\"thumbnailUrl\":\"https:\\\/\\\/adekoite-preprod.fr\\\/cneel\\\/wp-content\\\/uploads\\\/2025\\\/06\\\/UPST004529.png\",\"datePublished\":\"2026-03-31T09:51:08+00:00\",\"dateModified\":\"2026-04-13T12:50:33+00:00\",\"description\":\"La classe \u00e0 horaires fixes s\u2019adresse aux \u00e9l\u00e8ves qui ont besoin d\u2019un cadre scolaire r\u00e9gulier et d\u2019une organisation de la journ\u00e9e clairement d\u00e9finie. D\u00e9couvrir notre fonctionnement.\",\"breadcrumb\":{\"@id\":\"https:\\\/\\\/adekoite-preprod.fr\\\/cneel\\\/classe-horaires-fixes\\\/#breadcrumb\"},\"inLanguage\":\"fr-FR\",\"potentialAction\":[{\"@type\":\"ReadAction\",\"target\":[\"https:\\\/\\\/adekoite-preprod.fr\\\/cneel\\\/classe-horaires-fixes\\\/\"]}]},{\"@type\":\"ImageObject\",\"inLanguage\":\"fr-FR\",\"@id\":\"https:\\\/\\\/adekoite-preprod.fr\\\/cneel\\\/classe-horaires-fixes\\\/#primaryimage\",\"url\":\"https:\\\/\\\/adekoite-preprod.fr\\\/cneel\\\/wp-content\\\/uploads\\\/2025\\\/06\\\/UPST004529.png\",\"contentUrl\":\"https:\\\/\\\/adekoite-preprod.fr\\\/cneel\\\/wp-content\\\/uploads\\\/2025\\\/06\\\/UPST004529.png\",\"width\":37,\"height\":50},{\"@type\":\"BreadcrumbList\",\"@id\":\"https:\\\/\\\/adekoite-preprod.fr\\\/cneel\\\/classe-horaires-fixes\\\/#breadcrumb\",\"itemListElement\":[{\"@type\":\"ListItem\",\"position\":1,\"name\":\"Accueil\",\"item\":\"https:\\\/\\\/adekoite-preprod.fr\\\/cneel\\\/\"},{\"@type\":\"ListItem\",\"position\":2,\"name\":\"Classe \u00e0 Horaires fixes\"}]},{\"@type\":\"WebSite\",\"@id\":\"https:\\\/\\\/adekoite-preprod.fr\\\/cneel\\\/#website\",\"url\":\"https:\\\/\\\/adekoite-preprod.fr\\\/cneel\\\/\",\"name\":\"CNEEL\",\"description\":\"\",\"publisher\":{\"@id\":\"https:\\\/\\\/adekoite-preprod.fr\\\/cneel\\\/#organization\"},\"potentialAction\":[{\"@type\":\"SearchAction\",\"target\":{\"@type\":\"EntryPoint\",\"urlTemplate\":\"https:\\\/\\\/adekoite-preprod.fr\\\/cneel\\\/?s={search_term_string}\"},\"query-input\":{\"@type\":\"PropertyValueSpecification\",\"valueRequired\":true,\"valueName\":\"search_term_string\"}}],\"inLanguage\":\"fr-FR\"},{\"@type\":\"Organization\",\"@id\":\"https:\\\/\\\/adekoite-preprod.fr\\\/cneel\\\/#organization\",\"name\":\"CNEEL\",\"url\":\"https:\\\/\\\/adekoite-preprod.fr\\\/cneel\\\/\",\"logo\":{\"@type\":\"ImageObject\",\"inLanguage\":\"fr-FR\",\"@id\":\"https:\\\/\\\/adekoite-preprod.fr\\\/cneel\\\/#\\\/schema\\\/logo\\\/image\\\/\",\"url\":\"https:\\\/\\\/adekoite-preprod.fr\\\/cneel\\\/wp-content\\\/uploads\\\/2026\\\/03\\\/favicon-cneel.png\",\"contentUrl\":\"https:\\\/\\\/adekoite-preprod.fr\\\/cneel\\\/wp-content\\\/uploads\\\/2026\\\/03\\\/favicon-cneel.png\",\"width\":512,\"height\":548,\"caption\":\"CNEEL\"},\"image\":{\"@id\":\"https:\\\/\\\/adekoite-preprod.fr\\\/cneel\\\/#\\\/schema\\\/logo\\\/image\\\/\"}}]}<\/script>\n<!-- \/ Yoast SEO plugin. -->","yoast_head_json":{"title":"Classe \u00e0 Horaires Fixes : Apprendre avec m\u00e9thode | CNEEL","description":"La classe \u00e0 horaires fixes s\u2019adresse aux \u00e9l\u00e8ves qui ont besoin d\u2019un cadre scolaire r\u00e9gulier et d\u2019une organisation de la journ\u00e9e clairement d\u00e9finie. D\u00e9couvrir notre fonctionnement.","robots":{"index":"noindex","follow":"follow","max-snippet":"max-snippet:-1","max-image-preview":"max-image-preview:large","max-video-preview":"max-video-preview:-1"},"og_locale":"fr_FR","og_type":"article","og_title":"Classe \u00e0 Horaires Fixes : Apprendre avec m\u00e9thode | CNEEL","og_description":"La classe \u00e0 horaires fixes s\u2019adresse aux \u00e9l\u00e8ves qui ont besoin d\u2019un cadre scolaire r\u00e9gulier et d\u2019une organisation de la journ\u00e9e clairement d\u00e9finie. D\u00e9couvrir notre fonctionnement.","og_url":"https:\/\/adekoite-preprod.fr\/cneel\/classe-horaires-fixes\/","og_site_name":"CNEEL","article_modified_time":"2026-04-13T12:50:33+00:00","og_image":[{"url":"https:\/\/adekoite-preprod.fr\/cneel\/wp-content\/uploads\/2025\/06\/UPST004529.png","type":"","width":"","height":""}],"twitter_card":"summary_large_image","twitter_misc":{"Dur\u00e9e de lecture estim\u00e9e":"1 minute"},"schema":{"@context":"https:\/\/schema.org","@graph":[{"@type":"WebPage","@id":"https:\/\/adekoite-preprod.fr\/cneel\/classe-horaires-fixes\/","url":"https:\/\/adekoite-preprod.fr\/cneel\/classe-horaires-fixes\/","name":"Classe \u00e0 Horaires Fixes : Apprendre avec m\u00e9thode | CNEEL","isPartOf":{"@id":"https:\/\/adekoite-preprod.fr\/cneel\/#website"},"primaryImageOfPage":{"@id":"https:\/\/adekoite-preprod.fr\/cneel\/classe-horaires-fixes\/#primaryimage"},"image":{"@id":"https:\/\/adekoite-preprod.fr\/cneel\/classe-horaires-fixes\/#primaryimage"},"thumbnailUrl":"https:\/\/adekoite-preprod.fr\/cneel\/wp-content\/uploads\/2025\/06\/UPST004529.png","datePublished":"2026-03-31T09:51:08+00:00","dateModified":"2026-04-13T12:50:33+00:00","description":"La classe \u00e0 horaires fixes s\u2019adresse aux \u00e9l\u00e8ves qui ont besoin d\u2019un cadre scolaire r\u00e9gulier et d\u2019une organisation de la journ\u00e9e clairement d\u00e9finie. D\u00e9couvrir notre fonctionnement.","breadcrumb":{"@id":"https:\/\/adekoite-preprod.fr\/cneel\/classe-horaires-fixes\/#breadcrumb"},"inLanguage":"fr-FR","potentialAction":[{"@type":"ReadAction","target":["https:\/\/adekoite-preprod.fr\/cneel\/classe-horaires-fixes\/"]}]},{"@type":"ImageObject","inLanguage":"fr-FR","@id":"https:\/\/adekoite-preprod.fr\/cneel\/classe-horaires-fixes\/#primaryimage","url":"https:\/\/adekoite-preprod.fr\/cneel\/wp-content\/uploads\/2025\/06\/UPST004529.png","contentUrl":"https:\/\/adekoite-preprod.fr\/cneel\/wp-content\/uploads\/2025\/06\/UPST004529.png","width":37,"height":50},{"@type":"BreadcrumbList","@id":"https:\/\/adekoite-preprod.fr\/cneel\/classe-horaires-fixes\/#breadcrumb","itemListElement":[{"@type":"ListItem","position":1,"name":"Accueil","item":"https:\/\/adekoite-preprod.fr\/cneel\/"},{"@type":"ListItem","position":2,"name":"Classe \u00e0 Horaires fixes"}]},{"@type":"WebSite","@id":"https:\/\/adekoite-preprod.fr\/cneel\/#website","url":"https:\/\/adekoite-preprod.fr\/cneel\/","name":"CNEEL","description":"","publisher":{"@id":"https:\/\/adekoite-preprod.fr\/cneel\/#organization"},"potentialAction":[{"@type":"SearchAction","target":{"@type":"EntryPoint","urlTemplate":"https:\/\/adekoite-preprod.fr\/cneel\/?s={search_term_string}"},"query-input":{"@type":"PropertyValueSpecification","valueRequired":true,"valueName":"search_term_string"}}],"inLanguage":"fr-FR"},{"@type":"Organization","@id":"https:\/\/adekoite-preprod.fr\/cneel\/#organization","name":"CNEEL","url":"https:\/\/adekoite-preprod.fr\/cneel\/","logo":{"@type":"ImageObject","inLanguage":"fr-FR","@id":"https:\/\/adekoite-preprod.fr\/cneel\/#\/schema\/logo\/image\/","url":"https:\/\/adekoite-preprod.fr\/cneel\/wp-content\/uploads\/2026\/03\/favicon-cneel.png","contentUrl":"https:\/\/adekoite-preprod.fr\/cneel\/wp-content\/uploads\/2026\/03\/favicon-cneel.png","width":512,"height":548,"caption":"CNEEL"},"image":{"@id":"https:\/\/adekoite-preprod.fr\/cneel\/#\/schema\/logo\/image\/"}}]}},"_links":{"self":[{"href":"https:\/\/adekoite-preprod.fr\/cneel\/wp-json\/wp\/v2\/pages\/17782","targetHints":{"allow":["GET"]}}],"collection":[{"href":"https:\/\/adekoite-preprod.fr\/cneel\/wp-json\/wp\/v2\/pages"}],"about":[{"href":"https:\/\/adekoite-preprod.fr\/cneel\/wp-json\/wp\/v2\/types\/page"}],"author":[{"embeddable":true,"href":"https:\/\/adekoite-preprod.fr\/cneel\/wp-json\/wp\/v2\/users\/1"}],"replies":[{"embeddable":true,"href":"https:\/\/adekoite-preprod.fr\/cneel\/wp-json\/wp\/v2\/comments?post=17782"}],"version-history":[{"count":67,"href":"https:\/\/adekoite-preprod.fr\/cneel\/wp-json\/wp\/v2\/pages\/17782\/revisions"}],"predecessor-version":[{"id":18253,"href":"https:\/\/adekoite-preprod.fr\/cneel\/wp-json\/wp\/v2\/pages\/17782\/revisions\/18253"}],"wp:attachment":[{"href":"https:\/\/adekoite-preprod.fr\/cneel\/wp-json\/wp\/v2\/media?parent=17782"}],"curies":[{"name":"wp","href":"https:\/\/api.w.org\/{rel}","templated":true}]}}