{"id":17936,"date":"2026-04-08T19:09:05","date_gmt":"2026-04-08T17:09:05","guid":{"rendered":"https:\/\/adekoite-preprod.fr\/cneel\/?page_id=17936"},"modified":"2026-04-13T18:04:48","modified_gmt":"2026-04-13T16:04:48","slug":"eleves-vivant-etranger","status":"publish","type":"page","link":"https:\/\/adekoite-preprod.fr\/cneel\/eleves-vivant-etranger\/","title":{"rendered":"E\u0301le\u0300ves vivant a\u0300 l\u2019e\u0301tranger ou familles mobiles"},"content":{"rendered":"\t\t<div data-elementor-type=\"wp-page\" data-elementor-id=\"17936\" class=\"elementor elementor-17936\">\n\t\t\t\t<div class=\"elementor-element elementor-element-2d6b15e e-flex e-con-boxed e-con e-parent\" data-id=\"2d6b15e\" data-element_type=\"container\" data-e-type=\"container\" data-settings=\"{&quot;background_background&quot;:&quot;classic&quot;}\">\n\t\t\t\t\t<div class=\"e-con-inner\">\n\t\t\t\t<div class=\"elementor-element elementor-element-e82c2b1 elementor-widget__width-initial elementor-widget elementor-widget-heading\" data-id=\"e82c2b1\" data-element_type=\"widget\" data-e-type=\"widget\" data-widget_type=\"heading.default\">\n\t\t\t\t\t<h1 class=\"elementor-heading-title elementor-size-default\">Une scolarit\u00e9 francophone stable pour les familles vivant \u00e0 l\u2019\u00e9tranger<\/h1>\t\t\t\t<\/div>\n\t\t\t\t<div class=\"elementor-element elementor-element-5f758a7 elementor-widget__width-initial elementor-widget elementor-widget-text-editor\" data-id=\"5f758a7\" data-element_type=\"widget\" data-e-type=\"widget\" data-widget_type=\"text-editor.default\">\n\t\t\t\t\t\t\t\t\t<p>Certaines familles vivent \u00e0 l\u2019\u00e9tranger ou sont amen\u00e9es \u00e0 se d\u00e9placer r\u00e9guli\u00e8rement pour des raisons professionnelles ou personnelles.<\/p><p>L\u2019enseignement \u00e0 distance permet aux \u00e9l\u00e8ves de poursuivre leur scolarit\u00e9 en fran\u00e7ais tout en s\u2019adaptant aux contraintes g\u00e9ographiques et aux situations de mobilit\u00e9.<\/p><p>Les \u00e9l\u00e8ves peuvent ainsi conserver une continuit\u00e9 scolaire et progresser dans leur parcours, quel que soit le pays dans lequel ils vivent.<\/p>\t\t\t\t\t\t\t\t<\/div>\n\t\t\t\t<div class=\"elementor-element elementor-element-73174e2 elementor-widget elementor-widget-upstudy-button\" data-id=\"73174e2\" data-element_type=\"widget\" data-e-type=\"widget\" data-widget_type=\"upstudy-button.default\">\n\t\t\t\t<div class=\"elementor-widget-container\">\n\t\t\t\t\t<div class=\"upstudy-button-widget-wrapper\"><a class=\"upstudy-btn upstudy-btn-custom upstudy-btn-size-custom\" href=\"#contactez-nous\">Contactez-nous<\/a><\/div>\t\t\t\t<\/div>\n\t\t\t\t<\/div>\n\t\t\t\t\t<\/div>\n\t\t\t\t<\/div>\n\t\t<div class=\"elementor-element elementor-element-af32f1b e-flex e-con-boxed e-con e-parent\" data-id=\"af32f1b\" data-element_type=\"container\" data-e-type=\"container\">\n\t\t\t\t\t<div class=\"e-con-inner\">\n\t\t<div class=\"elementor-element elementor-element-34bfb4c e-con-full e-flex e-con e-child\" data-id=\"34bfb4c\" data-element_type=\"container\" data-e-type=\"container\">\n\t\t\t\t<div class=\"elementor-element elementor-element-758d57e elementor-widget elementor-widget-image\" data-id=\"758d57e\" data-element_type=\"widget\" data-e-type=\"widget\" data-widget_type=\"image.default\">\n\t\t\t\t\t\t\t\t\t\t\t\t\t\t\t<img fetchpriority=\"high\" decoding=\"async\" width=\"640\" height=\"426\" src=\"https:\/\/adekoite-preprod.fr\/cneel\/wp-content\/uploads\/2026\/03\/eleve-college.webp\" class=\"attachment-large size-large wp-image-17307\" alt=\"Lyc\u00e9enne au CNEEL\" srcset=\"https:\/\/adekoite-preprod.fr\/cneel\/wp-content\/uploads\/2026\/03\/eleve-college.webp 800w, https:\/\/adekoite-preprod.fr\/cneel\/wp-content\/uploads\/2026\/03\/eleve-college-300x200.webp 300w, https:\/\/adekoite-preprod.fr\/cneel\/wp-content\/uploads\/2026\/03\/eleve-college-768x512.webp 768w\" sizes=\"(max-width: 640px) 100vw, 640px\" \/>\t\t\t\t\t\t\t\t\t\t\t\t\t\t\t<\/div>\n\t\t\t\t<\/div>\n\t\t<div class=\"elementor-element elementor-element-3d5b4fe e-con-full e-flex e-con e-child\" data-id=\"3d5b4fe\" data-element_type=\"container\" data-e-type=\"container\">\n\t\t<div class=\"elementor-element elementor-element-9007ce9 e-con-full e-flex e-con e-child\" data-id=\"9007ce9\" data-element_type=\"container\" data-e-type=\"container\">\n\t\t\t\t<div class=\"elementor-element elementor-element-4825594 elementor-widget elementor-widget-upstudy-button\" data-id=\"4825594\" data-element_type=\"widget\" data-e-type=\"widget\" data-widget_type=\"upstudy-button.default\">\n\t\t\t\t<div class=\"elementor-widget-container\">\n\t\t\t\t\t<div class=\"upstudy-button-widget-wrapper\"><a class=\"upstudy-btn upstudy-btn-custom upstudy-btn-size-custom\">\u00c9l\u00e8ve vivant \u00e0 l\u2019\u00e9tranger<\/a><\/div>\t\t\t\t<\/div>\n\t\t\t\t<\/div>\n\t\t\t\t<\/div>\n\t\t\t\t<div class=\"elementor-element elementor-element-d406c7e elementor-widget__width-initial elementor-widget elementor-widget-heading\" data-id=\"d406c7e\" data-element_type=\"widget\" data-e-type=\"widget\" data-widget_type=\"heading.default\">\n\t\t\t\t\t<h3 class=\"elementor-heading-title elementor-size-default\">\u00c9tudier en fran\u00e7ais <span class=\"mot-couleur\">depuis n\u2019importe quel pays <\/h3>\t\t\t\t<\/div>\n\t\t\t\t<div class=\"elementor-element elementor-element-0e9f8ed elementor-widget elementor-widget-text-editor\" data-id=\"0e9f8ed\" data-element_type=\"widget\" data-e-type=\"widget\" data-widget_type=\"text-editor.default\">\n\t\t\t\t\t\t\t\t\t<p>Sarah est \u00e9l\u00e8ve au CNEEL et vit actuellement \u00e0 l\u2019\u00e9tranger avec sa famille.<br \/>Comme de nombreuses familles expatri\u00e9es ou mobiles, ses parents souhaitaient maintenir une scolarit\u00e9 francophone stable malgr\u00e9 les changements de pays.<\/p><p>Gr\u00e2ce \u00e0 l\u2019enseignement \u00e0 distance, Sarah peut poursuivre sa scolarit\u00e9 en fran\u00e7ais tout en vivant \u00e0 l\u2019\u00e9tranger. Elle continue \u00e0 suivre ses cours, \u00e0 \u00e9changer avec ses enseignants et \u00e0 progresser dans son parcours scolaire, o\u00f9 qu\u2019elle se trouve.<\/p><p>La flexibilit\u00e9 de l\u2019apprentissage \u00e0 distance lui permet de rester engag\u00e9e dans sa scolarit\u00e9 tout en s\u2019adaptant au rythme de vie international de sa famille.<\/p>\t\t\t\t\t\t\t\t<\/div>\n\t\t\t\t<\/div>\n\t\t\t\t\t<\/div>\n\t\t\t\t<\/div>\n\t\t<div class=\"elementor-element elementor-element-efb4069 e-con-full e-flex e-con e-parent\" data-id=\"efb4069\" data-element_type=\"container\" data-e-type=\"container\" data-settings=\"{&quot;background_background&quot;:&quot;classic&quot;}\">\n\t\t\t\t<div class=\"elementor-element elementor-element-4db2602 elementor-widget elementor-widget-text-editor\" data-id=\"4db2602\" data-element_type=\"widget\" data-e-type=\"widget\" data-widget_type=\"text-editor.default\">\n\t\t\t\t\t\t\t\t\t<p><strong>\u00ab M\u00eame en vivant \u00e0 l\u2019\u00e9tranger, je peux continuer ma scolarit\u00e9 en fran\u00e7ais et rester en contact avec mes enseignants. \u00bb<\/strong><\/p>\t\t\t\t\t\t\t\t<\/div>\n\t\t\t\t<div class=\"elementor-element elementor-element-08ac2c8 elementor-widget elementor-widget-text-editor\" data-id=\"08ac2c8\" data-element_type=\"widget\" data-e-type=\"widget\" data-widget_type=\"text-editor.default\">\n\t\t\t\t\t\t\t\t\t<p>&#8211; Sarah, \u00e9l\u00e8ve de seconde, Espagne<\/p>\t\t\t\t\t\t\t\t<\/div>\n\t\t\t\t<\/div>\n\t\t<div class=\"elementor-element elementor-element-0e1ef80 e-flex e-con-boxed e-con e-parent\" data-id=\"0e1ef80\" data-element_type=\"container\" data-e-type=\"container\">\n\t\t\t\t\t<div class=\"e-con-inner\">\n\t\t<div class=\"elementor-element elementor-element-84b3d5e e-con-full e-flex e-con e-child\" data-id=\"84b3d5e\" data-element_type=\"container\" data-e-type=\"container\">\n\t\t\t\t<div class=\"elementor-element elementor-element-e6e73b2 elementor-widget__width-initial elementor-widget elementor-widget-heading\" data-id=\"e6e73b2\" data-element_type=\"widget\" data-e-type=\"widget\" data-widget_type=\"heading.default\">\n\t\t\t\t\t<h2 class=\"elementor-heading-title elementor-size-default\">Pourquoi les <span class=\"mot-couleur\">familles vivant \u00e0 l\u2019\u00e9tranger <\/span>choisissent-elles le CNEEL ?<\/h2>\t\t\t\t<\/div>\n\t\t\t\t<div class=\"elementor-element elementor-element-caeca85 elementor-widget elementor-widget-text-editor\" data-id=\"caeca85\" data-element_type=\"widget\" data-e-type=\"widget\" data-widget_type=\"text-editor.default\">\n\t\t\t\t\t\t\t\t\t<p>Le CNEEL est un \u00e9tablissement scolaire priv\u00e9 d\u2019enseignement \u00e0 distance qui permet aux \u00e9l\u00e8ves de poursuivre leur scolarit\u00e9 en fran\u00e7ais, o\u00f9 qu\u2019ils vivent dans le monde.<\/p><p>Pour les familles expatri\u00e9es ou mobiles, l\u2019enseignement \u00e0 distance offre une solution stable et structur\u00e9e, permettant aux \u00e9l\u00e8ves de continuer \u00e0 apprendre tout en s\u2019adaptant aux changements de pays et aux situations de mobilit\u00e9.<\/p><p>L\u2019organisation des enseignements permet de maintenir une progression scolaire r\u00e9guli\u00e8re tout en conservant la flexibilit\u00e9 n\u00e9cessaire pour vivre et voyager \u00e0 l\u2019\u00e9tranger.<\/p>\t\t\t\t\t\t\t\t<\/div>\n\t\t\t\t<\/div>\n\t\t<div class=\"elementor-element elementor-element-13f14d2 e-con-full e-flex e-con e-child\" data-id=\"13f14d2\" data-element_type=\"container\" data-e-type=\"container\">\n\t\t\t\t<div class=\"elementor-element elementor-element-be7c4dc elementor-widget elementor-widget-heading\" data-id=\"be7c4dc\" data-element_type=\"widget\" data-e-type=\"widget\" data-widget_type=\"heading.default\">\n\t\t\t\t\t<h3 class=\"elementor-heading-title elementor-size-default\">Continuer sa scolarit\u00e9 en fran\u00e7ais partout dans le monde<\/h3>\t\t\t\t<\/div>\n\t\t\t\t<div class=\"elementor-element elementor-element-182a959 elementor-widget elementor-widget-text-editor\" data-id=\"182a959\" data-element_type=\"widget\" data-e-type=\"widget\" data-widget_type=\"text-editor.default\">\n\t\t\t\t\t\t\t\t\t<p>Les \u00e9l\u00e8ves peuvent suivre leur scolarit\u00e9 en fran\u00e7ais quel que soit leur pays de r\u00e9sidence, ce qui permet de maintenir une continuit\u00e9 dans les apprentissages.<\/p>\t\t\t\t\t\t\t\t<\/div>\n\t\t\t\t<div class=\"elementor-element elementor-element-6ca4ad0 elementor-widget-divider--view-line elementor-widget elementor-widget-divider\" data-id=\"6ca4ad0\" data-element_type=\"widget\" data-e-type=\"widget\" data-widget_type=\"divider.default\">\n\t\t\t\t\t\t\t<div class=\"elementor-divider\">\n\t\t\t<span class=\"elementor-divider-separator\">\n\t\t\t\t\t\t<\/span>\n\t\t<\/div>\n\t\t\t\t\t\t<\/div>\n\t\t\t\t<div class=\"elementor-element elementor-element-6e4ed83 elementor-widget elementor-widget-heading\" data-id=\"6e4ed83\" data-element_type=\"widget\" data-e-type=\"widget\" data-widget_type=\"heading.default\">\n\t\t\t\t\t<h3 class=\"elementor-heading-title elementor-size-default\">Une organisation adapt\u00e9e aux familles mobiles<\/h3>\t\t\t\t<\/div>\n\t\t\t\t<div class=\"elementor-element elementor-element-9e68d40 elementor-widget elementor-widget-text-editor\" data-id=\"9e68d40\" data-element_type=\"widget\" data-e-type=\"widget\" data-widget_type=\"text-editor.default\">\n\t\t\t\t\t\t\t\t\t<p>L\u2019enseignement \u00e0 distance permet de poursuivre sa scolarit\u00e9 m\u00eame en cas de changement de pays ou de d\u00e9placements r\u00e9guliers.<\/p>\t\t\t\t\t\t\t\t<\/div>\n\t\t\t\t<div class=\"elementor-element elementor-element-c6a46e9 elementor-widget-divider--view-line elementor-widget elementor-widget-divider\" data-id=\"c6a46e9\" data-element_type=\"widget\" data-e-type=\"widget\" data-widget_type=\"divider.default\">\n\t\t\t\t\t\t\t<div class=\"elementor-divider\">\n\t\t\t<span class=\"elementor-divider-separator\">\n\t\t\t\t\t\t<\/span>\n\t\t<\/div>\n\t\t\t\t\t\t<\/div>\n\t\t\t\t<div class=\"elementor-element elementor-element-97015a2 elementor-widget elementor-widget-heading\" data-id=\"97015a2\" data-element_type=\"widget\" data-e-type=\"widget\" data-widget_type=\"heading.default\">\n\t\t\t\t\t<h3 class=\"elementor-heading-title elementor-size-default\">Un suivi r\u00e9gulier des enseignants<\/h3>\t\t\t\t<\/div>\n\t\t\t\t<div class=\"elementor-element elementor-element-2590145 elementor-widget elementor-widget-text-editor\" data-id=\"2590145\" data-element_type=\"widget\" data-e-type=\"widget\" data-widget_type=\"text-editor.default\">\n\t\t\t\t\t\t\t\t\t<p>Les enseignants accompagnent les \u00e9l\u00e8ves dans leur progression, suivent leur travail et restent disponibles pour r\u00e9pondre \u00e0 leurs questions.<\/p>\t\t\t\t\t\t\t\t<\/div>\n\t\t\t\t<div class=\"elementor-element elementor-element-66ac5a6 elementor-widget-divider--view-line elementor-widget elementor-widget-divider\" data-id=\"66ac5a6\" data-element_type=\"widget\" data-e-type=\"widget\" data-widget_type=\"divider.default\">\n\t\t\t\t\t\t\t<div class=\"elementor-divider\">\n\t\t\t<span class=\"elementor-divider-separator\">\n\t\t\t\t\t\t<\/span>\n\t\t<\/div>\n\t\t\t\t\t\t<\/div>\n\t\t\t\t<div class=\"elementor-element elementor-element-a5e3297 elementor-widget elementor-widget-heading\" data-id=\"a5e3297\" data-element_type=\"widget\" data-e-type=\"widget\" data-widget_type=\"heading.default\">\n\t\t\t\t\t<h3 class=\"elementor-heading-title elementor-size-default\">Maintenir un cadre scolaire structur\u00e9<\/h3>\t\t\t\t<\/div>\n\t\t\t\t<div class=\"elementor-element elementor-element-8d99ee7 elementor-widget elementor-widget-text-editor\" data-id=\"8d99ee7\" data-element_type=\"widget\" data-e-type=\"widget\" data-widget_type=\"text-editor.default\">\n\t\t\t\t\t\t\t\t\t<p>M\u00eame \u00e0 distance, les \u00e9l\u00e8ves b\u00e9n\u00e9ficient d\u2019un cadre p\u00e9dagogique clair, avec des objectifs et une progression dans les diff\u00e9rentes disciplines.<\/p>\t\t\t\t\t\t\t\t<\/div>\n\t\t\t\t<div class=\"elementor-element elementor-element-2662104 elementor-widget-divider--view-line elementor-widget elementor-widget-divider\" data-id=\"2662104\" data-element_type=\"widget\" data-e-type=\"widget\" data-widget_type=\"divider.default\">\n\t\t\t\t\t\t\t<div class=\"elementor-divider\">\n\t\t\t<span class=\"elementor-divider-separator\">\n\t\t\t\t\t\t<\/span>\n\t\t<\/div>\n\t\t\t\t\t\t<\/div>\n\t\t\t\t<div class=\"elementor-element elementor-element-6675837 elementor-widget elementor-widget-heading\" data-id=\"6675837\" data-element_type=\"widget\" data-e-type=\"widget\" data-widget_type=\"heading.default\">\n\t\t\t\t\t<h3 class=\"elementor-heading-title elementor-size-default\">Une scolarit\u00e9 compatible avec un parcours international<\/h3>\t\t\t\t<\/div>\n\t\t\t\t<div class=\"elementor-element elementor-element-3d999ec elementor-widget elementor-widget-text-editor\" data-id=\"3d999ec\" data-element_type=\"widget\" data-e-type=\"widget\" data-widget_type=\"text-editor.default\">\n\t\t\t\t\t\t\t\t\t<p>Cette organisation permet aux \u00e9l\u00e8ves de poursuivre leur scolarit\u00e9 tout en vivant \u00e0 l\u2019\u00e9tranger et en \u00e9voluant dans un environnement international.<\/p>\t\t\t\t\t\t\t\t<\/div>\n\t\t\t\t<\/div>\n\t\t\t\t\t<\/div>\n\t\t\t\t<\/div>\n\t\t<div class=\"elementor-element elementor-element-a8317f0 e-con-full e-flex e-con e-parent\" data-id=\"a8317f0\" data-element_type=\"container\" data-e-type=\"container\" data-settings=\"{&quot;background_background&quot;:&quot;classic&quot;}\">\n\t\t<div class=\"elementor-element elementor-element-bd7d47d e-flex e-con-boxed e-con e-child\" data-id=\"bd7d47d\" data-element_type=\"container\" data-e-type=\"container\">\n\t\t\t\t\t<div class=\"e-con-inner\">\n\t\t<div class=\"elementor-element elementor-element-ebae32d e-con-full e-flex e-con e-child\" data-id=\"ebae32d\" data-element_type=\"container\" data-e-type=\"container\">\n\t\t\t\t<div class=\"elementor-element elementor-element-53ff80b elementor-widget elementor-widget-text-editor\" data-id=\"53ff80b\" data-element_type=\"widget\" data-e-type=\"widget\" data-widget_type=\"text-editor.default\">\n\t\t\t\t\t\t\t\t\t<p>Ce que les familles vivant \u00e0 l\u2019\u00e9tranger appr\u00e9cient au cneel<\/p>\t\t\t\t\t\t\t\t<\/div>\n\t\t\t\t<div class=\"elementor-element elementor-element-08b4815 elementor-widget__width-initial elementor-widget elementor-widget-heading\" data-id=\"08b4815\" data-element_type=\"widget\" data-e-type=\"widget\" data-widget_type=\"heading.default\">\n\t\t\t\t\t<h2 class=\"elementor-heading-title elementor-size-default\">Une scolarit\u00e9 qui s\u2019adapte aux familles en mobilit\u00e9<\/h2>\t\t\t\t<\/div>\n\t\t\t\t<div class=\"elementor-element elementor-element-f4f6a98 elementor-widget elementor-widget-text-editor\" data-id=\"f4f6a98\" data-element_type=\"widget\" data-e-type=\"widget\" data-widget_type=\"text-editor.default\">\n\t\t\t\t\t\t\t\t\t<p>\u00ab\u00a0Notre famille vit \u00e0 l\u2019\u00e9tranger et nous sommes amen\u00e9s \u00e0 nous d\u00e9placer r\u00e9guli\u00e8rement.<br \/>Nous cherchions une solution qui permette \u00e0 notre enfant de continuer sa scolarit\u00e9 en fran\u00e7ais tout en s\u2019adaptant \u00e0 notre mode de vie international.<\/p><p>Gr\u00e2ce \u00e0 l\u2019enseignement \u00e0 distance, notre enfant peut suivre ses cours, rester en contact avec ses enseignants et continuer \u00e0 progresser, m\u00eame lorsque nous changeons de pays ou de fuseau horaire.<\/p><p>Cette organisation nous permet de voyager et de vivre \u00e0 l\u2019\u00e9tranger tout en conservant une scolarit\u00e9 stable.\u00a0\u00bb<\/p><p>&#8211;<strong> Parent d\u2019\u00e9l\u00e8ve vivant au Canada<\/strong><\/p>\t\t\t\t\t\t\t\t<\/div>\n\t\t\t\t<\/div>\n\t\t<div class=\"elementor-element elementor-element-02c69a9 e-con-full e-flex e-con e-child\" data-id=\"02c69a9\" data-element_type=\"container\" data-e-type=\"container\">\n\t\t\t\t<div class=\"elementor-element elementor-element-6eee9eb elementor-widget elementor-widget-image\" data-id=\"6eee9eb\" data-element_type=\"widget\" data-e-type=\"widget\" data-widget_type=\"image.default\">\n\t\t\t\t\t\t\t\t\t\t\t\t\t\t\t<img decoding=\"async\" src=\"https:\/\/adekoite-preprod.fr\/cneel\/wp-content\/plugins\/elementor\/assets\/images\/placeholder.png\" title=\"\" alt=\"\" loading=\"lazy\" \/>\t\t\t\t\t\t\t\t\t\t\t\t\t\t\t<\/div>\n\t\t\t\t<\/div>\n\t\t\t\t\t<\/div>\n\t\t\t\t<\/div>\n\t\t\t\t<\/div>\n\t\t<div class=\"elementor-element elementor-element-9740e0c e-flex e-con-boxed e-con e-parent\" data-id=\"9740e0c\" data-element_type=\"container\" data-e-type=\"container\">\n\t\t\t\t\t<div class=\"e-con-inner\">\n\t\t\t\t<div class=\"elementor-element elementor-element-f1f80b6 elementor-widget__width-initial elementor-widget elementor-widget-heading\" data-id=\"f1f80b6\" data-element_type=\"widget\" data-e-type=\"widget\" data-widget_type=\"heading.default\">\n\t\t\t\t\t<h2 class=\"elementor-heading-title elementor-size-default\">\nUne <span class=\"mot-couleur\">scolarit\u00e9<\/span> qui s\u2019adapte aux fuseaux horaires et aux d\u00e9placements<\/h2>\t\t\t\t<\/div>\n\t\t\t\t\t<\/div>\n\t\t\t\t<\/div>\n\t\t<div class=\"elementor-element elementor-element-3fcbd29 e-flex e-con-boxed e-con e-parent\" data-id=\"3fcbd29\" data-element_type=\"container\" data-e-type=\"container\">\n\t\t\t\t\t<div class=\"e-con-inner\">\n\t\t<div class=\"elementor-element elementor-element-43d44d4 e-con-full elementor-hidden-mobile e-flex e-con e-child\" data-id=\"43d44d4\" data-element_type=\"container\" data-e-type=\"container\">\n\t\t\t\t<\/div>\n\t\t<div class=\"elementor-element elementor-element-7e2912f e-con-full e-flex e-con e-child\" data-id=\"7e2912f\" data-element_type=\"container\" data-e-type=\"container\">\n\t\t\t\t<div class=\"elementor-element elementor-element-c5b4c12 elementor-widget elementor-widget-text-editor\" data-id=\"c5b4c12\" data-element_type=\"widget\" data-e-type=\"widget\" data-widget_type=\"text-editor.default\">\n\t\t\t\t\t\t\t\t\t<p>Les familles vivant \u00e0 l\u2019\u00e9tranger ou voyageant r\u00e9guli\u00e8rement peuvent rencontrer des contraintes li\u00e9es aux fuseaux horaires, aux d\u00e9placements ou aux changements de pays.<\/p><p>L\u2019enseignement \u00e0 distance permet aux \u00e9l\u00e8ves d\u2019organiser leur travail scolaire de mani\u00e8re plus flexible, tout en b\u00e9n\u00e9ficiant d\u2019un suivi r\u00e9gulier par les enseignants.<\/p><p>Les \u00e9l\u00e8ves peuvent ainsi continuer leur scolarit\u00e9 en fran\u00e7ais, progresser dans leur parcours et rester accompagn\u00e9s, m\u00eame lorsqu\u2019ils vivent dans des contextes internationaux diff\u00e9rents.<\/p>\t\t\t\t\t\t\t\t<\/div>\n\t\t\t\t<\/div>\n\t\t<div class=\"elementor-element elementor-element-37b544b e-con-full elementor-hidden-mobile e-flex e-con e-child\" data-id=\"37b544b\" data-element_type=\"container\" data-e-type=\"container\">\n\t\t\t\t<\/div>\n\t\t\t\t\t<\/div>\n\t\t\t\t<\/div>\n\t\t<div class=\"elementor-element elementor-element-e4541bb e-flex e-con-boxed e-con e-parent\" data-id=\"e4541bb\" data-element_type=\"container\" data-e-type=\"container\">\n\t\t\t\t\t<div class=\"e-con-inner\">\n\t\t\t\t<div class=\"elementor-element elementor-element-5eef5db elementor-widget elementor-widget-menu-anchor\" data-id=\"5eef5db\" data-element_type=\"widget\" data-e-type=\"widget\" data-widget_type=\"menu-anchor.default\">\n\t\t\t\t\t\t\t<div class=\"elementor-menu-anchor\" id=\"contactez-nous\"><\/div>\n\t\t\t\t\t\t<\/div>\n\t\t\t\t\t<\/div>\n\t\t\t\t<\/div>\n\t\t<div class=\"elementor-element elementor-element-4947328 e-flex e-con-boxed e-con e-parent\" data-id=\"4947328\" data-element_type=\"container\" data-e-type=\"container\">\n\t\t\t\t\t<div class=\"e-con-inner\">\n\t\t\t\t<div class=\"elementor-element elementor-element-07b7c34 elementor-widget__width-initial elementor-widget elementor-widget-heading\" data-id=\"07b7c34\" data-element_type=\"widget\" data-e-type=\"widget\" data-widget_type=\"heading.default\">\n\t\t\t\t\t<h2 class=\"elementor-heading-title elementor-size-default\">Demander les informations pour une classe<\/h2>\t\t\t\t<\/div>\n\t\t\t\t<div class=\"elementor-element elementor-element-331a575 elementor-widget__width-initial elementor-widget elementor-widget-text-editor\" data-id=\"331a575\" data-element_type=\"widget\" data-e-type=\"widget\" data-widget_type=\"text-editor.default\">\n\t\t\t\t\t\t\t\t\t<p>Remplissez ce formulaire pour recevoir le guide d\u00e9taill\u00e9 de la classe qui vous int\u00e9resse : organisation des cours, fonctionnement p\u00e9dagogique et informations sur la scolarisation.<\/p>\t\t\t\t\t\t\t\t<\/div>\n\t\t\t\t<div class=\"elementor-element elementor-element-6363259 elementor-widget elementor-widget-html\" data-id=\"6363259\" data-element_type=\"widget\" data-e-type=\"widget\" data-widget_type=\"html.default\">\n\t\t\t\t\t<script src=\"https:\/\/js-eu1.hsforms.net\/forms\/embed\/148130516.js\" defer><\/script>\r\n<div class=\"hs-form-frame\" data-region=\"eu1\" data-form-id=\"9d3f0bf8-b2d5-4b4a-9c5f-1282454a1136\" data-portal-id=\"148130516\"><\/div>\r\n\t\t\t\t<\/div>\n\t\t\t\t\t<\/div>\n\t\t\t\t<\/div>\n\t\t\t\t<\/div>\n\t\t","protected":false},"excerpt":{"rendered":"<p>Une scolarit\u00e9 francophone stable pour les familles vivant \u00e0 l\u2019\u00e9tranger Certaines familles vivent \u00e0 l\u2019\u00e9tranger ou sont amen\u00e9es \u00e0 se d\u00e9placer r\u00e9guli\u00e8rement pour des raisons professionnelles ou personnelles. L\u2019enseignement \u00e0 distance permet aux \u00e9l\u00e8ves de poursuivre leur scolarit\u00e9 en fran\u00e7ais tout en s\u2019adaptant aux contraintes g\u00e9ographiques et aux situations de mobilit\u00e9. Les \u00e9l\u00e8ves peuvent ainsi&#8230;<\/p>\n","protected":false},"author":1,"featured_media":0,"parent":0,"menu_order":0,"comment_status":"closed","ping_status":"closed","template":"","meta":{"footnotes":""},"class_list":["post-17936","page","type-page","status-publish","hentry"],"yoast_head":"<!-- This site is optimized with the Yoast SEO plugin v27.3 - https:\/\/yoast.com\/product\/yoast-seo-wordpress\/ -->\n<title>Une scolarit\u00e9 francophone stable pour les familles vivant \u00e0 l\u2019\u00e9tranger - CNEEL<\/title>\n<meta name=\"description\" content=\"Le CNEEL est un \u00e9tablissement scolaire priv\u00e9 d\u2019enseignement \u00e0 distance qui permet aux \u00e9l\u00e8ves de poursuivre leur scolarit\u00e9 en fran\u00e7ais, o\u00f9 qu\u2019ils vivent dans le monde.\" \/>\n<meta name=\"robots\" content=\"noindex, follow, max-snippet:-1, max-image-preview:large, max-video-preview:-1\" \/>\n<meta property=\"og:locale\" content=\"fr_FR\" \/>\n<meta property=\"og:type\" content=\"article\" \/>\n<meta property=\"og:title\" content=\"Une scolarit\u00e9 francophone stable pour les familles vivant \u00e0 l\u2019\u00e9tranger - CNEEL\" \/>\n<meta property=\"og:description\" content=\"Le CNEEL est un \u00e9tablissement scolaire priv\u00e9 d\u2019enseignement \u00e0 distance qui permet aux \u00e9l\u00e8ves de poursuivre leur scolarit\u00e9 en fran\u00e7ais, o\u00f9 qu\u2019ils vivent dans le monde.\" \/>\n<meta property=\"og:url\" content=\"https:\/\/adekoite-preprod.fr\/cneel\/eleves-vivant-etranger\/\" \/>\n<meta property=\"og:site_name\" content=\"CNEEL\" \/>\n<meta property=\"article:modified_time\" content=\"2026-04-13T16:04:48+00:00\" \/>\n<meta property=\"og:image\" content=\"https:\/\/adekoite-preprod.fr\/cneel\/wp-content\/uploads\/2026\/03\/eleve-college.webp\" \/>\n\t<meta property=\"og:image:width\" content=\"800\" \/>\n\t<meta property=\"og:image:height\" content=\"533\" \/>\n\t<meta property=\"og:image:type\" content=\"image\/webp\" \/>\n<meta name=\"twitter:card\" content=\"summary_large_image\" \/>\n<meta name=\"twitter:label1\" content=\"Dur\u00e9e de lecture estim\u00e9e\" \/>\n\t<meta name=\"twitter:data1\" content=\"1 minute\" \/>\n<script type=\"application\/ld+json\" class=\"yoast-schema-graph\">{\"@context\":\"https:\\\/\\\/schema.org\",\"@graph\":[{\"@type\":\"WebPage\",\"@id\":\"https:\\\/\\\/adekoite-preprod.fr\\\/cneel\\\/eleves-vivant-etranger\\\/\",\"url\":\"https:\\\/\\\/adekoite-preprod.fr\\\/cneel\\\/eleves-vivant-etranger\\\/\",\"name\":\"Une scolarit\u00e9 francophone stable pour les familles vivant \u00e0 l\u2019\u00e9tranger - CNEEL\",\"isPartOf\":{\"@id\":\"https:\\\/\\\/adekoite-preprod.fr\\\/cneel\\\/#website\"},\"primaryImageOfPage\":{\"@id\":\"https:\\\/\\\/adekoite-preprod.fr\\\/cneel\\\/eleves-vivant-etranger\\\/#primaryimage\"},\"image\":{\"@id\":\"https:\\\/\\\/adekoite-preprod.fr\\\/cneel\\\/eleves-vivant-etranger\\\/#primaryimage\"},\"thumbnailUrl\":\"https:\\\/\\\/adekoite-preprod.fr\\\/cneel\\\/wp-content\\\/uploads\\\/2026\\\/03\\\/eleve-college.webp\",\"datePublished\":\"2026-04-08T17:09:05+00:00\",\"dateModified\":\"2026-04-13T16:04:48+00:00\",\"description\":\"Le CNEEL est un \u00e9tablissement scolaire priv\u00e9 d\u2019enseignement \u00e0 distance qui permet aux \u00e9l\u00e8ves de poursuivre leur scolarit\u00e9 en fran\u00e7ais, o\u00f9 qu\u2019ils vivent dans le monde.\",\"breadcrumb\":{\"@id\":\"https:\\\/\\\/adekoite-preprod.fr\\\/cneel\\\/eleves-vivant-etranger\\\/#breadcrumb\"},\"inLanguage\":\"fr-FR\",\"potentialAction\":[{\"@type\":\"ReadAction\",\"target\":[\"https:\\\/\\\/adekoite-preprod.fr\\\/cneel\\\/eleves-vivant-etranger\\\/\"]}]},{\"@type\":\"ImageObject\",\"inLanguage\":\"fr-FR\",\"@id\":\"https:\\\/\\\/adekoite-preprod.fr\\\/cneel\\\/eleves-vivant-etranger\\\/#primaryimage\",\"url\":\"https:\\\/\\\/adekoite-preprod.fr\\\/cneel\\\/wp-content\\\/uploads\\\/2026\\\/03\\\/eleve-college.webp\",\"contentUrl\":\"https:\\\/\\\/adekoite-preprod.fr\\\/cneel\\\/wp-content\\\/uploads\\\/2026\\\/03\\\/eleve-college.webp\",\"width\":800,\"height\":533,\"caption\":\"Lyc\u00e9enne au CNEEL\"},{\"@type\":\"BreadcrumbList\",\"@id\":\"https:\\\/\\\/adekoite-preprod.fr\\\/cneel\\\/eleves-vivant-etranger\\\/#breadcrumb\",\"itemListElement\":[{\"@type\":\"ListItem\",\"position\":1,\"name\":\"Accueil\",\"item\":\"https:\\\/\\\/adekoite-preprod.fr\\\/cneel\\\/\"},{\"@type\":\"ListItem\",\"position\":2,\"name\":\"E\u0301le\u0300ves vivant a\u0300 l\u2019e\u0301tranger ou familles mobiles\"}]},{\"@type\":\"WebSite\",\"@id\":\"https:\\\/\\\/adekoite-preprod.fr\\\/cneel\\\/#website\",\"url\":\"https:\\\/\\\/adekoite-preprod.fr\\\/cneel\\\/\",\"name\":\"CNEEL\",\"description\":\"\",\"publisher\":{\"@id\":\"https:\\\/\\\/adekoite-preprod.fr\\\/cneel\\\/#organization\"},\"potentialAction\":[{\"@type\":\"SearchAction\",\"target\":{\"@type\":\"EntryPoint\",\"urlTemplate\":\"https:\\\/\\\/adekoite-preprod.fr\\\/cneel\\\/?s={search_term_string}\"},\"query-input\":{\"@type\":\"PropertyValueSpecification\",\"valueRequired\":true,\"valueName\":\"search_term_string\"}}],\"inLanguage\":\"fr-FR\"},{\"@type\":\"Organization\",\"@id\":\"https:\\\/\\\/adekoite-preprod.fr\\\/cneel\\\/#organization\",\"name\":\"CNEEL\",\"url\":\"https:\\\/\\\/adekoite-preprod.fr\\\/cneel\\\/\",\"logo\":{\"@type\":\"ImageObject\",\"inLanguage\":\"fr-FR\",\"@id\":\"https:\\\/\\\/adekoite-preprod.fr\\\/cneel\\\/#\\\/schema\\\/logo\\\/image\\\/\",\"url\":\"https:\\\/\\\/adekoite-preprod.fr\\\/cneel\\\/wp-content\\\/uploads\\\/2026\\\/03\\\/favicon-cneel.png\",\"contentUrl\":\"https:\\\/\\\/adekoite-preprod.fr\\\/cneel\\\/wp-content\\\/uploads\\\/2026\\\/03\\\/favicon-cneel.png\",\"width\":512,\"height\":548,\"caption\":\"CNEEL\"},\"image\":{\"@id\":\"https:\\\/\\\/adekoite-preprod.fr\\\/cneel\\\/#\\\/schema\\\/logo\\\/image\\\/\"}}]}<\/script>\n<!-- \/ Yoast SEO plugin. -->","yoast_head_json":{"title":"Une scolarit\u00e9 francophone stable pour les familles vivant \u00e0 l\u2019\u00e9tranger - CNEEL","description":"Le CNEEL est un \u00e9tablissement scolaire priv\u00e9 d\u2019enseignement \u00e0 distance qui permet aux \u00e9l\u00e8ves de poursuivre leur scolarit\u00e9 en fran\u00e7ais, o\u00f9 qu\u2019ils vivent dans le monde.","robots":{"index":"noindex","follow":"follow","max-snippet":"max-snippet:-1","max-image-preview":"max-image-preview:large","max-video-preview":"max-video-preview:-1"},"og_locale":"fr_FR","og_type":"article","og_title":"Une scolarit\u00e9 francophone stable pour les familles vivant \u00e0 l\u2019\u00e9tranger - CNEEL","og_description":"Le CNEEL est un \u00e9tablissement scolaire priv\u00e9 d\u2019enseignement \u00e0 distance qui permet aux \u00e9l\u00e8ves de poursuivre leur scolarit\u00e9 en fran\u00e7ais, o\u00f9 qu\u2019ils vivent dans le monde.","og_url":"https:\/\/adekoite-preprod.fr\/cneel\/eleves-vivant-etranger\/","og_site_name":"CNEEL","article_modified_time":"2026-04-13T16:04:48+00:00","og_image":[{"width":800,"height":533,"url":"https:\/\/adekoite-preprod.fr\/cneel\/wp-content\/uploads\/2026\/03\/eleve-college.webp","type":"image\/webp"}],"twitter_card":"summary_large_image","twitter_misc":{"Dur\u00e9e de lecture estim\u00e9e":"1 minute"},"schema":{"@context":"https:\/\/schema.org","@graph":[{"@type":"WebPage","@id":"https:\/\/adekoite-preprod.fr\/cneel\/eleves-vivant-etranger\/","url":"https:\/\/adekoite-preprod.fr\/cneel\/eleves-vivant-etranger\/","name":"Une scolarit\u00e9 francophone stable pour les familles vivant \u00e0 l\u2019\u00e9tranger - CNEEL","isPartOf":{"@id":"https:\/\/adekoite-preprod.fr\/cneel\/#website"},"primaryImageOfPage":{"@id":"https:\/\/adekoite-preprod.fr\/cneel\/eleves-vivant-etranger\/#primaryimage"},"image":{"@id":"https:\/\/adekoite-preprod.fr\/cneel\/eleves-vivant-etranger\/#primaryimage"},"thumbnailUrl":"https:\/\/adekoite-preprod.fr\/cneel\/wp-content\/uploads\/2026\/03\/eleve-college.webp","datePublished":"2026-04-08T17:09:05+00:00","dateModified":"2026-04-13T16:04:48+00:00","description":"Le CNEEL est un \u00e9tablissement scolaire priv\u00e9 d\u2019enseignement \u00e0 distance qui permet aux \u00e9l\u00e8ves de poursuivre leur scolarit\u00e9 en fran\u00e7ais, o\u00f9 qu\u2019ils vivent dans le monde.","breadcrumb":{"@id":"https:\/\/adekoite-preprod.fr\/cneel\/eleves-vivant-etranger\/#breadcrumb"},"inLanguage":"fr-FR","potentialAction":[{"@type":"ReadAction","target":["https:\/\/adekoite-preprod.fr\/cneel\/eleves-vivant-etranger\/"]}]},{"@type":"ImageObject","inLanguage":"fr-FR","@id":"https:\/\/adekoite-preprod.fr\/cneel\/eleves-vivant-etranger\/#primaryimage","url":"https:\/\/adekoite-preprod.fr\/cneel\/wp-content\/uploads\/2026\/03\/eleve-college.webp","contentUrl":"https:\/\/adekoite-preprod.fr\/cneel\/wp-content\/uploads\/2026\/03\/eleve-college.webp","width":800,"height":533,"caption":"Lyc\u00e9enne au CNEEL"},{"@type":"BreadcrumbList","@id":"https:\/\/adekoite-preprod.fr\/cneel\/eleves-vivant-etranger\/#breadcrumb","itemListElement":[{"@type":"ListItem","position":1,"name":"Accueil","item":"https:\/\/adekoite-preprod.fr\/cneel\/"},{"@type":"ListItem","position":2,"name":"E\u0301le\u0300ves vivant a\u0300 l\u2019e\u0301tranger ou familles mobiles"}]},{"@type":"WebSite","@id":"https:\/\/adekoite-preprod.fr\/cneel\/#website","url":"https:\/\/adekoite-preprod.fr\/cneel\/","name":"CNEEL","description":"","publisher":{"@id":"https:\/\/adekoite-preprod.fr\/cneel\/#organization"},"potentialAction":[{"@type":"SearchAction","target":{"@type":"EntryPoint","urlTemplate":"https:\/\/adekoite-preprod.fr\/cneel\/?s={search_term_string}"},"query-input":{"@type":"PropertyValueSpecification","valueRequired":true,"valueName":"search_term_string"}}],"inLanguage":"fr-FR"},{"@type":"Organization","@id":"https:\/\/adekoite-preprod.fr\/cneel\/#organization","name":"CNEEL","url":"https:\/\/adekoite-preprod.fr\/cneel\/","logo":{"@type":"ImageObject","inLanguage":"fr-FR","@id":"https:\/\/adekoite-preprod.fr\/cneel\/#\/schema\/logo\/image\/","url":"https:\/\/adekoite-preprod.fr\/cneel\/wp-content\/uploads\/2026\/03\/favicon-cneel.png","contentUrl":"https:\/\/adekoite-preprod.fr\/cneel\/wp-content\/uploads\/2026\/03\/favicon-cneel.png","width":512,"height":548,"caption":"CNEEL"},"image":{"@id":"https:\/\/adekoite-preprod.fr\/cneel\/#\/schema\/logo\/image\/"}}]}},"_links":{"self":[{"href":"https:\/\/adekoite-preprod.fr\/cneel\/wp-json\/wp\/v2\/pages\/17936","targetHints":{"allow":["GET"]}}],"collection":[{"href":"https:\/\/adekoite-preprod.fr\/cneel\/wp-json\/wp\/v2\/pages"}],"about":[{"href":"https:\/\/adekoite-preprod.fr\/cneel\/wp-json\/wp\/v2\/types\/page"}],"author":[{"embeddable":true,"href":"https:\/\/adekoite-preprod.fr\/cneel\/wp-json\/wp\/v2\/users\/1"}],"replies":[{"embeddable":true,"href":"https:\/\/adekoite-preprod.fr\/cneel\/wp-json\/wp\/v2\/comments?post=17936"}],"version-history":[{"count":20,"href":"https:\/\/adekoite-preprod.fr\/cneel\/wp-json\/wp\/v2\/pages\/17936\/revisions"}],"predecessor-version":[{"id":18322,"href":"https:\/\/adekoite-preprod.fr\/cneel\/wp-json\/wp\/v2\/pages\/17936\/revisions\/18322"}],"wp:attachment":[{"href":"https:\/\/adekoite-preprod.fr\/cneel\/wp-json\/wp\/v2\/media?parent=17936"}],"curies":[{"name":"wp","href":"https:\/\/api.w.org\/{rel}","templated":true}]}}