{"id":18027,"date":"2026-04-09T11:31:42","date_gmt":"2026-04-09T09:31:42","guid":{"rendered":"https:\/\/adekoite-preprod.fr\/cneel\/?page_id=18027"},"modified":"2026-04-09T11:41:20","modified_gmt":"2026-04-09T09:41:20","slug":"eleves-profils-apprentissage-particuliers","status":"publish","type":"page","link":"https:\/\/adekoite-preprod.fr\/cneel\/eleves-profils-apprentissage-particuliers\/","title":{"rendered":"E\u0301le\u0300ves aux profils d\u2019apprentissage particuliers"},"content":{"rendered":"\t\t<div data-elementor-type=\"wp-page\" data-elementor-id=\"18027\" class=\"elementor elementor-18027\">\n\t\t\t\t<div class=\"elementor-element elementor-element-2d6b15e e-flex e-con-boxed e-con e-parent\" data-id=\"2d6b15e\" data-element_type=\"container\" data-e-type=\"container\" data-settings=\"{&quot;background_background&quot;:&quot;classic&quot;}\">\n\t\t\t\t\t<div class=\"e-con-inner\">\n\t\t\t\t<div class=\"elementor-element elementor-element-e82c2b1 elementor-widget__width-initial elementor-widget elementor-widget-heading\" data-id=\"e82c2b1\" data-element_type=\"widget\" data-e-type=\"widget\" data-widget_type=\"heading.default\">\n\t\t\t\t\t<h1 class=\"elementor-heading-title elementor-size-default\">Des parcours d\u2019apprentissage adapt\u00e9s \u00e0 chaque \u00e9l\u00e8ve <\/h1>\t\t\t\t<\/div>\n\t\t\t\t<div class=\"elementor-element elementor-element-5f758a7 elementor-widget__width-initial elementor-widget elementor-widget-text-editor\" data-id=\"5f758a7\" data-element_type=\"widget\" data-e-type=\"widget\" data-widget_type=\"text-editor.default\">\n\t\t\t\t\t\t\t\t\t<p>Certains \u00e9l\u00e8ves pr\u00e9sentent des profils d\u2019apprentissage sp\u00e9cifiques ou des rythmes de travail particuliers.<\/p>\n<p>L\u2019organisation p\u00e9dagogique de l\u2019\u00e9tablissement permet d\u2019accompagner ces \u00e9l\u00e8ves gr\u00e2ce \u00e0 un suivi individualis\u00e9, une structuration claire des apprentissages et des outils num\u00e9riques favorisant diff\u00e9rentes mani\u00e8res d\u2019apprendre.<\/p>\n<p>Cette approche permet de prendre en compte des profils vari\u00e9s, \u00e9l\u00e8ves \u00e0 haut potentiel, \u00e9l\u00e8ves pr\u00e9sentant des troubles d\u2019apprentissage ou \u00e9l\u00e8ves ayant besoin d\u2019un cadre p\u00e9dagogique plus personnalis\u00e9, tout en maintenant un niveau d\u2019exigence acad\u00e9mique \u00e9lev\u00e9.<\/p>\t\t\t\t\t\t\t\t<\/div>\n\t\t\t\t<div class=\"elementor-element elementor-element-73174e2 elementor-widget elementor-widget-upstudy-button\" data-id=\"73174e2\" data-element_type=\"widget\" data-e-type=\"widget\" data-widget_type=\"upstudy-button.default\">\n\t\t\t\t<div class=\"elementor-widget-container\">\n\t\t\t\t\t<div class=\"upstudy-button-widget-wrapper\"><a class=\"upstudy-btn upstudy-btn-custom upstudy-btn-size-custom\" href=\"#contactez-nous\">Contactez-nous<\/a><\/div>\t\t\t\t<\/div>\n\t\t\t\t<\/div>\n\t\t\t\t\t<\/div>\n\t\t\t\t<\/div>\n\t\t<div class=\"elementor-element elementor-element-298d629 e-flex e-con-boxed e-con e-parent\" data-id=\"298d629\" data-element_type=\"container\" data-e-type=\"container\">\n\t\t\t\t\t<div class=\"e-con-inner\">\n\t\t<div class=\"elementor-element elementor-element-d65c161 e-con-full e-flex e-con e-child\" data-id=\"d65c161\" data-element_type=\"container\" data-e-type=\"container\">\n\t\t\t\t<div class=\"elementor-element elementor-element-e8651a6 elementor-widget__width-initial elementor-widget elementor-widget-heading\" data-id=\"e8651a6\" data-element_type=\"widget\" data-e-type=\"widget\" data-widget_type=\"heading.default\">\n\t\t\t\t\t<h2 class=\"elementor-heading-title elementor-size-default\">Des parcours d\u2019apprentissage   <span class=\"mot-couleur\">qui respectent les profils des \u00e9l\u00e8ves <\/span><\/h2>\t\t\t\t<\/div>\n\t\t\t\t<div class=\"elementor-element elementor-element-c34fb4d elementor-widget elementor-widget-text-editor\" data-id=\"c34fb4d\" data-element_type=\"widget\" data-e-type=\"widget\" data-widget_type=\"text-editor.default\">\n\t\t\t\t\t\t\t\t\t<p>Chaque \u00e9l\u00e8ve apprend de mani\u00e8re diff\u00e9rente.<br \/>Certains ont besoin d\u2019un rythme plus soutenu, d\u2019autres d\u2019un cadre plus structur\u00e9 ou de modalit\u00e9s d\u2019apprentissage vari\u00e9es.<\/p>\n<p>L\u2019organisation p\u00e9dagogique de l\u2019\u00e9tablissement permet d\u2019accompagner ces profils gr\u00e2ce \u00e0 des activit\u00e9s diversifi\u00e9es, un suivi individualis\u00e9 et des outils num\u00e9riques adapt\u00e9s.<\/p>\n<p>Les \u00e9l\u00e8ves peuvent ainsi progresser selon leurs besoins tout en \u00e9voluant dans un environnement acad\u00e9mique exigeant et stimulant.<\/p>\t\t\t\t\t\t\t\t<\/div>\n\t\t\t\t<\/div>\n\t\t<div class=\"elementor-element elementor-element-bca048c e-con-full e-flex e-con e-child\" data-id=\"bca048c\" data-element_type=\"container\" data-e-type=\"container\">\n\t\t<div class=\"elementor-element elementor-element-f58ab28 e-grid e-con-full e-con e-child\" data-id=\"f58ab28\" data-element_type=\"container\" data-e-type=\"container\">\n\t\t\t\t<div class=\"elementor-element elementor-element-45dfb3c elementor-view-default elementor-position-block-start elementor-mobile-position-block-start elementor-widget elementor-widget-icon-box\" data-id=\"45dfb3c\" data-element_type=\"widget\" data-e-type=\"widget\" data-widget_type=\"icon-box.default\">\n\t\t\t\t\t\t\t<div class=\"elementor-icon-box-wrapper\">\n\n\t\t\t\t\t\t<div class=\"elementor-icon-box-icon\">\n\t\t\t\t<span  class=\"elementor-icon\">\n\t\t\t\t<svg aria-hidden=\"true\" class=\"e-font-icon-svg e-fas-clock\" viewBox=\"0 0 512 512\" xmlns=\"http:\/\/www.w3.org\/2000\/svg\"><path d=\"M256,8C119,8,8,119,8,256S119,504,256,504,504,393,504,256,393,8,256,8Zm92.49,313h0l-20,25a16,16,0,0,1-22.49,2.5h0l-67-49.72a40,40,0,0,1-15-31.23V112a16,16,0,0,1,16-16h32a16,16,0,0,1,16,16V256l58,42.5A16,16,0,0,1,348.49,321Z\"><\/path><\/svg>\t\t\t\t<\/span>\n\t\t\t<\/div>\n\t\t\t\n\t\t\t\t\t\t<div class=\"elementor-icon-box-content\">\n\n\t\t\t\t\t\t\t\t\t<h3 class=\"elementor-icon-box-title\">\n\t\t\t\t\t\t<span  >\n\t\t\t\t\t\t\tDes rythmes d\u2019apprentissage respect\u00e9s\t\t\t\t\t\t<\/span>\n\t\t\t\t\t<\/h3>\n\t\t\t\t\n\t\t\t\t\t\t\t\t\t<p class=\"elementor-icon-box-description\">\n\t\t\t\t\t\tCertains \u00e9l\u00e8ves avancent tr\u00e8s vite, d\u2019autres ont besoin de davantage de temps pour consolider leurs acquis.\nL\u2019organisation des cours et des activit\u00e9s permet de respecter ces rythmes tout en maintenant des objectifs acad\u00e9miques \u00e9lev\u00e9s.\n\t\t\t\t\t<\/p>\n\t\t\t\t\n\t\t\t<\/div>\n\t\t\t\n\t\t<\/div>\n\t\t\t\t\t\t<\/div>\n\t\t\t\t<div class=\"elementor-element elementor-element-422d0ad elementor-view-default elementor-position-block-start elementor-mobile-position-block-start elementor-widget elementor-widget-icon-box\" data-id=\"422d0ad\" data-element_type=\"widget\" data-e-type=\"widget\" data-widget_type=\"icon-box.default\">\n\t\t\t\t\t\t\t<div class=\"elementor-icon-box-wrapper\">\n\n\t\t\t\t\t\t<div class=\"elementor-icon-box-icon\">\n\t\t\t\t<span  class=\"elementor-icon\">\n\t\t\t\t<svg aria-hidden=\"true\" class=\"e-font-icon-svg e-fas-laptop\" viewBox=\"0 0 640 512\" xmlns=\"http:\/\/www.w3.org\/2000\/svg\"><path d=\"M624 416H381.54c-.74 19.81-14.71 32-32.74 32H288c-18.69 0-33.02-17.47-32.77-32H16c-8.8 0-16 7.2-16 16v16c0 35.2 28.8 64 64 64h512c35.2 0 64-28.8 64-64v-16c0-8.8-7.2-16-16-16zM576 48c0-26.4-21.6-48-48-48H112C85.6 0 64 21.6 64 48v336h512V48zm-64 272H128V64h384v256z\"><\/path><\/svg>\t\t\t\t<\/span>\n\t\t\t<\/div>\n\t\t\t\n\t\t\t\t\t\t<div class=\"elementor-icon-box-content\">\n\n\t\t\t\t\t\t\t\t\t<h3 class=\"elementor-icon-box-title\">\n\t\t\t\t\t\t<span  >\n\t\t\t\t\t\t\tDes outils num\u00e9riques au service des apprentissages\t\t\t\t\t\t<\/span>\n\t\t\t\t\t<\/h3>\n\t\t\t\t\n\t\t\t\t\t\t\t\t\t<p class=\"elementor-icon-box-description\">\n\t\t\t\t\t\tLa tablette p\u00e9dagogique et les ressources num\u00e9riques permettent aux \u00e9l\u00e8ves d\u2019acc\u00e9der aux cours, de r\u00e9aliser leurs activit\u00e9s et de suivre leur progression.\nCes outils facilitent l\u2019organisation du travail et offrent diff\u00e9rentes mani\u00e8res d\u2019aborder les apprentissages.\n\t\t\t\t\t<\/p>\n\t\t\t\t\n\t\t\t<\/div>\n\t\t\t\n\t\t<\/div>\n\t\t\t\t\t\t<\/div>\n\t\t\t\t<div class=\"elementor-element elementor-element-331c829 elementor-view-default elementor-position-block-start elementor-mobile-position-block-start elementor-widget elementor-widget-icon-box\" data-id=\"331c829\" data-element_type=\"widget\" data-e-type=\"widget\" data-widget_type=\"icon-box.default\">\n\t\t\t\t\t\t\t<div class=\"elementor-icon-box-wrapper\">\n\n\t\t\t\t\t\t<div class=\"elementor-icon-box-icon\">\n\t\t\t\t<span  class=\"elementor-icon\">\n\t\t\t\t<svg aria-hidden=\"true\" class=\"e-font-icon-svg e-fas-user-check\" viewBox=\"0 0 640 512\" xmlns=\"http:\/\/www.w3.org\/2000\/svg\"><path d=\"M224 256c70.7 0 128-57.3 128-128S294.7 0 224 0 96 57.3 96 128s57.3 128 128 128zm89.6 32h-16.7c-22.2 10.2-46.9 16-72.9 16s-50.6-5.8-72.9-16h-16.7C60.2 288 0 348.2 0 422.4V464c0 26.5 21.5 48 48 48h352c26.5 0 48-21.5 48-48v-41.6c0-74.2-60.2-134.4-134.4-134.4zm323-128.4l-27.8-28.1c-4.6-4.7-12.1-4.7-16.8-.1l-104.8 104-45.5-45.8c-4.6-4.7-12.1-4.7-16.8-.1l-28.1 27.9c-4.7 4.6-4.7 12.1-.1 16.8l81.7 82.3c4.6 4.7 12.1 4.7 16.8.1l141.3-140.2c4.6-4.7 4.7-12.2.1-16.8z\"><\/path><\/svg>\t\t\t\t<\/span>\n\t\t\t<\/div>\n\t\t\t\n\t\t\t\t\t\t<div class=\"elementor-icon-box-content\">\n\n\t\t\t\t\t\t\t\t\t<h3 class=\"elementor-icon-box-title\">\n\t\t\t\t\t\t<span  >\n\t\t\t\t\t\t\tUn suivi p\u00e9dagogique individualis\u00e9\t\t\t\t\t\t<\/span>\n\t\t\t\t\t<\/h3>\n\t\t\t\t\n\t\t\t\t\t\t\t\t\t<p class=\"elementor-icon-box-description\">\n\t\t\t\t\t\tLes enseignants suivent les travaux des \u00e9l\u00e8ves et peuvent adapter l\u2019accompagnement en fonction de leurs besoins.\nCe suivi permet d\u2019identifier les difficult\u00e9s \u00e9ventuelles et d\u2019aider chaque \u00e9l\u00e8ve \u00e0 progresser de mani\u00e8re r\u00e9guli\u00e8re.\n\t\t\t\t\t<\/p>\n\t\t\t\t\n\t\t\t<\/div>\n\t\t\t\n\t\t<\/div>\n\t\t\t\t\t\t<\/div>\n\t\t\t\t<div class=\"elementor-element elementor-element-7be9f63 elementor-view-default elementor-position-block-start elementor-mobile-position-block-start elementor-widget elementor-widget-icon-box\" data-id=\"7be9f63\" data-element_type=\"widget\" data-e-type=\"widget\" data-widget_type=\"icon-box.default\">\n\t\t\t\t\t\t\t<div class=\"elementor-icon-box-wrapper\">\n\n\t\t\t\t\t\t<div class=\"elementor-icon-box-icon\">\n\t\t\t\t<span  class=\"elementor-icon\">\n\t\t\t\t<svg aria-hidden=\"true\" class=\"e-font-icon-svg e-fas-layer-group\" viewBox=\"0 0 512 512\" xmlns=\"http:\/\/www.w3.org\/2000\/svg\"><path d=\"M12.41 148.02l232.94 105.67c6.8 3.09 14.49 3.09 21.29 0l232.94-105.67c16.55-7.51 16.55-32.52 0-40.03L266.65 2.31a25.607 25.607 0 0 0-21.29 0L12.41 107.98c-16.55 7.51-16.55 32.53 0 40.04zm487.18 88.28l-58.09-26.33-161.64 73.27c-7.56 3.43-15.59 5.17-23.86 5.17s-16.29-1.74-23.86-5.17L70.51 209.97l-58.1 26.33c-16.55 7.5-16.55 32.5 0 40l232.94 105.59c6.8 3.08 14.49 3.08 21.29 0L499.59 276.3c16.55-7.5 16.55-32.5 0-40zm0 127.8l-57.87-26.23-161.86 73.37c-7.56 3.43-15.59 5.17-23.86 5.17s-16.29-1.74-23.86-5.17L70.29 337.87 12.41 364.1c-16.55 7.5-16.55 32.5 0 40l232.94 105.59c6.8 3.08 14.49 3.08 21.29 0L499.59 404.1c16.55-7.5 16.55-32.5 0-40z\"><\/path><\/svg>\t\t\t\t<\/span>\n\t\t\t<\/div>\n\t\t\t\n\t\t\t\t\t\t<div class=\"elementor-icon-box-content\">\n\n\t\t\t\t\t\t\t\t\t<h3 class=\"elementor-icon-box-title\">\n\t\t\t\t\t\t<span  >\n\t\t\t\t\t\t\tUn environnement d\u2019apprentissage structur\u00e9\t\t\t\t\t\t<\/span>\n\t\t\t\t\t<\/h3>\n\t\t\t\t\n\t\t\t\t\t\t\t\t\t<p class=\"elementor-icon-box-description\">\n\t\t\t\t\t\tL\u2019organisation des cours, l\u2019alternance entre explications, activit\u00e9s et productions personnelles ainsi que le cadre p\u00e9dagogique propos\u00e9 permettent aux \u00e9l\u00e8ves d\u2019\u00e9voluer dans un environnement rassurant et stimulant.\t\t\t\t\t<\/p>\n\t\t\t\t\n\t\t\t<\/div>\n\t\t\t\n\t\t<\/div>\n\t\t\t\t\t\t<\/div>\n\t\t\t\t<\/div>\n\t\t\t\t<\/div>\n\t\t\t\t\t<\/div>\n\t\t\t\t<\/div>\n\t\t<div class=\"elementor-element elementor-element-ee8f945 e-flex e-con-boxed e-con e-parent\" data-id=\"ee8f945\" data-element_type=\"container\" data-e-type=\"container\">\n\t\t\t\t\t<div class=\"e-con-inner\">\n\t\t<div class=\"elementor-element elementor-element-453fff6 e-con-full e-flex e-con e-child\" data-id=\"453fff6\" data-element_type=\"container\" data-e-type=\"container\">\n\t\t\t\t<div class=\"elementor-element elementor-element-7b49a5d elementor-widget__width-initial elementor-widget elementor-widget-heading\" data-id=\"7b49a5d\" data-element_type=\"widget\" data-e-type=\"widget\" data-widget_type=\"heading.default\">\n\t\t\t\t\t<h2 class=\"elementor-heading-title elementor-size-default\">Des \u00e9l\u00e8ves qui d\u00e9veloppent pleinement leur   <span class=\"mot-couleur\">potentiel<\/span> <\/h2>\t\t\t\t<\/div>\n\t\t\t\t<\/div>\n\t\t<div class=\"elementor-element elementor-element-75e30b7 e-con-full e-flex e-con e-child\" data-id=\"75e30b7\" data-element_type=\"container\" data-e-type=\"container\">\n\t\t\t\t<div class=\"elementor-element elementor-element-d6c48a3 elementor-widget elementor-widget-text-editor\" data-id=\"d6c48a3\" data-element_type=\"widget\" data-e-type=\"widget\" data-widget_type=\"text-editor.default\">\n\t\t\t\t\t\t\t\t\t<p>Lorsqu\u2019ils \u00e9voluent dans un environnement p\u00e9dagogique attentif \u00e0 leurs besoins, les \u00e9l\u00e8ves peuvent progresser avec confiance et d\u00e9velopper pleinement leurs capacit\u00e9s.<\/p>\n<p>L\u2019organisation de l\u2019\u00e9tablissement permet \u00e0 ces profils d\u2019apprentissage vari\u00e9s d\u2019exprimer leur potentiel tout en poursuivant des objectifs acad\u00e9miques exigeants.<\/p>\t\t\t\t\t\t\t\t<\/div>\n\t\t\t\t<\/div>\n\t\t\t\t\t<\/div>\n\t\t\t\t<\/div>\n\t\t<div class=\"elementor-element elementor-element-2288183 e-flex e-con-boxed e-con e-parent\" data-id=\"2288183\" data-element_type=\"container\" data-e-type=\"container\">\n\t\t\t\t\t<div class=\"e-con-inner\">\n\t\t<div class=\"elementor-element elementor-element-7b22f23 e-con-full e-flex e-con e-child\" data-id=\"7b22f23\" data-element_type=\"container\" data-e-type=\"container\">\n\t\t\t\t<div class=\"elementor-element elementor-element-21d0805 elementor-widget elementor-widget-image\" data-id=\"21d0805\" data-element_type=\"widget\" data-e-type=\"widget\" data-widget_type=\"image.default\">\n\t\t\t\t\t\t\t\t\t\t\t\t\t\t\t<img fetchpriority=\"high\" decoding=\"async\" width=\"600\" height=\"400\" src=\"https:\/\/adekoite-preprod.fr\/cneel\/wp-content\/uploads\/2026\/03\/sportifs.webp\" class=\"attachment-large size-large wp-image-17386\" alt=\"\" srcset=\"https:\/\/adekoite-preprod.fr\/cneel\/wp-content\/uploads\/2026\/03\/sportifs.webp 600w, https:\/\/adekoite-preprod.fr\/cneel\/wp-content\/uploads\/2026\/03\/sportifs-300x200.webp 300w\" sizes=\"(max-width: 600px) 100vw, 600px\" \/>\t\t\t\t\t\t\t\t\t\t\t\t\t\t\t<\/div>\n\t\t\t\t<div class=\"elementor-element elementor-element-99e933e elementor-widget__width-initial elementor-widget elementor-widget-heading\" data-id=\"99e933e\" data-element_type=\"widget\" data-e-type=\"widget\" data-widget_type=\"heading.default\">\n\t\t\t\t\t<h3 class=\"elementor-heading-title elementor-size-default\">Retrouver confiance dans les apprentissages<\/h3>\t\t\t\t<\/div>\n\t\t\t\t<div class=\"elementor-element elementor-element-aa14e88 elementor-widget elementor-widget-text-editor\" data-id=\"aa14e88\" data-element_type=\"widget\" data-e-type=\"widget\" data-widget_type=\"text-editor.default\">\n\t\t\t\t\t\t\t\t\t<p>Pour certains \u00e9l\u00e8ves, un environnement d\u2019apprentissage plus calme et structur\u00e9 permet de retrouver confiance et de s\u2019engager pleinement dans leur travail.<\/p>\t\t\t\t\t\t\t\t<\/div>\n\t\t\t\t<\/div>\n\t\t<div class=\"elementor-element elementor-element-67f8733 e-con-full e-flex e-con e-child\" data-id=\"67f8733\" data-element_type=\"container\" data-e-type=\"container\">\n\t\t\t\t<div class=\"elementor-element elementor-element-716a0a6 elementor-widget elementor-widget-image\" data-id=\"716a0a6\" data-element_type=\"widget\" data-e-type=\"widget\" data-widget_type=\"image.default\">\n\t\t\t\t\t\t\t\t\t\t\t\t\t\t\t<img decoding=\"async\" width=\"520\" height=\"354\" src=\"https:\/\/adekoite-preprod.fr\/cneel\/wp-content\/uploads\/2026\/04\/etudiante.webp\" class=\"attachment-large size-large wp-image-17874\" alt=\"Etudiante \u00e0 l&#039;\u00e9tranger\" srcset=\"https:\/\/adekoite-preprod.fr\/cneel\/wp-content\/uploads\/2026\/04\/etudiante.webp 520w, https:\/\/adekoite-preprod.fr\/cneel\/wp-content\/uploads\/2026\/04\/etudiante-300x204.webp 300w\" sizes=\"(max-width: 520px) 100vw, 520px\" \/>\t\t\t\t\t\t\t\t\t\t\t\t\t\t\t<\/div>\n\t\t\t\t<div class=\"elementor-element elementor-element-5a308e9 elementor-widget__width-initial elementor-widget elementor-widget-heading\" data-id=\"5a308e9\" data-element_type=\"widget\" data-e-type=\"widget\" data-widget_type=\"heading.default\">\n\t\t\t\t\t<h3 class=\"elementor-heading-title elementor-size-default\">D\u00e9velopper ses points forts<\/h3>\t\t\t\t<\/div>\n\t\t\t\t<div class=\"elementor-element elementor-element-394c6f5 elementor-widget elementor-widget-text-editor\" data-id=\"394c6f5\" data-element_type=\"widget\" data-e-type=\"widget\" data-widget_type=\"text-editor.default\">\n\t\t\t\t\t\t\t\t\t<p>Les \u00e9l\u00e8ves peuvent approfondir leurs domaines de pr\u00e9dilection et progresser \u00e0 leur rythme, tout en consolidant les comp\u00e9tences n\u00e9cessaires \u00e0 leur r\u00e9ussite scolaire.<\/p>\t\t\t\t\t\t\t\t<\/div>\n\t\t\t\t<\/div>\n\t\t<div class=\"elementor-element elementor-element-0b87615 e-con-full e-flex e-con e-child\" data-id=\"0b87615\" data-element_type=\"container\" data-e-type=\"container\">\n\t\t\t\t<div class=\"elementor-element elementor-element-fd758fc elementor-widget elementor-widget-image\" data-id=\"fd758fc\" data-element_type=\"widget\" data-e-type=\"widget\" data-widget_type=\"image.default\">\n\t\t\t\t\t\t\t\t\t\t\t\t\t\t\t<img decoding=\"async\" width=\"600\" height=\"400\" src=\"https:\/\/adekoite-preprod.fr\/cneel\/wp-content\/uploads\/2026\/03\/eleve-cneel-1.webp\" class=\"attachment-large size-large wp-image-17387\" alt=\"\" srcset=\"https:\/\/adekoite-preprod.fr\/cneel\/wp-content\/uploads\/2026\/03\/eleve-cneel-1.webp 600w, https:\/\/adekoite-preprod.fr\/cneel\/wp-content\/uploads\/2026\/03\/eleve-cneel-1-300x200.webp 300w\" sizes=\"(max-width: 600px) 100vw, 600px\" \/>\t\t\t\t\t\t\t\t\t\t\t\t\t\t\t<\/div>\n\t\t\t\t<div class=\"elementor-element elementor-element-b3f2447 elementor-widget__width-initial elementor-widget elementor-widget-heading\" data-id=\"b3f2447\" data-element_type=\"widget\" data-e-type=\"widget\" data-widget_type=\"heading.default\">\n\t\t\t\t\t<h3 class=\"elementor-heading-title elementor-size-default\">Construire un parcours scolaire solide<\/h3>\t\t\t\t<\/div>\n\t\t\t\t<div class=\"elementor-element elementor-element-7ddf728 elementor-widget elementor-widget-text-editor\" data-id=\"7ddf728\" data-element_type=\"widget\" data-e-type=\"widget\" data-widget_type=\"text-editor.default\">\n\t\t\t\t\t\t\t\t\t<p>Gr\u00e2ce \u00e0 un suivi attentif et \u00e0 une organisation adapt\u00e9e, les \u00e9l\u00e8ves peuvent poursuivre leur progression scolaire et pr\u00e9parer sereinement les \u00e9tapes suivantes de leur parcours.<\/p>\t\t\t\t\t\t\t\t<\/div>\n\t\t\t\t<\/div>\n\t\t\t\t\t<\/div>\n\t\t\t\t<\/div>\n\t\t<div class=\"elementor-element elementor-element-e4541bb e-flex e-con-boxed e-con e-parent\" data-id=\"e4541bb\" data-element_type=\"container\" data-e-type=\"container\">\n\t\t\t\t\t<div class=\"e-con-inner\">\n\t\t\t\t<div class=\"elementor-element elementor-element-5eef5db elementor-widget elementor-widget-menu-anchor\" data-id=\"5eef5db\" data-element_type=\"widget\" data-e-type=\"widget\" data-widget_type=\"menu-anchor.default\">\n\t\t\t\t\t\t\t<div class=\"elementor-menu-anchor\" id=\"contactez-nous\"><\/div>\n\t\t\t\t\t\t<\/div>\n\t\t\t\t\t<\/div>\n\t\t\t\t<\/div>\n\t\t<div class=\"elementor-element elementor-element-4947328 e-flex e-con-boxed e-con e-parent\" data-id=\"4947328\" data-element_type=\"container\" data-e-type=\"container\">\n\t\t\t\t\t<div class=\"e-con-inner\">\n\t\t\t\t<div class=\"elementor-element elementor-element-07b7c34 elementor-widget__width-initial elementor-widget elementor-widget-heading\" data-id=\"07b7c34\" data-element_type=\"widget\" data-e-type=\"widget\" data-widget_type=\"heading.default\">\n\t\t\t\t\t<h2 class=\"elementor-heading-title elementor-size-default\">Demander les informations pour une classe<\/h2>\t\t\t\t<\/div>\n\t\t\t\t<div class=\"elementor-element elementor-element-331a575 elementor-widget__width-initial elementor-widget elementor-widget-text-editor\" data-id=\"331a575\" data-element_type=\"widget\" data-e-type=\"widget\" data-widget_type=\"text-editor.default\">\n\t\t\t\t\t\t\t\t\t<p>Remplissez ce formulaire pour recevoir le guide d\u00e9taill\u00e9 de la classe qui vous int\u00e9resse : organisation des cours, fonctionnement p\u00e9dagogique et informations sur la scolarisation.<\/p>\t\t\t\t\t\t\t\t<\/div>\n\t\t\t\t<div class=\"elementor-element elementor-element-6363259 elementor-widget elementor-widget-html\" data-id=\"6363259\" data-element_type=\"widget\" data-e-type=\"widget\" data-widget_type=\"html.default\">\n\t\t\t\t\t<script src=\"https:\/\/js-eu1.hsforms.net\/forms\/embed\/148130516.js\" defer><\/script>\r\n<div class=\"hs-form-frame\" data-region=\"eu1\" data-form-id=\"9d3f0bf8-b2d5-4b4a-9c5f-1282454a1136\" data-portal-id=\"148130516\"><\/div>\r\n\t\t\t\t<\/div>\n\t\t\t\t\t<\/div>\n\t\t\t\t<\/div>\n\t\t<div class=\"elementor-element elementor-element-7933180 e-flex e-con-boxed e-con e-parent\" data-id=\"7933180\" data-element_type=\"container\" data-e-type=\"container\">\n\t\t\t\t\t<div class=\"e-con-inner\">\n\t\t\t\t<div class=\"elementor-element elementor-element-0afb116 elementor-widget__width-initial elementor-widget elementor-widget-heading\" data-id=\"0afb116\" data-element_type=\"widget\" data-e-type=\"widget\" data-widget_type=\"heading.default\">\n\t\t\t\t\t<h2 class=\"elementor-heading-title elementor-size-default\">Chaque \u00e9l\u00e8ve peut  <span class=\"mot-couleur\">trouver sa mani\u00e8re de r\u00e9ussir <\/span> ?<\/h2>\t\t\t\t<\/div>\n\t\t\t\t<div class=\"elementor-element elementor-element-34a4025 elementor-widget__width-initial elementor-widget elementor-widget-text-editor\" data-id=\"34a4025\" data-element_type=\"widget\" data-e-type=\"widget\" data-widget_type=\"text-editor.default\">\n\t\t\t\t\t\t\t\t\t<p>Les profils d\u2019apprentissage sont vari\u00e9s et chaque \u00e9l\u00e8ve poss\u00e8de ses propres fa\u00e7ons de comprendre, d\u2019apprendre et de progresser.<\/p>\n<p>\u00a0<\/p>\n<p>Lorsqu\u2019ils \u00e9voluent dans un environnement p\u00e9dagogique attentif \u00e0 leurs besoins, les \u00e9l\u00e8ves peuvent retrouver confiance dans leurs capacit\u00e9s, d\u00e9velopper leurs points forts et poursuivre leur parcours scolaire avec s\u00e9r\u00e9nit\u00e9.<\/p>\n<p>L\u2019objectif de l\u2019\u00e9tablissement est d\u2019offrir \u00e0 chaque \u00e9l\u00e8ve un cadre d\u2019apprentissage structur\u00e9, exigeant et bienveillant, lui permettant de construire progressivement son parcours acad\u00e9mique.<\/p>\t\t\t\t\t\t\t\t<\/div>\n\t\t\t\t\t<\/div>\n\t\t\t\t<\/div>\n\t\t\t\t<\/div>\n\t\t","protected":false},"excerpt":{"rendered":"<p>Des parcours d\u2019apprentissage adapt\u00e9s \u00e0 chaque \u00e9l\u00e8ve Certains \u00e9l\u00e8ves pr\u00e9sentent des profils d\u2019apprentissage sp\u00e9cifiques ou des rythmes de travail particuliers. L\u2019organisation p\u00e9dagogique de l\u2019\u00e9tablissement permet d\u2019accompagner ces \u00e9l\u00e8ves gr\u00e2ce \u00e0 un suivi individualis\u00e9, une structuration claire des apprentissages et des outils num\u00e9riques favorisant diff\u00e9rentes mani\u00e8res d\u2019apprendre. Cette approche permet de prendre en compte des profils&#8230;<\/p>\n","protected":false},"author":1,"featured_media":0,"parent":0,"menu_order":0,"comment_status":"closed","ping_status":"closed","template":"","meta":{"footnotes":""},"class_list":["post-18027","page","type-page","status-publish","hentry"],"yoast_head":"<!-- This site is optimized with the Yoast SEO plugin v27.3 - https:\/\/yoast.com\/product\/yoast-seo-wordpress\/ -->\n<title>Des parcours d\u2019apprentissage adapt\u00e9s \u00e0 chaque \u00e9l\u00e8ve - CNEEL<\/title>\n<meta name=\"description\" content=\"L\u2019organisation p\u00e9dagogique de l\u2019\u00e9tablissement permet aux \u00e9l\u00e8ves pr\u00e9sentent des profils d\u2019apprentissage sp\u00e9cifiques une structuration claire des apprentissages et des outils num\u00e9riques favorisant diff\u00e9rentes mani\u00e8res d\u2019apprendre.\" \/>\n<meta name=\"robots\" content=\"noindex, follow, max-snippet:-1, max-image-preview:large, max-video-preview:-1\" \/>\n<meta property=\"og:locale\" content=\"fr_FR\" \/>\n<meta property=\"og:type\" content=\"article\" \/>\n<meta property=\"og:title\" content=\"Des parcours d\u2019apprentissage adapt\u00e9s \u00e0 chaque \u00e9l\u00e8ve - CNEEL\" \/>\n<meta property=\"og:description\" content=\"L\u2019organisation p\u00e9dagogique de l\u2019\u00e9tablissement permet aux \u00e9l\u00e8ves pr\u00e9sentent des profils d\u2019apprentissage sp\u00e9cifiques une structuration claire des apprentissages et des outils num\u00e9riques favorisant diff\u00e9rentes mani\u00e8res d\u2019apprendre.\" \/>\n<meta property=\"og:url\" content=\"https:\/\/adekoite-preprod.fr\/cneel\/eleves-profils-apprentissage-particuliers\/\" \/>\n<meta property=\"og:site_name\" content=\"CNEEL\" \/>\n<meta property=\"article:modified_time\" content=\"2026-04-09T09:41:20+00:00\" \/>\n<meta property=\"og:image\" content=\"https:\/\/adekoite-preprod.fr\/cneel\/wp-content\/uploads\/2026\/03\/sportifs.webp\" \/>\n\t<meta property=\"og:image:width\" content=\"600\" \/>\n\t<meta property=\"og:image:height\" content=\"400\" \/>\n\t<meta property=\"og:image:type\" content=\"image\/webp\" \/>\n<meta name=\"twitter:card\" content=\"summary_large_image\" \/>\n<meta name=\"twitter:label1\" content=\"Dur\u00e9e de lecture estim\u00e9e\" \/>\n\t<meta name=\"twitter:data1\" content=\"1 minute\" \/>\n<script type=\"application\/ld+json\" class=\"yoast-schema-graph\">{\"@context\":\"https:\\\/\\\/schema.org\",\"@graph\":[{\"@type\":\"WebPage\",\"@id\":\"https:\\\/\\\/adekoite-preprod.fr\\\/cneel\\\/eleves-profils-apprentissage-particuliers\\\/\",\"url\":\"https:\\\/\\\/adekoite-preprod.fr\\\/cneel\\\/eleves-profils-apprentissage-particuliers\\\/\",\"name\":\"Des parcours d\u2019apprentissage adapt\u00e9s \u00e0 chaque \u00e9l\u00e8ve - CNEEL\",\"isPartOf\":{\"@id\":\"https:\\\/\\\/adekoite-preprod.fr\\\/cneel\\\/#website\"},\"primaryImageOfPage\":{\"@id\":\"https:\\\/\\\/adekoite-preprod.fr\\\/cneel\\\/eleves-profils-apprentissage-particuliers\\\/#primaryimage\"},\"image\":{\"@id\":\"https:\\\/\\\/adekoite-preprod.fr\\\/cneel\\\/eleves-profils-apprentissage-particuliers\\\/#primaryimage\"},\"thumbnailUrl\":\"https:\\\/\\\/adekoite-preprod.fr\\\/cneel\\\/wp-content\\\/uploads\\\/2026\\\/03\\\/sportifs.webp\",\"datePublished\":\"2026-04-09T09:31:42+00:00\",\"dateModified\":\"2026-04-09T09:41:20+00:00\",\"description\":\"L\u2019organisation p\u00e9dagogique de l\u2019\u00e9tablissement permet aux \u00e9l\u00e8ves pr\u00e9sentent des profils d\u2019apprentissage sp\u00e9cifiques une structuration claire des apprentissages et des outils num\u00e9riques favorisant diff\u00e9rentes mani\u00e8res d\u2019apprendre.\",\"breadcrumb\":{\"@id\":\"https:\\\/\\\/adekoite-preprod.fr\\\/cneel\\\/eleves-profils-apprentissage-particuliers\\\/#breadcrumb\"},\"inLanguage\":\"fr-FR\",\"potentialAction\":[{\"@type\":\"ReadAction\",\"target\":[\"https:\\\/\\\/adekoite-preprod.fr\\\/cneel\\\/eleves-profils-apprentissage-particuliers\\\/\"]}]},{\"@type\":\"ImageObject\",\"inLanguage\":\"fr-FR\",\"@id\":\"https:\\\/\\\/adekoite-preprod.fr\\\/cneel\\\/eleves-profils-apprentissage-particuliers\\\/#primaryimage\",\"url\":\"https:\\\/\\\/adekoite-preprod.fr\\\/cneel\\\/wp-content\\\/uploads\\\/2026\\\/03\\\/sportifs.webp\",\"contentUrl\":\"https:\\\/\\\/adekoite-preprod.fr\\\/cneel\\\/wp-content\\\/uploads\\\/2026\\\/03\\\/sportifs.webp\",\"width\":600,\"height\":400},{\"@type\":\"BreadcrumbList\",\"@id\":\"https:\\\/\\\/adekoite-preprod.fr\\\/cneel\\\/eleves-profils-apprentissage-particuliers\\\/#breadcrumb\",\"itemListElement\":[{\"@type\":\"ListItem\",\"position\":1,\"name\":\"Accueil\",\"item\":\"https:\\\/\\\/adekoite-preprod.fr\\\/cneel\\\/\"},{\"@type\":\"ListItem\",\"position\":2,\"name\":\"E\u0301le\u0300ves aux profils d\u2019apprentissage particuliers\"}]},{\"@type\":\"WebSite\",\"@id\":\"https:\\\/\\\/adekoite-preprod.fr\\\/cneel\\\/#website\",\"url\":\"https:\\\/\\\/adekoite-preprod.fr\\\/cneel\\\/\",\"name\":\"CNEEL\",\"description\":\"\",\"publisher\":{\"@id\":\"https:\\\/\\\/adekoite-preprod.fr\\\/cneel\\\/#organization\"},\"potentialAction\":[{\"@type\":\"SearchAction\",\"target\":{\"@type\":\"EntryPoint\",\"urlTemplate\":\"https:\\\/\\\/adekoite-preprod.fr\\\/cneel\\\/?s={search_term_string}\"},\"query-input\":{\"@type\":\"PropertyValueSpecification\",\"valueRequired\":true,\"valueName\":\"search_term_string\"}}],\"inLanguage\":\"fr-FR\"},{\"@type\":\"Organization\",\"@id\":\"https:\\\/\\\/adekoite-preprod.fr\\\/cneel\\\/#organization\",\"name\":\"CNEEL\",\"url\":\"https:\\\/\\\/adekoite-preprod.fr\\\/cneel\\\/\",\"logo\":{\"@type\":\"ImageObject\",\"inLanguage\":\"fr-FR\",\"@id\":\"https:\\\/\\\/adekoite-preprod.fr\\\/cneel\\\/#\\\/schema\\\/logo\\\/image\\\/\",\"url\":\"https:\\\/\\\/adekoite-preprod.fr\\\/cneel\\\/wp-content\\\/uploads\\\/2026\\\/03\\\/favicon-cneel.png\",\"contentUrl\":\"https:\\\/\\\/adekoite-preprod.fr\\\/cneel\\\/wp-content\\\/uploads\\\/2026\\\/03\\\/favicon-cneel.png\",\"width\":512,\"height\":548,\"caption\":\"CNEEL\"},\"image\":{\"@id\":\"https:\\\/\\\/adekoite-preprod.fr\\\/cneel\\\/#\\\/schema\\\/logo\\\/image\\\/\"}}]}<\/script>\n<!-- \/ Yoast SEO plugin. -->","yoast_head_json":{"title":"Des parcours d\u2019apprentissage adapt\u00e9s \u00e0 chaque \u00e9l\u00e8ve - CNEEL","description":"L\u2019organisation p\u00e9dagogique de l\u2019\u00e9tablissement permet aux \u00e9l\u00e8ves pr\u00e9sentent des profils d\u2019apprentissage sp\u00e9cifiques une structuration claire des apprentissages et des outils num\u00e9riques favorisant diff\u00e9rentes mani\u00e8res d\u2019apprendre.","robots":{"index":"noindex","follow":"follow","max-snippet":"max-snippet:-1","max-image-preview":"max-image-preview:large","max-video-preview":"max-video-preview:-1"},"og_locale":"fr_FR","og_type":"article","og_title":"Des parcours d\u2019apprentissage adapt\u00e9s \u00e0 chaque \u00e9l\u00e8ve - CNEEL","og_description":"L\u2019organisation p\u00e9dagogique de l\u2019\u00e9tablissement permet aux \u00e9l\u00e8ves pr\u00e9sentent des profils d\u2019apprentissage sp\u00e9cifiques une structuration claire des apprentissages et des outils num\u00e9riques favorisant diff\u00e9rentes mani\u00e8res d\u2019apprendre.","og_url":"https:\/\/adekoite-preprod.fr\/cneel\/eleves-profils-apprentissage-particuliers\/","og_site_name":"CNEEL","article_modified_time":"2026-04-09T09:41:20+00:00","og_image":[{"width":600,"height":400,"url":"https:\/\/adekoite-preprod.fr\/cneel\/wp-content\/uploads\/2026\/03\/sportifs.webp","type":"image\/webp"}],"twitter_card":"summary_large_image","twitter_misc":{"Dur\u00e9e de lecture estim\u00e9e":"1 minute"},"schema":{"@context":"https:\/\/schema.org","@graph":[{"@type":"WebPage","@id":"https:\/\/adekoite-preprod.fr\/cneel\/eleves-profils-apprentissage-particuliers\/","url":"https:\/\/adekoite-preprod.fr\/cneel\/eleves-profils-apprentissage-particuliers\/","name":"Des parcours d\u2019apprentissage adapt\u00e9s \u00e0 chaque \u00e9l\u00e8ve - CNEEL","isPartOf":{"@id":"https:\/\/adekoite-preprod.fr\/cneel\/#website"},"primaryImageOfPage":{"@id":"https:\/\/adekoite-preprod.fr\/cneel\/eleves-profils-apprentissage-particuliers\/#primaryimage"},"image":{"@id":"https:\/\/adekoite-preprod.fr\/cneel\/eleves-profils-apprentissage-particuliers\/#primaryimage"},"thumbnailUrl":"https:\/\/adekoite-preprod.fr\/cneel\/wp-content\/uploads\/2026\/03\/sportifs.webp","datePublished":"2026-04-09T09:31:42+00:00","dateModified":"2026-04-09T09:41:20+00:00","description":"L\u2019organisation p\u00e9dagogique de l\u2019\u00e9tablissement permet aux \u00e9l\u00e8ves pr\u00e9sentent des profils d\u2019apprentissage sp\u00e9cifiques une structuration claire des apprentissages et des outils num\u00e9riques favorisant diff\u00e9rentes mani\u00e8res d\u2019apprendre.","breadcrumb":{"@id":"https:\/\/adekoite-preprod.fr\/cneel\/eleves-profils-apprentissage-particuliers\/#breadcrumb"},"inLanguage":"fr-FR","potentialAction":[{"@type":"ReadAction","target":["https:\/\/adekoite-preprod.fr\/cneel\/eleves-profils-apprentissage-particuliers\/"]}]},{"@type":"ImageObject","inLanguage":"fr-FR","@id":"https:\/\/adekoite-preprod.fr\/cneel\/eleves-profils-apprentissage-particuliers\/#primaryimage","url":"https:\/\/adekoite-preprod.fr\/cneel\/wp-content\/uploads\/2026\/03\/sportifs.webp","contentUrl":"https:\/\/adekoite-preprod.fr\/cneel\/wp-content\/uploads\/2026\/03\/sportifs.webp","width":600,"height":400},{"@type":"BreadcrumbList","@id":"https:\/\/adekoite-preprod.fr\/cneel\/eleves-profils-apprentissage-particuliers\/#breadcrumb","itemListElement":[{"@type":"ListItem","position":1,"name":"Accueil","item":"https:\/\/adekoite-preprod.fr\/cneel\/"},{"@type":"ListItem","position":2,"name":"E\u0301le\u0300ves aux profils d\u2019apprentissage particuliers"}]},{"@type":"WebSite","@id":"https:\/\/adekoite-preprod.fr\/cneel\/#website","url":"https:\/\/adekoite-preprod.fr\/cneel\/","name":"CNEEL","description":"","publisher":{"@id":"https:\/\/adekoite-preprod.fr\/cneel\/#organization"},"potentialAction":[{"@type":"SearchAction","target":{"@type":"EntryPoint","urlTemplate":"https:\/\/adekoite-preprod.fr\/cneel\/?s={search_term_string}"},"query-input":{"@type":"PropertyValueSpecification","valueRequired":true,"valueName":"search_term_string"}}],"inLanguage":"fr-FR"},{"@type":"Organization","@id":"https:\/\/adekoite-preprod.fr\/cneel\/#organization","name":"CNEEL","url":"https:\/\/adekoite-preprod.fr\/cneel\/","logo":{"@type":"ImageObject","inLanguage":"fr-FR","@id":"https:\/\/adekoite-preprod.fr\/cneel\/#\/schema\/logo\/image\/","url":"https:\/\/adekoite-preprod.fr\/cneel\/wp-content\/uploads\/2026\/03\/favicon-cneel.png","contentUrl":"https:\/\/adekoite-preprod.fr\/cneel\/wp-content\/uploads\/2026\/03\/favicon-cneel.png","width":512,"height":548,"caption":"CNEEL"},"image":{"@id":"https:\/\/adekoite-preprod.fr\/cneel\/#\/schema\/logo\/image\/"}}]}},"_links":{"self":[{"href":"https:\/\/adekoite-preprod.fr\/cneel\/wp-json\/wp\/v2\/pages\/18027","targetHints":{"allow":["GET"]}}],"collection":[{"href":"https:\/\/adekoite-preprod.fr\/cneel\/wp-json\/wp\/v2\/pages"}],"about":[{"href":"https:\/\/adekoite-preprod.fr\/cneel\/wp-json\/wp\/v2\/types\/page"}],"author":[{"embeddable":true,"href":"https:\/\/adekoite-preprod.fr\/cneel\/wp-json\/wp\/v2\/users\/1"}],"replies":[{"embeddable":true,"href":"https:\/\/adekoite-preprod.fr\/cneel\/wp-json\/wp\/v2\/comments?post=18027"}],"version-history":[{"count":13,"href":"https:\/\/adekoite-preprod.fr\/cneel\/wp-json\/wp\/v2\/pages\/18027\/revisions"}],"predecessor-version":[{"id":18043,"href":"https:\/\/adekoite-preprod.fr\/cneel\/wp-json\/wp\/v2\/pages\/18027\/revisions\/18043"}],"wp:attachment":[{"href":"https:\/\/adekoite-preprod.fr\/cneel\/wp-json\/wp\/v2\/media?parent=18027"}],"curies":[{"name":"wp","href":"https:\/\/api.w.org\/{rel}","templated":true}]}}