{"id":3,"date":"2026-03-13T11:12:11","date_gmt":"2026-03-13T10:12:11","guid":{"rendered":"https:\/\/adekoite-preprod.fr\/keypers\/?page_id=3"},"modified":"2026-04-17T15:06:59","modified_gmt":"2026-04-17T13:06:59","slug":"politique-confidentialite","status":"publish","type":"page","link":"https:\/\/adekoite-preprod.fr\/keypers\/politique-confidentialite\/","title":{"rendered":"Politique de confidentialit\u00e9"},"content":{"rendered":"\t\t<div data-elementor-type=\"wp-page\" data-elementor-id=\"3\" class=\"elementor elementor-3\" data-elementor-post-type=\"page\">\n\t\t\t\t<div class=\"elementor-element elementor-element-3f0cab3 e-flex e-con-boxed e-con e-parent\" data-id=\"3f0cab3\" data-element_type=\"container\" data-e-type=\"container\" data-settings=\"{&quot;background_background&quot;:&quot;classic&quot;}\">\n\t\t\t\t\t<div class=\"e-con-inner\">\n\t\t\t\t<div class=\"elementor-element elementor-element-23b8541 real-h1 elementor-widget elementor-widget-heading\" data-id=\"23b8541\" data-element_type=\"widget\" data-e-type=\"widget\" data-widget_type=\"heading.default\">\n\t\t\t\t\t<h1 class=\"elementor-heading-title elementor-size-default\">Politique de confidentialit\u00e9<\/h1>\t\t\t\t<\/div>\n\t\t\t\t\t<\/div>\n\t\t\t\t<\/div>\n\t\t<div class=\"elementor-element elementor-element-4612b89d e-flex e-con-boxed e-con e-parent\" data-id=\"4612b89d\" data-element_type=\"container\" data-e-type=\"container\">\n\t\t\t\t\t<div class=\"e-con-inner\">\n\t\t\t\t<div class=\"elementor-element elementor-element-423f6b08 confidentialite elementor-widget elementor-widget-text-editor\" data-id=\"423f6b08\" data-element_type=\"widget\" data-e-type=\"widget\" data-widget_type=\"text-editor.default\">\n\t\t\t\t\t\t\t\t\t<p>La pr\u00e9sente politique de confidentialit\u00e9 d\u00e9crit la mani\u00e8re dont la soci\u00e9t\u00e9 KEYPERS collecte et utilise des donn\u00e9es \u00e0 caract\u00e8re personnel dans le cadre de son activit\u00e9 de conciergerie et de gestion locative de courte dur\u00e9e, ainsi que lors de l\u2019utilisation de son site internet.<\/p>\n<p>Elle s\u2019adresse \u00e0 toute personne en interaction avec KEYPERS, notamment les utilisateurs du site, les prospects et les clients.<\/p>\n<p>Ce site internet est h\u00e9berg\u00e9 par la soci\u00e9t\u00e9 OVH, dont le si\u00e8ge social est situ\u00e9 2 rue Kellermann, 59100 Roubaix, France.<br \/><br \/><\/p>\n<h2>Responsable de traitement<\/h2>\n<p>Au sens du R\u00e8glement (UE) 2016\/679 du 27 avril 2016 (\u00ab RGPD \u00bb), le \u00ab responsable de traitement \u00bb d\u00e9signe l\u2019entit\u00e9 qui d\u00e9termine les finalit\u00e9s du traitement (c\u2019est-\u00e0-dire les objectifs poursuivis) ainsi que les moyens mis en \u0153uvre pour le r\u00e9aliser. <br \/><br \/>Dans le cadre des traitements d\u00e9crits dans la pr\u00e9sente politique, la soci\u00e9t\u00e9 KEYPERS agit en qualit\u00e9 de responsable de traitement, au sens de l\u2019article 4, point 7 du RGPD, d\u00e8s lors qu\u2019elle d\u00e9termine les finalit\u00e9s et les modalit\u00e9s des traitements mis en \u0153uvre dans le cadre de son activit\u00e9, notamment pour la gestion des demandes, la gestion des prestations de conciergerie et la facturation. <br \/><br \/>Toute demande relative \u00e0 la protection des donn\u00e9es \u00e0 caract\u00e8re personnel peut \u00eatre adress\u00e9e \u00e0 l\u2019adresse suivante : <a href=\"mailto:contact@keypers.paris\">contact@keypers.paris<\/a>.<\/p>\n<h2>Origine et nature des donn\u00e9es trait\u00e9es<\/h2>\n<p>Les donn\u00e9es \u00e0 caract\u00e8re personnel d\u00e9signent des informations se rapportant \u00e0 une personne physique identifi\u00e9e ou identifiable, directement ou indirectement, au sens de l\u2019article 4 du RGPD. <br \/><br \/>Dans le cadre de son activit\u00e9, KEYPERS est amen\u00e9e \u00e0 collecter et traiter des donn\u00e9es dans diff\u00e9rentes situations, correspondant aux points de contact avec les personnes concern\u00e9es. <br \/><br \/>Lorsqu\u2019une personne utilise le site internet pour prendre contact, KEYPERS collecte les informations n\u00e9cessaires au traitement de la demande. Il s\u2019agit notamment des donn\u00e9es d\u2019identification et de contact (nom, pr\u00e9nom, adresse \u00e9lectronique, num\u00e9ro de t\u00e9l\u00e9phone), du contenu du message, ainsi que, lorsque cela est pertinent, des informations relatives au bien concern\u00e9, telles que son adresse ou certaines caract\u00e9ristiques. <br \/><br \/>Dans le cadre de son activit\u00e9 de conciergerie et de gestion locative, KEYPERS traite \u00e9galement des donn\u00e9es relatives \u00e0 ses clients afin d\u2019assurer la gestion des prestations. Ces donn\u00e9es comprennent notamment des informations d\u2019identification, des coordonn\u00e9es, des donn\u00e9es contractuelles, ainsi que des \u00e9l\u00e9ments n\u00e9cessaires au suivi des biens confi\u00e9s et \u00e0 l\u2019organisation des services associ\u00e9s. <br \/><br \/>\u00c0 ce titre, KEYPERS peut \u00eatre amen\u00e9e \u00e0 traiter des informations strictement n\u00e9cessaires \u00e0 l\u2019acc\u00e8s et \u00e0 la gestion des biens (par exemple des consignes d\u2019acc\u00e8s ou d\u2019organisation), dans la limite de ce qui est requis pour l\u2019ex\u00e9cution des prestations. <br \/><br \/>KEYPERS traite \u00e9galement des donn\u00e9es n\u00e9cessaires \u00e0 la gestion administrative et financi\u00e8re de son activit\u00e9, notamment pour l\u2019\u00e9tablissement des devis, la gestion contractuelle, la facturation et le suivi des paiements. Des coordonn\u00e9es bancaires peuvent, \u00e0 ce titre, \u00eatre trait\u00e9es lorsque cela est n\u00e9cessaire \u00e0 la gestion des flux financiers. <br \/><br \/>Enfin, lors de la navigation sur le site internet, certaines donn\u00e9es techniques peuvent \u00eatre collect\u00e9es automatiquement, notamment par l\u2019interm\u00e9diaire de cookies, afin d\u2019assurer le fonctionnement du site et d\u2019en analyser l\u2019utilisation.<\/p>\n<h2>Finalit\u00e9s des traitements<\/h2>\n<p>Vos donn\u00e9es \u00e0 caract\u00e8re personnel sont collect\u00e9es et utilis\u00e9es pour des finalit\u00e9s d\u00e9termin\u00e9es, explicites et l\u00e9gitimes. Les finalit\u00e9s de traitement correspondent aux objectifs pour lesquels vos donn\u00e9es sont trait\u00e9es par KEYPERS. <br \/><br \/>Dans le cadre de l\u2019utilisation du site internet, les donn\u00e9es sont utilis\u00e9es afin de traiter les demandes adress\u00e9es par les utilisateurs, d\u2019y r\u00e9pondre de mani\u00e8re adapt\u00e9e et, le cas \u00e9ch\u00e9ant, d\u2019engager des \u00e9changes en vue d\u2019une prise de contact ou de la mise en place d\u2019une prestation. <br \/><br \/>Dans le cadre de son activit\u00e9 de conciergerie et de gestion locative, KEYPERS utilise les donn\u00e9es afin d\u2019assurer la gestion des biens confi\u00e9s, d\u2019organiser et de suivre les prestations, de coordonner les interventions n\u00e9cessaires \u00e0 l\u2019exploitation des locations (notamment l\u2019accueil des voyageurs, le m\u00e9nage ou la maintenance) et d\u2019assurer le suivi op\u00e9rationnel des s\u00e9jours. <br \/><br \/>Les donn\u00e9es sont \u00e9galement utilis\u00e9es \u00e0 des fins administratives et financi\u00e8res, notamment pour \u00e9tablir des devis, formaliser les relations contractuelles, \u00e9mettre les factures et assurer le suivi des paiements. <br \/><br \/>Par ailleurs, les donn\u00e9es issues de la navigation sur le site peuvent \u00eatre utilis\u00e9es afin d\u2019analyser la fr\u00e9quentation, comprendre les parcours utilisateurs et am\u00e9liorer le fonctionnement et les contenus propos\u00e9s. <br \/><br \/>Enfin, certaines donn\u00e9es peuvent \u00eatre trait\u00e9es afin de permettre \u00e0 KEYPERS de respecter ses obligations l\u00e9gales et r\u00e9glementaires, notamment en mati\u00e8re comptable, fiscale ou de gestion des litiges.<\/p>\n<h2>Bases l\u00e9gales des traitements<\/h2>\n<p>Conform\u00e9ment aux dispositions de l\u2019article 6 du R\u00e8glement (UE) 2016\/679 (\u00ab RGPD \u00bb), tout traitement de donn\u00e9es \u00e0 caract\u00e8re personnel doit reposer sur un fondement juridique, appel\u00e9 \u00ab base l\u00e9gale \u00bb, qui en justifie la mise en \u0153uvre. <br \/><br \/>Dans ce cadre, KEYPERS met en \u0153uvre diff\u00e9rents traitements reposant sur des bases l\u00e9gales distinctes, en fonction de leur finalit\u00e9. <br \/><br \/>Les donn\u00e9es collect\u00e9es via le formulaire de contact sont trait\u00e9es sur la base de l\u2019int\u00e9r\u00eat l\u00e9gitime de KEYPERS, consistant \u00e0 r\u00e9pondre aux sollicitations qui lui sont adress\u00e9es, \u00e0 assurer le suivi des \u00e9changes et \u00e0 d\u00e9velopper son activit\u00e9. <br \/><br \/>Les traitements mis en \u0153uvre dans le cadre de la gestion des prestations reposent sur l\u2019ex\u00e9cution du contrat conclu avec le client, dans la mesure o\u00f9 ces traitements sont n\u00e9cessaires \u00e0 la fourniture des services propos\u00e9s. <br \/><br \/>Les traitements li\u00e9s \u00e0 la gestion administrative, \u00e0 la facturation, \u00e0 la comptabilit\u00e9 ainsi qu\u2019au respect des obligations r\u00e9glementaires reposent sur les obligations l\u00e9gales auxquelles KEYPERS est soumise.<br \/><br \/>Enfin, les traitements li\u00e9s \u00e0 l\u2019utilisation de cookies non essentiels, notamment \u00e0 des fins de mesure d\u2019audience ou de suivi, reposent sur le consentement pr\u00e9alable de l\u2019utilisateur, lorsque celui-ci est requis par la r\u00e9glementation applicable.<\/p>\n<h2>Destinataires des donn\u00e9es<\/h2>\n<p>Les donn\u00e9es \u00e0 caract\u00e8re personnel sont accessibles uniquement aux personnes ou organismes pour lesquels cet acc\u00e8s est n\u00e9cessaire au regard des finalit\u00e9s poursuivies. <br \/><br \/>En interne, elles sont accessibles aux seules personnes habilit\u00e9es au sein de KEYPERS, dans la limite de leurs attributions et des besoins li\u00e9s \u00e0 l\u2019exercice de leurs missions. <br \/><br \/>Elles peuvent \u00e9galement \u00eatre transmises \u00e0 des prestataires intervenant dans le fonctionnement du site ou dans la gestion de l\u2019activit\u00e9 de KEYPERS, notamment des prestataires techniques (h\u00e9bergement, maintenance), des \u00e9diteurs de solutions logicielles ou des outils de mesure d\u2019audience. <br \/><br \/>Ces prestataires interviennent en qualit\u00e9 de sous-traitants au sens de l\u2019article 28 du RGPD. \u00c0 ce titre, ils traitent les donn\u00e9es pour le compte de KEYPERS, sur instruction de celle-ci et dans un cadre contractuel garantissant la s\u00e9curit\u00e9 et la confidentialit\u00e9 des donn\u00e9es. <br \/><br \/>Les donn\u00e9es peuvent enfin \u00eatre communiqu\u00e9es aux autorit\u00e9s administratives ou judiciaires lorsque la r\u00e9glementation en vigueur l\u2019impose ou dans le cadre de proc\u00e9dures contentieuses.<\/p>\n<h2>Transferts de donn\u00e9es hors Union europ\u00e9enne<\/h2>\n<p>Dans le cadre de l\u2019utilisation de certains outils ou prestataires, notamment des outils d\u2019analyse d\u2019audience tels que Google Analytics (GA4), des donn\u00e9es \u00e0 caract\u00e8re personnel peuvent \u00eatre transf\u00e9r\u00e9es vers des pays situ\u00e9s en dehors de l\u2019Union europ\u00e9enne. <br \/><br \/>Lorsque ces transferts ont lieu vers un pays b\u00e9n\u00e9ficiant d\u2019une d\u00e9cision d\u2019ad\u00e9quation de la Commission europ\u00e9enne, ils reposent sur ce fondement juridique, conform\u00e9ment \u00e0 l\u2019article 45 du RGPD. <br \/><br \/>Dans les autres cas, KEYPERS s\u2019assure que ces transferts sont encadr\u00e9s conform\u00e9ment aux dispositions des articles 44 et suivants du RGPD, notamment par la mise en place de garanties appropri\u00e9es, telles que la conclusion de clauses contractuelles types adopt\u00e9es par la Commission europ\u00e9enne, et, le cas \u00e9ch\u00e9ant, par la mise en \u0153uvre de mesures compl\u00e9mentaires destin\u00e9es \u00e0 assurer un niveau de protection ad\u00e9quat des donn\u00e9es.<\/p>\n<h2>Dur\u00e9e de conservation<\/h2>\n<p>Les donn\u00e9es \u00e0 caract\u00e8re personnel sont conserv\u00e9es pendant une dur\u00e9e limit\u00e9e, d\u00e9termin\u00e9e au regard des finalit\u00e9s pour lesquelles elles sont trait\u00e9es, conform\u00e9ment au principe de limitation de la conservation pr\u00e9vu \u00e0 l\u2019article 5 du RGPD. <br \/><br \/>Les donn\u00e9es collect\u00e9es dans le cadre des demandes de contact sont conserv\u00e9es pendant une dur\u00e9e de trois (3) ans \u00e0 compter du dernier \u00e9change avec la personne concern\u00e9e, sauf si une relation contractuelle est engag\u00e9e entre-temps. <br \/><br \/>Les donn\u00e9es relatives aux clients sont conserv\u00e9es pendant toute la dur\u00e9e de la relation contractuelle. \u00c0 l\u2019issue de celle-ci, elles sont archiv\u00e9es pendant une dur\u00e9e de cinq (5) ans \u00e0 des fins de preuve, notamment en cas de litige, conform\u00e9ment aux r\u00e8gles de prescription applicables. <br \/><br \/>Les donn\u00e9es n\u00e9cessaires \u00e0 la gestion administrative, comptable et financi\u00e8re, notamment les donn\u00e9es de facturation, sont conserv\u00e9es pendant une dur\u00e9e de dix (10) ans, conform\u00e9ment aux obligations l\u00e9gales pr\u00e9vues par le Code de commerce. <br \/><br \/>Les donn\u00e9es collect\u00e9es via les cookies et autres traceurs sont conserv\u00e9es pour des dur\u00e9es limit\u00e9es, conform\u00e9ment \u00e0 la r\u00e9glementation applicable et aux recommandations des autorit\u00e9s de contr\u00f4le, et en tout \u00e9tat de cause pour une dur\u00e9e n\u2019exc\u00e9dant pas treize (13) mois pour les traceurs soumis \u00e0 consentement.<\/p>\n<h2>Droits des personnes concern\u00e9es<\/h2>\n<p>Conform\u00e9ment aux dispositions des articles 12 \u00e0 22 du R\u00e8glement (UE) 2016\/679 du 27 avril 2016 (\u00ab RGPD \u00bb), les personnes concern\u00e9es disposent de droits sur les donn\u00e9es \u00e0 caract\u00e8re personnel les concernant. <br \/><br \/>Toute personne concern\u00e9e dispose d\u2019un droit d\u2019acc\u00e8s (article 15 du RGPD), lui permettant d\u2019obtenir la confirmation que des donn\u00e9es la concernant sont ou ne sont pas trait\u00e9es, ainsi que d\u2019acc\u00e9der auxdites donn\u00e9es et d\u2019en obtenir une copie. <br \/><br \/>Elle dispose \u00e9galement d\u2019un droit de rectification (article 16 du RGPD), lui permettant de demander la correction des donn\u00e9es inexactes ou incompl\u00e8tes.<br \/><br \/>Dans les conditions pr\u00e9vues \u00e0 l\u2019article 17 du RGPD, la personne concern\u00e9e peut demander l\u2019effacement de ses donn\u00e9es, notamment lorsque celles-ci ne sont plus n\u00e9cessaires au regard des finalit\u00e9s pour lesquelles elles ont \u00e9t\u00e9 collect\u00e9es, ou lorsque leur traitement est illicite. <br \/><br \/>Elle dispose \u00e9galement d\u2019un droit \u00e0 la limitation du traitement (article 18 du RGPD), lui permettant, dans certaines situations, de demander la suspension temporaire de l\u2019utilisation de ses donn\u00e9es.<br \/><br \/>Conform\u00e9ment \u00e0 l\u2019article 21 du RGPD, la personne concern\u00e9e dispose d\u2019un droit d\u2019opposition, pour des raisons tenant \u00e0 sa situation particuli\u00e8re, aux traitements fond\u00e9s sur l\u2019int\u00e9r\u00eat l\u00e9gitime. Elle peut \u00e9galement s\u2019opposer \u00e0 tout moment aux traitements mis en \u0153uvre \u00e0 des fins de prospection. <br \/><br \/>Lorsque les conditions pr\u00e9vues \u00e0 l\u2019article 20 du RGPD sont r\u00e9unies, la personne concern\u00e9e dispose d\u2019un droit \u00e0 la portabilit\u00e9 des donn\u00e9es, lui permettant de recevoir les donn\u00e9es qu\u2019elle a fournies dans un format structur\u00e9, couramment utilis\u00e9 et lisible par machine, et de les transmettre \u00e0 un autre responsable de traitement. <br \/><br \/>Lorsque le traitement repose sur le consentement, celui-ci peut \u00eatre retir\u00e9 \u00e0 tout moment, conform\u00e9ment \u00e0 l\u2019article 7 du RGPD, sans que ce retrait n\u2019affecte la lic\u00e9it\u00e9 des traitements r\u00e9alis\u00e9s avant ce retrait. <br \/><br \/>La personne concern\u00e9e dispose \u00e9galement du droit de d\u00e9finir des directives relatives au sort de ses donn\u00e9es \u00e0 caract\u00e8re personnel apr\u00e8s son d\u00e9c\u00e8s, conform\u00e9ment aux dispositions de la loi n\u00b0 78-17 du 6 janvier 1978 modifi\u00e9e. <br \/><br \/>Ces droits peuvent \u00eatre exerc\u00e9s \u00e0 tout moment en contactant KEYPERS \u00e0 l\u2019adresse suivante : [\u00e0 compl\u00e9ter]. Une r\u00e9ponse sera apport\u00e9e dans un d\u00e9lai d\u2019un (1) mois \u00e0 compter de la r\u00e9ception de la demande, ce d\u00e9lai pouvant \u00eatre prolong\u00e9 en cas de complexit\u00e9. <br \/><br \/>En cas de doute raisonnable sur l\u2019identit\u00e9 du demandeur, KEYPERS peut \u00eatre amen\u00e9e \u00e0 solliciter des informations compl\u00e9mentaires afin de v\u00e9rifier son identit\u00e9. <br \/><br \/>La personne concern\u00e9e dispose enfin du droit d\u2019introduire une r\u00e9clamation aupr\u00e8s de la Commission nationale de l\u2019informatique et des libert\u00e9s (CNIL), conform\u00e9ment \u00e0 l\u2019article 77 du RGPD.<\/p>\t\t\t\t\t\t\t\t<\/div>\n\t\t\t\t\t<\/div>\n\t\t\t\t<\/div>\n\t\t<div class=\"elementor-element elementor-element-16f5183 e-flex e-con-boxed e-con e-parent\" data-id=\"16f5183\" data-element_type=\"container\" data-e-type=\"container\">\n\t\t\t\t\t<div class=\"e-con-inner\">\n\t\t\t\t<div class=\"elementor-element elementor-element-f505f81 elementor-widget elementor-widget-menu-anchor\" data-id=\"f505f81\" data-element_type=\"widget\" data-e-type=\"widget\" data-widget_type=\"menu-anchor.default\">\n\t\t\t\t\t\t\t<div class=\"elementor-menu-anchor\" id=\"cookies\"><\/div>\n\t\t\t\t\t\t<\/div>\n\t\t\t\t\t<\/div>\n\t\t\t\t<\/div>\n\t\t<div class=\"elementor-element elementor-element-63b6b2e e-flex e-con-boxed e-con e-parent\" data-id=\"63b6b2e\" data-element_type=\"container\" data-e-type=\"container\">\n\t\t\t\t\t<div class=\"e-con-inner\">\n\t\t\t\t<div class=\"elementor-element elementor-element-7531aab elementor-widget elementor-widget-text-editor\" data-id=\"7531aab\" data-element_type=\"widget\" data-e-type=\"widget\" data-widget_type=\"text-editor.default\">\n\t\t\t\t\t\t\t\t\t<h2>Cookies<\/h2>\n<p>Les cookies sont des traceurs d\u00e9pos\u00e9s sur le terminal de l\u2019utilisateur lors de la navigation sur un site internet. Ils permettent notamment d\u2019assurer le fonctionnement du site, de m\u00e9moriser certains choix de l\u2019utilisateur et de mesurer l\u2019audience. <br \/><br \/>Le site utilise un dispositif de gestion du consentement permettant \u00e0 l\u2019utilisateur de choisir les cookies qu\u2019il souhaite autoriser. <br \/><br \/>Lors de sa premi\u00e8re visite, l\u2019utilisateur peut accepter l\u2019ensemble des cookies, refuser ceux qui ne sont pas n\u00e9cessaires ou personnaliser ses choix par cat\u00e9gorie.<br \/><br \/>Le site utilise plusieurs cat\u00e9gories de cookies. <br \/><br \/><\/p>\n<ul>\n<li><strong>Des cookies n\u00e9cessaires<\/strong> sont utilis\u00e9s afin d\u2019assurer le bon fonctionnement technique du site, notamment pour permettre son affichage, la navigation ou la s\u00e9curisation des acc\u00e8s. Ces cookies ne n\u00e9cessitent pas le consentement de l\u2019utilisateur. Ils sont conserv\u00e9s pendant la dur\u00e9e strictement n\u00e9cessaire \u00e0 leur fonctionnement, et au maximum pendant treize (13) mois.<\/li>\n<li><strong>Des cookies de mesure d\u2019audience<\/strong> peuvent \u00eatre utilis\u00e9s afin d\u2019analyser la fr\u00e9quentation du site, comprendre les usages des utilisateurs et am\u00e9liorer les contenus propos\u00e9s. Ces cookies peuvent notamment \u00eatre d\u00e9pos\u00e9s via l\u2019outil Google Analytics (GA4). Leur utilisation est conditionn\u00e9e au consentement pr\u00e9alable de l\u2019utilisateur. Les donn\u00e9es associ\u00e9es sont conserv\u00e9es pour une dur\u00e9e maximale de treize (13) mois.<\/li>\n<li><strong>Des cookies \u00e0 finalit\u00e9 marketing<\/strong> peuvent \u00eatre utilis\u00e9s si des outils correspondants sont int\u00e9gr\u00e9s ult\u00e9rieurement. Ces cookies permettent notamment de proposer des contenus ou des publicit\u00e9s adapt\u00e9s aux centres d\u2019int\u00e9r\u00eat de l\u2019utilisateur. Leur d\u00e9p\u00f4t est soumis au consentement pr\u00e9alable de l\u2019utilisateur. Leur dur\u00e9e de conservation n\u2019exc\u00e8de pas treize (13) mois.<\/li>\n<\/ul>\n<p><br \/>Les cookies non essentiels ne sont d\u00e9pos\u00e9s qu\u2019apr\u00e8s obtention du consentement de l\u2019utilisateur. L\u2019utilisateur peut \u00e0 tout moment modifier ses pr\u00e9f\u00e9rences via le gestionnaire de consentement accessible sur le site.<\/p>\t\t\t\t\t\t\t\t<\/div>\n\t\t\t\t\t<\/div>\n\t\t\t\t<\/div>\n\t\t\t\t<\/div>\n\t\t","protected":false},"excerpt":{"rendered":"<p>Politique de confidentialit\u00e9 La pr\u00e9sente politique de confidentialit\u00e9 d\u00e9crit la mani\u00e8re dont la soci\u00e9t\u00e9 KEYPERS collecte et utilise des donn\u00e9es \u00e0 caract\u00e8re personnel dans le cadre de son activit\u00e9 de conciergerie et de gestion locative de courte dur\u00e9e, ainsi que lors de l\u2019utilisation de son site internet. Elle s\u2019adresse \u00e0 toute personne en interaction avec [&hellip;]<\/p>\n","protected":false},"author":1,"featured_media":0,"parent":0,"menu_order":0,"comment_status":"closed","ping_status":"open","template":"","meta":{"footnotes":""},"class_list":["post-3","page","type-page","status-publish","hentry"],"yoast_head":"<!-- This site is optimized with the Yoast SEO plugin v27.4 - https:\/\/yoast.com\/product\/yoast-seo-wordpress\/ -->\n<title>Politique de confidentialit\u00e9 - Keypers<\/title>\n<meta name=\"robots\" content=\"noindex, nofollow\" \/>\n<meta property=\"og:locale\" content=\"fr_FR\" \/>\n<meta property=\"og:type\" content=\"article\" \/>\n<meta property=\"og:title\" content=\"Politique de confidentialit\u00e9 - Keypers\" \/>\n<meta property=\"og:description\" content=\"Politique de confidentialit\u00e9 La pr\u00e9sente politique de confidentialit\u00e9 d\u00e9crit la mani\u00e8re dont la soci\u00e9t\u00e9 KEYPERS collecte et utilise des donn\u00e9es \u00e0 caract\u00e8re personnel dans le cadre de son activit\u00e9 de conciergerie et de gestion locative de courte dur\u00e9e, ainsi que lors de l\u2019utilisation de son site internet. Elle s\u2019adresse \u00e0 toute personne en interaction avec [&hellip;]\" \/>\n<meta property=\"og:url\" content=\"https:\/\/adekoite-preprod.fr\/keypers\/politique-confidentialite\/\" \/>\n<meta property=\"og:site_name\" content=\"Keypers\" \/>\n<meta property=\"article:modified_time\" content=\"2026-04-17T13:06:59+00:00\" \/>\n<meta name=\"twitter:card\" content=\"summary_large_image\" \/>\n<meta name=\"twitter:label1\" content=\"Dur\u00e9e de lecture estim\u00e9e\" \/>\n\t<meta name=\"twitter:data1\" content=\"11 minutes\" \/>\n<script type=\"application\/ld+json\" class=\"yoast-schema-graph\">{\"@context\":\"https:\\\/\\\/schema.org\",\"@graph\":[{\"@type\":\"WebPage\",\"@id\":\"https:\\\/\\\/adekoite-preprod.fr\\\/keypers\\\/politique-confidentialite\\\/\",\"url\":\"https:\\\/\\\/adekoite-preprod.fr\\\/keypers\\\/politique-confidentialite\\\/\",\"name\":\"Politique de confidentialit\u00e9 - Keypers\",\"isPartOf\":{\"@id\":\"https:\\\/\\\/adekoite-preprod.fr\\\/keypers\\\/#website\"},\"datePublished\":\"2026-03-13T10:12:11+00:00\",\"dateModified\":\"2026-04-17T13:06:59+00:00\",\"breadcrumb\":{\"@id\":\"https:\\\/\\\/adekoite-preprod.fr\\\/keypers\\\/politique-confidentialite\\\/#breadcrumb\"},\"inLanguage\":\"fr-FR\",\"potentialAction\":[{\"@type\":\"ReadAction\",\"target\":[\"https:\\\/\\\/adekoite-preprod.fr\\\/keypers\\\/politique-confidentialite\\\/\"]}]},{\"@type\":\"BreadcrumbList\",\"@id\":\"https:\\\/\\\/adekoite-preprod.fr\\\/keypers\\\/politique-confidentialite\\\/#breadcrumb\",\"itemListElement\":[{\"@type\":\"ListItem\",\"position\":1,\"name\":\"Accueil\",\"item\":\"https:\\\/\\\/adekoite-preprod.fr\\\/keypers\\\/\"},{\"@type\":\"ListItem\",\"position\":2,\"name\":\"Politique de confidentialit\u00e9\"}]},{\"@type\":\"WebSite\",\"@id\":\"https:\\\/\\\/adekoite-preprod.fr\\\/keypers\\\/#website\",\"url\":\"https:\\\/\\\/adekoite-preprod.fr\\\/keypers\\\/\",\"name\":\"Keypers\",\"description\":\"\",\"publisher\":{\"@id\":\"https:\\\/\\\/adekoite-preprod.fr\\\/keypers\\\/#organization\"},\"potentialAction\":[{\"@type\":\"SearchAction\",\"target\":{\"@type\":\"EntryPoint\",\"urlTemplate\":\"https:\\\/\\\/adekoite-preprod.fr\\\/keypers\\\/?s={search_term_string}\"},\"query-input\":{\"@type\":\"PropertyValueSpecification\",\"valueRequired\":true,\"valueName\":\"search_term_string\"}}],\"inLanguage\":\"fr-FR\"},{\"@type\":\"Organization\",\"@id\":\"https:\\\/\\\/adekoite-preprod.fr\\\/keypers\\\/#organization\",\"name\":\"Keypers\",\"url\":\"https:\\\/\\\/adekoite-preprod.fr\\\/keypers\\\/\",\"logo\":{\"@type\":\"ImageObject\",\"inLanguage\":\"fr-FR\",\"@id\":\"https:\\\/\\\/adekoite-preprod.fr\\\/keypers\\\/#\\\/schema\\\/logo\\\/image\\\/\",\"url\":\"https:\\\/\\\/adekoite-preprod.fr\\\/keypers\\\/wp-content\\\/uploads\\\/2026\\\/03\\\/logo-keypers.png\",\"contentUrl\":\"https:\\\/\\\/adekoite-preprod.fr\\\/keypers\\\/wp-content\\\/uploads\\\/2026\\\/03\\\/logo-keypers.png\",\"width\":400,\"height\":192,\"caption\":\"Keypers\"},\"image\":{\"@id\":\"https:\\\/\\\/adekoite-preprod.fr\\\/keypers\\\/#\\\/schema\\\/logo\\\/image\\\/\"}}]}<\/script>\n<!-- \/ Yoast SEO plugin. -->","yoast_head_json":{"title":"Politique de confidentialit\u00e9 - Keypers","robots":{"index":"noindex","follow":"nofollow"},"og_locale":"fr_FR","og_type":"article","og_title":"Politique de confidentialit\u00e9 - Keypers","og_description":"Politique de confidentialit\u00e9 La pr\u00e9sente politique de confidentialit\u00e9 d\u00e9crit la mani\u00e8re dont la soci\u00e9t\u00e9 KEYPERS collecte et utilise des donn\u00e9es \u00e0 caract\u00e8re personnel dans le cadre de son activit\u00e9 de conciergerie et de gestion locative de courte dur\u00e9e, ainsi que lors de l\u2019utilisation de son site internet. Elle s\u2019adresse \u00e0 toute personne en interaction avec [&hellip;]","og_url":"https:\/\/adekoite-preprod.fr\/keypers\/politique-confidentialite\/","og_site_name":"Keypers","article_modified_time":"2026-04-17T13:06:59+00:00","twitter_card":"summary_large_image","twitter_misc":{"Dur\u00e9e de lecture estim\u00e9e":"11 minutes"},"schema":{"@context":"https:\/\/schema.org","@graph":[{"@type":"WebPage","@id":"https:\/\/adekoite-preprod.fr\/keypers\/politique-confidentialite\/","url":"https:\/\/adekoite-preprod.fr\/keypers\/politique-confidentialite\/","name":"Politique de confidentialit\u00e9 - Keypers","isPartOf":{"@id":"https:\/\/adekoite-preprod.fr\/keypers\/#website"},"datePublished":"2026-03-13T10:12:11+00:00","dateModified":"2026-04-17T13:06:59+00:00","breadcrumb":{"@id":"https:\/\/adekoite-preprod.fr\/keypers\/politique-confidentialite\/#breadcrumb"},"inLanguage":"fr-FR","potentialAction":[{"@type":"ReadAction","target":["https:\/\/adekoite-preprod.fr\/keypers\/politique-confidentialite\/"]}]},{"@type":"BreadcrumbList","@id":"https:\/\/adekoite-preprod.fr\/keypers\/politique-confidentialite\/#breadcrumb","itemListElement":[{"@type":"ListItem","position":1,"name":"Accueil","item":"https:\/\/adekoite-preprod.fr\/keypers\/"},{"@type":"ListItem","position":2,"name":"Politique de confidentialit\u00e9"}]},{"@type":"WebSite","@id":"https:\/\/adekoite-preprod.fr\/keypers\/#website","url":"https:\/\/adekoite-preprod.fr\/keypers\/","name":"Keypers","description":"","publisher":{"@id":"https:\/\/adekoite-preprod.fr\/keypers\/#organization"},"potentialAction":[{"@type":"SearchAction","target":{"@type":"EntryPoint","urlTemplate":"https:\/\/adekoite-preprod.fr\/keypers\/?s={search_term_string}"},"query-input":{"@type":"PropertyValueSpecification","valueRequired":true,"valueName":"search_term_string"}}],"inLanguage":"fr-FR"},{"@type":"Organization","@id":"https:\/\/adekoite-preprod.fr\/keypers\/#organization","name":"Keypers","url":"https:\/\/adekoite-preprod.fr\/keypers\/","logo":{"@type":"ImageObject","inLanguage":"fr-FR","@id":"https:\/\/adekoite-preprod.fr\/keypers\/#\/schema\/logo\/image\/","url":"https:\/\/adekoite-preprod.fr\/keypers\/wp-content\/uploads\/2026\/03\/logo-keypers.png","contentUrl":"https:\/\/adekoite-preprod.fr\/keypers\/wp-content\/uploads\/2026\/03\/logo-keypers.png","width":400,"height":192,"caption":"Keypers"},"image":{"@id":"https:\/\/adekoite-preprod.fr\/keypers\/#\/schema\/logo\/image\/"}}]}},"_links":{"self":[{"href":"https:\/\/adekoite-preprod.fr\/keypers\/wp-json\/wp\/v2\/pages\/3","targetHints":{"allow":["GET"]}}],"collection":[{"href":"https:\/\/adekoite-preprod.fr\/keypers\/wp-json\/wp\/v2\/pages"}],"about":[{"href":"https:\/\/adekoite-preprod.fr\/keypers\/wp-json\/wp\/v2\/types\/page"}],"author":[{"embeddable":true,"href":"https:\/\/adekoite-preprod.fr\/keypers\/wp-json\/wp\/v2\/users\/1"}],"replies":[{"embeddable":true,"href":"https:\/\/adekoite-preprod.fr\/keypers\/wp-json\/wp\/v2\/comments?post=3"}],"version-history":[{"count":16,"href":"https:\/\/adekoite-preprod.fr\/keypers\/wp-json\/wp\/v2\/pages\/3\/revisions"}],"predecessor-version":[{"id":3877,"href":"https:\/\/adekoite-preprod.fr\/keypers\/wp-json\/wp\/v2\/pages\/3\/revisions\/3877"}],"wp:attachment":[{"href":"https:\/\/adekoite-preprod.fr\/keypers\/wp-json\/wp\/v2\/media?parent=3"}],"curies":[{"name":"wp","href":"https:\/\/api.w.org\/{rel}","templated":true}]}}