{"id":610,"date":"2025-06-24T09:00:00","date_gmt":"2025-06-24T07:00:00","guid":{"rendered":"https:\/\/el3.thembaydev.com\/greenmart_fresh\/?page_id=610"},"modified":"2026-03-27T10:52:04","modified_gmt":"2026-03-27T09:52:04","slug":"a-propos","status":"publish","type":"page","link":"https:\/\/adekoite-preprod.fr\/pepiniere\/a-propos\/","title":{"rendered":"A propos"},"content":{"rendered":"\t\t<div data-elementor-type=\"wp-page\" data-elementor-id=\"610\" class=\"elementor elementor-610\">\n\t\t\t\t\t\t<section class=\"elementor-section elementor-top-section elementor-element elementor-element-117063a elementor-section-stretched elementor-section-boxed elementor-section-height-default elementor-section-height-default\" data-id=\"117063a\" data-element_type=\"section\" data-settings=\"{&quot;stretch_section&quot;:&quot;section-stretched&quot;,&quot;background_background&quot;:&quot;classic&quot;}\">\n\t\t\t\t\t\t\t<div class=\"elementor-background-overlay\"><\/div>\n\t\t\t\t\t\t\t<div class=\"elementor-container elementor-column-gap-default\">\n\t\t\t\t\t<div class=\"elementor-column elementor-col-100 elementor-top-column elementor-element elementor-element-41c7c10\" data-id=\"41c7c10\" data-element_type=\"column\">\n\t\t\t<div class=\"elementor-widget-wrap elementor-element-populated\">\n\t\t\t\t\t\t<div class=\"elementor-element elementor-element-f1891e0 elementor-widget elementor-widget-tbay-heading\" data-id=\"f1891e0\" data-element_type=\"widget\" data-widget_type=\"tbay-heading.default\">\n\t\t\t\t<div class=\"elementor-widget-container\">\n\t\t\t\t\t\r\n<div class=\"tbay-element tbay-element-heading\">\r\n\t\t\t\t<p class=\"heading-tbay-title\">\r\n\t\t\t\t\t\t\t\t\t<span class=\"title\">A propos<\/span>\r\n\t\t\t\t\t    \t\r\n\t\t\t\t\t\t\t<\/p>\r\n\t\t<\/div>\t\t\t\t<\/div>\n\t\t\t\t<\/div>\n\t\t\t\t<div class=\"elementor-element elementor-element-48b58ef elementor-widget elementor-widget-heading\" data-id=\"48b58ef\" data-element_type=\"widget\" data-widget_type=\"heading.default\">\n\t\t\t\t<div class=\"elementor-widget-container\">\n\t\t\t\t\t<h1 class=\"elementor-heading-title elementor-size-default\">P\u00e9pini\u00e8re du  <span style=\"color: #ff624d\">Dandelion<\/span><\/h1>\t\t\t\t<\/div>\n\t\t\t\t<\/div>\n\t\t\t\t\t<\/div>\n\t\t<\/div>\n\t\t\t\t\t<\/div>\n\t\t<\/section>\n\t\t\t\t<section class=\"elementor-section elementor-top-section elementor-element elementor-element-cbeea41 elementor-section-stretched elementor-section-boxed elementor-section-height-default elementor-section-height-default\" data-id=\"cbeea41\" data-element_type=\"section\" data-settings=\"{&quot;stretch_section&quot;:&quot;section-stretched&quot;}\">\n\t\t\t\t\t\t<div class=\"elementor-container elementor-column-gap-default\">\n\t\t\t\t\t<div class=\"elementor-column elementor-col-50 elementor-top-column elementor-element elementor-element-f75c031\" data-id=\"f75c031\" data-element_type=\"column\">\n\t\t\t<div class=\"elementor-widget-wrap elementor-element-populated\">\n\t\t\t\t\t\t<div class=\"elementor-element elementor-element-47b2613 elementor-widget elementor-widget-heading\" data-id=\"47b2613\" data-element_type=\"widget\" data-widget_type=\"heading.default\">\n\t\t\t\t<div class=\"elementor-widget-container\">\n\t\t\t\t\t<h2 class=\"elementor-heading-title elementor-size-default\">L\u2019histoire d\u2019une id\u00e9e qui germe \ud83c\udf31 <\/h2>\t\t\t\t<\/div>\n\t\t\t\t<\/div>\n\t\t\t\t<div class=\"elementor-element elementor-element-85dc0ee elementor-widget elementor-widget-text-editor\" data-id=\"85dc0ee\" data-element_type=\"widget\" data-widget_type=\"text-editor.default\">\n\t\t\t\t<div class=\"elementor-widget-container\">\n\t\t\t\t\t\t\t\t\t<p>Tout a commenc\u00e9 en Ari\u00e8ge, au c\u0153ur d\u2019une vall\u00e9e paisible. <br \/>Avec une grange et 3000 m\u00b2 de terrain, l\u2019envie de cr\u00e9er une petite p\u00e9pini\u00e8re ind\u00e9pendante a \u00e9merg\u00e9 : vivre au rythme des saisons, quitter un quotidien salari\u00e9 devenu pesant, renouer avec la terre.<br data-start=\"590\" data-end=\"593\" \/>Mais parfois, m\u00eame les plus beaux d\u00e9cors ne sont pas les plus propices \u00e0 un projet. <br \/>Ce r\u00eave a donc patient\u00e9\u2026 jusqu\u2019\u00e0 trouver son \u00e9crin.<\/p>\t\t\t\t\t\t\t\t<\/div>\n\t\t\t\t<\/div>\n\t\t\t\t\t<\/div>\n\t\t<\/div>\n\t\t\t\t<div class=\"elementor-column elementor-col-50 elementor-top-column elementor-element elementor-element-c89ee02\" data-id=\"c89ee02\" data-element_type=\"column\">\n\t\t\t<div class=\"elementor-widget-wrap elementor-element-populated\">\n\t\t\t\t\t\t<div class=\"elementor-element elementor-element-eac905b elementor-widget elementor-widget-text-editor\" data-id=\"eac905b\" data-element_type=\"widget\" data-widget_type=\"text-editor.default\">\n\t\t\t\t<div class=\"elementor-widget-container\">\n\t\t\t\t\t\t\t\t\t<p>C\u2019est sur les <strong>coteaux du Tarn<\/strong> que le projet a enfin pris racine. La P\u00e9pini\u00e8re du Dandelion est n\u00e9e avec une ambition claire : <strong>promouvoir et valoriser la diversit\u00e9 v\u00e9g\u00e9tale<\/strong> et d&#8217;essayer de briser la monotonie des jardins\u00a0en proposant des <strong>plantes rares<\/strong>, <strong>originales<\/strong>, parfois m\u00e9connues, toujours <strong>s\u00e9lectionn\u00e9es avec soin<\/strong>.<br data-start=\"1062\" data-end=\"1065\" \/><br \/><\/p>\t\t\t\t\t\t\t\t<\/div>\n\t\t\t\t<\/div>\n\t\t\t\t\t<\/div>\n\t\t<\/div>\n\t\t\t\t\t<\/div>\n\t\t<\/section>\n\t\t<div class=\"elementor-element elementor-element-87e8ab1 e-flex e-con-boxed e-con e-parent\" data-id=\"87e8ab1\" data-element_type=\"container\">\n\t\t\t\t\t<div class=\"e-con-inner\">\n\t\t\t\t<div class=\"elementor-element elementor-element-829ffa5 elementor-widget elementor-widget-image\" data-id=\"829ffa5\" data-element_type=\"widget\" data-widget_type=\"image.default\">\n\t\t\t\t<div class=\"elementor-widget-container\">\n\t\t\t\t\t\t\t\t\t\t\t\t\t\t\t<img fetchpriority=\"high\" decoding=\"async\" width=\"561\" height=\"374\" src=\"https:\/\/adekoite-preprod.fr\/pepiniere\/wp-content\/uploads\/2026\/03\/cercis-chinensis-gigantea-6-561x374.webp\" class=\"attachment-large size-large wp-image-6530\" alt=\"\" \/>\t\t\t\t\t\t\t\t\t\t\t\t\t\t\t<\/div>\n\t\t\t\t<\/div>\n\t\t\t\t\t<\/div>\n\t\t\t\t<\/div>\n\t\t<div class=\"elementor-element elementor-element-fd8420c e-flex e-con-boxed e-con e-parent\" data-id=\"fd8420c\" data-element_type=\"container\">\n\t\t\t\t\t<div class=\"e-con-inner\">\n\t\t\t\t<div class=\"elementor-element elementor-element-f558fc9 elementor-widget elementor-widget-heading\" data-id=\"f558fc9\" data-element_type=\"widget\" data-widget_type=\"heading.default\">\n\t\t\t\t<div class=\"elementor-widget-container\">\n\t\t\t\t\t<h2 class=\"elementor-heading-title elementor-size-default\">Un choix de plantes originales<\/h2>\t\t\t\t<\/div>\n\t\t\t\t<\/div>\n\t\t\t\t<div class=\"elementor-element elementor-element-3840058 elementor-widget__width-initial elementor-widget elementor-widget-text-editor\" data-id=\"3840058\" data-element_type=\"widget\" data-widget_type=\"text-editor.default\">\n\t\t\t\t<div class=\"elementor-widget-container\">\n\t\t\t\t\t\t\t\t\t<p>Notre production est avant tout tourn\u00e9e vers les <strong>arbres<\/strong> et <strong>arbustes<\/strong>, mais vous trouverez aussi chez nous une collection de <strong>vivaces<\/strong> et de <strong>plantes grimpantes<\/strong> peu ordinaires.<br \/>Toutes nos plantes sont destin\u00e9es \u00e0 l\u2019am\u00e9nagement ext\u00e9rieur. Nous les choisissons pour leur robustesse et leur adaptation aux al\u00e9as climatiques. Notre attention se porte principalement sur des <strong>esp\u00e8ces r\u00e9sistantes, sans souci<\/strong>, capables de s\u2019\u00e9panouir sans demander de soins particuliers.<\/p><p>\u00a0<\/p>\t\t\t\t\t\t\t\t<\/div>\n\t\t\t\t<\/div>\n\t\t\t\t<div class=\"elementor-element elementor-element-8ebc41b elementor-align-center elementor-widget elementor-widget-button\" data-id=\"8ebc41b\" data-element_type=\"widget\" data-widget_type=\"button.default\">\n\t\t\t\t<div class=\"elementor-widget-container\">\n\t\t\t\t\t\t\t\t\t<div class=\"elementor-button-wrapper\">\n\t\t\t\t\t<a class=\"elementor-button elementor-button-link elementor-size-sm\" href=\"https:\/\/adekoite-preprod.fr\/pepiniere\/boutique\/\">\n\t\t\t\t\t\t<span class=\"elementor-button-content-wrapper\">\n\t\t\t\t\t\t\t\t\t<span class=\"elementor-button-text\">Toutes les collections \u2192<\/span>\n\t\t\t\t\t<\/span>\n\t\t\t\t\t<\/a>\n\t\t\t\t<\/div>\n\t\t\t\t\t\t\t\t<\/div>\n\t\t\t\t<\/div>\n\t\t\t\t\t<\/div>\n\t\t\t\t<\/div>\n\t\t<div class=\"elementor-element elementor-element-7d98627 e-flex e-con-boxed e-con e-parent\" data-id=\"7d98627\" data-element_type=\"container\">\n\t\t\t\t\t<div class=\"e-con-inner\">\n\t\t<div class=\"elementor-element elementor-element-08be6c5 e-con-full e-flex e-con e-child\" data-id=\"08be6c5\" data-element_type=\"container\" data-settings=\"{&quot;background_background&quot;:&quot;classic&quot;}\">\n\t\t<div class=\"elementor-element elementor-element-53d81fa e-con-full e-flex e-con e-child\" data-id=\"53d81fa\" data-element_type=\"container\">\n\t\t\t\t<div class=\"elementor-element elementor-element-e9e5572 elementor-widget elementor-widget-image\" data-id=\"e9e5572\" data-element_type=\"widget\" data-widget_type=\"image.default\">\n\t\t\t\t<div class=\"elementor-widget-container\">\n\t\t\t\t\t\t\t\t\t\t\t\t\t\t\t<img decoding=\"async\" width=\"200\" height=\"200\" src=\"https:\/\/adekoite-preprod.fr\/pepiniere\/wp-content\/uploads\/2025\/07\/icone-arbres-arbustes.png\" class=\"attachment-large size-large wp-image-6077\" alt=\"\" \/>\t\t\t\t\t\t\t\t\t\t\t\t\t\t\t<\/div>\n\t\t\t\t<\/div>\n\t\t\t\t<div class=\"elementor-element elementor-element-94edcac elementor-widget elementor-widget-heading\" data-id=\"94edcac\" data-element_type=\"widget\" data-widget_type=\"heading.default\">\n\t\t\t\t<div class=\"elementor-widget-container\">\n\t\t\t\t\t<h3 class=\"elementor-heading-title elementor-size-default\">Arbres et arbustes<\/h3>\t\t\t\t<\/div>\n\t\t\t\t<\/div>\n\t\t\t\t<div class=\"elementor-element elementor-element-9757084 elementor-widget elementor-widget-text-editor\" data-id=\"9757084\" data-element_type=\"widget\" data-widget_type=\"text-editor.default\">\n\t\t\t\t<div class=\"elementor-widget-container\">\n\t\t\t\t\t\t\t\t\t<p>Du bosquet fleuri au grand arbre majestueux, il y en a pour tous les gouts. Toujours avec l&#8217;optique de proposer des esp\u00e8ces qui sortent de l&#8217;ordinaire.<\/p>\t\t\t\t\t\t\t\t<\/div>\n\t\t\t\t<\/div>\n\t\t\t\t<div class=\"elementor-element elementor-element-1214911 elementor-align-center elementor-widget elementor-widget-button\" data-id=\"1214911\" data-element_type=\"widget\" data-widget_type=\"button.default\">\n\t\t\t\t<div class=\"elementor-widget-container\">\n\t\t\t\t\t\t\t\t\t<div class=\"elementor-button-wrapper\">\n\t\t\t\t\t<a class=\"elementor-button elementor-button-link elementor-size-sm\" href=\"https:\/\/adekoite-preprod.fr\/pepiniere\/arbres-et-arbustes\/\">\n\t\t\t\t\t\t<span class=\"elementor-button-content-wrapper\">\n\t\t\t\t\t\t\t\t\t<span class=\"elementor-button-text\">D\u00e9couvrir nos arbres et arbustes  \u2192<\/span>\n\t\t\t\t\t<\/span>\n\t\t\t\t\t<\/a>\n\t\t\t\t<\/div>\n\t\t\t\t\t\t\t\t<\/div>\n\t\t\t\t<\/div>\n\t\t\t\t<\/div>\n\t\t\t\t<\/div>\n\t\t<div class=\"elementor-element elementor-element-decd336 e-con-full e-flex e-con e-child\" data-id=\"decd336\" data-element_type=\"container\" data-settings=\"{&quot;background_background&quot;:&quot;classic&quot;}\">\n\t\t<div class=\"elementor-element elementor-element-e376481 e-con-full e-flex e-con e-child\" data-id=\"e376481\" data-element_type=\"container\">\n\t\t\t\t<div class=\"elementor-element elementor-element-609ba8b elementor-widget elementor-widget-image\" data-id=\"609ba8b\" data-element_type=\"widget\" data-widget_type=\"image.default\">\n\t\t\t\t<div class=\"elementor-widget-container\">\n\t\t\t\t\t\t\t\t\t\t\t\t\t\t\t<img decoding=\"async\" width=\"200\" height=\"200\" src=\"https:\/\/adekoite-preprod.fr\/pepiniere\/wp-content\/uploads\/2025\/07\/icone-plante-herbacee.png\" class=\"attachment-large size-large wp-image-6073\" alt=\"\" \/>\t\t\t\t\t\t\t\t\t\t\t\t\t\t\t<\/div>\n\t\t\t\t<\/div>\n\t\t\t\t<div class=\"elementor-element elementor-element-bb11467 elementor-widget elementor-widget-heading\" data-id=\"bb11467\" data-element_type=\"widget\" data-widget_type=\"heading.default\">\n\t\t\t\t<div class=\"elementor-widget-container\">\n\t\t\t\t\t<h3 class=\"elementor-heading-title elementor-size-default\">Herbac\u00e9es<\/h3>\t\t\t\t<\/div>\n\t\t\t\t<\/div>\n\t\t\t\t<div class=\"elementor-element elementor-element-202a09f elementor-widget elementor-widget-text-editor\" data-id=\"202a09f\" data-element_type=\"widget\" data-widget_type=\"text-editor.default\">\n\t\t\t\t<div class=\"elementor-widget-container\">\n\t\t\t\t\t\t\t\t\t<p>Adapt\u00e9es \u00e0 diff\u00e9rents usages et conditions de culture, notre s\u00e9lection offre un large choix de vivaces peu vues ailleurs et faciles \u00e0 vivre.<\/p>\t\t\t\t\t\t\t\t<\/div>\n\t\t\t\t<\/div>\n\t\t\t\t<div class=\"elementor-element elementor-element-9d306a0 elementor-align-center elementor-widget elementor-widget-button\" data-id=\"9d306a0\" data-element_type=\"widget\" data-widget_type=\"button.default\">\n\t\t\t\t<div class=\"elementor-widget-container\">\n\t\t\t\t\t\t\t\t\t<div class=\"elementor-button-wrapper\">\n\t\t\t\t\t<a class=\"elementor-button elementor-button-link elementor-size-sm\" href=\"https:\/\/adekoite-preprod.fr\/pepiniere\/herbacees\/\">\n\t\t\t\t\t\t<span class=\"elementor-button-content-wrapper\">\n\t\t\t\t\t\t\t\t\t<span class=\"elementor-button-text\">D\u00e9couvrir nos herbac\u00e9es \u2192<\/span>\n\t\t\t\t\t<\/span>\n\t\t\t\t\t<\/a>\n\t\t\t\t<\/div>\n\t\t\t\t\t\t\t\t<\/div>\n\t\t\t\t<\/div>\n\t\t\t\t<\/div>\n\t\t\t\t<\/div>\n\t\t<div class=\"elementor-element elementor-element-01600ed e-con-full e-flex e-con e-child\" data-id=\"01600ed\" data-element_type=\"container\" data-settings=\"{&quot;background_background&quot;:&quot;classic&quot;}\">\n\t\t<div class=\"elementor-element elementor-element-13c559c e-con-full e-flex e-con e-child\" data-id=\"13c559c\" data-element_type=\"container\">\n\t\t\t\t<div class=\"elementor-element elementor-element-32e9da4 elementor-widget elementor-widget-image\" data-id=\"32e9da4\" data-element_type=\"widget\" data-widget_type=\"image.default\">\n\t\t\t\t<div class=\"elementor-widget-container\">\n\t\t\t\t\t\t\t\t\t\t\t\t\t\t\t<img loading=\"lazy\" decoding=\"async\" width=\"200\" height=\"200\" src=\"https:\/\/adekoite-preprod.fr\/pepiniere\/wp-content\/uploads\/2025\/07\/plante-grimante.png\" class=\"attachment-large size-large wp-image-6064\" alt=\"\" \/>\t\t\t\t\t\t\t\t\t\t\t\t\t\t\t<\/div>\n\t\t\t\t<\/div>\n\t\t\t\t<div class=\"elementor-element elementor-element-70e882a elementor-widget elementor-widget-heading\" data-id=\"70e882a\" data-element_type=\"widget\" data-widget_type=\"heading.default\">\n\t\t\t\t<div class=\"elementor-widget-container\">\n\t\t\t\t\t<h3 class=\"elementor-heading-title elementor-size-default\"> Grimpantes<\/h3>\t\t\t\t<\/div>\n\t\t\t\t<\/div>\n\t\t\t\t<div class=\"elementor-element elementor-element-bf1583f elementor-widget elementor-widget-text-editor\" data-id=\"bf1583f\" data-element_type=\"widget\" data-widget_type=\"text-editor.default\">\n\t\t\t\t<div class=\"elementor-widget-container\">\n\t\t\t\t\t\t\t\t\t<p>Des plantes grimpantes parfaites pour habiller murs, treillages ou pergolas. Discr\u00e8tes ou exub\u00e9rantes, elles apportent de la verticalit\u00e9 au jardin.<\/p>\t\t\t\t\t\t\t\t<\/div>\n\t\t\t\t<\/div>\n\t\t\t\t<div class=\"elementor-element elementor-element-739a9f7 elementor-align-center elementor-widget elementor-widget-button\" data-id=\"739a9f7\" data-element_type=\"widget\" data-widget_type=\"button.default\">\n\t\t\t\t<div class=\"elementor-widget-container\">\n\t\t\t\t\t\t\t\t\t<div class=\"elementor-button-wrapper\">\n\t\t\t\t\t<a class=\"elementor-button elementor-button-link elementor-size-sm\" href=\"https:\/\/adekoite-preprod.fr\/pepiniere\/grimpantes\/\">\n\t\t\t\t\t\t<span class=\"elementor-button-content-wrapper\">\n\t\t\t\t\t\t\t\t\t<span class=\"elementor-button-text\">D\u00e9couvrir nos plantes grimpantes  \u2192<\/span>\n\t\t\t\t\t<\/span>\n\t\t\t\t\t<\/a>\n\t\t\t\t<\/div>\n\t\t\t\t\t\t\t\t<\/div>\n\t\t\t\t<\/div>\n\t\t\t\t<\/div>\n\t\t\t\t<\/div>\n\t\t\t\t\t<\/div>\n\t\t\t\t<\/div>\n\t\t<div class=\"elementor-element elementor-element-b8ca509 e-flex e-con-boxed e-con e-parent\" data-id=\"b8ca509\" data-element_type=\"container\">\n\t\t\t\t\t<div class=\"e-con-inner\">\n\t\t<div class=\"elementor-element elementor-element-0d27c4c e-con-full e-flex e-con e-child\" data-id=\"0d27c4c\" data-element_type=\"container\">\n\t\t\t\t<div class=\"elementor-element elementor-element-339be94 elementor-widget elementor-widget-heading\" data-id=\"339be94\" data-element_type=\"widget\" data-widget_type=\"heading.default\">\n\t\t\t\t<div class=\"elementor-widget-container\">\n\t\t\t\t\t<h2 class=\"elementor-heading-title elementor-size-default\">Une production responsable \ud83c\udf0e<\/h2>\t\t\t\t<\/div>\n\t\t\t\t<\/div>\n\t\t\t\t<div class=\"elementor-element elementor-element-6c22f4d elementor-widget elementor-widget-text-editor\" data-id=\"6c22f4d\" data-element_type=\"widget\" data-widget_type=\"text-editor.default\">\n\t\t\t\t<div class=\"elementor-widget-container\">\n\t\t\t\t\t\t\t\t\t<p><strong data-start=\"79\" data-end=\"151\">Notre p\u00e9pini\u00e8re, \u00e0 taille humaine, est engag\u00e9e pour une production durable.<\/strong><br data-start=\"151\" data-end=\"154\" \/>Nous avons fait le choix d\u2019un mode de culture respectueux de l\u2019environnement, avec une certification Agriculture Biologique (AB) et des pratiques concr\u00e8tes.<\/p>\t\t\t\t\t\t\t\t<\/div>\n\t\t\t\t<\/div>\n\t\t\t\t<div class=\"elementor-element elementor-element-8b4629a elementor-widget elementor-widget-heading\" data-id=\"8b4629a\" data-element_type=\"widget\" data-widget_type=\"heading.default\">\n\t\t\t\t<div class=\"elementor-widget-container\">\n\t\t\t\t\t<h3 class=\"elementor-heading-title elementor-size-default\">\u00c9lectricit\u00e9 solaire <\/h3>\t\t\t\t<\/div>\n\t\t\t\t<\/div>\n\t\t\t\t<div class=\"elementor-element elementor-element-d776246 elementor-widget elementor-widget-text-editor\" data-id=\"d776246\" data-element_type=\"widget\" data-widget_type=\"text-editor.default\">\n\t\t\t\t<div class=\"elementor-widget-container\">\n\t\t\t\t\t\t\t\t\t<p>Notre p\u00e9pini\u00e8re fonctionne \u00e0 100 % gr\u00e2ce \u00e0 l\u2019\u00e9nergie photovolta\u00efque.<\/p>\t\t\t\t\t\t\t\t<\/div>\n\t\t\t\t<\/div>\n\t\t\t\t<div class=\"elementor-element elementor-element-15aa5ba elementor-widget-divider--view-line elementor-widget elementor-widget-divider\" data-id=\"15aa5ba\" data-element_type=\"widget\" data-widget_type=\"divider.default\">\n\t\t\t\t<div class=\"elementor-widget-container\">\n\t\t\t\t\t\t\t<div class=\"elementor-divider\">\n\t\t\t<span class=\"elementor-divider-separator\">\n\t\t\t\t\t\t<\/span>\n\t\t<\/div>\n\t\t\t\t\t\t<\/div>\n\t\t\t\t<\/div>\n\t\t\t\t<div class=\"elementor-element elementor-element-ac6fe98 elementor-widget elementor-widget-heading\" data-id=\"ac6fe98\" data-element_type=\"widget\" data-widget_type=\"heading.default\">\n\t\t\t\t<div class=\"elementor-widget-container\">\n\t\t\t\t\t<h3 class=\"elementor-heading-title elementor-size-default\">Gestion raisonn\u00e9e de l\u2019eau<\/h3>\t\t\t\t<\/div>\n\t\t\t\t<\/div>\n\t\t\t\t<div class=\"elementor-element elementor-element-f1154ee elementor-widget elementor-widget-text-editor\" data-id=\"f1154ee\" data-element_type=\"widget\" data-widget_type=\"text-editor.default\">\n\t\t\t\t<div class=\"elementor-widget-container\">\n\t\t\t\t\t\t\t\t\t<p>Nous stockons l&#8217;eau de pluie pour l&#8217;arrosage, employons des m\u00e9thodes d&#8217;arrosage pr\u00e9cises et r\u00e9cup\u00e9rons cette eau pour la r\u00e9utiliser<\/p>\t\t\t\t\t\t\t\t<\/div>\n\t\t\t\t<\/div>\n\t\t\t\t<div class=\"elementor-element elementor-element-d6d895b elementor-widget-divider--view-line elementor-widget elementor-widget-divider\" data-id=\"d6d895b\" data-element_type=\"widget\" data-widget_type=\"divider.default\">\n\t\t\t\t<div class=\"elementor-widget-container\">\n\t\t\t\t\t\t\t<div class=\"elementor-divider\">\n\t\t\t<span class=\"elementor-divider-separator\">\n\t\t\t\t\t\t<\/span>\n\t\t<\/div>\n\t\t\t\t\t\t<\/div>\n\t\t\t\t<\/div>\n\t\t\t\t<div class=\"elementor-element elementor-element-022f145 elementor-widget elementor-widget-heading\" data-id=\"022f145\" data-element_type=\"widget\" data-widget_type=\"heading.default\">\n\t\t\t\t<div class=\"elementor-widget-container\">\n\t\t\t\t\t<h3 class=\"elementor-heading-title elementor-size-default\">Mat\u00e9riel r\u00e9fl\u00e9chi <\/h3>\t\t\t\t<\/div>\n\t\t\t\t<\/div>\n\t\t\t\t<div class=\"elementor-element elementor-element-217b5eb elementor-widget elementor-widget-text-editor\" data-id=\"217b5eb\" data-element_type=\"widget\" data-widget_type=\"text-editor.default\">\n\t\t\t\t<div class=\"elementor-widget-container\">\n\t\t\t\t\t\t\t\t\t<p>Nos utilisons des pots clairs pour limiter limit\u00e9 la mont\u00e9 en temp\u00e9rature afin r\u00e9duire l&#8217;\u00e9vaporation et pr\u00e9server les racines des pantes.<\/p><p>Nos plants sont en grande partie cultiv\u00e9s sous ombri\u00e8res ferm\u00e9es afin d\u2019\u00e9viter une surchauffe des plants et limiter l\u2019\u00e9vaporation due au soleil.<\/p>\t\t\t\t\t\t\t\t<\/div>\n\t\t\t\t<\/div>\n\t\t\t\t<\/div>\n\t\t<div class=\"elementor-element elementor-element-bbe0061 e-con-full e-flex e-con e-child\" data-id=\"bbe0061\" data-element_type=\"container\">\n\t\t\t\t<div class=\"elementor-element elementor-element-9deba8d elementor-widget elementor-widget-image\" data-id=\"9deba8d\" data-element_type=\"widget\" data-widget_type=\"image.default\">\n\t\t\t\t<div class=\"elementor-widget-container\">\n\t\t\t\t\t\t\t\t\t\t\t\t\t\t\t<img decoding=\"async\" src=\"https:\/\/adekoite-preprod.fr\/pepiniere\/wp-content\/plugins\/elementor\/assets\/images\/placeholder.png\" title=\"\" alt=\"\" loading=\"lazy\" \/>\t\t\t\t\t\t\t\t\t\t\t\t\t\t\t<\/div>\n\t\t\t\t<\/div>\n\t\t\t\t<\/div>\n\t\t\t\t\t<\/div>\n\t\t\t\t<\/div>\n\t\t\t\t<section class=\"elementor-section elementor-top-section elementor-element elementor-element-df931ef elementor-section-stretched elementor-section-boxed elementor-section-height-default elementor-section-height-default\" data-id=\"df931ef\" data-element_type=\"section\" data-settings=\"{&quot;stretch_section&quot;:&quot;section-stretched&quot;,&quot;background_background&quot;:&quot;classic&quot;}\">\n\t\t\t\t\t\t<div class=\"elementor-container elementor-column-gap-default\">\n\t\t\t\t\t<div class=\"elementor-column elementor-col-50 elementor-top-column elementor-element elementor-element-d00ecaa\" data-id=\"d00ecaa\" data-element_type=\"column\">\n\t\t\t<div class=\"elementor-widget-wrap elementor-element-populated\">\n\t\t\t\t\t\t<div class=\"elementor-element elementor-element-39f618c elementor-widget elementor-widget-heading\" data-id=\"39f618c\" data-element_type=\"widget\" data-widget_type=\"heading.default\">\n\t\t\t\t<div class=\"elementor-widget-container\">\n\t\t\t\t\t<h2 class=\"elementor-heading-title elementor-size-default\">Pour particuliers, passionn\u00e9s &amp; professionnels <\/h2>\t\t\t\t<\/div>\n\t\t\t\t<\/div>\n\t\t\t\t<div class=\"elementor-element elementor-element-cb61f04 elementor-widget elementor-widget-text-editor\" data-id=\"cb61f04\" data-element_type=\"widget\" data-widget_type=\"text-editor.default\">\n\t\t\t\t<div class=\"elementor-widget-container\">\n\t\t\t\t\t\t\t\t\t<p>Que vous soyez un jardinier passionn\u00e9, un professionnel du paysage ou simplement curieux, nous sommes l\u00e0 pour vous accompagner.<br \/><br \/><\/p><p>Nous prenons le temps de vous conseiller dans vos choix, en fonction de vos envies, de votre sol et de votre climat.<br \/><br \/><\/p><p>Vous pouvez commander en ligne en toute simplicit\u00e9 \u2014 nous exp\u00e9dions <strong>partout en France et dans l\u2019Union Europ\u00e9enne.<\/strong> <br \/><br \/>Et si vous passez dans le Tarn, nous serons ravis de vous accueillir directement \u00e0 la p\u00e9pini\u00e8re !<\/p>\t\t\t\t\t\t\t\t<\/div>\n\t\t\t\t<\/div>\n\t\t\t\t\t<\/div>\n\t\t<\/div>\n\t\t\t\t<div class=\"elementor-column elementor-col-50 elementor-top-column elementor-element elementor-element-82cf9ad\" data-id=\"82cf9ad\" data-element_type=\"column\">\n\t\t\t<div class=\"elementor-widget-wrap elementor-element-populated\">\n\t\t\t\t\t\t<section class=\"elementor-section elementor-inner-section elementor-element elementor-element-aa2b758 elementor-section-boxed elementor-section-height-default elementor-section-height-default\" data-id=\"aa2b758\" data-element_type=\"section\">\n\t\t\t\t\t\t<div class=\"elementor-container elementor-column-gap-default\">\n\t\t\t\t\t<div class=\"elementor-column elementor-col-50 elementor-inner-column elementor-element elementor-element-eec7b99\" data-id=\"eec7b99\" data-element_type=\"column\">\n\t\t\t<div class=\"elementor-widget-wrap elementor-element-populated\">\n\t\t\t\t\t\t<div class=\"elementor-element elementor-element-a017030 testi-style-image elementor-widget elementor-widget-tbay-testimonials\" data-id=\"a017030\" data-element_type=\"widget\" data-widget_type=\"tbay-testimonials.default\">\n\t\t\t\t<div class=\"elementor-widget-container\">\n\t\t\t\t\t\r\n<div class=\"tbay-element tbay-element-testimonials\">\r\n\r\n        <div class=\"testimonials row grid\" data-xlgdesktop=\"1\" data-desktop=\"1\" data-desktopsmall=\"1\" data-tablet=\"1\" data-landscape=\"1\" data-mobile=\"1\">\r\n                \r\n            <div class=\"item\">\r\n                 \r\n        <div class=\"testimonials-content\">\r\n                        <div class=\"testimonials-body\"> \r\n                                                <span class=\"excerpt\">It's a very good dashboard and we are really liking the product . We've done some things, like migrate to TS and implementing a react useContext api.<\/span>\r\n                        <\/div>\r\n            <div class=\"testimonial-meta\">\r\n                                <span class=\"name\">Cody Fisher<\/span>\r\n                        <\/div>\r\n        <\/div>\r\n                    <\/div>\r\n\r\n            <\/div>\r\n<\/div>\t\t\t\t<\/div>\n\t\t\t\t<\/div>\n\t\t\t\t<div class=\"elementor-element elementor-element-63378b7 testi-style-image elementor-widget elementor-widget-tbay-testimonials\" data-id=\"63378b7\" data-element_type=\"widget\" data-widget_type=\"tbay-testimonials.default\">\n\t\t\t\t<div class=\"elementor-widget-container\">\n\t\t\t\t\t\r\n<div class=\"tbay-element tbay-element-testimonials\">\r\n\r\n        <div class=\"testimonials row grid\" data-xlgdesktop=\"1\" data-desktop=\"1\" data-desktopsmall=\"1\" data-tablet=\"1\" data-landscape=\"1\" data-mobile=\"1\">\r\n                \r\n            <div class=\"item\">\r\n                 \r\n        <div class=\"testimonials-content\">\r\n                        <div class=\"testimonials-body\"> \r\n                                                <span class=\"excerpt\">Customer support is realy fast and helpful the desgin of this theme is looks amazing also the code is very clean and readble realy good job !<\/span>\r\n                        <\/div>\r\n            <div class=\"testimonial-meta\">\r\n                                <span class=\"name\">Marvin McKinney<\/span>\r\n                        <\/div>\r\n        <\/div>\r\n                    <\/div>\r\n\r\n            <\/div>\r\n<\/div>\t\t\t\t<\/div>\n\t\t\t\t<\/div>\n\t\t\t\t\t<\/div>\n\t\t<\/div>\n\t\t\t\t<div class=\"elementor-column elementor-col-50 elementor-inner-column elementor-element elementor-element-8065af8\" data-id=\"8065af8\" data-element_type=\"column\">\n\t\t\t<div class=\"elementor-widget-wrap elementor-element-populated\">\n\t\t\t\t\t\t<div class=\"elementor-element elementor-element-baf7e42 testi-style-image elementor-widget elementor-widget-tbay-testimonials\" data-id=\"baf7e42\" data-element_type=\"widget\" data-widget_type=\"tbay-testimonials.default\">\n\t\t\t\t<div class=\"elementor-widget-container\">\n\t\t\t\t\t\r\n<div class=\"tbay-element tbay-element-testimonials\">\r\n\r\n        <div class=\"testimonials row grid\" data-xlgdesktop=\"1\" data-desktop=\"1\" data-desktopsmall=\"1\" data-tablet=\"1\" data-landscape=\"1\" data-mobile=\"1\">\r\n                \r\n            <div class=\"item\">\r\n                 \r\n        <div class=\"testimonials-content\">\r\n                        <div class=\"testimonials-body\"> \r\n                                                <span class=\"excerpt\">Got a few questions after purchasing the product. The owner responded very fast and very helpfull. Overall the code is excellent and works very good. 5\/5 stars!<\/span>\r\n                        <\/div>\r\n            <div class=\"testimonial-meta\">\r\n                                <span class=\"name\">Jacob Jones<\/span>\r\n                        <\/div>\r\n        <\/div>\r\n                    <\/div>\r\n\r\n            <\/div>\r\n<\/div>\t\t\t\t<\/div>\n\t\t\t\t<\/div>\n\t\t\t\t<div class=\"elementor-element elementor-element-f53418a testi-style-image elementor-widget elementor-widget-tbay-testimonials\" data-id=\"f53418a\" data-element_type=\"widget\" data-widget_type=\"tbay-testimonials.default\">\n\t\t\t\t<div class=\"elementor-widget-container\">\n\t\t\t\t\t\r\n<div class=\"tbay-element tbay-element-testimonials\">\r\n\r\n        <div class=\"testimonials row grid\" data-xlgdesktop=\"1\" data-desktop=\"1\" data-desktopsmall=\"1\" data-tablet=\"1\" data-landscape=\"1\" data-mobile=\"1\">\r\n                \r\n            <div class=\"item\">\r\n                 \r\n        <div class=\"testimonials-content\">\r\n                        <div class=\"testimonials-body\"> \r\n                                                <span class=\"excerpt\">CEO of Codealy.io here. We\u2019ve built a developer assessment platform that makes sense - tasks are based on git repositories and run in virtual machines. We automate the pain points - storing candidates code, running it and sharing test results with the whole team, remotely.<\/span>\r\n                        <\/div>\r\n            <div class=\"testimonial-meta\">\r\n                                <span class=\"name\">Bessie Cooper<\/span>\r\n                        <\/div>\r\n        <\/div>\r\n                    <\/div>\r\n\r\n            <\/div>\r\n<\/div>\t\t\t\t<\/div>\n\t\t\t\t<\/div>\n\t\t\t\t\t<\/div>\n\t\t<\/div>\n\t\t\t\t\t<\/div>\n\t\t<\/section>\n\t\t\t\t\t<\/div>\n\t\t<\/div>\n\t\t\t\t\t<\/div>\n\t\t<\/section>\n\t\t\t\t<\/div>\n\t\t","protected":false},"excerpt":{"rendered":"<p>A propos P\u00e9pini\u00e8re du Dandelion L\u2019histoire d\u2019une id\u00e9e qui germe \ud83c\udf31 Tout a commenc\u00e9 en Ari\u00e8ge, au c\u0153ur d\u2019une vall\u00e9e paisible. Avec une grange et 3000 m\u00b2 de terrain, l\u2019envie de cr\u00e9er une petite p\u00e9pini\u00e8re ind\u00e9pendante a \u00e9merg\u00e9 : vivre au rythme des saisons, quitter un quotidien salari\u00e9 devenu pesant, renouer avec la terre.Mais parfois, &hellip; <a href=\"https:\/\/adekoite-preprod.fr\/pepiniere\/a-propos\/\" class=\"more-link\">CContinuer la lecture <span class=\"screen-reader-text\">A propos<\/span><\/a><\/p>\n","protected":false},"author":1,"featured_media":0,"parent":0,"menu_order":0,"comment_status":"closed","ping_status":"closed","template":"","meta":{"_acf_changed":false,"footnotes":""},"class_list":["post-610","page","type-page","status-publish","hentry"],"acf":[],"yoast_head":"<!-- This site is optimized with the Yoast SEO plugin v27.0 - https:\/\/yoast.com\/product\/yoast-seo-wordpress\/ -->\n<title>P\u00e9pini\u00e8re du Dandelion : notre histoire et nos engagements<\/title>\n<meta name=\"description\" content=\"\u00c0 la P\u00e9pini\u00e8re du Dandelion, nous cultivons des plantes rares, originales et robustes pour redonner du caract\u00e8re \u00e0 vos jardins. Certifi\u00e9es AB.\" \/>\n<meta name=\"robots\" content=\"noindex, follow, max-snippet:-1, max-image-preview:large, max-video-preview:-1\" \/>\n<meta property=\"og:locale\" content=\"fr_FR\" \/>\n<meta property=\"og:type\" content=\"article\" \/>\n<meta property=\"og:title\" content=\"P\u00e9pini\u00e8re du Dandelion : notre histoire et nos engagements\" \/>\n<meta property=\"og:description\" content=\"\u00c0 la P\u00e9pini\u00e8re du Dandelion, nous cultivons des plantes rares, originales et robustes pour redonner du caract\u00e8re \u00e0 vos jardins. Certifi\u00e9es AB.\" \/>\n<meta property=\"og:url\" content=\"https:\/\/adekoite-preprod.fr\/pepiniere\/a-propos\/\" \/>\n<meta property=\"og:site_name\" content=\"P\u00e9pini\u00e8re du Dandelion\" \/>\n<meta property=\"article:modified_time\" content=\"2026-03-27T09:52:04+00:00\" \/>\n<meta property=\"og:image\" content=\"https:\/\/adekoite-preprod.fr\/pepiniere\/wp-content\/uploads\/2026\/03\/cercis-chinensis-gigantea-6-561x374.webp\" \/>\n<meta name=\"twitter:card\" content=\"summary_large_image\" \/>\n<meta name=\"twitter:label1\" content=\"Dur\u00e9e de lecture estim\u00e9e\" \/>\n\t<meta name=\"twitter:data1\" content=\"5 minutes\" \/>\n<script type=\"application\/ld+json\" class=\"yoast-schema-graph\">{\"@context\":\"https:\/\/schema.org\",\"@graph\":[{\"@type\":\"WebPage\",\"@id\":\"https:\/\/adekoite-preprod.fr\/pepiniere\/a-propos\/\",\"url\":\"https:\/\/adekoite-preprod.fr\/pepiniere\/a-propos\/\",\"name\":\"P\u00e9pini\u00e8re du Dandelion : notre histoire et nos engagements\",\"isPartOf\":{\"@id\":\"https:\/\/adekoite-preprod.fr\/pepiniere\/#website\"},\"primaryImageOfPage\":{\"@id\":\"https:\/\/adekoite-preprod.fr\/pepiniere\/a-propos\/#primaryimage\"},\"image\":{\"@id\":\"https:\/\/adekoite-preprod.fr\/pepiniere\/a-propos\/#primaryimage\"},\"thumbnailUrl\":\"https:\/\/adekoite-preprod.fr\/pepiniere\/wp-content\/uploads\/2026\/03\/cercis-chinensis-gigantea-6-561x374.webp\",\"datePublished\":\"2025-06-24T07:00:00+00:00\",\"dateModified\":\"2026-03-27T09:52:04+00:00\",\"description\":\"\u00c0 la P\u00e9pini\u00e8re du Dandelion, nous cultivons des plantes rares, originales et robustes pour redonner du caract\u00e8re \u00e0 vos jardins. Certifi\u00e9es AB.\",\"breadcrumb\":{\"@id\":\"https:\/\/adekoite-preprod.fr\/pepiniere\/a-propos\/#breadcrumb\"},\"inLanguage\":\"fr-FR\",\"potentialAction\":[{\"@type\":\"ReadAction\",\"target\":[\"https:\/\/adekoite-preprod.fr\/pepiniere\/a-propos\/\"]}]},{\"@type\":\"ImageObject\",\"inLanguage\":\"fr-FR\",\"@id\":\"https:\/\/adekoite-preprod.fr\/pepiniere\/a-propos\/#primaryimage\",\"url\":\"https:\/\/adekoite-preprod.fr\/pepiniere\/wp-content\/uploads\/2026\/03\/cercis-chinensis-gigantea-6-561x374.webp\",\"contentUrl\":\"https:\/\/adekoite-preprod.fr\/pepiniere\/wp-content\/uploads\/2026\/03\/cercis-chinensis-gigantea-6-561x374.webp\"},{\"@type\":\"BreadcrumbList\",\"@id\":\"https:\/\/adekoite-preprod.fr\/pepiniere\/a-propos\/#breadcrumb\",\"itemListElement\":[{\"@type\":\"ListItem\",\"position\":1,\"name\":\"Accueil\",\"item\":\"https:\/\/adekoite-preprod.fr\/pepiniere\/\"},{\"@type\":\"ListItem\",\"position\":2,\"name\":\"A propos\"}]},{\"@type\":\"WebSite\",\"@id\":\"https:\/\/adekoite-preprod.fr\/pepiniere\/#website\",\"url\":\"https:\/\/adekoite-preprod.fr\/pepiniere\/\",\"name\":\"P\u00e9pini\u00e8re du Dandelion\",\"description\":\"\",\"potentialAction\":[{\"@type\":\"SearchAction\",\"target\":{\"@type\":\"EntryPoint\",\"urlTemplate\":\"https:\/\/adekoite-preprod.fr\/pepiniere\/?s={search_term_string}\"},\"query-input\":{\"@type\":\"PropertyValueSpecification\",\"valueRequired\":true,\"valueName\":\"search_term_string\"}}],\"inLanguage\":\"fr-FR\"}]}<\/script>\n<!-- \/ Yoast SEO plugin. -->","yoast_head_json":{"title":"P\u00e9pini\u00e8re du Dandelion : notre histoire et nos engagements","description":"\u00c0 la P\u00e9pini\u00e8re du Dandelion, nous cultivons des plantes rares, originales et robustes pour redonner du caract\u00e8re \u00e0 vos jardins. Certifi\u00e9es AB.","robots":{"index":"noindex","follow":"follow","max-snippet":"max-snippet:-1","max-image-preview":"max-image-preview:large","max-video-preview":"max-video-preview:-1"},"og_locale":"fr_FR","og_type":"article","og_title":"P\u00e9pini\u00e8re du Dandelion : notre histoire et nos engagements","og_description":"\u00c0 la P\u00e9pini\u00e8re du Dandelion, nous cultivons des plantes rares, originales et robustes pour redonner du caract\u00e8re \u00e0 vos jardins. Certifi\u00e9es AB.","og_url":"https:\/\/adekoite-preprod.fr\/pepiniere\/a-propos\/","og_site_name":"P\u00e9pini\u00e8re du Dandelion","article_modified_time":"2026-03-27T09:52:04+00:00","og_image":[{"url":"https:\/\/adekoite-preprod.fr\/pepiniere\/wp-content\/uploads\/2026\/03\/cercis-chinensis-gigantea-6-561x374.webp","type":"","width":"","height":""}],"twitter_card":"summary_large_image","twitter_misc":{"Dur\u00e9e de lecture estim\u00e9e":"5 minutes"},"schema":{"@context":"https:\/\/schema.org","@graph":[{"@type":"WebPage","@id":"https:\/\/adekoite-preprod.fr\/pepiniere\/a-propos\/","url":"https:\/\/adekoite-preprod.fr\/pepiniere\/a-propos\/","name":"P\u00e9pini\u00e8re du Dandelion : notre histoire et nos engagements","isPartOf":{"@id":"https:\/\/adekoite-preprod.fr\/pepiniere\/#website"},"primaryImageOfPage":{"@id":"https:\/\/adekoite-preprod.fr\/pepiniere\/a-propos\/#primaryimage"},"image":{"@id":"https:\/\/adekoite-preprod.fr\/pepiniere\/a-propos\/#primaryimage"},"thumbnailUrl":"https:\/\/adekoite-preprod.fr\/pepiniere\/wp-content\/uploads\/2026\/03\/cercis-chinensis-gigantea-6-561x374.webp","datePublished":"2025-06-24T07:00:00+00:00","dateModified":"2026-03-27T09:52:04+00:00","description":"\u00c0 la P\u00e9pini\u00e8re du Dandelion, nous cultivons des plantes rares, originales et robustes pour redonner du caract\u00e8re \u00e0 vos jardins. Certifi\u00e9es AB.","breadcrumb":{"@id":"https:\/\/adekoite-preprod.fr\/pepiniere\/a-propos\/#breadcrumb"},"inLanguage":"fr-FR","potentialAction":[{"@type":"ReadAction","target":["https:\/\/adekoite-preprod.fr\/pepiniere\/a-propos\/"]}]},{"@type":"ImageObject","inLanguage":"fr-FR","@id":"https:\/\/adekoite-preprod.fr\/pepiniere\/a-propos\/#primaryimage","url":"https:\/\/adekoite-preprod.fr\/pepiniere\/wp-content\/uploads\/2026\/03\/cercis-chinensis-gigantea-6-561x374.webp","contentUrl":"https:\/\/adekoite-preprod.fr\/pepiniere\/wp-content\/uploads\/2026\/03\/cercis-chinensis-gigantea-6-561x374.webp"},{"@type":"BreadcrumbList","@id":"https:\/\/adekoite-preprod.fr\/pepiniere\/a-propos\/#breadcrumb","itemListElement":[{"@type":"ListItem","position":1,"name":"Accueil","item":"https:\/\/adekoite-preprod.fr\/pepiniere\/"},{"@type":"ListItem","position":2,"name":"A propos"}]},{"@type":"WebSite","@id":"https:\/\/adekoite-preprod.fr\/pepiniere\/#website","url":"https:\/\/adekoite-preprod.fr\/pepiniere\/","name":"P\u00e9pini\u00e8re du Dandelion","description":"","potentialAction":[{"@type":"SearchAction","target":{"@type":"EntryPoint","urlTemplate":"https:\/\/adekoite-preprod.fr\/pepiniere\/?s={search_term_string}"},"query-input":{"@type":"PropertyValueSpecification","valueRequired":true,"valueName":"search_term_string"}}],"inLanguage":"fr-FR"}]}},"_links":{"self":[{"href":"https:\/\/adekoite-preprod.fr\/pepiniere\/wp-json\/wp\/v2\/pages\/610","targetHints":{"allow":["GET"]}}],"collection":[{"href":"https:\/\/adekoite-preprod.fr\/pepiniere\/wp-json\/wp\/v2\/pages"}],"about":[{"href":"https:\/\/adekoite-preprod.fr\/pepiniere\/wp-json\/wp\/v2\/types\/page"}],"author":[{"embeddable":true,"href":"https:\/\/adekoite-preprod.fr\/pepiniere\/wp-json\/wp\/v2\/users\/1"}],"replies":[{"embeddable":true,"href":"https:\/\/adekoite-preprod.fr\/pepiniere\/wp-json\/wp\/v2\/comments?post=610"}],"version-history":[{"count":192,"href":"https:\/\/adekoite-preprod.fr\/pepiniere\/wp-json\/wp\/v2\/pages\/610\/revisions"}],"predecessor-version":[{"id":6533,"href":"https:\/\/adekoite-preprod.fr\/pepiniere\/wp-json\/wp\/v2\/pages\/610\/revisions\/6533"}],"wp:attachment":[{"href":"https:\/\/adekoite-preprod.fr\/pepiniere\/wp-json\/wp\/v2\/media?parent=610"}],"curies":[{"name":"wp","href":"https:\/\/api.w.org\/{rel}","templated":true}]}}